{"id":353,"date":"2023-04-25T09:06:14","date_gmt":"2023-04-25T08:06:14","guid":{"rendered":"https:\/\/federacioncanariadehipica.es\/inicio\/?page_id=353"},"modified":"2026-02-01T11:41:41","modified_gmt":"2026-02-01T11:41:41","slug":"calendario","status":"publish","type":"page","link":"https:\/\/federacioncanariadehipica.es\/inicio\/calendario\/","title":{"rendered":"Calendario"},"content":{"rendered":"<p>[et_pb_section fb_built=\u00bb1&#8243; _builder_version=\u00bb4.21.0&#8243; _module_preset=\u00bbdefault\u00bb background_color=\u00bbrgba(0,0,0,0.75)\u00bb background_image=\u00bbhttps:\/\/federacioncanariadehipica.es\/inicio\/wp-content\/uploads\/2023\/04\/fondocalendario1-scaled.jpg\u00bb background_blend=\u00bbmultiply\u00bb custom_margin=\u00bb120px||||false|false\u00bb custom_margin_tablet=\u00bb0px||||false|false\u00bb custom_margin_phone=\u00bb0px||||false|false\u00bb custom_margin_last_edited=\u00bbon|phone\u00bb custom_padding=\u00bb60px||40px||false|\u00bb locked=\u00bboff\u00bb global_colors_info=\u00bb{}\u00bb][et_pb_row _builder_version=\u00bb4.20.4&#8243; _module_preset=\u00bbdefault\u00bb max_width=\u00bb1080px\u00bb custom_padding=\u00bb||0px|||\u00bb global_colors_info=\u00bb{}\u00bb][et_pb_column type=\u00bb4_4&#8243; _builder_version=\u00bb4.20.4&#8243; _module_preset=\u00bbdefault\u00bb global_colors_info=\u00bb{}\u00bb][et_pb_text _builder_version=\u00bb4.20.4&#8243; _module_preset=\u00bbdefault\u00bb text_text_color=\u00bb#F1F0F0&#8243; header_font=\u00bb|700||on|||||\u00bb header_text_align=\u00bbcenter\u00bb header_text_color=\u00bb#F1F0F0&#8243; header_font_size=\u00bb36px\u00bb header_line_height=\u00bb1.2em\u00bb text_orientation=\u00bbcenter\u00bb custom_margin=\u00bb||||false|false\u00bb text_font_size_tablet=\u00bb\u00bb text_font_size_phone=\u00bb14px\u00bb text_font_size_last_edited=\u00bbon|phone\u00bb header_font_size_tablet=\u00bb26px\u00bb header_font_size_phone=\u00bb22px\u00bb header_font_size_last_edited=\u00bbon|tablet\u00bb global_colors_info=\u00bb{}\u00bb]<\/p>\n<h1>Calendario de concursos<\/h1>\n<p>Seleccione una fecha, una disciplina o un organizador para encontrar m\u00e1s f\u00e1cilmente el evento que busca.<\/p>\n<p>[\/et_pb_text][\/et_pb_column][\/et_pb_row][et_pb_row _builder_version=\u00bb4.21.0&#8243; _module_preset=\u00bbdefault\u00bb custom_padding=\u00bb||0px|||\u00bb global_colors_info=\u00bb{}\u00bb][et_pb_column type=\u00bb4_4&#8243; _builder_version=\u00bb4.21.0&#8243; _module_preset=\u00bbdefault\u00bb global_colors_info=\u00bb{}\u00bb][et_pb_button button_url=\u00bbhttps:\/\/www.cbservicios.net\/Magic94Scripts\/mgrqispi94.dll?APPNAME=CBRFHE&#038;PRGNAME=FHTCALCONUNINUE&#038;ARGUMENTS=-A05&#8243; url_new_window=\u00bbon\u00bb button_text=\u00bbCalendario anual\u00bb button_alignment=\u00bbcenter\u00bb _builder_version=\u00bb4.21.0&#8243; _module_preset=\u00bbdefault\u00bb custom_button=\u00bbon\u00bb button_text_size=\u00bb14px\u00bb button_text_color=\u00bb#000000&#8243; button_bg_color=\u00bb#D7BA59&#8243; button_border_width=\u00bb0px\u00bb button_border_radius=\u00bb0px\u00bb button_font=\u00bbCormorant SC|700||on|||||\u00bb button_icon=\u00bb&#xf073;||fa||400&#8243; button_icon_color=\u00bb#000000&#8243; button_icon_placement=\u00bbleft\u00bb button_on_hover=\u00bboff\u00bb button_text_size_tablet=\u00bb14px\u00bb button_text_size_phone=\u00bb12px\u00bb button_text_size_last_edited=\u00bbon|tablet\u00bb locked=\u00bboff\u00bb global_colors_info=\u00bb{}\u00bb transform_styles__hover_enabled=\u00bbon|hover\u00bb transform_scale__hover=\u00bb105%|105%\u00bb transform_scale__hover_enabled=\u00bbon|hover\u00bb transform_translate__hover_enabled=\u00bbon|desktop\u00bb transform_rotate__hover_enabled=\u00bbon|desktop\u00bb transform_skew__hover_enabled=\u00bbon|desktop\u00bb transform_origin__hover_enabled=\u00bbon|desktop\u00bb][\/et_pb_button][\/et_pb_column][\/et_pb_row][\/et_pb_section][et_pb_section fb_built=\u00bb1&#8243; _builder_version=\u00bb4.20.4&#8243; _module_preset=\u00bbdefault\u00bb background_color=\u00bb#ffffff\u00bb global_colors_info=\u00bb{}\u00bb][et_pb_row _builder_version=\u00bb4.23.4&#8243; _module_preset=\u00bbdefault\u00bb background_enable_color=\u00bboff\u00bb custom_padding=\u00bb0px||0px|||\u00bb global_colors_info=\u00bb{}\u00bb][et_pb_column type=\u00bb4_4&#8243; _builder_version=\u00bb4.23.4&#8243; _module_preset=\u00bbdefault\u00bb global_colors_info=\u00bb{}\u00bb][et_pb_text _builder_version=\u00bb4.27.4&#8243; _module_preset=\u00bbdefault\u00bb header_4_font=\u00bb|700||on|on||||\u00bb header_4_text_align=\u00bbcenter\u00bb header_4_font_size=\u00bb26px\u00bb hover_enabled=\u00bb0&#8243; header_4_font_size_tablet=\u00bb26px\u00bb header_4_font_size_phone=\u00bb20px\u00bb header_4_font_size_last_edited=\u00bbon|phone\u00bb global_colors_info=\u00bb{}\u00bb sticky_enabled=\u00bb0&#8243;]<\/p>\n<h4>Calendario 2026<\/h4>\n<p>[\/et_pb_text][\/et_pb_column][\/et_pb_row][et_pb_row _builder_version=\u00bb4.20.4&#8243; _module_preset=\u00bbdefault\u00bb width_tablet=\u00bb90%\u00bb width_phone=\u00bb95%\u00bb width_last_edited=\u00bbon|phone\u00bb locked=\u00bboff\u00bb global_colors_info=\u00bb{}\u00bb][et_pb_column type=\u00bb4_4&#8243; _builder_version=\u00bb4.20.4&#8243; _module_preset=\u00bbdefault\u00bb global_colors_info=\u00bb{}\u00bb][et_pb_text _builder_version=\u00bb4.21.0&#8243; _module_preset=\u00bbdefault\u00bb custom_margin=\u00bb||0px|||\u00bb global_colors_info=\u00bb{}\u00bb]<\/p>\n<p><span><div\n\t class=\"tribe-common tribe-events tribe-events-view tribe-events-view--month tribe-events--has-filter-bar tribe-events--filter-bar-vertical alignwide tribe-events-view--shortcode tribe-events-view--shortcode-b5e78f03\" \tdata-js=\"tribe-events-view\"\n\tdata-view-rest-url=\"https:\/\/federacioncanariadehipica.es\/inicio\/wp-json\/tribe\/views\/v2\/html\"\n\tdata-view-rest-method=\"GET\"\n\tdata-view-manage-url=\"\"\n\t\t\tdata-view-shortcode=\"b5e78f03\"\n\t\t\t\tdata-view-breakpoint-pointer=\"e10eb451-0a8a-4bae-a0c8-316a2a07c732\"\n\t>\n\t<section class=\"tribe-common-l-container tribe-events-l-container\">\n\t\t<div\n\tclass=\"tribe-events-view-loader tribe-common-a11y-hidden\"\n\trole=\"alert\"\n\taria-live=\"polite\"\n>\n\t<span class=\"tribe-events-view-loader__text tribe-common-a11y-visual-hide\">\n\t\t35 eventos encontrados.\t<\/span>\n\t<div class=\"tribe-events-view-loader__dots tribe-common-c-loader\">\n\t\t<svg  class=\"tribe-common-c-svgicon tribe-common-c-svgicon--dot tribe-common-c-loader__dot tribe-common-c-loader__dot--first\"  viewBox=\"0 0 15 15\" xmlns=\"http:\/\/www.w3.org\/2000\/svg\"><circle cx=\"7.5\" cy=\"7.5\" r=\"7.5\"\/><\/svg>\n\t\t<svg  class=\"tribe-common-c-svgicon tribe-common-c-svgicon--dot tribe-common-c-loader__dot tribe-common-c-loader__dot--second\"  viewBox=\"0 0 15 15\" xmlns=\"http:\/\/www.w3.org\/2000\/svg\"><circle cx=\"7.5\" cy=\"7.5\" r=\"7.5\"\/><\/svg>\n\t\t<svg  class=\"tribe-common-c-svgicon tribe-common-c-svgicon--dot tribe-common-c-loader__dot tribe-common-c-loader__dot--third\"  viewBox=\"0 0 15 15\" xmlns=\"http:\/\/www.w3.org\/2000\/svg\"><circle cx=\"7.5\" cy=\"7.5\" r=\"7.5\"\/><\/svg>\n\t<\/div>\n<\/div>\n\n\t\t<script type=\"application\/ld+json\">\r\n[{\"@context\":\"http:\/\/schema.org\",\"@type\":\"Event\",\"name\":\"CSN* | Arona-Playa de Las Am\\u00e9ricas \\u2013 Centro H\\u00edpico del Sur\",\"description\":\"&lt;p&gt;\\u00a1Le damos la bienvenidos a los amantes de la h\\u00edpica! Les presentamos un evento imprescindible de esta emocionante disciplina. Se llevar\\u00e1 a cabo en el Centro H\\u00edpico Del Sur\\u00a0y se [&hellip;]&lt;\/p&gt;\\\\n\",\"image\":\"https:\/\/federacioncanariadehipica.es\/inicio\/wp-content\/uploads\/2025\/12\/WhatsApp-Image-2026-03-24-at-10.17.35.jpeg\",\"url\":\"https:\/\/federacioncanariadehipica.es\/inicio\/evento\/csn-arona-playa-de-las-americas-centro-hipico-del-sur-7\/\",\"eventAttendanceMode\":\"https:\/\/schema.org\/OfflineEventAttendanceMode\",\"eventStatus\":\"https:\/\/schema.org\/EventScheduled\",\"startDate\":\"2026-04-02T00:00:00+01:00\",\"endDate\":\"2026-04-05T23:59:59+01:00\",\"location\":{\"@type\":\"Place\",\"name\":\"Centro Hipico Los Migueles\",\"description\":\"\",\"url\":\"https:\/\/federacioncanariadehipica.es\/inicio\/local\/centro-hipico-los-migueles\/\",\"address\":{\"@type\":\"PostalAddress\",\"streetAddress\":\"Camino Los Migueles, 82, Buzanada\",\"addressLocality\":\"Arona\",\"addressRegion\":\"Santa Cruz de Tenerife\",\"postalCode\":\"38627\",\"addressCountry\":\"Espa\\u00f1a\"},\"telephone\":\"\",\"sameAs\":\"\"},\"organizer\":{\"@type\":\"Person\",\"name\":\"Centro Hipico del Sur\",\"description\":\"\",\"url\":\"https:\/\/centrohipicodelsur.com\",\"telephone\":\"922 72 06 43\",\"email\":\"reb&#101;l&#111;&#115;&#109;&#105;g&#117;&#101;&#108;e&#115;&#64;hotmail&#46;com\",\"sameAs\":\"https:\/\/centrohipicodelsur.com\"},\"offers\":{\"@type\":\"Offer\",\"price\":\"Free\",\"priceCurrency\":\"EUR\\t\\t\\t\\t\\t\\t\\tclass=\\t\\t\\t\\t\\t\\t\\tclass=\",\"url\":\"https:\/\/federacioncanariadehipica.es\/inicio\/evento\/csn-arona-playa-de-las-americas-centro-hipico-del-sur-7\/\",\"category\":\"primary\",\"availability\":\"inStock\",\"validFrom\":\"1970-01-01T00:00:00+00:00\"},\"performer\":\"Organization\"},{\"@context\":\"http:\/\/schema.org\",\"@type\":\"Event\",\"name\":\"VII Raid Chanajiga Los Realejos\",\"description\":\"&lt;p&gt;\\u00a1Le damos la bienvenidos a los amantes de la h\\u00edpica! Les presentamos un evento imprescindible de esta emocionante disciplina. Se llevar\\u00e1 a cabo en Los Realejos, Tenerife y se tratar\\u00e1 [&hellip;]&lt;\/p&gt;\\\\n\",\"image\":\"https:\/\/federacioncanariadehipica.es\/inicio\/wp-content\/uploads\/2025\/12\/WhatsApp-Image-2026-03-16-at-12.05.34.jpeg\",\"url\":\"https:\/\/federacioncanariadehipica.es\/inicio\/evento\/vii-raid-chanajiga-los-realejos\/\",\"eventAttendanceMode\":\"https:\/\/schema.org\/OfflineEventAttendanceMode\",\"eventStatus\":\"https:\/\/schema.org\/EventScheduled\",\"startDate\":\"2026-04-04T00:00:00+01:00\",\"endDate\":\"2026-04-04T23:59:59+01:00\",\"location\":{\"@type\":\"Place\",\"name\":\"Los Realejos\",\"description\":\"\",\"url\":\"https:\/\/federacioncanariadehipica.es\/inicio\/local\/los-realejos\/\",\"address\":{\"@type\":\"PostalAddress\",\"streetAddress\":\"Los Realejos\",\"addressLocality\":\"Los Realejos\",\"addressRegion\":\"Santa Cruz de Tenerife\",\"postalCode\":\"38410\",\"addressCountry\":\"Espa\\u00f1a\"},\"telephone\":\"\",\"sameAs\":\"\"},\"offers\":{\"@type\":\"Offer\",\"price\":\"Free\",\"priceCurrency\":\"EUR\",\"url\":\"https:\/\/federacioncanariadehipica.es\/inicio\/evento\/vii-raid-chanajiga-los-realejos\/\",\"category\":\"primary\",\"availability\":\"inStock\",\"validFrom\":\"1970-01-01T00:00:00+00:00\"},\"performer\":\"Organization\"},{\"@context\":\"http:\/\/schema.org\",\"@type\":\"Event\",\"name\":\"Carreras Tradicionales en G\\u00fcimar | AED La Fuente\",\"description\":\"&lt;p&gt;\\u00a1Le damos la bienvenidos a los amantes de la h\\u00edpica! Les presentamos un evento imprescindible de esta emocionante disciplina. Se llevar\\u00e1 a cabo en G\\u00fcimar, Tenerife\\u00a0y se tratar\\u00e1 de una [&hellip;]&lt;\/p&gt;\\\\n\",\"image\":\"https:\/\/federacioncanariadehipica.es\/inicio\/wp-content\/uploads\/2023\/04\/cartelproximamente.jpg\",\"url\":\"https:\/\/federacioncanariadehipica.es\/inicio\/evento\/carreras-tradicionales-en-guimar-aed-la-fuente-8\/\",\"eventAttendanceMode\":\"https:\/\/schema.org\/OfflineEventAttendanceMode\",\"eventStatus\":\"https:\/\/schema.org\/EventScheduled\",\"startDate\":\"2026-04-11T00:00:00+01:00\",\"endDate\":\"2026-04-11T23:59:59+01:00\",\"location\":{\"@type\":\"Place\",\"name\":\"Camino El Frejenal, G\\u00fcimar\",\"description\":\"\",\"url\":\"https:\/\/federacioncanariadehipica.es\/inicio\/local\/camino-el-frejenal-guimar\/\",\"address\":{\"@type\":\"PostalAddress\",\"streetAddress\":\"Camino El Frejenal\",\"addressLocality\":\"G\\u00fcimar\",\"addressRegion\":\"Santa Cruz de Tenerife\",\"postalCode\":\"38500\",\"addressCountry\":\"Espa\\u00f1a\"},\"telephone\":\"\",\"sameAs\":\"\"},\"organizer\":{\"@type\":\"Person\",\"name\":\"Asociacion Deportiva Ecuestre La Fuente\",\"description\":\"\",\"url\":\"\",\"telephone\":\"659370975\",\"email\":\"&#97;t&#104;e&#110;e&#97;tf&#101;&#64;&#103;&#109;ai&#108;.&#99;om\",\"sameAs\":\"\"},\"offers\":{\"@type\":\"Offer\",\"price\":\"Free\",\"priceCurrency\":\"EUR\\t\\t\\t\\t\\t\\t\\tclass=\",\"url\":\"https:\/\/federacioncanariadehipica.es\/inicio\/evento\/carreras-tradicionales-en-guimar-aed-la-fuente-8\/\",\"category\":\"primary\",\"availability\":\"inStock\",\"validFrom\":\"1970-01-01T00:00:00+00:00\"},\"performer\":\"Organization\"},{\"@context\":\"http:\/\/schema.org\",\"@type\":\"Event\",\"name\":\"II Raid Isla de Fuerteventura &#8211; Antigua\",\"description\":\"&lt;p&gt;\\u00a1Le damos la bienvenidos a los amantes de la h\\u00edpica! Les presentamos un evento imprescindible de esta emocionante disciplina. Se llevar\\u00e1 a cabo en Antigua, Fuerteventura y se tratar\\u00e1 del [&hellip;]&lt;\/p&gt;\\\\n\",\"image\":\"https:\/\/federacioncanariadehipica.es\/inicio\/wp-content\/uploads\/2023\/04\/cartelproximamente.jpg\",\"url\":\"https:\/\/federacioncanariadehipica.es\/inicio\/evento\/ii-raid-isla-de-fuerteventura-antigua\/\",\"eventAttendanceMode\":\"https:\/\/schema.org\/OfflineEventAttendanceMode\",\"eventStatus\":\"https:\/\/schema.org\/EventScheduled\",\"startDate\":\"2026-04-18T00:00:00+01:00\",\"endDate\":\"2026-04-18T23:59:59+01:00\",\"location\":{\"@type\":\"Place\",\"name\":\"Tuineje, Fuerteventura\",\"description\":\"\",\"url\":\"https:\/\/federacioncanariadehipica.es\/inicio\/local\/tuineje-fuerteventura\/\",\"address\":{\"@type\":\"PostalAddress\",\"addressLocality\":\"Tuineje\",\"addressRegion\":\"Las Palmas\",\"postalCode\":\"35629\",\"addressCountry\":\"Espa\\u00f1a\"},\"telephone\":\"\",\"sameAs\":\"\"},\"offers\":{\"@type\":\"Offer\",\"price\":\"Free\",\"priceCurrency\":\"EUR\",\"url\":\"https:\/\/federacioncanariadehipica.es\/inicio\/evento\/ii-raid-isla-de-fuerteventura-antigua\/\",\"category\":\"primary\",\"availability\":\"inStock\",\"validFrom\":\"1970-01-01T00:00:00+00:00\"},\"performer\":\"Organization\"},{\"@context\":\"http:\/\/schema.org\",\"@type\":\"Event\",\"name\":\"La Palma Ecuestre | Carreras tradicionales en asfalto\",\"description\":\"&lt;p&gt;\\u00a1Le damos la bienvenidos a los amantes de la h\\u00edpica! Les presentamos un evento imprescindible de esta emocionante disciplina. Se llevar\\u00e1 a cabo en La Palma\\u00a0 y se tratar\\u00e1 de [&hellip;]&lt;\/p&gt;\\\\n\",\"image\":\"https:\/\/federacioncanariadehipica.es\/inicio\/wp-content\/uploads\/2023\/04\/cartelproximamente.jpg\",\"url\":\"https:\/\/federacioncanariadehipica.es\/inicio\/evento\/la-palma-ecuestre-carreras-tradicionales-en-asfalto-13\/\",\"eventAttendanceMode\":\"https:\/\/schema.org\/OfflineEventAttendanceMode\",\"eventStatus\":\"https:\/\/schema.org\/EventScheduled\",\"startDate\":\"2026-04-18T00:00:00+01:00\",\"endDate\":\"2026-04-18T23:59:59+01:00\",\"organizer\":{\"@type\":\"Person\",\"name\":\"La Palma Ecuestre\",\"description\":\"\",\"url\":\"https:\/\/lapalmaecuestre.com\/\",\"telephone\":\"922 417 323\",\"email\":\"i&#110;&#102;&#111;&#64;&#108;&#97;p&#97;&#108;&#109;ae&#99;&#117;es&#116;r&#101;&#46;&#99;&#111;&#109;\",\"sameAs\":\"https:\/\/lapalmaecuestre.com\/\"},\"offers\":{\"@type\":\"Offer\",\"price\":\"Free\",\"priceCurrency\":\"EUR\",\"url\":\"https:\/\/federacioncanariadehipica.es\/inicio\/evento\/la-palma-ecuestre-carreras-tradicionales-en-asfalto-13\/\",\"category\":\"primary\",\"availability\":\"inStock\",\"validFrom\":\"1970-01-01T00:00:00+00:00\"},\"performer\":\"Organization\"},{\"@context\":\"http:\/\/schema.org\",\"@type\":\"Event\",\"name\":\"CST Memorial Javier Cortezo | Real Club de Golf de Las Palmas\",\"description\":\"&lt;p&gt;\\u00a1Le damos la bienvenidos a los amantes de la h\\u00edpica! Les presentamos un evento imprescindible de esta emocionante disciplina. Se llevar\\u00e1 a cabo en Real Club Golf de Las Palmas [&hellip;]&lt;\/p&gt;\\\\n\",\"image\":\"https:\/\/federacioncanariadehipica.es\/inicio\/wp-content\/uploads\/2025\/12\/IMG_3261.jpg\",\"url\":\"https:\/\/federacioncanariadehipica.es\/inicio\/evento\/cst-memorial-javier-cortezo-real-club-de-golf-de-las-palmas\/\",\"eventAttendanceMode\":\"https:\/\/schema.org\/OfflineEventAttendanceMode\",\"eventStatus\":\"https:\/\/schema.org\/EventScheduled\",\"startDate\":\"2026-04-18T00:00:00+01:00\",\"endDate\":\"2026-04-19T23:59:59+01:00\",\"location\":{\"@type\":\"Place\",\"name\":\"Real Club Golf de Las Palmas\",\"description\":\"\",\"url\":\"https:\/\/federacioncanariadehipica.es\/inicio\/local\/real-club-golf-de-las-palmas\/\",\"address\":{\"@type\":\"PostalAddress\",\"streetAddress\":\"Carretera de Bandama S\/N\",\"addressLocality\":\"Santa Br\\u00edgida\",\"addressRegion\":\"Las Palmas\",\"postalCode\":\"35307\",\"addressCountry\":\"Espa\\u00f1a\"},\"telephone\":\"928 35 01 10\",\"sameAs\":\"https:\/\/realclubdegolfdelaspalmas.com\/\"},\"organizer\":{\"@type\":\"Person\",\"name\":\"Real Club Golf de Las Palmas\",\"description\":\"\",\"url\":\"https:\/\/realclubdegolfdelaspalmas.com\/\",\"telephone\":\"928 35 01 10\",\"email\":\"&#97;d&#114;i&#97;&#110;.&#100;&#105;a&#122;.&#108;&#108;or&#99;a&#64;&#103;ma&#105;&#108;.c&#111;m\",\"sameAs\":\"https:\/\/realclubdegolfdelaspalmas.com\/\"},\"offers\":{\"@type\":\"Offer\",\"price\":\"Free\",\"priceCurrency\":\"EUR\",\"url\":\"https:\/\/federacioncanariadehipica.es\/inicio\/evento\/cst-memorial-javier-cortezo-real-club-de-golf-de-las-palmas\/\",\"category\":\"primary\",\"availability\":\"inStock\",\"validFrom\":\"1970-01-01T00:00:00+00:00\"},\"performer\":\"Organization\"},{\"@context\":\"http:\/\/schema.org\",\"@type\":\"Event\",\"name\":\"CEN* | IV Raid Centro H\\u00edpico del Norte y AERAC\",\"description\":\"&lt;p&gt;\\u00a1Le damos la bienvenidos a los amantes de la h\\u00edpica! Les presentamos un evento imprescindible de esta emocionante disciplina. Se llevar\\u00e1 a cabo en Tenerife\\u00a0y se tratar\\u00e1 de una competici\\u00f3n [&hellip;]&lt;\/p&gt;\\\\n\",\"image\":\"https:\/\/federacioncanariadehipica.es\/inicio\/wp-content\/uploads\/2026\/04\/WhatsApp-Image-2026-04-06-at-13.45.01.jpeg\",\"url\":\"https:\/\/federacioncanariadehipica.es\/inicio\/evento\/cen-iv-raid-centro-hipico-del-norte-y-aerac-2\/\",\"eventAttendanceMode\":\"https:\/\/schema.org\/OfflineEventAttendanceMode\",\"eventStatus\":\"https:\/\/schema.org\/EventScheduled\",\"startDate\":\"2026-04-18T00:00:00+01:00\",\"endDate\":\"2026-04-18T23:59:59+01:00\",\"location\":{\"@type\":\"Place\",\"name\":\"El Sauzal, Tenerife\",\"description\":\"\",\"url\":\"https:\/\/federacioncanariadehipica.es\/inicio\/local\/el-sauzal-tenerife\/\",\"address\":{\"@type\":\"PostalAddress\",\"streetAddress\":\"El Sauzal\",\"addressRegion\":\"Santa Cruz de Tenerife\",\"postalCode\":\"38360\",\"addressCountry\":\"Espa\\u00f1a\"},\"telephone\":\"\",\"sameAs\":\"\"},\"offers\":{\"@type\":\"Offer\",\"price\":\"Free\",\"priceCurrency\":\"EUR\",\"url\":\"https:\/\/federacioncanariadehipica.es\/inicio\/evento\/cen-iv-raid-centro-hipico-del-norte-y-aerac-2\/\",\"category\":\"primary\",\"availability\":\"inStock\",\"validFrom\":\"2026-07-04T00:00:00+00:00\"},\"performer\":\"Organization\"},{\"@context\":\"http:\/\/schema.org\",\"@type\":\"Event\",\"name\":\"Hip\\u00f3dromo de La Laguna de Valleseco | Carreras Tradicionales en Hip\\u00f3dromo\",\"description\":\"&lt;p&gt;\\u00a1Le damos la bienvenidos a los amantes de la h\\u00edpica! Les presentamos un evento imprescindible de esta emocionante disciplina. Se llevar\\u00e1 a cabo en La Laguna de Valleseco, Gran Canaria [&hellip;]&lt;\/p&gt;\\\\n\",\"image\":\"https:\/\/federacioncanariadehipica.es\/inicio\/wp-content\/uploads\/2023\/04\/cartelproximamente.jpg\",\"url\":\"https:\/\/federacioncanariadehipica.es\/inicio\/evento\/hipodromo-de-la-laguna-de-valleseco-carreras-tradicionales-en-hipodromo-15\/\",\"eventAttendanceMode\":\"https:\/\/schema.org\/OfflineEventAttendanceMode\",\"eventStatus\":\"https:\/\/schema.org\/EventScheduled\",\"startDate\":\"2026-04-19T00:00:00+01:00\",\"endDate\":\"2026-04-19T23:59:59+01:00\",\"location\":{\"@type\":\"Place\",\"name\":\"La Laguna de Valleseco\",\"description\":\"\",\"url\":\"https:\/\/federacioncanariadehipica.es\/inicio\/local\/la-laguna-de-valleseco\/\",\"address\":{\"@type\":\"PostalAddress\",\"streetAddress\":\"\\u00c1rea Recreativa de la Laguna de Valleseco\",\"addressLocality\":\"Valleseco\",\"addressRegion\":\"Las Palmas\",\"postalCode\":\"35340\",\"addressCountry\":\"Espa\\u00f1a\"},\"telephone\":\"\",\"sameAs\":\"\"},\"organizer\":{\"@type\":\"Person\",\"name\":\"Ayuntamiento de Valleseco\",\"description\":\"\",\"url\":\"\",\"telephone\":\"\",\"email\":\"\",\"sameAs\":\"\"},\"performer\":\"Organization\"},{\"@context\":\"http:\/\/schema.org\",\"@type\":\"Event\",\"name\":\"La Palma Ecuestre | Carreras tradicionales en asfalto\",\"description\":\"&lt;p&gt;\\u00a1Le damos la bienvenidos a los amantes de la h\\u00edpica! Les presentamos un evento imprescindible de esta emocionante disciplina. Se llevar\\u00e1 a cabo en La Palma\\u00a0 y se tratar\\u00e1 de [&hellip;]&lt;\/p&gt;\\\\n\",\"image\":\"https:\/\/federacioncanariadehipica.es\/inicio\/wp-content\/uploads\/2023\/04\/cartelproximamente.jpg\",\"url\":\"https:\/\/federacioncanariadehipica.es\/inicio\/evento\/la-palma-ecuestre-carreras-tradicionales-en-asfalto-14\/\",\"eventAttendanceMode\":\"https:\/\/schema.org\/OfflineEventAttendanceMode\",\"eventStatus\":\"https:\/\/schema.org\/EventScheduled\",\"startDate\":\"2026-04-19T00:00:00+01:00\",\"endDate\":\"2026-04-19T23:59:59+01:00\",\"organizer\":{\"@type\":\"Person\",\"name\":\"La Palma Ecuestre\",\"description\":\"\",\"url\":\"https:\/\/lapalmaecuestre.com\/\",\"telephone\":\"922 417 323\",\"email\":\"i&#110;f&#111;&#64;&#108;apal&#109;&#97;ecuestre.&#99;o&#109;\",\"sameAs\":\"https:\/\/lapalmaecuestre.com\/\"},\"offers\":{\"@type\":\"Offer\",\"price\":\"Free\",\"priceCurrency\":\"EUR\",\"url\":\"https:\/\/federacioncanariadehipica.es\/inicio\/evento\/la-palma-ecuestre-carreras-tradicionales-en-asfalto-14\/\",\"category\":\"primary\",\"availability\":\"inStock\",\"validFrom\":\"1970-01-01T00:00:00+00:00\"},\"performer\":\"Organization\"},{\"@context\":\"http:\/\/schema.org\",\"@type\":\"Event\",\"name\":\"CDT y Paral\\u00edmpica | Centro H\\u00edpico Manch\\u00f3n de las Flores\",\"description\":\"&lt;p&gt;\\u00a1Le damos la bienvenidos a los amantes de la h\\u00edpica! Les presentamos un evento imprescindible de esta emocionante disciplina. Se llevar\\u00e1 a cabo en el Centro H\\u00edpico Manch\\u00f3n de las [&hellip;]&lt;\/p&gt;\\\\n\",\"image\":\"https:\/\/federacioncanariadehipica.es\/inicio\/wp-content\/uploads\/2026\/03\/WhatsApp-Image-2026-04-07-at-15.02.29.jpeg\",\"url\":\"https:\/\/federacioncanariadehipica.es\/inicio\/evento\/cdt-y-paralimpica-centro-hipico-manchon-de-las-flores-3\/\",\"eventAttendanceMode\":\"https:\/\/schema.org\/OfflineEventAttendanceMode\",\"eventStatus\":\"https:\/\/schema.org\/EventScheduled\",\"startDate\":\"2026-04-19T00:00:00+01:00\",\"endDate\":\"2026-04-19T23:59:59+01:00\",\"location\":{\"@type\":\"Place\",\"name\":\"Finca Manchon de las Flores\",\"description\":\"\",\"url\":\"https:\/\/federacioncanariadehipica.es\/inicio\/local\/finca-manchon-de-las-flores\/\",\"address\":{\"@type\":\"PostalAddress\",\"streetAddress\":\"Camino Paraje Monta\\u00f1a al P\\u00falpito, 71-73\",\"addressLocality\":\"La Laguna\",\"addressRegion\":\"Santa Cruz de Tenerife\",\"postalCode\":\"38292\",\"addressCountry\":\"Espa\\u00f1a\"},\"telephone\":\"616509072\",\"sameAs\":\"\"},\"organizer\":{\"@type\":\"Person\",\"name\":\"Centro Hipico Manchon de las Flores\",\"description\":\"\",\"url\":\"\",\"telephone\":\"616509072\",\"email\":\"\",\"sameAs\":\"\"},\"offers\":{\"@type\":\"Offer\",\"price\":\"Free\",\"priceCurrency\":\"EUR\\t\\t\\t\\t\\t\\t\\tclass=\\t\\t\\t\\t\\t\\t\\tclass=\\t\\t\\t\\t\\t\\t\\tclass=\\t\\t\\t\\t\\t\\t\\tclass=\",\"url\":\"https:\/\/federacioncanariadehipica.es\/inicio\/evento\/cdt-y-paralimpica-centro-hipico-manchon-de-las-flores-3\/\",\"category\":\"primary\",\"availability\":\"inStock\",\"validFrom\":\"1970-01-01T00:00:00+00:00\"},\"performer\":\"Organization\"},{\"@context\":\"http:\/\/schema.org\",\"@type\":\"Event\",\"name\":\"CVT Yeg\\u00fcada Artiles | Lanzarote\",\"description\":\"&lt;p&gt;\\u00a1LE DAMOS LA BIENVENIDOS A LOS AMANTES DE LA H\\u00cdPICA! Les presentamos un evento imprescindible de esta emocionante disciplina. Se llevar\\u00e1 a cabo en el Lanzarote y se tratar\\u00e1 de [&hellip;]&lt;\/p&gt;\\\\n\",\"image\":\"https:\/\/federacioncanariadehipica.es\/inicio\/wp-content\/uploads\/2023\/04\/cartelproximamente.jpg\",\"url\":\"https:\/\/federacioncanariadehipica.es\/inicio\/evento\/cvt-yeguada-artiles-lanzarote\/\",\"eventAttendanceMode\":\"https:\/\/schema.org\/OfflineEventAttendanceMode\",\"eventStatus\":\"https:\/\/schema.org\/EventCancelled\",\"startDate\":\"2026-04-25T00:00:00+01:00\",\"endDate\":\"2026-04-26T23:59:59+01:00\",\"offers\":{\"@type\":\"Offer\",\"price\":\"Free\",\"priceCurrency\":\"EUR\",\"url\":\"https:\/\/federacioncanariadehipica.es\/inicio\/evento\/cvt-yeguada-artiles-lanzarote\/\",\"category\":\"primary\",\"availability\":\"inStock\",\"validFrom\":\"1970-01-01T00:00:00+00:00\"},\"performer\":\"Organization\"},{\"@context\":\"http:\/\/schema.org\",\"@type\":\"Event\",\"name\":\"Luis Verde &#8211; Valsequillo | Carreras Tradicionales en Asfalto\",\"description\":\"&lt;p&gt;\\u00a1Le damos la bienvenidos a los amantes de la h\\u00edpica! Les presentamos un evento imprescindible de esta emocionante disciplina. Se llevar\\u00e1 a cabo en Valsequillo, Gran Canaria y se tratar\\u00e1 [&hellip;]&lt;\/p&gt;\\\\n\",\"image\":\"https:\/\/federacioncanariadehipica.es\/inicio\/wp-content\/uploads\/2023\/04\/cartelproximamente.jpg\",\"url\":\"https:\/\/federacioncanariadehipica.es\/inicio\/evento\/luis-verde-valsequillo-carreras-tradicionales-en-asfalto-2\/\",\"eventAttendanceMode\":\"https:\/\/schema.org\/OfflineEventAttendanceMode\",\"eventStatus\":\"https:\/\/schema.org\/EventScheduled\",\"startDate\":\"2026-05-01T00:00:00+01:00\",\"endDate\":\"2026-05-01T23:59:59+01:00\",\"location\":{\"@type\":\"Place\",\"name\":\"Valsequillo, Gran Canaria\",\"description\":\"\",\"url\":\"https:\/\/federacioncanariadehipica.es\/inicio\/local\/valsequillo-gran-canaria\/\",\"address\":{\"@type\":\"PostalAddress\",\"addressLocality\":\"Valsequillo\",\"addressRegion\":\"Las Palmas\",\"postalCode\":\"35217\"},\"telephone\":\"\",\"sameAs\":\"\"},\"offers\":{\"@type\":\"Offer\",\"price\":\"Free\",\"priceCurrency\":\"EUR\",\"url\":\"https:\/\/federacioncanariadehipica.es\/inicio\/evento\/luis-verde-valsequillo-carreras-tradicionales-en-asfalto-2\/\",\"category\":\"primary\",\"availability\":\"inStock\",\"validFrom\":\"1970-01-01T00:00:00+00:00\"},\"performer\":\"Organization\"},{\"@context\":\"http:\/\/schema.org\",\"@type\":\"Event\",\"name\":\"La Palma Ecuestre | Carreras tradicionales en asfalto\",\"description\":\"&lt;p&gt;\\u00a1Le damos la bienvenidos a los amantes de la h\\u00edpica! Les presentamos un evento imprescindible de esta emocionante disciplina. Se llevar\\u00e1 a cabo en La Palma\\u00a0 y se tratar\\u00e1 de [&hellip;]&lt;\/p&gt;\\\\n\",\"image\":\"https:\/\/federacioncanariadehipica.es\/inicio\/wp-content\/uploads\/2023\/04\/cartelproximamente.jpg\",\"url\":\"https:\/\/federacioncanariadehipica.es\/inicio\/evento\/la-palma-ecuestre-carreras-tradicionales-en-asfalto-15\/\",\"eventAttendanceMode\":\"https:\/\/schema.org\/OfflineEventAttendanceMode\",\"eventStatus\":\"https:\/\/schema.org\/EventScheduled\",\"startDate\":\"2026-05-02T00:00:00+01:00\",\"endDate\":\"2026-05-02T23:59:59+01:00\",\"organizer\":{\"@type\":\"Person\",\"name\":\"La Palma Ecuestre\",\"description\":\"\",\"url\":\"https:\/\/lapalmaecuestre.com\/\",\"telephone\":\"922 417 323\",\"email\":\"&#105;nfo&#64;&#108;&#97;p&#97;&#108;ma&#101;c&#117;est&#114;&#101;&#46;c&#111;m\",\"sameAs\":\"https:\/\/lapalmaecuestre.com\/\"},\"offers\":{\"@type\":\"Offer\",\"price\":\"Free\",\"priceCurrency\":\"EUR\",\"url\":\"https:\/\/federacioncanariadehipica.es\/inicio\/evento\/la-palma-ecuestre-carreras-tradicionales-en-asfalto-15\/\",\"category\":\"primary\",\"availability\":\"inStock\",\"validFrom\":\"1970-01-01T00:00:00+00:00\"},\"performer\":\"Organization\"},{\"@context\":\"http:\/\/schema.org\",\"@type\":\"Event\",\"name\":\"Icod de Los Vinos, El Amparo (ADE La Fuente) | Carreras Tradicionales en Asfalto\",\"description\":\"&lt;p&gt;\\u00a1Le damos la bienvenidos a los amantes de la h\\u00edpica! Les presentamos un evento imprescindible de esta emocionante disciplina. Se llevar\\u00e1 a cabo en Icod de Los Vinos, El Amparo, [&hellip;]&lt;\/p&gt;\\\\n\",\"image\":\"https:\/\/federacioncanariadehipica.es\/inicio\/wp-content\/uploads\/2023\/04\/cartelproximamente.jpg\",\"url\":\"https:\/\/federacioncanariadehipica.es\/inicio\/evento\/icod-de-los-vinos-el-amparo-ade-la-fuente-carreras-tradicionales-en-asfalto-5\/\",\"eventAttendanceMode\":\"https:\/\/schema.org\/OfflineEventAttendanceMode\",\"eventStatus\":\"https:\/\/schema.org\/EventScheduled\",\"startDate\":\"2026-05-02T00:00:00+01:00\",\"endDate\":\"2026-05-02T23:59:59+01:00\",\"organizer\":{\"@type\":\"Person\",\"name\":\"Asociacion Deportiva Ecuestre La Fuente\",\"description\":\"\",\"url\":\"\",\"telephone\":\"659370975\",\"email\":\"a&#116;h&#101;n&#101;&#97;&#116;&#102;&#101;&#64;g&#109;&#97;&#105;l.&#99;o&#109;\",\"sameAs\":\"\"},\"offers\":{\"@type\":\"Offer\",\"price\":\"Free\",\"priceCurrency\":\"EUR\",\"url\":\"https:\/\/federacioncanariadehipica.es\/inicio\/evento\/icod-de-los-vinos-el-amparo-ade-la-fuente-carreras-tradicionales-en-asfalto-5\/\",\"category\":\"primary\",\"availability\":\"inStock\",\"validFrom\":\"1970-01-01T00:00:00+00:00\"},\"performer\":\"Organization\"},{\"@context\":\"http:\/\/schema.org\",\"@type\":\"Event\",\"name\":\"CDT | Real Club Golf de Las Palmas &#8211; Bandama\",\"description\":\"&lt;p&gt;\\u00a1Le damos la bienvenidos a los amantes de la h\\u00edpica! Les presentamos un evento imprescindible de esta emocionante disciplina. Se llevar\\u00e1 a cabo en el Real Club Golf de Las [&hellip;]&lt;\/p&gt;\\\\n\",\"image\":\"https:\/\/federacioncanariadehipica.es\/inicio\/wp-content\/uploads\/2025\/12\/2f3db986-5a05-4c63-a22f-1480281998c0.jpeg\",\"url\":\"https:\/\/federacioncanariadehipica.es\/inicio\/evento\/cdt-real-club-golf-de-las-palmas-bandama\/\",\"eventAttendanceMode\":\"https:\/\/schema.org\/OfflineEventAttendanceMode\",\"eventStatus\":\"https:\/\/schema.org\/EventScheduled\",\"startDate\":\"2026-05-02T00:00:00+01:00\",\"endDate\":\"2026-05-03T23:59:59+01:00\",\"location\":{\"@type\":\"Place\",\"name\":\"Real Club Golf de Las Palmas\",\"description\":\"\",\"url\":\"https:\/\/federacioncanariadehipica.es\/inicio\/local\/real-club-golf-de-las-palmas\/\",\"address\":{\"@type\":\"PostalAddress\",\"streetAddress\":\"Carretera de Bandama S\/N\",\"addressLocality\":\"Santa Br\\u00edgida\",\"addressRegion\":\"Las Palmas\",\"postalCode\":\"35307\",\"addressCountry\":\"Espa\\u00f1a\"},\"telephone\":\"928 35 01 10\",\"sameAs\":\"https:\/\/realclubdegolfdelaspalmas.com\/\"},\"organizer\":{\"@type\":\"Person\",\"name\":\"Real Club Golf de Las Palmas\",\"description\":\"\",\"url\":\"https:\/\/realclubdegolfdelaspalmas.com\/\",\"telephone\":\"928 35 01 10\",\"email\":\"&#97;d&#114;&#105;&#97;&#110;.diaz.&#108;&#108;or&#99;a&#64;&#103;&#109;ai&#108;&#46;&#99;o&#109;\",\"sameAs\":\"https:\/\/realclubdegolfdelaspalmas.com\/\"},\"offers\":{\"@type\":\"Offer\",\"price\":\"Free\",\"priceCurrency\":\"EUR\",\"url\":\"https:\/\/federacioncanariadehipica.es\/inicio\/evento\/cdt-real-club-golf-de-las-palmas-bandama\/\",\"category\":\"primary\",\"availability\":\"inStock\",\"validFrom\":\"1970-01-01T00:00:00+00:00\"},\"performer\":\"Organization\"},{\"@context\":\"http:\/\/schema.org\",\"@type\":\"Event\",\"name\":\"La Palma Ecuestre | Carreras tradicionales en asfalto\",\"description\":\"&lt;p&gt;\\u00a1Le damos la bienvenidos a los amantes de la h\\u00edpica! Les presentamos un evento imprescindible de esta emocionante disciplina. Se llevar\\u00e1 a cabo en La Palma\\u00a0 y se tratar\\u00e1 de [&hellip;]&lt;\/p&gt;\\\\n\",\"image\":\"https:\/\/federacioncanariadehipica.es\/inicio\/wp-content\/uploads\/2023\/04\/cartelproximamente.jpg\",\"url\":\"https:\/\/federacioncanariadehipica.es\/inicio\/evento\/la-palma-ecuestre-carreras-tradicionales-en-asfalto-16\/\",\"eventAttendanceMode\":\"https:\/\/schema.org\/OfflineEventAttendanceMode\",\"eventStatus\":\"https:\/\/schema.org\/EventScheduled\",\"startDate\":\"2026-05-03T00:00:00+01:00\",\"endDate\":\"2026-05-03T23:59:59+01:00\",\"organizer\":{\"@type\":\"Person\",\"name\":\"La Palma Ecuestre\",\"description\":\"\",\"url\":\"https:\/\/lapalmaecuestre.com\/\",\"telephone\":\"922 417 323\",\"email\":\"inf&#111;&#64;l&#97;&#112;a&#108;m&#97;&#101;&#99;&#117;estre&#46;c&#111;m\",\"sameAs\":\"https:\/\/lapalmaecuestre.com\/\"},\"offers\":{\"@type\":\"Offer\",\"price\":\"Free\",\"priceCurrency\":\"EUR\",\"url\":\"https:\/\/federacioncanariadehipica.es\/inicio\/evento\/la-palma-ecuestre-carreras-tradicionales-en-asfalto-16\/\",\"category\":\"primary\",\"availability\":\"inStock\",\"validFrom\":\"1970-01-01T00:00:00+00:00\"},\"performer\":\"Organization\"}]\r\n<\/script>\n\t\t<script data-js=\"tribe-events-view-data\" type=\"application\/json\">\n\t{\"slug\":\"month\",\"prev_url\":\"https:\\\/\\\/federacioncanariadehipica.es\\\/inicio\\\/events\\\/mes\\\/2026-03\\\/?shortcode=b5e78f03\",\"next_url\":\"https:\\\/\\\/federacioncanariadehipica.es\\\/inicio\\\/events\\\/mes\\\/2026-05\\\/?shortcode=b5e78f03\",\"view_class\":\"Tribe\\\\Events\\\\Views\\\\V2\\\\Views\\\\Month_View\",\"view_slug\":\"month\",\"view_label\":\"Mes\",\"title\":\"Eventos en abril 2026 \\u2013 Federaci\\u00f3n Canaria de H\\u00edpica\",\"events\":{\"2026-03-30\":[],\"2026-03-31\":[],\"2026-04-01\":[],\"2026-04-02\":[10000489],\"2026-04-03\":[10000489],\"2026-04-04\":[10000489,10000486],\"2026-04-05\":[10000489],\"2026-04-06\":[],\"2026-04-07\":[],\"2026-04-08\":[],\"2026-04-09\":[],\"2026-04-10\":[],\"2026-04-11\":[10000503],\"2026-04-12\":[],\"2026-04-13\":[],\"2026-04-14\":[],\"2026-04-15\":[],\"2026-04-16\":[],\"2026-04-17\":[],\"2026-04-18\":[10000492,10000493,10000507,10000598],\"2026-04-19\":[10000507,10000466,10000494,10000594],\"2026-04-20\":[],\"2026-04-21\":[],\"2026-04-22\":[],\"2026-04-23\":[],\"2026-04-24\":[],\"2026-04-25\":[10000575],\"2026-04-26\":[10000575],\"2026-04-27\":[],\"2026-04-28\":[],\"2026-04-29\":[],\"2026-04-30\":[],\"2026-05-01\":[10000508],\"2026-05-02\":[10000495,10000511,10000557],\"2026-05-03\":[10000557,10000496]},\"url\":\"https:\\\/\\\/federacioncanariadehipica.es\\\/inicio\\\/events\\\/mes\\\/?shortcode=b5e78f03\",\"url_event_date\":false,\"bar\":{\"keyword\":\"\",\"date\":\"\"},\"today\":\"2026-04-28 00:00:00\",\"now\":\"2026-04-28 18:24:04\",\"home_url\":\"https:\\\/\\\/federacioncanariadehipica.es\\\/inicio\",\"rest_url\":\"https:\\\/\\\/federacioncanariadehipica.es\\\/inicio\\\/wp-json\\\/tribe\\\/views\\\/v2\\\/html\",\"rest_method\":\"GET\",\"rest_nonce\":\"\",\"should_manage_url\":false,\"today_url\":\"https:\\\/\\\/federacioncanariadehipica.es\\\/inicio\\\/events\\\/mes\\\/?rest_route=%2Fwp%2Fv2%2Fpages%2F353&shortcode=b5e78f03\",\"today_title\":\"Haz clic para seleccionar el mes actual\",\"today_label\":\"Este mes\",\"prev_label\":\"Mar\",\"next_label\":\"May\",\"date_formats\":{\"compact\":\"m\\\/d\\\/Y\",\"month_and_year_compact\":\"m\\\/Y\",\"month_and_year\":\"F Y\",\"time_range_separator\":\" - \",\"date_time_separator\":\" | \"},\"messages\":[],\"start_of_week\":\"1\",\"header_title\":\"\",\"header_title_element\":\"h1\",\"content_title\":\"\",\"breadcrumbs\":[],\"before_events\":\"\",\"after_events\":\"\",\"display_events_bar\":true,\"disable_event_search\":false,\"live_refresh\":true,\"ical\":{\"display_link\":true,\"link\":{\"url\":\"https:\\\/\\\/federacioncanariadehipica.es\\\/inicio\\\/events\\\/mes\\\/?shortcode=b5e78f03&#038;ical=1\",\"text\":\"Exportar Eventos\",\"title\":\"Usa esto para compartir los datos del calendario con Google Calendar, Apple iCal y otras aplicaciones compatibles\"}},\"container_classes\":[\"tribe-common\",\"tribe-events\",\"tribe-events-view\",\"tribe-events-view--month\",\"tribe-events--has-filter-bar\",\"tribe-events--filter-bar-vertical\",\"alignwide\",\"tribe-events-view--shortcode\",\"tribe-events-view--shortcode-b5e78f03\"],\"container_data\":{\"shortcode\":\"b5e78f03\"},\"is_past\":false,\"breakpoints\":{\"xsmall\":500,\"medium\":768,\"full\":960},\"breakpoint_pointer\":\"e10eb451-0a8a-4bae-a0c8-316a2a07c732\",\"is_initial_load\":false,\"public_views\":{\"list\":{\"view_class\":\"Tribe\\\\Events\\\\Views\\\\V2\\\\Views\\\\List_View\",\"view_url\":\"https:\\\/\\\/federacioncanariadehipica.es\\\/inicio\\\/events\\\/lista\\\/?shortcode=b5e78f03\",\"view_label\":\"Lista\",\"aria_label\":\"Mostrar Eventos en la vista Lista\"},\"month\":{\"view_class\":\"Tribe\\\\Events\\\\Views\\\\V2\\\\Views\\\\Month_View\",\"view_url\":\"https:\\\/\\\/federacioncanariadehipica.es\\\/inicio\\\/events\\\/mes\\\/?shortcode=b5e78f03\",\"view_label\":\"Mes\",\"aria_label\":\"Mostrar Eventos en la vista Mes\"}},\"show_latest_past\":true,\"past\":false,\"today_date\":\"2026-04-28\",\"grid_date\":\"2026-04-28\",\"formatted_grid_date\":\"abril 2026\",\"formatted_grid_date_mobile\":\"04\\\/28\\\/2026\",\"days\":{\"2026-03-30\":{\"date\":\"2026-03-30\",\"is_start_of_week\":true,\"year_number\":\"2026\",\"month_number\":\"03\",\"day_number\":\"30\",\"events\":[],\"featured_events\":[],\"multiday_events\":[],\"found_events\":0,\"more_events\":0,\"day_url\":\"https:\\\/\\\/federacioncanariadehipica.es\\\/inicio\\\/events\\\/2026-03-30\\\/?shortcode=b5e78f03\"},\"2026-03-31\":{\"date\":\"2026-03-31\",\"is_start_of_week\":false,\"year_number\":\"2026\",\"month_number\":\"03\",\"day_number\":\"31\",\"events\":[],\"featured_events\":[],\"multiday_events\":[],\"found_events\":0,\"more_events\":0,\"day_url\":\"https:\\\/\\\/federacioncanariadehipica.es\\\/inicio\\\/events\\\/2026-03-31\\\/?shortcode=b5e78f03\"},\"2026-04-01\":{\"date\":\"2026-04-01\",\"is_start_of_week\":false,\"year_number\":\"2026\",\"month_number\":\"04\",\"day_number\":\"1\",\"events\":[],\"featured_events\":[],\"multiday_events\":[],\"found_events\":0,\"more_events\":0,\"day_url\":\"https:\\\/\\\/federacioncanariadehipica.es\\\/inicio\\\/events\\\/2026-04-01\\\/?shortcode=b5e78f03\"},\"2026-04-02\":{\"date\":\"2026-04-02\",\"is_start_of_week\":false,\"year_number\":\"2026\",\"month_number\":\"04\",\"day_number\":\"2\",\"events\":[],\"featured_events\":[],\"multiday_events\":[10000489],\"found_events\":1,\"more_events\":0,\"day_url\":\"https:\\\/\\\/federacioncanariadehipica.es\\\/inicio\\\/events\\\/2026-04-02\\\/?shortcode=b5e78f03\"},\"2026-04-03\":{\"date\":\"2026-04-03\",\"is_start_of_week\":false,\"year_number\":\"2026\",\"month_number\":\"04\",\"day_number\":\"3\",\"events\":[],\"featured_events\":[],\"multiday_events\":[10000489],\"found_events\":1,\"more_events\":0,\"day_url\":\"https:\\\/\\\/federacioncanariadehipica.es\\\/inicio\\\/events\\\/2026-04-03\\\/?shortcode=b5e78f03\"},\"2026-04-04\":{\"date\":\"2026-04-04\",\"is_start_of_week\":false,\"year_number\":\"2026\",\"month_number\":\"04\",\"day_number\":\"4\",\"events\":[],\"featured_events\":[],\"multiday_events\":[10000489,10000486],\"found_events\":2,\"more_events\":0,\"day_url\":\"https:\\\/\\\/federacioncanariadehipica.es\\\/inicio\\\/events\\\/2026-04-04\\\/?shortcode=b5e78f03\"},\"2026-04-05\":{\"date\":\"2026-04-05\",\"is_start_of_week\":false,\"year_number\":\"2026\",\"month_number\":\"04\",\"day_number\":\"5\",\"events\":[],\"featured_events\":[],\"multiday_events\":[10000489],\"found_events\":1,\"more_events\":0,\"day_url\":\"https:\\\/\\\/federacioncanariadehipica.es\\\/inicio\\\/events\\\/2026-04-05\\\/?shortcode=b5e78f03\"},\"2026-04-06\":{\"date\":\"2026-04-06\",\"is_start_of_week\":true,\"year_number\":\"2026\",\"month_number\":\"04\",\"day_number\":\"6\",\"events\":[],\"featured_events\":[],\"multiday_events\":[],\"found_events\":0,\"more_events\":0,\"day_url\":\"https:\\\/\\\/federacioncanariadehipica.es\\\/inicio\\\/events\\\/2026-04-06\\\/?shortcode=b5e78f03\"},\"2026-04-07\":{\"date\":\"2026-04-07\",\"is_start_of_week\":false,\"year_number\":\"2026\",\"month_number\":\"04\",\"day_number\":\"7\",\"events\":[],\"featured_events\":[],\"multiday_events\":[],\"found_events\":0,\"more_events\":0,\"day_url\":\"https:\\\/\\\/federacioncanariadehipica.es\\\/inicio\\\/events\\\/2026-04-07\\\/?shortcode=b5e78f03\"},\"2026-04-08\":{\"date\":\"2026-04-08\",\"is_start_of_week\":false,\"year_number\":\"2026\",\"month_number\":\"04\",\"day_number\":\"8\",\"events\":[],\"featured_events\":[],\"multiday_events\":[],\"found_events\":0,\"more_events\":0,\"day_url\":\"https:\\\/\\\/federacioncanariadehipica.es\\\/inicio\\\/events\\\/2026-04-08\\\/?shortcode=b5e78f03\"},\"2026-04-09\":{\"date\":\"2026-04-09\",\"is_start_of_week\":false,\"year_number\":\"2026\",\"month_number\":\"04\",\"day_number\":\"9\",\"events\":[],\"featured_events\":[],\"multiday_events\":[],\"found_events\":0,\"more_events\":0,\"day_url\":\"https:\\\/\\\/federacioncanariadehipica.es\\\/inicio\\\/events\\\/2026-04-09\\\/?shortcode=b5e78f03\"},\"2026-04-10\":{\"date\":\"2026-04-10\",\"is_start_of_week\":false,\"year_number\":\"2026\",\"month_number\":\"04\",\"day_number\":\"10\",\"events\":[],\"featured_events\":[],\"multiday_events\":[],\"found_events\":0,\"more_events\":0,\"day_url\":\"https:\\\/\\\/federacioncanariadehipica.es\\\/inicio\\\/events\\\/2026-04-10\\\/?shortcode=b5e78f03\"},\"2026-04-11\":{\"date\":\"2026-04-11\",\"is_start_of_week\":false,\"year_number\":\"2026\",\"month_number\":\"04\",\"day_number\":\"11\",\"events\":[],\"featured_events\":[],\"multiday_events\":[10000503],\"found_events\":1,\"more_events\":0,\"day_url\":\"https:\\\/\\\/federacioncanariadehipica.es\\\/inicio\\\/events\\\/2026-04-11\\\/?shortcode=b5e78f03\"},\"2026-04-12\":{\"date\":\"2026-04-12\",\"is_start_of_week\":false,\"year_number\":\"2026\",\"month_number\":\"04\",\"day_number\":\"12\",\"events\":[],\"featured_events\":[],\"multiday_events\":[],\"found_events\":0,\"more_events\":0,\"day_url\":\"https:\\\/\\\/federacioncanariadehipica.es\\\/inicio\\\/events\\\/2026-04-12\\\/?shortcode=b5e78f03\"},\"2026-04-13\":{\"date\":\"2026-04-13\",\"is_start_of_week\":true,\"year_number\":\"2026\",\"month_number\":\"04\",\"day_number\":\"13\",\"events\":[],\"featured_events\":[],\"multiday_events\":[],\"found_events\":0,\"more_events\":0,\"day_url\":\"https:\\\/\\\/federacioncanariadehipica.es\\\/inicio\\\/events\\\/2026-04-13\\\/?shortcode=b5e78f03\"},\"2026-04-14\":{\"date\":\"2026-04-14\",\"is_start_of_week\":false,\"year_number\":\"2026\",\"month_number\":\"04\",\"day_number\":\"14\",\"events\":[],\"featured_events\":[],\"multiday_events\":[],\"found_events\":0,\"more_events\":0,\"day_url\":\"https:\\\/\\\/federacioncanariadehipica.es\\\/inicio\\\/events\\\/2026-04-14\\\/?shortcode=b5e78f03\"},\"2026-04-15\":{\"date\":\"2026-04-15\",\"is_start_of_week\":false,\"year_number\":\"2026\",\"month_number\":\"04\",\"day_number\":\"15\",\"events\":[],\"featured_events\":[],\"multiday_events\":[],\"found_events\":0,\"more_events\":0,\"day_url\":\"https:\\\/\\\/federacioncanariadehipica.es\\\/inicio\\\/events\\\/2026-04-15\\\/?shortcode=b5e78f03\"},\"2026-04-16\":{\"date\":\"2026-04-16\",\"is_start_of_week\":false,\"year_number\":\"2026\",\"month_number\":\"04\",\"day_number\":\"16\",\"events\":[],\"featured_events\":[],\"multiday_events\":[],\"found_events\":0,\"more_events\":0,\"day_url\":\"https:\\\/\\\/federacioncanariadehipica.es\\\/inicio\\\/events\\\/2026-04-16\\\/?shortcode=b5e78f03\"},\"2026-04-17\":{\"date\":\"2026-04-17\",\"is_start_of_week\":false,\"year_number\":\"2026\",\"month_number\":\"04\",\"day_number\":\"17\",\"events\":[],\"featured_events\":[],\"multiday_events\":[],\"found_events\":0,\"more_events\":0,\"day_url\":\"https:\\\/\\\/federacioncanariadehipica.es\\\/inicio\\\/events\\\/2026-04-17\\\/?shortcode=b5e78f03\"},\"2026-04-18\":{\"date\":\"2026-04-18\",\"is_start_of_week\":false,\"year_number\":\"2026\",\"month_number\":\"04\",\"day_number\":\"18\",\"events\":[],\"featured_events\":[],\"multiday_events\":[10000492,10000493,10000507,10000598],\"found_events\":4,\"more_events\":0,\"day_url\":\"https:\\\/\\\/federacioncanariadehipica.es\\\/inicio\\\/events\\\/2026-04-18\\\/?shortcode=b5e78f03\"},\"2026-04-19\":{\"date\":\"2026-04-19\",\"is_start_of_week\":false,\"year_number\":\"2026\",\"month_number\":\"04\",\"day_number\":\"19\",\"events\":[],\"featured_events\":[],\"multiday_events\":[10000466,10000494,10000507,10000594],\"found_events\":4,\"more_events\":0,\"day_url\":\"https:\\\/\\\/federacioncanariadehipica.es\\\/inicio\\\/events\\\/2026-04-19\\\/?shortcode=b5e78f03\"},\"2026-04-20\":{\"date\":\"2026-04-20\",\"is_start_of_week\":true,\"year_number\":\"2026\",\"month_number\":\"04\",\"day_number\":\"20\",\"events\":[],\"featured_events\":[],\"multiday_events\":[],\"found_events\":0,\"more_events\":0,\"day_url\":\"https:\\\/\\\/federacioncanariadehipica.es\\\/inicio\\\/events\\\/2026-04-20\\\/?shortcode=b5e78f03\"},\"2026-04-21\":{\"date\":\"2026-04-21\",\"is_start_of_week\":false,\"year_number\":\"2026\",\"month_number\":\"04\",\"day_number\":\"21\",\"events\":[],\"featured_events\":[],\"multiday_events\":[],\"found_events\":0,\"more_events\":0,\"day_url\":\"https:\\\/\\\/federacioncanariadehipica.es\\\/inicio\\\/events\\\/2026-04-21\\\/?shortcode=b5e78f03\"},\"2026-04-22\":{\"date\":\"2026-04-22\",\"is_start_of_week\":false,\"year_number\":\"2026\",\"month_number\":\"04\",\"day_number\":\"22\",\"events\":[],\"featured_events\":[],\"multiday_events\":[],\"found_events\":0,\"more_events\":0,\"day_url\":\"https:\\\/\\\/federacioncanariadehipica.es\\\/inicio\\\/events\\\/2026-04-22\\\/?shortcode=b5e78f03\"},\"2026-04-23\":{\"date\":\"2026-04-23\",\"is_start_of_week\":false,\"year_number\":\"2026\",\"month_number\":\"04\",\"day_number\":\"23\",\"events\":[],\"featured_events\":[],\"multiday_events\":[],\"found_events\":0,\"more_events\":0,\"day_url\":\"https:\\\/\\\/federacioncanariadehipica.es\\\/inicio\\\/events\\\/2026-04-23\\\/?shortcode=b5e78f03\"},\"2026-04-24\":{\"date\":\"2026-04-24\",\"is_start_of_week\":false,\"year_number\":\"2026\",\"month_number\":\"04\",\"day_number\":\"24\",\"events\":[],\"featured_events\":[],\"multiday_events\":[],\"found_events\":0,\"more_events\":0,\"day_url\":\"https:\\\/\\\/federacioncanariadehipica.es\\\/inicio\\\/events\\\/2026-04-24\\\/?shortcode=b5e78f03\"},\"2026-04-25\":{\"date\":\"2026-04-25\",\"is_start_of_week\":false,\"year_number\":\"2026\",\"month_number\":\"04\",\"day_number\":\"25\",\"events\":[],\"featured_events\":[],\"multiday_events\":[10000575],\"found_events\":1,\"more_events\":0,\"day_url\":\"https:\\\/\\\/federacioncanariadehipica.es\\\/inicio\\\/events\\\/2026-04-25\\\/?shortcode=b5e78f03\"},\"2026-04-26\":{\"date\":\"2026-04-26\",\"is_start_of_week\":false,\"year_number\":\"2026\",\"month_number\":\"04\",\"day_number\":\"26\",\"events\":[],\"featured_events\":[],\"multiday_events\":[10000575],\"found_events\":1,\"more_events\":0,\"day_url\":\"https:\\\/\\\/federacioncanariadehipica.es\\\/inicio\\\/events\\\/2026-04-26\\\/?shortcode=b5e78f03\"},\"2026-04-27\":{\"date\":\"2026-04-27\",\"is_start_of_week\":true,\"year_number\":\"2026\",\"month_number\":\"04\",\"day_number\":\"27\",\"events\":[],\"featured_events\":[],\"multiday_events\":[],\"found_events\":0,\"more_events\":0,\"day_url\":\"https:\\\/\\\/federacioncanariadehipica.es\\\/inicio\\\/events\\\/2026-04-27\\\/?shortcode=b5e78f03\"},\"2026-04-28\":{\"date\":\"2026-04-28\",\"is_start_of_week\":false,\"year_number\":\"2026\",\"month_number\":\"04\",\"day_number\":\"28\",\"events\":[],\"featured_events\":[],\"multiday_events\":[],\"found_events\":0,\"more_events\":0,\"day_url\":\"https:\\\/\\\/federacioncanariadehipica.es\\\/inicio\\\/events\\\/2026-04-28\\\/?shortcode=b5e78f03\"},\"2026-04-29\":{\"date\":\"2026-04-29\",\"is_start_of_week\":false,\"year_number\":\"2026\",\"month_number\":\"04\",\"day_number\":\"29\",\"events\":[],\"featured_events\":[],\"multiday_events\":[],\"found_events\":0,\"more_events\":0,\"day_url\":\"https:\\\/\\\/federacioncanariadehipica.es\\\/inicio\\\/events\\\/2026-04-29\\\/?shortcode=b5e78f03\"},\"2026-04-30\":{\"date\":\"2026-04-30\",\"is_start_of_week\":false,\"year_number\":\"2026\",\"month_number\":\"04\",\"day_number\":\"30\",\"events\":[],\"featured_events\":[],\"multiday_events\":[],\"found_events\":0,\"more_events\":0,\"day_url\":\"https:\\\/\\\/federacioncanariadehipica.es\\\/inicio\\\/events\\\/2026-04-30\\\/?shortcode=b5e78f03\"},\"2026-05-01\":{\"date\":\"2026-05-01\",\"is_start_of_week\":false,\"year_number\":\"2026\",\"month_number\":\"05\",\"day_number\":\"1\",\"events\":[],\"featured_events\":[],\"multiday_events\":[10000508],\"found_events\":1,\"more_events\":0,\"day_url\":\"https:\\\/\\\/federacioncanariadehipica.es\\\/inicio\\\/events\\\/2026-05-01\\\/?shortcode=b5e78f03\"},\"2026-05-02\":{\"date\":\"2026-05-02\",\"is_start_of_week\":false,\"year_number\":\"2026\",\"month_number\":\"05\",\"day_number\":\"2\",\"events\":[],\"featured_events\":[],\"multiday_events\":[10000495,10000511,10000557],\"found_events\":3,\"more_events\":0,\"day_url\":\"https:\\\/\\\/federacioncanariadehipica.es\\\/inicio\\\/events\\\/2026-05-02\\\/?shortcode=b5e78f03\"},\"2026-05-03\":{\"date\":\"2026-05-03\",\"is_start_of_week\":false,\"year_number\":\"2026\",\"month_number\":\"05\",\"day_number\":\"3\",\"events\":[],\"featured_events\":[],\"multiday_events\":[10000496,false,10000557],\"found_events\":2,\"more_events\":0,\"day_url\":\"https:\\\/\\\/federacioncanariadehipica.es\\\/inicio\\\/events\\\/2026-05-03\\\/?shortcode=b5e78f03\"}},\"next_month\":\"5\",\"prev_month\":\"3\",\"next_rel\":\"next\",\"prev_rel\":\"prev\",\"mobile_messages\":{\"notice\":{\"no-events-in-day\":\"No hay ning\\u00fan evento este d\\u00eda.\"}},\"grid_start_date\":\"2026-03-30\",\"subscribe_links\":{\"gcal\":{\"label\":\"Google Calendar\",\"single_label\":\"A\\u00f1adir a Google Calendar\",\"visible\":true,\"block_slug\":\"hasGoogleCalendar\"},\"ical\":{\"label\":\"iCalendar\",\"single_label\":\"Agregar a iCalendar\",\"visible\":true,\"block_slug\":\"hasiCal\"},\"outlook-365\":{\"label\":\"Outlook 365\",\"single_label\":\"Outlook 365\",\"visible\":true,\"block_slug\":\"hasOutlook365\"},\"outlook-live\":{\"label\":\"Outlook Live\",\"single_label\":\"Outlook Live\",\"visible\":true,\"block_slug\":\"hasOutlookLive\"},\"ics\":{\"label\":\"Exportar archivo .ics\",\"single_label\":\"Exportar archivo .ics\",\"visible\":true,\"block_slug\":null},\"outlook-ics\":{\"label\":\"Exportar archivo .ics de Outlook\",\"single_label\":\"Exportar archivo .ics de Outlook\",\"visible\":true,\"block_slug\":null}},\"layout\":\"vertical\",\"filterbar_state\":\"open\",\"filters\":[{\"filter_object\":{\"type\":\"select\",\"name\":\"Disciplinas\",\"slug\":\"filterbar_category\",\"priority\":1,\"values\":[{\"name\":\"Carreras\",\"depth\":0,\"value\":6,\"data\":{\"slug\":\"carreras\"},\"class\":\"tribe-parent-cat tribe-events-category-carreras\"},{\"name\":\"Doma cl\\u00e1sica\",\"depth\":0,\"value\":5,\"data\":{\"slug\":\"doma-clasica\"},\"class\":\"tribe-parent-cat tribe-events-category-doma-clasica\"},{\"name\":\"Doma paral\\u00edmpica\",\"depth\":0,\"value\":15,\"data\":{\"slug\":\"doma-paralimpica\"},\"class\":\"tribe-parent-cat tribe-events-category-doma-paralimpica\"},{\"name\":\"Doma vaquera\",\"depth\":0,\"value\":14,\"data\":{\"slug\":\"doma-vaquera\"},\"class\":\"tribe-parent-cat tribe-events-category-doma-vaquera\"},{\"name\":\"Raid\",\"depth\":0,\"value\":8,\"data\":{\"slug\":\"raid\"},\"class\":\"tribe-parent-cat tribe-events-category-raid\"},{\"name\":\"Salto de obst\\u00e1culos\",\"depth\":0,\"value\":7,\"data\":{\"slug\":\"salto-de-obstaculos\"},\"class\":\"tribe-parent-cat tribe-events-category-salto-de-obstaculos\"}],\"currentValue\":[],\"isActiveFilter\":true,\"queryArgs\":[],\"joinClause\":\"\",\"whereClause\":\"\",\"stack_managed\":false},\"label\":\"Disciplinas\",\"selections_count\":\"\",\"selections\":\"\",\"toggle_id\":\"filterbar_category-toggle-e10eb451-0a8a-4bae-a0c8-316a2a07c732\",\"container_id\":\"filterbar_category-container-e10eb451-0a8a-4bae-a0c8-316a2a07c732\",\"pill_toggle_id\":\"filterbar_category-pill-toggle-e10eb451-0a8a-4bae-a0c8-316a2a07c732\",\"is_open\":false,\"name\":\"tribe_eventcategory[]\",\"fields\":[{\"type\":\"dropdown\",\"value\":\"\",\"id\":\"tribe-events-filterbar-eed6b04a-filterbar_category\",\"name\":\"tribe_eventcategory[]\",\"options\":[{\"text\":\"Carreras\",\"id\":\"6\",\"value\":6},{\"text\":\"Doma cl\\u00e1sica\",\"id\":\"5\",\"value\":5},{\"text\":\"Doma paral\\u00edmpica\",\"id\":\"15\",\"value\":15},{\"text\":\"Doma vaquera\",\"id\":\"14\",\"value\":14},{\"text\":\"Raid\",\"id\":\"8\",\"value\":8},{\"text\":\"Salto de obst\\u00e1culos\",\"id\":\"7\",\"value\":7}]}],\"type\":\"dropdown\"},{\"filter_object\":{\"type\":\"select\",\"name\":\"Actividades\",\"slug\":\"filterbar_tag\",\"priority\":2,\"values\":{\"34\":{\"name\":\"Formaciones\",\"value\":34}},\"currentValue\":[],\"isActiveFilter\":true,\"queryArgs\":[],\"joinClause\":\"\",\"whereClause\":\"\",\"stack_managed\":false},\"label\":\"Actividades\",\"selections_count\":\"\",\"selections\":\"\",\"toggle_id\":\"filterbar_tag-toggle-e10eb451-0a8a-4bae-a0c8-316a2a07c732\",\"container_id\":\"filterbar_tag-container-e10eb451-0a8a-4bae-a0c8-316a2a07c732\",\"pill_toggle_id\":\"filterbar_tag-pill-toggle-e10eb451-0a8a-4bae-a0c8-316a2a07c732\",\"is_open\":false,\"name\":\"tribe_tags[]\",\"fields\":[{\"type\":\"dropdown\",\"value\":\"\",\"id\":\"tribe-events-filterbar-2b17cddf-filterbar_tag\",\"name\":\"tribe_tags[]\",\"options\":[{\"text\":\"Formaciones\",\"id\":\"34\",\"value\":34}]}],\"type\":\"dropdown\"},{\"filter_object\":{\"type\":\"select\",\"name\":\"Organizadores\",\"slug\":\"filterbar_organizer\",\"priority\":3,\"values\":[{\"name\":\"Asociacion Deportiva Ecuestre La Fuente\",\"value\":15397},{\"name\":\"Ayuntamiento de Bre\\u00f1a Baja\",\"value\":14626},{\"name\":\"Ayuntamiento de El Paso\",\"value\":14627},{\"name\":\"Ayuntamiento de Firgas\",\"value\":14878},{\"name\":\"Ayuntamiento de Garaf\\u00eda\",\"value\":14839},{\"name\":\"Ayuntamiento de La Vega de San Mateo\",\"value\":15590},{\"name\":\"Ayuntamiento de la Villa de Bre\\u00f1a Alta\",\"value\":13249},{\"name\":\"Ayuntamiento de la Villa de Mazo\",\"value\":14608},{\"name\":\"Ayuntamiento de la Villa de Moya\",\"value\":14834},{\"name\":\"Ayuntamiento de Los Llanos\",\"value\":14857},{\"name\":\"Ayuntamiento de San Bartolome de Tirajana\",\"value\":13230},{\"name\":\"Ayuntamiento de Tazacorte\",\"value\":14864},{\"name\":\"Ayuntamiento de Valleseco\",\"value\":14534},{\"name\":\"Ayuntamiento El Rosario\",\"value\":14548},{\"name\":\"Ayuntamiento San Andres y Sauces\",\"value\":15755},{\"name\":\"C.O. El Cortijo de Telde\",\"value\":15448},{\"name\":\"Centro Hipico Ciudad de Arucas\",\"value\":14395},{\"name\":\"Centro Hipico del Sur\",\"value\":13267},{\"name\":\"Centro H\\u00edpico el Molino\",\"value\":102},{\"name\":\"Centro Hipico El Rocio\",\"value\":14576},{\"name\":\"Centro Hipico La Finca del Pariente\",\"value\":15267},{\"name\":\"Centro Hipico Manchon de las Flores\",\"value\":14674},{\"name\":\"Centro Hipico Noroeste\",\"value\":14786},{\"name\":\"Centro Hipico Perdomo Duque\",\"value\":14707},{\"name\":\"Club Deportivo As. Ecuestre La Trilla\",\"value\":12446},{\"name\":\"Club Hipico Los Brezos\",\"value\":14574},{\"name\":\"El Estribo\",\"value\":18608},{\"name\":\"Federacion Canaria de Hipica\",\"value\":13523},{\"name\":\"Hermanos Diaz\",\"value\":19981},{\"name\":\"La Montura\",\"value\":19574},{\"name\":\"La Palma Ecuestre\",\"value\":13260},{\"name\":\"Real Club Golf de Las Palmas\",\"value\":104},{\"name\":\"Yeguada Artiles\",\"value\":19499}],\"currentValue\":[],\"isActiveFilter\":true,\"queryArgs\":[],\"joinClause\":\"\",\"whereClause\":\"\",\"stack_managed\":false},\"label\":\"Organizadores\",\"selections_count\":\"\",\"selections\":\"\",\"toggle_id\":\"filterbar_organizer-toggle-e10eb451-0a8a-4bae-a0c8-316a2a07c732\",\"container_id\":\"filterbar_organizer-container-e10eb451-0a8a-4bae-a0c8-316a2a07c732\",\"pill_toggle_id\":\"filterbar_organizer-pill-toggle-e10eb451-0a8a-4bae-a0c8-316a2a07c732\",\"is_open\":false,\"name\":\"tribe_organizers[]\",\"fields\":[{\"type\":\"dropdown\",\"value\":\"\",\"id\":\"tribe-events-filterbar-cf1164f9-filterbar_organizer\",\"name\":\"tribe_organizers[]\",\"options\":[{\"text\":\"Asociacion Deportiva Ecuestre La Fuente\",\"id\":\"15397\",\"value\":15397},{\"text\":\"Ayuntamiento de Bre\\u00f1a Baja\",\"id\":\"14626\",\"value\":14626},{\"text\":\"Ayuntamiento de El Paso\",\"id\":\"14627\",\"value\":14627},{\"text\":\"Ayuntamiento de Firgas\",\"id\":\"14878\",\"value\":14878},{\"text\":\"Ayuntamiento de Garaf\\u00eda\",\"id\":\"14839\",\"value\":14839},{\"text\":\"Ayuntamiento de La Vega de San Mateo\",\"id\":\"15590\",\"value\":15590},{\"text\":\"Ayuntamiento de la Villa de Bre\\u00f1a Alta\",\"id\":\"13249\",\"value\":13249},{\"text\":\"Ayuntamiento de la Villa de Mazo\",\"id\":\"14608\",\"value\":14608},{\"text\":\"Ayuntamiento de la Villa de Moya\",\"id\":\"14834\",\"value\":14834},{\"text\":\"Ayuntamiento de Los Llanos\",\"id\":\"14857\",\"value\":14857},{\"text\":\"Ayuntamiento de San Bartolome de Tirajana\",\"id\":\"13230\",\"value\":13230},{\"text\":\"Ayuntamiento de Tazacorte\",\"id\":\"14864\",\"value\":14864},{\"text\":\"Ayuntamiento de Valleseco\",\"id\":\"14534\",\"value\":14534},{\"text\":\"Ayuntamiento El Rosario\",\"id\":\"14548\",\"value\":14548},{\"text\":\"Ayuntamiento San Andres y Sauces\",\"id\":\"15755\",\"value\":15755},{\"text\":\"C.O. El Cortijo de Telde\",\"id\":\"15448\",\"value\":15448},{\"text\":\"Centro Hipico Ciudad de Arucas\",\"id\":\"14395\",\"value\":14395},{\"text\":\"Centro Hipico del Sur\",\"id\":\"13267\",\"value\":13267},{\"text\":\"Centro H\\u00edpico el Molino\",\"id\":\"102\",\"value\":102},{\"text\":\"Centro Hipico El Rocio\",\"id\":\"14576\",\"value\":14576},{\"text\":\"Centro Hipico La Finca del Pariente\",\"id\":\"15267\",\"value\":15267},{\"text\":\"Centro Hipico Manchon de las Flores\",\"id\":\"14674\",\"value\":14674},{\"text\":\"Centro Hipico Noroeste\",\"id\":\"14786\",\"value\":14786},{\"text\":\"Centro Hipico Perdomo Duque\",\"id\":\"14707\",\"value\":14707},{\"text\":\"Club Deportivo As. Ecuestre La Trilla\",\"id\":\"12446\",\"value\":12446},{\"text\":\"Club Hipico Los Brezos\",\"id\":\"14574\",\"value\":14574},{\"text\":\"El Estribo\",\"id\":\"18608\",\"value\":18608},{\"text\":\"Federacion Canaria de Hipica\",\"id\":\"13523\",\"value\":13523},{\"text\":\"Hermanos Diaz\",\"id\":\"19981\",\"value\":19981},{\"text\":\"La Montura\",\"id\":\"19574\",\"value\":19574},{\"text\":\"La Palma Ecuestre\",\"id\":\"13260\",\"value\":13260},{\"text\":\"Real Club Golf de Las Palmas\",\"id\":\"104\",\"value\":104},{\"text\":\"Yeguada Artiles\",\"id\":\"19499\",\"value\":19499}]}],\"type\":\"dropdown\"},{\"filter_object\":{\"searched_meta\":[\"_VenueState\",\"_VenueStateProvince\"],\"relation_meta\":\"_EventVenueID\",\"join_name\":\"state_filter\",\"type\":\"select\",\"name\":\"Provincia\",\"slug\":\"filterbar_state_province\",\"priority\":4,\"values\":[{\"name\":\"Las Palmas\",\"value\":\"98-13229-14394-14533-14785-14833-14877-15266-15447-15589-15936-16749-17544-18285-18441-18978\"},{\"name\":\"Santa Cruz de Tenerife\",\"value\":\"100-13250-13259-13266-13271-14540-14547-14573-14575-14607-14625-14673-14706-14838-14856-14863-14977-15281-15396-15754-16660-18053-18742-19431\"}],\"currentValue\":[],\"isActiveFilter\":true,\"queryArgs\":[],\"joinClause\":\"\",\"whereClause\":\"\",\"stack_managed\":false},\"label\":\"Provincia\",\"selections_count\":\"\",\"selections\":\"\",\"toggle_id\":\"filterbar_state_province-toggle-e10eb451-0a8a-4bae-a0c8-316a2a07c732\",\"container_id\":\"filterbar_state_province-container-e10eb451-0a8a-4bae-a0c8-316a2a07c732\",\"pill_toggle_id\":\"filterbar_state_province-pill-toggle-e10eb451-0a8a-4bae-a0c8-316a2a07c732\",\"is_open\":false,\"name\":\"tribe_state[]\",\"fields\":[{\"type\":\"dropdown\",\"value\":\"\",\"id\":\"tribe-events-filterbar-72d8a570-filterbar_state_province\",\"name\":\"tribe_state[]\",\"options\":[{\"text\":\"Las Palmas\",\"id\":\"98-13229-14394-14533-14785-14833-14877-15266-15447-15589-15936-16749-17544-18285-18441-18978\",\"value\":\"98-13229-14394-14533-14785-14833-14877-15266-15447-15589-15936-16749-17544-18285-18441-18978\"},{\"text\":\"Santa Cruz de Tenerife\",\"id\":\"100-13250-13259-13266-13271-14540-14547-14573-14575-14607-14625-14673-14706-14838-14856-14863-14977-15281-15396-15754-16660-18053-18742-19431\",\"value\":\"100-13250-13259-13266-13271-14540-14547-14573-14575-14607-14625-14673-14706-14838-14856-14863-14977-15281-15396-15754-16660-18053-18742-19431\"}]}],\"type\":\"dropdown\"}],\"selected_filters\":[],\"mobile_initial_state_control\":true,\"display_recurring_toggle\":false,\"_context\":{\"slug\":\"month\",\"should_manage_url\":false},\"text\":\"Cargando\\u2026\",\"classes\":[\"tribe-common-c-loader__dot\",\"tribe-common-c-loader__dot--third\"]}<\/script>\n\n\t\t\n\t\t\n<header  class=\"tribe-events-header tribe-events-header--has-event-search\" >\n\t\n\t\n\t\n\t\n\t<div\n\t class=\"tribe-events-header__events-bar tribe-events-c-events-bar tribe-events-c-events-bar--border\" \tdata-js=\"tribe-events-events-bar\"\n>\n\n\t<h2 class=\"tribe-common-a11y-visual-hide\">\n\t\tNavegaci\u00f3n de b\u00fasqueda y vistas de Eventos\t<\/h2>\n\n\t\t\t<button\n\tclass=\"tribe-events-c-events-bar__search-button\"\n\taria-controls=\"tribe-events-search-container\"\n\taria-expanded=\"false\"\n\tdata-js=\"tribe-events-search-button\"\n>\n\t<svg  class=\"tribe-common-c-svgicon tribe-common-c-svgicon--search tribe-events-c-events-bar__search-button-icon-svg\"  viewBox=\"0 0 16 16\" xmlns=\"http:\/\/www.w3.org\/2000\/svg\"  aria-hidden=\"true\"><path fill-rule=\"evenodd\" clip-rule=\"evenodd\" d=\"M11.164 10.133L16 14.97 14.969 16l-4.836-4.836a6.225 6.225 0 01-3.875 1.352 6.24 6.24 0 01-4.427-1.832A6.272 6.272 0 010 6.258 6.24 6.24 0 011.831 1.83 6.272 6.272 0 016.258 0c1.67 0 3.235.658 4.426 1.831a6.272 6.272 0 011.832 4.427c0 1.422-.48 2.773-1.352 3.875zM6.258 1.458c-1.28 0-2.49.498-3.396 1.404-1.866 1.867-1.866 4.925 0 6.791a4.774 4.774 0 003.396 1.405c1.28 0 2.489-.498 3.395-1.405 1.867-1.866 1.867-4.924 0-6.79a4.774 4.774 0 00-3.395-1.405z\"\/><\/svg>\n\t<span class=\"tribe-events-c-events-bar__search-button-text tribe-common-a11y-visual-hide\">\n\t\tBuscar\t<\/span>\n<\/button>\n\n\t\t<div\n\t\t\tclass=\"tribe-events-c-events-bar__search-container\"\n\t\t\tid=\"tribe-events-search-container\"\n\t\t\tdata-js=\"tribe-events-search-container\"\n\t\t>\n\t\t\t<div\n\tclass=\"tribe-events-c-events-bar__search\"\n\tid=\"tribe-events-events-bar-search\"\n\tdata-js=\"tribe-events-events-bar-search\"\n>\n\t<form\n\t\tclass=\"tribe-events-c-search tribe-events-c-events-bar__search-form\"\n\t\tmethod=\"get\"\n\t\tdata-js=\"tribe-events-view-form\"\n\t\trole=\"search\"\n\t>\n\t\t<input type=\"hidden\" name=\"tribe-events-views[url]\" value=\"https:\/\/federacioncanariadehipica.es\/inicio\/events\/mes\/?shortcode=b5e78f03\" \/>\n\n\t\t<div class=\"tribe-events-c-search__input-group\">\n\t\t\t<div\n\tclass=\"tribe-common-form-control-text tribe-events-c-search__input-control tribe-events-c-search__input-control--keyword\"\n\tdata-js=\"tribe-events-events-bar-input-control\"\n>\n\t<label class=\"tribe-common-form-control-text__label\" for=\"tribe-events-events-bar-keyword\">\n\t\tIntroduce la palabra clave. Busca Eventos para la palabra clave.\t<\/label>\n\t<input\n\t\tclass=\"tribe-common-form-control-text__input tribe-events-c-search__input\"\n\t\tdata-js=\"tribe-events-events-bar-input-control-input\"\n\t\ttype=\"text\"\n\t\tid=\"tribe-events-events-bar-keyword\"\n\t\tname=\"tribe-events-views[tribe-bar-search]\"\n\t\tvalue=\"\"\n\t\tplaceholder=\"Buscar eventos\"\n\t\taria-label=\"Introduce la palabra clave. Busca eventos para la palabra clave.\"\n\t\/>\n\t<svg  class=\"tribe-common-c-svgicon tribe-common-c-svgicon--search tribe-events-c-search__input-control-icon-svg\"  viewBox=\"0 0 16 16\" xmlns=\"http:\/\/www.w3.org\/2000\/svg\"  aria-hidden=\"true\"><path fill-rule=\"evenodd\" clip-rule=\"evenodd\" d=\"M11.164 10.133L16 14.97 14.969 16l-4.836-4.836a6.225 6.225 0 01-3.875 1.352 6.24 6.24 0 01-4.427-1.832A6.272 6.272 0 010 6.258 6.24 6.24 0 011.831 1.83 6.272 6.272 0 016.258 0c1.67 0 3.235.658 4.426 1.831a6.272 6.272 0 011.832 4.427c0 1.422-.48 2.773-1.352 3.875zM6.258 1.458c-1.28 0-2.49.498-3.396 1.404-1.866 1.867-1.866 4.925 0 6.791a4.774 4.774 0 003.396 1.405c1.28 0 2.489-.498 3.395-1.405 1.867-1.866 1.867-4.924 0-6.79a4.774 4.774 0 00-3.395-1.405z\"\/><\/svg>\n<\/div>\n\t\t<\/div>\n\n\t\t<button\n\tclass=\"tribe-common-c-btn tribe-events-c-search__button\"\n\ttype=\"submit\"\n\tname=\"submit-bar\"\n>\n\tBuscar Eventos<\/button>\n\t<\/form>\n<\/div>\n\t\t<\/div>\n\t\n\t<div class=\"tribe-events-c-events-bar__filter-button-container\">\n\t<button\n\t\t class=\"tribe-events-c-events-bar__filter-button tribe-events-c-events-bar__filter-button--active\" \t\taria-controls=\"tribe-filter-bar--e10eb451-0a8a-4bae-a0c8-316a2a07c732\"\n\t\taria-expanded=\"true\"\n\t\tdata-js=\"tribe-events-filter-button\"\n\t>\n\t\t<svg  class=\"tribe-common-c-svgicon tribe-common-c-svgicon--filter tribe-events-c-events-bar__filter-button-icon\"  viewBox=\"0 0 18 18\" xmlns=\"http:\/\/www.w3.org\/2000\/svg\"><path fill-rule=\"evenodd\" clip-rule=\"evenodd\" d=\"M4.44 1a.775.775 0 10-1.55 0v1.89H1a.775.775 0 000 1.55h1.89v1.893a.775.775 0 001.55 0V4.44H17a.775.775 0 000-1.55H4.44V1zM.224 14.332c0-.428.347-.775.775-.775h12.56v-1.893a.775.775 0 011.55 0v1.893h1.89a.775.775 0 010 1.55h-1.89v1.89a.775.775 0 01-1.55 0v-1.89H.998a.775.775 0 01-.775-.775z\"\/><\/svg>\n\t\t<span class=\"tribe-events-c-events-bar__filter-button-text tribe-common-b2 tribe-common-a11y-visual-hide\">\n\t\t\tOcultar filtros\t\t<\/span>\n\t<\/button>\n<\/div>\n<div class=\"tribe-events-c-events-bar__views\">\n\t<h3 class=\"tribe-common-a11y-visual-hide\">\n\t\tNavegaci\u00f3n de vistas de Evento\t<\/h3>\n\t<div  class=\"tribe-events-c-view-selector tribe-events-c-view-selector--labels tribe-events-c-view-selector--tabs\"  data-js=\"tribe-events-view-selector\">\n\t\t<button\n\t\t\tclass=\"tribe-events-c-view-selector__button tribe-common-c-btn__clear\"\n\t\t\tdata-js=\"tribe-events-view-selector-button\"\n\t\t\taria-current=\"true\"\n\t\t\taria-label=\"Seleccionar vista de calendario\"\n\t\t>\n\t\t\t<span class=\"tribe-events-c-view-selector__button-icon\">\n\t\t\t\t<svg  class=\"tribe-common-c-svgicon tribe-common-c-svgicon--month tribe-events-c-view-selector__button-icon-svg\"  viewBox=\"0 0 18 19\" xmlns=\"http:\/\/www.w3.org\/2000\/svg\"><path fill-rule=\"evenodd\" clip-rule=\"evenodd\" d=\"M0 .991v17.04c0 .236.162.428.361.428h17.175c.2 0 .361-.192.361-.429V.991c0-.237-.162-.428-.361-.428H.36C.161.563 0 .754 0 .99zm.985.803H16.89v2.301H.985v-2.3zM16.89 5.223H.985v12H16.89v-12zM6.31 7.366v.857c0 .237.192.429.429.429h.857a.429.429 0 00.428-.429v-.857a.429.429 0 00-.428-.429H6.74a.429.429 0 00-.429.429zm3.429.857v-.857c0-.237.191-.429.428-.429h.857c.237 0 .429.192.429.429v.857a.429.429 0 01-.429.429h-.857a.429.429 0 01-.428-.429zm3.428-.857v.857c0 .237.192.429.429.429h.857a.429.429 0 00.428-.429v-.857a.429.429 0 00-.428-.429h-.857a.429.429 0 00-.429.429zm-6.857 4.286v-.858c0-.236.192-.428.429-.428h.857c.236 0 .428.192.428.428v.858a.429.429 0 01-.428.428H6.74a.429.429 0 01-.429-.428zm3.429-.858v.858c0 .236.191.428.428.428h.857a.429.429 0 00.429-.428v-.858a.429.429 0 00-.429-.428h-.857a.428.428 0 00-.428.428zm3.428.858v-.858c0-.236.192-.428.429-.428h.857c.236 0 .428.192.428.428v.858a.429.429 0 01-.428.428h-.857a.429.429 0 01-.429-.428zm-10.286-.858v.858c0 .236.192.428.429.428h.857a.429.429 0 00.429-.428v-.858a.429.429 0 00-.429-.428h-.857a.429.429 0 00-.429.428zm0 4.286v-.857c0-.237.192-.429.429-.429h.857c.237 0 .429.192.429.429v.857a.429.429 0 01-.429.429h-.857a.429.429 0 01-.429-.429zm3.429-.857v.857c0 .237.192.429.429.429h.857a.429.429 0 00.428-.429v-.857a.429.429 0 00-.428-.429H6.74a.429.429 0 00-.429.429zm3.429.857v-.857c0-.237.191-.429.428-.429h.857c.237 0 .429.192.429.429v.857a.429.429 0 01-.429.429h-.857a.429.429 0 01-.428-.429z\" class=\"tribe-common-c-svgicon__svg-fill\"\/><\/svg>\t\t\t<\/span>\n\t\t\t<span class=\"tribe-events-c-view-selector__button-text tribe-common-a11y-visual-hide\">\n\t\t\t\tMes\t\t\t<\/span>\n\t\t\t<svg  class=\"tribe-common-c-svgicon tribe-common-c-svgicon--caret-down tribe-events-c-view-selector__button-icon-caret-svg\"  viewBox=\"0 0 10 7\" xmlns=\"http:\/\/www.w3.org\/2000\/svg\" aria-hidden=\"true\"><path fill-rule=\"evenodd\" clip-rule=\"evenodd\" d=\"M1.008.609L5 4.6 8.992.61l.958.958L5 6.517.05 1.566l.958-.958z\" class=\"tribe-common-c-svgicon__svg-fill\"\/><\/svg>\n\t\t<\/button>\n\t\t<div\n\tclass=\"tribe-events-c-view-selector__content\"\n\tid=\"tribe-events-view-selector-content\"\n\tdata-js=\"tribe-events-view-selector-list-container\"\n>\n\t<ul class=\"tribe-events-c-view-selector__list\">\n\t\t\t\t\t<li class=\"tribe-events-c-view-selector__list-item tribe-events-c-view-selector__list-item--list\">\n\t<a\n\t\thref=\"https:\/\/federacioncanariadehipica.es\/inicio\/events\/lista\/?shortcode=b5e78f03\"\n\t\tclass=\"tribe-events-c-view-selector__list-item-link\"\n\t\tdata-js=\"tribe-events-view-link\"\n\t\taria-label=\"Mostrar Eventos en la vista Lista\"\n\t>\n\t\t<span class=\"tribe-events-c-view-selector__list-item-icon\">\n\t\t\t<svg  class=\"tribe-common-c-svgicon tribe-common-c-svgicon--list tribe-events-c-view-selector__list-item-icon-svg\"  viewBox=\"0 0 19 19\" xmlns=\"http:\/\/www.w3.org\/2000\/svg\"><path fill-rule=\"evenodd\" clip-rule=\"evenodd\" d=\"M.451.432V17.6c0 .238.163.432.364.432H18.12c.2 0 .364-.194.364-.432V.432c0-.239-.163-.432-.364-.432H.815c-.2 0-.364.193-.364.432zm.993.81h16.024V3.56H1.444V1.24zM17.468 3.56H1.444v13.227h16.024V3.56z\" class=\"tribe-common-c-svgicon__svg-fill\"\/><g clip-path=\"url(#tribe-events-c-view-selector__list-item-icon-svg-0)\" class=\"tribe-common-c-svgicon__svg-fill\"><path fill-rule=\"evenodd\" clip-rule=\"evenodd\" d=\"M11.831 4.912v1.825c0 .504.409.913.913.913h1.825a.913.913 0 00.912-.913V4.912A.913.913 0 0014.57 4h-1.825a.912.912 0 00-.913.912z\"\/><path d=\"M8.028 7.66a.449.449 0 00.446-.448v-.364c0-.246-.2-.448-.446-.448h-4.13a.449.449 0 00-.447.448v.364c0 .246.201.448.447.448h4.13zM9.797 5.26a.449.449 0 00.447-.448v-.364c0-.246-.201-.448-.447-.448h-5.9a.449.449 0 00-.446.448v.364c0 .246.201.448.447.448h5.9z\"\/><\/g><g clip-path=\"url(#tribe-events-c-view-selector__list-item-icon-svg-1)\" class=\"tribe-common-c-svgicon__svg-fill\"><path fill-rule=\"evenodd\" clip-rule=\"evenodd\" d=\"M11.831 10.912v1.825c0 .505.409.913.913.913h1.825a.913.913 0 00.912-.912v-1.825A.913.913 0 0014.57 10h-1.825a.912.912 0 00-.913.912z\"\/><path d=\"M8.028 13.66a.449.449 0 00.446-.448v-.364c0-.246-.2-.448-.446-.448h-4.13a.449.449 0 00-.447.448v.364c0 .246.201.448.447.448h4.13zM9.797 11.26a.449.449 0 00.447-.448v-.364c0-.246-.201-.448-.447-.448h-5.9a.449.449 0 00-.446.448v.364c0 .246.201.448.447.448h5.9z\"\/><\/g><defs><clipPath id=\"tribe-events-c-view-selector__list-item-icon-svg-0\"><path transform=\"translate(3.451 4)\" d=\"M0 0h13v4H0z\"\/><\/clipPath><clipPath id=\"tribe-events-c-view-selector__list-item-icon-svg-1\"><path transform=\"translate(3.451 10)\" d=\"M0 0h13v4H0z\"\/><\/clipPath><\/defs><\/svg>\n\t\t<\/span>\n\t\t<span class=\"tribe-events-c-view-selector__list-item-text\">\n\t\t\tLista\t\t<\/span>\n\t<\/a>\n<\/li>\n\t\t\t\t\t<li class=\"tribe-events-c-view-selector__list-item tribe-events-c-view-selector__list-item--month tribe-events-c-view-selector__list-item--active\">\n\t<a\n\t\thref=\"https:\/\/federacioncanariadehipica.es\/inicio\/events\/mes\/?shortcode=b5e78f03\"\n\t\tclass=\"tribe-events-c-view-selector__list-item-link\"\n\t\tdata-js=\"tribe-events-view-link\"\n\t\taria-label=\"Mostrar Eventos en la vista Mes\"\n\t>\n\t\t<span class=\"tribe-events-c-view-selector__list-item-icon\">\n\t\t\t<svg  class=\"tribe-common-c-svgicon tribe-common-c-svgicon--month tribe-events-c-view-selector__list-item-icon-svg\"  viewBox=\"0 0 18 19\" xmlns=\"http:\/\/www.w3.org\/2000\/svg\"><path fill-rule=\"evenodd\" clip-rule=\"evenodd\" d=\"M0 .991v17.04c0 .236.162.428.361.428h17.175c.2 0 .361-.192.361-.429V.991c0-.237-.162-.428-.361-.428H.36C.161.563 0 .754 0 .99zm.985.803H16.89v2.301H.985v-2.3zM16.89 5.223H.985v12H16.89v-12zM6.31 7.366v.857c0 .237.192.429.429.429h.857a.429.429 0 00.428-.429v-.857a.429.429 0 00-.428-.429H6.74a.429.429 0 00-.429.429zm3.429.857v-.857c0-.237.191-.429.428-.429h.857c.237 0 .429.192.429.429v.857a.429.429 0 01-.429.429h-.857a.429.429 0 01-.428-.429zm3.428-.857v.857c0 .237.192.429.429.429h.857a.429.429 0 00.428-.429v-.857a.429.429 0 00-.428-.429h-.857a.429.429 0 00-.429.429zm-6.857 4.286v-.858c0-.236.192-.428.429-.428h.857c.236 0 .428.192.428.428v.858a.429.429 0 01-.428.428H6.74a.429.429 0 01-.429-.428zm3.429-.858v.858c0 .236.191.428.428.428h.857a.429.429 0 00.429-.428v-.858a.429.429 0 00-.429-.428h-.857a.428.428 0 00-.428.428zm3.428.858v-.858c0-.236.192-.428.429-.428h.857c.236 0 .428.192.428.428v.858a.429.429 0 01-.428.428h-.857a.429.429 0 01-.429-.428zm-10.286-.858v.858c0 .236.192.428.429.428h.857a.429.429 0 00.429-.428v-.858a.429.429 0 00-.429-.428h-.857a.429.429 0 00-.429.428zm0 4.286v-.857c0-.237.192-.429.429-.429h.857c.237 0 .429.192.429.429v.857a.429.429 0 01-.429.429h-.857a.429.429 0 01-.429-.429zm3.429-.857v.857c0 .237.192.429.429.429h.857a.429.429 0 00.428-.429v-.857a.429.429 0 00-.428-.429H6.74a.429.429 0 00-.429.429zm3.429.857v-.857c0-.237.191-.429.428-.429h.857c.237 0 .429.192.429.429v.857a.429.429 0 01-.429.429h-.857a.429.429 0 01-.428-.429z\" class=\"tribe-common-c-svgicon__svg-fill\"\/><\/svg>\t\t<\/span>\n\t\t<span class=\"tribe-events-c-view-selector__list-item-text\">\n\t\t\tMes\t\t<\/span>\n\t<\/a>\n<\/li>\n\t\t\t<\/ul>\n<\/div>\n\t<\/div>\n<\/div>\n\n<\/div>\n\n\t\n\t<div class=\"tribe-events-c-top-bar tribe-events-header__top-bar\">\n\n\t<nav class=\"tribe-events-c-top-bar__nav tribe-common-a11y-hidden\">\n\t<ul class=\"tribe-events-c-top-bar__nav-list\">\n\t\t<li class=\"tribe-events-c-top-bar__nav-list-item\">\n\t<a\n\t\thref=\"https:\/\/federacioncanariadehipica.es\/inicio\/events\/mes\/2026-03\/?shortcode=b5e78f03\"\n\t\tclass=\"tribe-common-c-btn-icon tribe-common-c-btn-icon--caret-left tribe-events-c-top-bar__nav-link tribe-events-c-top-bar__nav-link--prev\"\n\t\taria-label=\"Mes anterior\"\n\t\ttitle=\"Mes anterior\"\n\t\tdata-js=\"tribe-events-view-link\"\n\t\trel=\"prev\"\n\t>\n\t\t<svg  class=\"tribe-common-c-svgicon tribe-common-c-svgicon--caret-left tribe-common-c-btn-icon__icon-svg tribe-events-c-top-bar__nav-link-icon-svg\"  xmlns=\"http:\/\/www.w3.org\/2000\/svg\" viewBox=\"0 0 10 16\" aria-hidden=\"true\"><path d=\"M9.7 14.4l-1.5 1.5L.3 8 8.2.1l1.5 1.5L3.3 8l6.4 6.4z\"\/><\/svg>\n\t<\/a>\n<\/li>\n\n\t\t<li class=\"tribe-events-c-top-bar__nav-list-item\">\n\t<a\n\t\thref=\"https:\/\/federacioncanariadehipica.es\/inicio\/events\/mes\/2026-05\/?shortcode=b5e78f03\"\n\t\tclass=\"tribe-common-c-btn-icon tribe-common-c-btn-icon--caret-right tribe-events-c-top-bar__nav-link tribe-events-c-top-bar__nav-link--next\"\n\t\taria-label=\"Mes siguiente\"\n\t\ttitle=\"Mes siguiente\"\n\t\tdata-js=\"tribe-events-view-link\"\n\t\trel=\"next\"\n\t>\n\t\t<svg  class=\"tribe-common-c-svgicon tribe-common-c-svgicon--caret-right tribe-common-c-btn-icon__icon-svg tribe-events-c-top-bar__nav-link-icon-svg\"  xmlns=\"http:\/\/www.w3.org\/2000\/svg\" viewBox=\"0 0 10 16\" aria-hidden=\"true\"><path d=\"M.3 1.6L1.8.1 9.7 8l-7.9 7.9-1.5-1.5L6.7 8 .3 1.6z\"\/><\/svg>\n\t<\/a>\n<\/li>\n\t<\/ul>\n<\/nav>\n\n\t<a\n\thref=\"https:\/\/federacioncanariadehipica.es\/inicio\/events\/mes\/?rest_route=%2Fwp%2Fv2%2Fpages%2F353&#038;shortcode=b5e78f03\"\n\tclass=\"tribe-common-c-btn-border-small tribe-events-c-top-bar__today-button tribe-common-a11y-hidden\"\n\tdata-js=\"tribe-events-view-link\"\n\taria-label=\"Haz clic para seleccionar el mes actual\"\n\ttitle=\"Haz clic para seleccionar el mes actual\"\n>\n\tEste mes<\/a>\n\n\t<div class=\"tribe-events-c-top-bar__datepicker\">\n\t<button\n\t\tclass=\"tribe-common-c-btn__clear tribe-common-h3 tribe-common-h--alt tribe-events-c-top-bar__datepicker-button\"\n\t\tdata-js=\"tribe-events-top-bar-datepicker-button\"\n\t\ttype=\"button\"\n\t\taria-label=\"Haz clic para desplegar el selector de fechas\"\n\t\ttitle=\"Haz clic para desplegar el selector de fechas\"\n\t>\n\t\t<time\n\t\t\tdatetime=\"2026-04\"\n\t\t\tclass=\"tribe-events-c-top-bar__datepicker-time\"\n\t\t>\n\t\t\t<span class=\"tribe-events-c-top-bar__datepicker-mobile\">\n\t\t\t\t04\/28\/2026\t\t\t<\/span>\n\t\t\t<span class=\"tribe-events-c-top-bar__datepicker-desktop tribe-common-a11y-hidden\">\n\t\t\t\tabril 2026\t\t\t<\/span>\n\t\t<\/time>\n\t\t<svg  class=\"tribe-common-c-svgicon tribe-common-c-svgicon--caret-down tribe-events-c-top-bar__datepicker-button-icon-svg\"  viewBox=\"0 0 10 7\" xmlns=\"http:\/\/www.w3.org\/2000\/svg\" aria-hidden=\"true\"><path fill-rule=\"evenodd\" clip-rule=\"evenodd\" d=\"M1.008.609L5 4.6 8.992.61l.958.958L5 6.517.05 1.566l.958-.958z\" class=\"tribe-common-c-svgicon__svg-fill\"\/><\/svg>\n\t<\/button>\n\t<label\n\t\tclass=\"tribe-events-c-top-bar__datepicker-label tribe-common-a11y-visual-hide\"\n\t\tfor=\"tribe-events-top-bar-date\"\n\t>\n\t\tSeleccionar fecha.\t<\/label>\n\t<input\n\t\ttype=\"text\"\n\t\tclass=\"tribe-events-c-top-bar__datepicker-input tribe-common-a11y-visual-hide\"\n\t\tdata-js=\"tribe-events-top-bar-date\"\n\t\tid=\"tribe-events-top-bar-date\"\n\t\tname=\"tribe-events-views[tribe-bar-date]\"\n\t\tvalue=\"04\/28\/2026\"\n\t\ttabindex=\"-1\"\n\t\tautocomplete=\"off\"\n\t\treadonly=\"readonly\"\n\t\t\t\/>\n\t<div class=\"tribe-events-c-top-bar__datepicker-container\" data-js=\"tribe-events-top-bar-datepicker-container\"><\/div>\n\t<template class=\"tribe-events-c-top-bar__datepicker-template-prev-icon\">\n\t\t<svg  class=\"tribe-common-c-svgicon tribe-common-c-svgicon--caret-left tribe-events-c-top-bar__datepicker-nav-icon-svg\"  xmlns=\"http:\/\/www.w3.org\/2000\/svg\" viewBox=\"0 0 10 16\" aria-hidden=\"true\"><path d=\"M9.7 14.4l-1.5 1.5L.3 8 8.2.1l1.5 1.5L3.3 8l6.4 6.4z\"\/><\/svg>\n\t<\/template>\n\t<template class=\"tribe-events-c-top-bar__datepicker-template-next-icon\">\n\t\t<svg  class=\"tribe-common-c-svgicon tribe-common-c-svgicon--caret-right tribe-events-c-top-bar__datepicker-nav-icon-svg\"  xmlns=\"http:\/\/www.w3.org\/2000\/svg\" viewBox=\"0 0 10 16\" aria-hidden=\"true\"><path d=\"M.3 1.6L1.8.1 9.7 8l-7.9 7.9-1.5-1.5L6.7 8 .3 1.6z\"\/><\/svg>\n\t<\/template>\n<\/div>\n\n\t<div class=\"tribe-events-c-top-bar__actions tribe-common-a11y-hidden\">\n\t<\/div>\n\n<\/div>\n<\/header>\n\n\t\t<div\n\t class=\"tribe-filter-bar tribe-filter-bar--vertical tribe-filter-bar--open\" \tid=\"tribe-filter-bar--e10eb451-0a8a-4bae-a0c8-316a2a07c732\"\n\tdata-js=\"tribe-filter-bar\"\n\tdata-mobile-initial-state-control=\"true\"\n\taria-hidden=\"false\"\n>\n\t<form\n\t\tclass=\"tribe-filter-bar__form\"\n\t\tmethod=\"post\"\n\t\taction=\"\"\n\t\taria-labelledby=\"tribe-filter-bar__form-heading--e10eb451-0a8a-4bae-a0c8-316a2a07c732\"\n\t\taria-describedby=\"tribe-filter-bar__form-description--e10eb451-0a8a-4bae-a0c8-316a2a07c732\"\n\t>\n\n\t\t<h2\n\t\t\tclass=\"tribe-filter-bar__form-heading tribe-common-h5 tribe-common-h--alt tribe-common-a11y-visual-hide\"\n\t\t\tid=\"tribe-filter-bar__form-heading--e10eb451-0a8a-4bae-a0c8-316a2a07c732\"\n\t\t>\n\t\t\tFiltros\t\t<\/h2>\n\n\t\t<p\n\t\t\tclass=\"tribe-filter-bar__form-description tribe-common-a11y-visual-hide\"\n\t\t\tid=\"tribe-filter-bar__form-description--e10eb451-0a8a-4bae-a0c8-316a2a07c732\"\n\t\t>\n\t\t\tCambiando cualquiera de las entradas del formulario har\u00e1 que la lista de eventos se actualice con los resultados filtrados.\t\t<\/p>\n\n\t\t\n\t\t<div class=\"tribe-filter-bar__actions\">\n\t<button\n\t\tclass=\"tribe-filter-bar__action-done tribe-common-c-btn-border tribe-common-c-btn-border--secondary\"\n\t\tdata-js=\"tribe-filter-bar__action-done\"\n\t\ttype=\"button\"\n\t\taria-controls=\"tribe-filter-bar--e10eb451-0a8a-4bae-a0c8-316a2a07c732\"\n\t\taria-expanded=\"true\"\n\t>\n\t\tHecho\t<\/button>\n\t<button\n\t class=\"tribe-filter-bar-c-clear-button tribe-common-c-btn-border tribe-common-c-btn-border--alt tribe-filter-bar__action-clear\" \ttype=\"reset\"\n\tdata-js=\"tribe-filter-bar-c-clear-button\"\n>\n\t<svg  class=\"tribe-common-c-svgicon tribe-common-c-svgicon--reset tribe-filter-bar-c-clear-button__reset-icon\"  viewBox=\"0 0 14 14\" xmlns=\"http:\/\/www.w3.org\/2000\/svg\"><path d=\"M12.268 7.5a5.633 5.633 0 11-.886-3.033M11.4 1v3.467H7.934\" stroke-width=\"1.5\" stroke-linecap=\"round\" stroke-linejoin=\"round\"\/><\/svg>\n\t<span class=\"tribe-filter-bar-c-clear-button__text\">\n\t\tRestablecer\t<\/span>\n<\/button>\n<\/div>\n\n\t\t<div\n\tclass=\"tribe-filter-bar__filters-container\"\n\tdata-js=\"tribe-filter-bar-filters-container\"\n>\n\t<div class=\"tribe-filter-bar__filters\">\n\t\t\t\t\t<div  class=\"tribe-filter-bar-c-filter tribe-filter-bar-c-filter--accordion tribe-filter-bar-c-filter--dropdown\" >\n\t<div class=\"tribe-filter-bar-c-filter__toggle-wrapper\">\n\t\t<button\n\t\t\tclass=\"tribe-filter-bar-c-filter__toggle tribe-common-b1 tribe-common-b2--min-medium\"\n\t\t\tid=\"filterbar_category-toggle-e10eb451-0a8a-4bae-a0c8-316a2a07c732\"\n\t\t\ttype=\"button\"\n\t\t\taria-controls=\"filterbar_category-container-e10eb451-0a8a-4bae-a0c8-316a2a07c732\"\n\t\t\taria-expanded=\"false\"\n\t\t\tdata-js=\"tribe-events-accordion-trigger tribe-filter-bar-c-filter-toggle\"\n\t\t>\n\t\t\t<div class=\"tribe-filter-bar-c-filter__toggle-text\">\n\t\t\t\t<span class=\"tribe-filter-bar-c-filter__toggle-label\">Disciplinas<\/span><span class=\"tribe-filter-bar-c-filter__toggle-label-colon\">:<\/span>\n\t\t\t\t\t\t\t\t<span class=\"tribe-filter-bar-c-filter__toggle-selections\">\n\t\t\t\t\t\t\t\t\t<\/span>\n\t\t\t<\/div>\n\n\t\t\t<span class=\"tribe-filter-bar-c-filter__toggle-icon tribe-filter-bar-c-filter__toggle-icon--plus\">\n\t\t\t\t<svg  class=\"tribe-common-c-svgicon tribe-common-c-svgicon--plus tribe-filter-bar-c-filter__toggle-plus-icon\"  viewBox=\"0 0 12 12\" xmlns=\"http:\/\/www.w3.org\/2000\/svg\"><path d=\"M11 5.881H1M5.88 1v10\" stroke-width=\"2\" stroke-linecap=\"square\"\/><\/svg>\n\t\t\t\t<span class=\"tribe-filter-bar-c-filter__toggle-icon-text tribe-common-a11y-visual-hide\">\n\t\t\t\t\tAbrir filtro\t\t\t\t<\/span>\n\t\t\t<\/span>\n\n\t\t\t<span class=\"tribe-filter-bar-c-filter__toggle-icon tribe-filter-bar-c-filter__toggle-icon--minus\">\n\t\t\t\t<svg  class=\"tribe-common-c-svgicon tribe-common-c-svgicon--minus tribe-filter-bar-c-filter__toggle-minus-icon\"  viewBox=\"0 0 12 3\" xmlns=\"http:\/\/www.w3.org\/2000\/svg\"><path d=\"M11 1.88H1\" stroke-width=\"2\" stroke-linecap=\"square\"\/><\/svg>\n\t\t\t\t<span class=\"tribe-filter-bar-c-filter__toggle-icon-text tribe-common-a11y-visual-hide\">\n\t\t\t\t\tCerrar filtro\t\t\t\t<\/span>\n\t\t\t<\/span>\n\t\t<\/button>\n\n\t\t\t<\/div>\n\n\t<div\n\t\tclass=\"tribe-filter-bar-c-filter__container\"\n\t\tid=\"filterbar_category-container-e10eb451-0a8a-4bae-a0c8-316a2a07c732\"\n\t\taria-hidden=\"true\"\n\t\taria-labelledby=\"filterbar_category-toggle-e10eb451-0a8a-4bae-a0c8-316a2a07c732\"\n\t>\n\t\t<fieldset class=\"tribe-filter-bar-c-filter__filters-fieldset\">\n\t\t\t<legend class=\"tribe-filter-bar-c-filter__filters-legend tribe-common-h6 tribe-common-h--alt tribe-common-a11y-visual-hide\">\n\t\t\t\tDisciplinas\t\t\t<\/legend>\n\n\t\t\t\n\t\t\t<div class=\"tribe-filter-bar-c-filter__filter-fields\">\n\t\t\t\t<div  class=\"tribe-filter-bar-c-dropdown\" >\n\t<input\n\t\tclass=\"tribe-filter-bar-c-dropdown__input\"\n\t\tid=\"tribe-events-filterbar-eed6b04a-filterbar_category\"\n\t\tdata-js=\"tribe-filter-bar-c-dropdown-input\"\n\t\tname=\"tribe_eventcategory[]\"\n\t\ttype=\"hidden\"\n\t\tvalue=\"\"\n\t\tdata-allow-html\n\t\tdata-dropdown-css-width=\"false\"\n\t\tdata-options=\"[{&quot;text&quot;:&quot;Carreras&quot;,&quot;id&quot;:&quot;6&quot;,&quot;value&quot;:6},{&quot;text&quot;:&quot;Doma cl\\u00e1sica&quot;,&quot;id&quot;:&quot;5&quot;,&quot;value&quot;:5},{&quot;text&quot;:&quot;Doma paral\\u00edmpica&quot;,&quot;id&quot;:&quot;15&quot;,&quot;value&quot;:15},{&quot;text&quot;:&quot;Doma vaquera&quot;,&quot;id&quot;:&quot;14&quot;,&quot;value&quot;:14},{&quot;text&quot;:&quot;Raid&quot;,&quot;id&quot;:&quot;8&quot;,&quot;value&quot;:8},{&quot;text&quot;:&quot;Salto de obst\\u00e1culos&quot;,&quot;id&quot;:&quot;7&quot;,&quot;value&quot;:7}]\"\n\t\tdata-attach-container\n\t\tplaceholder=\"Seleccionar\"\n\t\tstyle=\"width: 100%;\" \t\/>\n<\/div>\n\t\t\t<\/div>\n\t\t<\/fieldset>\n\t<\/div>\n<\/div>\n\t\t\t\t\t<div  class=\"tribe-filter-bar-c-filter tribe-filter-bar-c-filter--accordion tribe-filter-bar-c-filter--dropdown\" >\n\t<div class=\"tribe-filter-bar-c-filter__toggle-wrapper\">\n\t\t<button\n\t\t\tclass=\"tribe-filter-bar-c-filter__toggle tribe-common-b1 tribe-common-b2--min-medium\"\n\t\t\tid=\"filterbar_tag-toggle-e10eb451-0a8a-4bae-a0c8-316a2a07c732\"\n\t\t\ttype=\"button\"\n\t\t\taria-controls=\"filterbar_tag-container-e10eb451-0a8a-4bae-a0c8-316a2a07c732\"\n\t\t\taria-expanded=\"false\"\n\t\t\tdata-js=\"tribe-events-accordion-trigger tribe-filter-bar-c-filter-toggle\"\n\t\t>\n\t\t\t<div class=\"tribe-filter-bar-c-filter__toggle-text\">\n\t\t\t\t<span class=\"tribe-filter-bar-c-filter__toggle-label\">Actividades<\/span><span class=\"tribe-filter-bar-c-filter__toggle-label-colon\">:<\/span>\n\t\t\t\t\t\t\t\t<span class=\"tribe-filter-bar-c-filter__toggle-selections\">\n\t\t\t\t\t\t\t\t\t<\/span>\n\t\t\t<\/div>\n\n\t\t\t<span class=\"tribe-filter-bar-c-filter__toggle-icon tribe-filter-bar-c-filter__toggle-icon--plus\">\n\t\t\t\t<svg  class=\"tribe-common-c-svgicon tribe-common-c-svgicon--plus tribe-filter-bar-c-filter__toggle-plus-icon\"  viewBox=\"0 0 12 12\" xmlns=\"http:\/\/www.w3.org\/2000\/svg\"><path d=\"M11 5.881H1M5.88 1v10\" stroke-width=\"2\" stroke-linecap=\"square\"\/><\/svg>\n\t\t\t\t<span class=\"tribe-filter-bar-c-filter__toggle-icon-text tribe-common-a11y-visual-hide\">\n\t\t\t\t\tAbrir filtro\t\t\t\t<\/span>\n\t\t\t<\/span>\n\n\t\t\t<span class=\"tribe-filter-bar-c-filter__toggle-icon tribe-filter-bar-c-filter__toggle-icon--minus\">\n\t\t\t\t<svg  class=\"tribe-common-c-svgicon tribe-common-c-svgicon--minus tribe-filter-bar-c-filter__toggle-minus-icon\"  viewBox=\"0 0 12 3\" xmlns=\"http:\/\/www.w3.org\/2000\/svg\"><path d=\"M11 1.88H1\" stroke-width=\"2\" stroke-linecap=\"square\"\/><\/svg>\n\t\t\t\t<span class=\"tribe-filter-bar-c-filter__toggle-icon-text tribe-common-a11y-visual-hide\">\n\t\t\t\t\tCerrar filtro\t\t\t\t<\/span>\n\t\t\t<\/span>\n\t\t<\/button>\n\n\t\t\t<\/div>\n\n\t<div\n\t\tclass=\"tribe-filter-bar-c-filter__container\"\n\t\tid=\"filterbar_tag-container-e10eb451-0a8a-4bae-a0c8-316a2a07c732\"\n\t\taria-hidden=\"true\"\n\t\taria-labelledby=\"filterbar_tag-toggle-e10eb451-0a8a-4bae-a0c8-316a2a07c732\"\n\t>\n\t\t<fieldset class=\"tribe-filter-bar-c-filter__filters-fieldset\">\n\t\t\t<legend class=\"tribe-filter-bar-c-filter__filters-legend tribe-common-h6 tribe-common-h--alt tribe-common-a11y-visual-hide\">\n\t\t\t\tActividades\t\t\t<\/legend>\n\n\t\t\t\n\t\t\t<div class=\"tribe-filter-bar-c-filter__filter-fields\">\n\t\t\t\t<div  class=\"tribe-filter-bar-c-dropdown\" >\n\t<input\n\t\tclass=\"tribe-filter-bar-c-dropdown__input\"\n\t\tid=\"tribe-events-filterbar-2b17cddf-filterbar_tag\"\n\t\tdata-js=\"tribe-filter-bar-c-dropdown-input\"\n\t\tname=\"tribe_tags[]\"\n\t\ttype=\"hidden\"\n\t\tvalue=\"\"\n\t\tdata-allow-html\n\t\tdata-dropdown-css-width=\"false\"\n\t\tdata-options=\"[{&quot;text&quot;:&quot;Formaciones&quot;,&quot;id&quot;:&quot;34&quot;,&quot;value&quot;:34}]\"\n\t\tdata-attach-container\n\t\tplaceholder=\"Seleccionar\"\n\t\tstyle=\"width: 100%;\" \t\/>\n<\/div>\n\t\t\t<\/div>\n\t\t<\/fieldset>\n\t<\/div>\n<\/div>\n\t\t\t\t\t<div  class=\"tribe-filter-bar-c-filter tribe-filter-bar-c-filter--accordion tribe-filter-bar-c-filter--dropdown\" >\n\t<div class=\"tribe-filter-bar-c-filter__toggle-wrapper\">\n\t\t<button\n\t\t\tclass=\"tribe-filter-bar-c-filter__toggle tribe-common-b1 tribe-common-b2--min-medium\"\n\t\t\tid=\"filterbar_organizer-toggle-e10eb451-0a8a-4bae-a0c8-316a2a07c732\"\n\t\t\ttype=\"button\"\n\t\t\taria-controls=\"filterbar_organizer-container-e10eb451-0a8a-4bae-a0c8-316a2a07c732\"\n\t\t\taria-expanded=\"false\"\n\t\t\tdata-js=\"tribe-events-accordion-trigger tribe-filter-bar-c-filter-toggle\"\n\t\t>\n\t\t\t<div class=\"tribe-filter-bar-c-filter__toggle-text\">\n\t\t\t\t<span class=\"tribe-filter-bar-c-filter__toggle-label\">Organizadores<\/span><span class=\"tribe-filter-bar-c-filter__toggle-label-colon\">:<\/span>\n\t\t\t\t\t\t\t\t<span class=\"tribe-filter-bar-c-filter__toggle-selections\">\n\t\t\t\t\t\t\t\t\t<\/span>\n\t\t\t<\/div>\n\n\t\t\t<span class=\"tribe-filter-bar-c-filter__toggle-icon tribe-filter-bar-c-filter__toggle-icon--plus\">\n\t\t\t\t<svg  class=\"tribe-common-c-svgicon tribe-common-c-svgicon--plus tribe-filter-bar-c-filter__toggle-plus-icon\"  viewBox=\"0 0 12 12\" xmlns=\"http:\/\/www.w3.org\/2000\/svg\"><path d=\"M11 5.881H1M5.88 1v10\" stroke-width=\"2\" stroke-linecap=\"square\"\/><\/svg>\n\t\t\t\t<span class=\"tribe-filter-bar-c-filter__toggle-icon-text tribe-common-a11y-visual-hide\">\n\t\t\t\t\tAbrir filtro\t\t\t\t<\/span>\n\t\t\t<\/span>\n\n\t\t\t<span class=\"tribe-filter-bar-c-filter__toggle-icon tribe-filter-bar-c-filter__toggle-icon--minus\">\n\t\t\t\t<svg  class=\"tribe-common-c-svgicon tribe-common-c-svgicon--minus tribe-filter-bar-c-filter__toggle-minus-icon\"  viewBox=\"0 0 12 3\" xmlns=\"http:\/\/www.w3.org\/2000\/svg\"><path d=\"M11 1.88H1\" stroke-width=\"2\" stroke-linecap=\"square\"\/><\/svg>\n\t\t\t\t<span class=\"tribe-filter-bar-c-filter__toggle-icon-text tribe-common-a11y-visual-hide\">\n\t\t\t\t\tCerrar filtro\t\t\t\t<\/span>\n\t\t\t<\/span>\n\t\t<\/button>\n\n\t\t\t<\/div>\n\n\t<div\n\t\tclass=\"tribe-filter-bar-c-filter__container\"\n\t\tid=\"filterbar_organizer-container-e10eb451-0a8a-4bae-a0c8-316a2a07c732\"\n\t\taria-hidden=\"true\"\n\t\taria-labelledby=\"filterbar_organizer-toggle-e10eb451-0a8a-4bae-a0c8-316a2a07c732\"\n\t>\n\t\t<fieldset class=\"tribe-filter-bar-c-filter__filters-fieldset\">\n\t\t\t<legend class=\"tribe-filter-bar-c-filter__filters-legend tribe-common-h6 tribe-common-h--alt tribe-common-a11y-visual-hide\">\n\t\t\t\tOrganizadores\t\t\t<\/legend>\n\n\t\t\t\n\t\t\t<div class=\"tribe-filter-bar-c-filter__filter-fields\">\n\t\t\t\t<div  class=\"tribe-filter-bar-c-dropdown\" >\n\t<input\n\t\tclass=\"tribe-filter-bar-c-dropdown__input\"\n\t\tid=\"tribe-events-filterbar-cf1164f9-filterbar_organizer\"\n\t\tdata-js=\"tribe-filter-bar-c-dropdown-input\"\n\t\tname=\"tribe_organizers[]\"\n\t\ttype=\"hidden\"\n\t\tvalue=\"\"\n\t\tdata-allow-html\n\t\tdata-dropdown-css-width=\"false\"\n\t\tdata-options=\"[{&quot;text&quot;:&quot;Asociacion Deportiva Ecuestre La Fuente&quot;,&quot;id&quot;:&quot;15397&quot;,&quot;value&quot;:15397},{&quot;text&quot;:&quot;Ayuntamiento de Bre\\u00f1a Baja&quot;,&quot;id&quot;:&quot;14626&quot;,&quot;value&quot;:14626},{&quot;text&quot;:&quot;Ayuntamiento de El Paso&quot;,&quot;id&quot;:&quot;14627&quot;,&quot;value&quot;:14627},{&quot;text&quot;:&quot;Ayuntamiento de Firgas&quot;,&quot;id&quot;:&quot;14878&quot;,&quot;value&quot;:14878},{&quot;text&quot;:&quot;Ayuntamiento de Garaf\\u00eda&quot;,&quot;id&quot;:&quot;14839&quot;,&quot;value&quot;:14839},{&quot;text&quot;:&quot;Ayuntamiento de La Vega de San Mateo&quot;,&quot;id&quot;:&quot;15590&quot;,&quot;value&quot;:15590},{&quot;text&quot;:&quot;Ayuntamiento de la Villa de Bre\\u00f1a Alta&quot;,&quot;id&quot;:&quot;13249&quot;,&quot;value&quot;:13249},{&quot;text&quot;:&quot;Ayuntamiento de la Villa de Mazo&quot;,&quot;id&quot;:&quot;14608&quot;,&quot;value&quot;:14608},{&quot;text&quot;:&quot;Ayuntamiento de la Villa de Moya&quot;,&quot;id&quot;:&quot;14834&quot;,&quot;value&quot;:14834},{&quot;text&quot;:&quot;Ayuntamiento de Los Llanos&quot;,&quot;id&quot;:&quot;14857&quot;,&quot;value&quot;:14857},{&quot;text&quot;:&quot;Ayuntamiento de San Bartolome de Tirajana&quot;,&quot;id&quot;:&quot;13230&quot;,&quot;value&quot;:13230},{&quot;text&quot;:&quot;Ayuntamiento de Tazacorte&quot;,&quot;id&quot;:&quot;14864&quot;,&quot;value&quot;:14864},{&quot;text&quot;:&quot;Ayuntamiento de Valleseco&quot;,&quot;id&quot;:&quot;14534&quot;,&quot;value&quot;:14534},{&quot;text&quot;:&quot;Ayuntamiento El Rosario&quot;,&quot;id&quot;:&quot;14548&quot;,&quot;value&quot;:14548},{&quot;text&quot;:&quot;Ayuntamiento San Andres y Sauces&quot;,&quot;id&quot;:&quot;15755&quot;,&quot;value&quot;:15755},{&quot;text&quot;:&quot;C.O. El Cortijo de Telde&quot;,&quot;id&quot;:&quot;15448&quot;,&quot;value&quot;:15448},{&quot;text&quot;:&quot;Centro Hipico Ciudad de Arucas&quot;,&quot;id&quot;:&quot;14395&quot;,&quot;value&quot;:14395},{&quot;text&quot;:&quot;Centro Hipico del Sur&quot;,&quot;id&quot;:&quot;13267&quot;,&quot;value&quot;:13267},{&quot;text&quot;:&quot;Centro H\\u00edpico el Molino&quot;,&quot;id&quot;:&quot;102&quot;,&quot;value&quot;:102},{&quot;text&quot;:&quot;Centro Hipico El Rocio&quot;,&quot;id&quot;:&quot;14576&quot;,&quot;value&quot;:14576},{&quot;text&quot;:&quot;Centro Hipico La Finca del Pariente&quot;,&quot;id&quot;:&quot;15267&quot;,&quot;value&quot;:15267},{&quot;text&quot;:&quot;Centro Hipico Manchon de las Flores&quot;,&quot;id&quot;:&quot;14674&quot;,&quot;value&quot;:14674},{&quot;text&quot;:&quot;Centro Hipico Noroeste&quot;,&quot;id&quot;:&quot;14786&quot;,&quot;value&quot;:14786},{&quot;text&quot;:&quot;Centro Hipico Perdomo Duque&quot;,&quot;id&quot;:&quot;14707&quot;,&quot;value&quot;:14707},{&quot;text&quot;:&quot;Club Deportivo As. Ecuestre La Trilla&quot;,&quot;id&quot;:&quot;12446&quot;,&quot;value&quot;:12446},{&quot;text&quot;:&quot;Club Hipico Los Brezos&quot;,&quot;id&quot;:&quot;14574&quot;,&quot;value&quot;:14574},{&quot;text&quot;:&quot;El Estribo&quot;,&quot;id&quot;:&quot;18608&quot;,&quot;value&quot;:18608},{&quot;text&quot;:&quot;Federacion Canaria de Hipica&quot;,&quot;id&quot;:&quot;13523&quot;,&quot;value&quot;:13523},{&quot;text&quot;:&quot;Hermanos Diaz&quot;,&quot;id&quot;:&quot;19981&quot;,&quot;value&quot;:19981},{&quot;text&quot;:&quot;La Montura&quot;,&quot;id&quot;:&quot;19574&quot;,&quot;value&quot;:19574},{&quot;text&quot;:&quot;La Palma Ecuestre&quot;,&quot;id&quot;:&quot;13260&quot;,&quot;value&quot;:13260},{&quot;text&quot;:&quot;Real Club Golf de Las Palmas&quot;,&quot;id&quot;:&quot;104&quot;,&quot;value&quot;:104},{&quot;text&quot;:&quot;Yeguada Artiles&quot;,&quot;id&quot;:&quot;19499&quot;,&quot;value&quot;:19499}]\"\n\t\tdata-attach-container\n\t\tplaceholder=\"Seleccionar\"\n\t\tstyle=\"width: 100%;\" \t\/>\n<\/div>\n\t\t\t<\/div>\n\t\t<\/fieldset>\n\t<\/div>\n<\/div>\n\t\t\t\t\t<div  class=\"tribe-filter-bar-c-filter tribe-filter-bar-c-filter--accordion tribe-filter-bar-c-filter--dropdown\" >\n\t<div class=\"tribe-filter-bar-c-filter__toggle-wrapper\">\n\t\t<button\n\t\t\tclass=\"tribe-filter-bar-c-filter__toggle tribe-common-b1 tribe-common-b2--min-medium\"\n\t\t\tid=\"filterbar_state_province-toggle-e10eb451-0a8a-4bae-a0c8-316a2a07c732\"\n\t\t\ttype=\"button\"\n\t\t\taria-controls=\"filterbar_state_province-container-e10eb451-0a8a-4bae-a0c8-316a2a07c732\"\n\t\t\taria-expanded=\"false\"\n\t\t\tdata-js=\"tribe-events-accordion-trigger tribe-filter-bar-c-filter-toggle\"\n\t\t>\n\t\t\t<div class=\"tribe-filter-bar-c-filter__toggle-text\">\n\t\t\t\t<span class=\"tribe-filter-bar-c-filter__toggle-label\">Provincia<\/span><span class=\"tribe-filter-bar-c-filter__toggle-label-colon\">:<\/span>\n\t\t\t\t\t\t\t\t<span class=\"tribe-filter-bar-c-filter__toggle-selections\">\n\t\t\t\t\t\t\t\t\t<\/span>\n\t\t\t<\/div>\n\n\t\t\t<span class=\"tribe-filter-bar-c-filter__toggle-icon tribe-filter-bar-c-filter__toggle-icon--plus\">\n\t\t\t\t<svg  class=\"tribe-common-c-svgicon tribe-common-c-svgicon--plus tribe-filter-bar-c-filter__toggle-plus-icon\"  viewBox=\"0 0 12 12\" xmlns=\"http:\/\/www.w3.org\/2000\/svg\"><path d=\"M11 5.881H1M5.88 1v10\" stroke-width=\"2\" stroke-linecap=\"square\"\/><\/svg>\n\t\t\t\t<span class=\"tribe-filter-bar-c-filter__toggle-icon-text tribe-common-a11y-visual-hide\">\n\t\t\t\t\tAbrir filtro\t\t\t\t<\/span>\n\t\t\t<\/span>\n\n\t\t\t<span class=\"tribe-filter-bar-c-filter__toggle-icon tribe-filter-bar-c-filter__toggle-icon--minus\">\n\t\t\t\t<svg  class=\"tribe-common-c-svgicon tribe-common-c-svgicon--minus tribe-filter-bar-c-filter__toggle-minus-icon\"  viewBox=\"0 0 12 3\" xmlns=\"http:\/\/www.w3.org\/2000\/svg\"><path d=\"M11 1.88H1\" stroke-width=\"2\" stroke-linecap=\"square\"\/><\/svg>\n\t\t\t\t<span class=\"tribe-filter-bar-c-filter__toggle-icon-text tribe-common-a11y-visual-hide\">\n\t\t\t\t\tCerrar filtro\t\t\t\t<\/span>\n\t\t\t<\/span>\n\t\t<\/button>\n\n\t\t\t<\/div>\n\n\t<div\n\t\tclass=\"tribe-filter-bar-c-filter__container\"\n\t\tid=\"filterbar_state_province-container-e10eb451-0a8a-4bae-a0c8-316a2a07c732\"\n\t\taria-hidden=\"true\"\n\t\taria-labelledby=\"filterbar_state_province-toggle-e10eb451-0a8a-4bae-a0c8-316a2a07c732\"\n\t>\n\t\t<fieldset class=\"tribe-filter-bar-c-filter__filters-fieldset\">\n\t\t\t<legend class=\"tribe-filter-bar-c-filter__filters-legend tribe-common-h6 tribe-common-h--alt tribe-common-a11y-visual-hide\">\n\t\t\t\tProvincia\t\t\t<\/legend>\n\n\t\t\t\n\t\t\t<div class=\"tribe-filter-bar-c-filter__filter-fields\">\n\t\t\t\t<div  class=\"tribe-filter-bar-c-dropdown\" >\n\t<input\n\t\tclass=\"tribe-filter-bar-c-dropdown__input\"\n\t\tid=\"tribe-events-filterbar-72d8a570-filterbar_state_province\"\n\t\tdata-js=\"tribe-filter-bar-c-dropdown-input\"\n\t\tname=\"tribe_state[]\"\n\t\ttype=\"hidden\"\n\t\tvalue=\"\"\n\t\tdata-allow-html\n\t\tdata-dropdown-css-width=\"false\"\n\t\tdata-options=\"[{&quot;text&quot;:&quot;Las Palmas&quot;,&quot;id&quot;:&quot;98-13229-14394-14533-14785-14833-14877-15266-15447-15589-15936-16749-17544-18285-18441-18978&quot;,&quot;value&quot;:&quot;98-13229-14394-14533-14785-14833-14877-15266-15447-15589-15936-16749-17544-18285-18441-18978&quot;},{&quot;text&quot;:&quot;Santa Cruz de Tenerife&quot;,&quot;id&quot;:&quot;100-13250-13259-13266-13271-14540-14547-14573-14575-14607-14625-14673-14706-14838-14856-14863-14977-15281-15396-15754-16660-18053-18742-19431&quot;,&quot;value&quot;:&quot;100-13250-13259-13266-13271-14540-14547-14573-14575-14607-14625-14673-14706-14838-14856-14863-14977-15281-15396-15754-16660-18053-18742-19431&quot;}]\"\n\t\tdata-attach-container\n\t\tplaceholder=\"Seleccionar\"\n\t\tstyle=\"width: 100%;\" \t\/>\n<\/div>\n\t\t\t<\/div>\n\t\t<\/fieldset>\n\t<\/div>\n<\/div>\n\t\t\t<\/div>\n<\/div>\n\n\t\t\n\t<\/form>\n<\/div>\n\n\n\t\t<div\n\t\t\tclass=\"tribe-events-calendar-month\"\n\t\t\trole=\"grid\"\n\t\t\taria-labelledby=\"tribe-events-calendar-header\"\n\t\t\taria-readonly=\"true\"\n\t\t\tdata-js=\"tribe-events-month-grid\"\n\t\t>\n\n\t\t\t<header class=\"tribe-events-calendar-month__header\" role=\"rowgroup\">\n\n\t<h2 class=\"tribe-common-a11y-visual-hide\" id=\"tribe-events-calendar-header\">\n\t\tCalendario de Eventos\t<\/h2>\n\n\t<div role=\"row\" class=\"tribe-events-calendar-month__header-row\">\n\t\t\t\t\t<div\n\t\t\t\tclass=\"tribe-events-calendar-month__header-column\"\n\t\t\t\trole=\"columnheader\"\n\t\t\t\taria-label=\"lunes\"\n\t\t\t>\n\t\t\t\t<h3 class=\"tribe-events-calendar-month__header-column-title tribe-common-b3\">\n\t\t\t\t\t<span class=\"tribe-events-calendar-month__header-column-title-mobile\">\n\t\t\t\t\t\tL\t\t\t\t\t<\/span>\n\t\t\t\t\t<span class=\"tribe-events-calendar-month__header-column-title-desktop tribe-common-a11y-hidden\">\n\t\t\t\t\t\tLun\t\t\t\t\t<\/span>\n\t\t\t\t<\/h3>\n\t\t\t<\/div>\n\t\t\t\t\t<div\n\t\t\t\tclass=\"tribe-events-calendar-month__header-column\"\n\t\t\t\trole=\"columnheader\"\n\t\t\t\taria-label=\"martes\"\n\t\t\t>\n\t\t\t\t<h3 class=\"tribe-events-calendar-month__header-column-title tribe-common-b3\">\n\t\t\t\t\t<span class=\"tribe-events-calendar-month__header-column-title-mobile\">\n\t\t\t\t\t\tM\t\t\t\t\t<\/span>\n\t\t\t\t\t<span class=\"tribe-events-calendar-month__header-column-title-desktop tribe-common-a11y-hidden\">\n\t\t\t\t\t\tMar\t\t\t\t\t<\/span>\n\t\t\t\t<\/h3>\n\t\t\t<\/div>\n\t\t\t\t\t<div\n\t\t\t\tclass=\"tribe-events-calendar-month__header-column\"\n\t\t\t\trole=\"columnheader\"\n\t\t\t\taria-label=\"mi\u00e9rcoles\"\n\t\t\t>\n\t\t\t\t<h3 class=\"tribe-events-calendar-month__header-column-title tribe-common-b3\">\n\t\t\t\t\t<span class=\"tribe-events-calendar-month__header-column-title-mobile\">\n\t\t\t\t\t\tX\t\t\t\t\t<\/span>\n\t\t\t\t\t<span class=\"tribe-events-calendar-month__header-column-title-desktop tribe-common-a11y-hidden\">\n\t\t\t\t\t\tMi\u00e9\t\t\t\t\t<\/span>\n\t\t\t\t<\/h3>\n\t\t\t<\/div>\n\t\t\t\t\t<div\n\t\t\t\tclass=\"tribe-events-calendar-month__header-column\"\n\t\t\t\trole=\"columnheader\"\n\t\t\t\taria-label=\"jueves\"\n\t\t\t>\n\t\t\t\t<h3 class=\"tribe-events-calendar-month__header-column-title tribe-common-b3\">\n\t\t\t\t\t<span class=\"tribe-events-calendar-month__header-column-title-mobile\">\n\t\t\t\t\t\tJ\t\t\t\t\t<\/span>\n\t\t\t\t\t<span class=\"tribe-events-calendar-month__header-column-title-desktop tribe-common-a11y-hidden\">\n\t\t\t\t\t\tJue\t\t\t\t\t<\/span>\n\t\t\t\t<\/h3>\n\t\t\t<\/div>\n\t\t\t\t\t<div\n\t\t\t\tclass=\"tribe-events-calendar-month__header-column\"\n\t\t\t\trole=\"columnheader\"\n\t\t\t\taria-label=\"viernes\"\n\t\t\t>\n\t\t\t\t<h3 class=\"tribe-events-calendar-month__header-column-title tribe-common-b3\">\n\t\t\t\t\t<span class=\"tribe-events-calendar-month__header-column-title-mobile\">\n\t\t\t\t\t\tV\t\t\t\t\t<\/span>\n\t\t\t\t\t<span class=\"tribe-events-calendar-month__header-column-title-desktop tribe-common-a11y-hidden\">\n\t\t\t\t\t\tVie\t\t\t\t\t<\/span>\n\t\t\t\t<\/h3>\n\t\t\t<\/div>\n\t\t\t\t\t<div\n\t\t\t\tclass=\"tribe-events-calendar-month__header-column\"\n\t\t\t\trole=\"columnheader\"\n\t\t\t\taria-label=\"s\u00e1bado\"\n\t\t\t>\n\t\t\t\t<h3 class=\"tribe-events-calendar-month__header-column-title tribe-common-b3\">\n\t\t\t\t\t<span class=\"tribe-events-calendar-month__header-column-title-mobile\">\n\t\t\t\t\t\tS\t\t\t\t\t<\/span>\n\t\t\t\t\t<span class=\"tribe-events-calendar-month__header-column-title-desktop tribe-common-a11y-hidden\">\n\t\t\t\t\t\tS\u00e1b\t\t\t\t\t<\/span>\n\t\t\t\t<\/h3>\n\t\t\t<\/div>\n\t\t\t\t\t<div\n\t\t\t\tclass=\"tribe-events-calendar-month__header-column\"\n\t\t\t\trole=\"columnheader\"\n\t\t\t\taria-label=\"domingo\"\n\t\t\t>\n\t\t\t\t<h3 class=\"tribe-events-calendar-month__header-column-title tribe-common-b3\">\n\t\t\t\t\t<span class=\"tribe-events-calendar-month__header-column-title-mobile\">\n\t\t\t\t\t\tD\t\t\t\t\t<\/span>\n\t\t\t\t\t<span class=\"tribe-events-calendar-month__header-column-title-desktop tribe-common-a11y-hidden\">\n\t\t\t\t\t\tDom\t\t\t\t\t<\/span>\n\t\t\t\t<\/h3>\n\t\t\t<\/div>\n\t\t\t<\/div>\n<\/header>\n\n\t\t\t\n<div class=\"tribe-events-calendar-month__body\" role=\"rowgroup\">\n\n\t\n\t\t<div class=\"tribe-events-calendar-month__week\" role=\"row\" data-js=\"tribe-events-month-grid-row\">\n\n\t\t\t\n\t\t\t\t\n<div\n\t class=\"tribe-events-calendar-month__day tribe-events-calendar-month__day--past tribe-events-calendar-month__day--other-month tribe-events-calendar-month__day--past-month\" \trole=\"gridcell\"\n\taria-labelledby=\"tribe-events-calendar-day-2026-03-30\"\n\tdata-js=\"tribe-events-month-grid-cell\"\n>\n\t\n<button\n\taria-expanded=\"false\"\n\taria-controls=\"tribe-events-calendar-mobile-day-2026-03-30\"\n\t class=\"tribe-events-calendar-month__day-cell tribe-events-calendar-month__day-cell--mobile\" \tdata-js=\"tribe-events-calendar-month-day-cell-mobile\"\n\ttabindex=\"-1\"\n>\n\t<h3 class=\"tribe-events-calendar-month__day-date tribe-common-h6 tribe-common-h--alt\">\n\t\t<span class=\"tribe-common-a11y-visual-hide\">\n\t\t\t0 eventos,\n\t\t<\/span>\n\t\t<time\n\t\t\tclass=\"tribe-events-calendar-month__day-date-daynum\"\n\t\t\tdatetime=\"2026-03-30\"\n\t\t>\n\t\t\t30\t\t<\/time>\n\t<\/h3>\n\t\n<\/button>\n\t\n<div\n\tid=\"tribe-events-calendar-day-2026-03-30\"\n\tclass=\"tribe-events-calendar-month__day-cell tribe-events-calendar-month__day-cell--desktop tribe-common-a11y-hidden\"\n>\n\t\n<h3 class=\"tribe-events-calendar-month__day-date tribe-common-h4\">\n\t<span class=\"tribe-common-a11y-visual-hide\">\n\t\t0 eventos,\n\t<\/span>\n\t<time\n\t\tclass=\"tribe-events-calendar-month__day-date-daynum\"\n\t\tdatetime=\"2026-03-30\"\n\t>\n\t\t\t\t\t30\t\t\t<\/time>\n<\/h3>\n\t<div class=\"tribe-events-calendar-month__events\">\n\t\t\n\t\t\t<\/div>\n\n\t\n<\/div>\n<\/div>\n\n\t\t\t\n\t\t\t\t\n<div\n\t class=\"tribe-events-calendar-month__day tribe-events-calendar-month__day--past tribe-events-calendar-month__day--other-month tribe-events-calendar-month__day--past-month\" \trole=\"gridcell\"\n\taria-labelledby=\"tribe-events-calendar-day-2026-03-31\"\n\tdata-js=\"tribe-events-month-grid-cell\"\n>\n\t\n<button\n\taria-expanded=\"false\"\n\taria-controls=\"tribe-events-calendar-mobile-day-2026-03-31\"\n\t class=\"tribe-events-calendar-month__day-cell tribe-events-calendar-month__day-cell--mobile\" \tdata-js=\"tribe-events-calendar-month-day-cell-mobile\"\n\ttabindex=\"-1\"\n>\n\t<h3 class=\"tribe-events-calendar-month__day-date tribe-common-h6 tribe-common-h--alt\">\n\t\t<span class=\"tribe-common-a11y-visual-hide\">\n\t\t\t0 eventos,\n\t\t<\/span>\n\t\t<time\n\t\t\tclass=\"tribe-events-calendar-month__day-date-daynum\"\n\t\t\tdatetime=\"2026-03-31\"\n\t\t>\n\t\t\t31\t\t<\/time>\n\t<\/h3>\n\t\n<\/button>\n\t\n<div\n\tid=\"tribe-events-calendar-day-2026-03-31\"\n\tclass=\"tribe-events-calendar-month__day-cell tribe-events-calendar-month__day-cell--desktop tribe-common-a11y-hidden\"\n>\n\t\n<h3 class=\"tribe-events-calendar-month__day-date tribe-common-h4\">\n\t<span class=\"tribe-common-a11y-visual-hide\">\n\t\t0 eventos,\n\t<\/span>\n\t<time\n\t\tclass=\"tribe-events-calendar-month__day-date-daynum\"\n\t\tdatetime=\"2026-03-31\"\n\t>\n\t\t\t\t\t31\t\t\t<\/time>\n<\/h3>\n\t<div class=\"tribe-events-calendar-month__events\">\n\t\t\n\t\t\t<\/div>\n\n\t\n<\/div>\n<\/div>\n\n\t\t\t\n\t\t\t\t\n<div\n\t class=\"tribe-events-calendar-month__day tribe-events-calendar-month__day--past\" \trole=\"gridcell\"\n\taria-labelledby=\"tribe-events-calendar-day-2026-04-01\"\n\tdata-js=\"tribe-events-month-grid-cell\"\n>\n\t\n<button\n\taria-expanded=\"false\"\n\taria-controls=\"tribe-events-calendar-mobile-day-2026-04-1\"\n\t class=\"tribe-events-calendar-month__day-cell tribe-events-calendar-month__day-cell--mobile\" \tdata-js=\"tribe-events-calendar-month-day-cell-mobile\"\n\ttabindex=\"-1\"\n>\n\t<h3 class=\"tribe-events-calendar-month__day-date tribe-common-h6 tribe-common-h--alt\">\n\t\t<span class=\"tribe-common-a11y-visual-hide\">\n\t\t\t0 eventos,\n\t\t<\/span>\n\t\t<time\n\t\t\tclass=\"tribe-events-calendar-month__day-date-daynum\"\n\t\t\tdatetime=\"2026-04-01\"\n\t\t>\n\t\t\t1\t\t<\/time>\n\t<\/h3>\n\t\n<\/button>\n\t\n<div\n\tid=\"tribe-events-calendar-day-2026-04-01\"\n\tclass=\"tribe-events-calendar-month__day-cell tribe-events-calendar-month__day-cell--desktop tribe-common-a11y-hidden\"\n>\n\t\n<h3 class=\"tribe-events-calendar-month__day-date tribe-common-h4\">\n\t<span class=\"tribe-common-a11y-visual-hide\">\n\t\t0 eventos,\n\t<\/span>\n\t<time\n\t\tclass=\"tribe-events-calendar-month__day-date-daynum\"\n\t\tdatetime=\"2026-04-01\"\n\t>\n\t\t\t\t\t1\t\t\t<\/time>\n<\/h3>\n\t<div class=\"tribe-events-calendar-month__events\">\n\t\t\n\t\t\t<\/div>\n\n\t\n<\/div>\n<\/div>\n\n\t\t\t\n\t\t\t\t\n<div\n\t class=\"tribe-events-calendar-month__day tribe-events-calendar-month__day--past\" \trole=\"gridcell\"\n\taria-labelledby=\"tribe-events-calendar-day-2026-04-02\"\n\tdata-js=\"tribe-events-month-grid-cell\"\n>\n\t\n<button\n\taria-expanded=\"false\"\n\taria-controls=\"tribe-events-calendar-mobile-day-2026-04-2\"\n\t class=\"tribe-events-calendar-month__day-cell tribe-events-calendar-month__day-cell--mobile\" \tdata-js=\"tribe-events-calendar-month-day-cell-mobile\"\n\ttabindex=\"-1\"\n>\n\t<h3 class=\"tribe-events-calendar-month__day-date tribe-common-h6 tribe-common-h--alt\">\n\t\t<span class=\"tribe-common-a11y-visual-hide\">\n\t\t\t1 evento,\n\t\t<\/span>\n\t\t<time\n\t\t\tclass=\"tribe-events-calendar-month__day-date-daynum\"\n\t\t\tdatetime=\"2026-04-02\"\n\t\t>\n\t\t\t2\t\t<\/time>\n\t<\/h3>\n\t\n\t\t<em\n\t\tclass=\"tribe-events-calendar-month__mobile-events-icon tribe-events-calendar-month__mobile-events-icon--event\"\n\t\taria-label=\"Has eventos\"\n\t\ttitle=\"Has eventos\"\n\t>\n\t<\/em>\n<\/button>\n\t\n<div\n\tid=\"tribe-events-calendar-day-2026-04-02\"\n\tclass=\"tribe-events-calendar-month__day-cell tribe-events-calendar-month__day-cell--desktop tribe-common-a11y-hidden\"\n>\n\t\n<h3 class=\"tribe-events-calendar-month__day-date tribe-common-h4\">\n\t<span class=\"tribe-common-a11y-visual-hide\">\n\t\t1 evento,\n\t<\/span>\n\t<time\n\t\tclass=\"tribe-events-calendar-month__day-date-daynum\"\n\t\tdatetime=\"2026-04-02\"\n\t>\n\t\t\t\t\t<a\n\t\t\t\thref=\"https:\/\/federacioncanariadehipica.es\/inicio\/events\/2026-04-02\/?shortcode=b5e78f03\"\n\t\t\t\tclass=\"tribe-events-calendar-month__day-date-link\"\n\t\t\t\tdata-js=\"tribe-events-view-link\"\n\t\t\t>\n\t\t\t\t2\t\t\t<\/a>\n\t\t\t<\/time>\n<\/h3>\n\t<div class=\"tribe-events-calendar-month__events\">\n\t\t\n\t<div class=\"tribe-events-calendar-month__multiday-event-wrapper\">\n\t<article  class=\"tribe-events-calendar-month__multiday-event post-10000489 tribe_events type-tribe_events status-publish has-post-thumbnail hentry tribe_events_cat-salto-de-obstaculos cat_salto-de-obstaculos tribe-events-calendar-month__multiday-event--width-4 tribe-events-calendar-month__multiday-event--display tribe-events-calendar-month__multiday-event--start tribe-events-calendar-month__multiday-event--end tribe-events-calendar-month__multiday-event--past\"  data-event-id=\"10000489\">\n\t\t<div class=\"tribe-events-calendar-month__multiday-event-hidden\">\n\t<time\n\tdatetime=\"2026-04-02\"\n\tclass=\"tribe-common-a11y-visual-hide\"\n>\n\t2026-04-02<\/time>\n\t<a\n\thref=\"https:\/\/federacioncanariadehipica.es\/inicio\/evento\/csn-arona-playa-de-las-americas-centro-hipico-del-sur-7\/\"\n\tclass=\"tribe-events-calendar-month__multiday-event-hidden-link\"\n\tdata-js=\"tribe-events-tooltip\"\n\tdata-tooltip-content=\"#tribe-events-tooltip-content-10000489\"\n\taria-describedby=\"tribe-events-tooltip-content-10000489\"\n>\n\t\t<h3 class=\"tribe-events-calendar-month__multiday-event-hidden-title tribe-common-h8\">\n\tCSN* | Arona-Playa de Las Am\u00e9ricas \u2013 Centro H\u00edpico del Sur<\/h3>\n<\/a>\n<\/div>\n\t\t<div class=\"tribe-events-calendar-month__multiday-event-bar\">\n\t<div class=\"tribe-events-calendar-month__multiday-event-bar-inner\">\n\t\t\t\t<h3 class=\"tribe-events-calendar-month__multiday-event-bar-title tribe-common-h8\">\n\tCSN* | Arona-Playa de Las Am\u00e9ricas \u2013 Centro H\u00edpico del Sur<\/h3>\n\t<\/div>\n<\/div>\n<div class=\"tribe-events-calendar-month__calendar-event-tooltip-template tribe-common-a11y-hidden\">\n\t<div\n\t\tclass=\"tribe-events-calendar-month__calendar-event-tooltip\"\n\t\tid=\"tribe-events-tooltip-content-10000489\"\n\t\trole=\"tooltip\"\n\t>\n\t\t<div class=\"tribe-events-calendar-month__calendar-event-tooltip-featured-image-wrapper\">\n\t<a\n\t\thref=\"https:\/\/federacioncanariadehipica.es\/inicio\/evento\/csn-arona-playa-de-las-americas-centro-hipico-del-sur-7\/\"\n\t\ttitle=\"CSN* | Arona-Playa de Las Am\u00e9ricas \u2013 Centro H\u00edpico del Sur\"\n\t\trel=\"bookmark\"\n\t\tclass=\"tribe-events-calendar-month__calendar-event-tooltip-featured-image-link\"\n\t>\n\t\t<img\n\t\t\tsrc=\"https:\/\/federacioncanariadehipica.es\/inicio\/wp-content\/uploads\/2025\/12\/WhatsApp-Image-2026-03-24-at-10.17.35.jpeg\"\n\t\t\t\t\t\t\t\t\t\talt=\"\"\n\t\t\t\t\t\t\t\t\t\ttitle=\"WhatsApp Image 2026-03-24 at 10.17.35\"\n\t\t\t\t\t\tclass=\"tribe-events-calendar-month__calendar-event-tooltip-featured-image\"\n\t\t\/>\n\t<\/a>\n<\/div>\n\t\t<div class=\"tribe-events-calendar-month__calendar-event-tooltip-datetime\">\n\t\t<time datetime=\"2026-04-02\">\n\t\t<span class=\"tribe-event-date-start\">2 abril<\/span> - <span class=\"tribe-event-date-end\">5 abril<\/span>\t<\/time>\n\t<\/div>\n\t\t<h3 class=\"tribe-events-calendar-month__calendar-event-tooltip-title tribe-common-h7\">\n\t<a\n\t\thref=\"https:\/\/federacioncanariadehipica.es\/inicio\/evento\/csn-arona-playa-de-las-americas-centro-hipico-del-sur-7\/\"\n\t\ttitle=\"CSN* | Arona-Playa de Las Am\u00e9ricas \u2013 Centro H\u00edpico del Sur\"\n\t\trel=\"bookmark\"\n\t\tclass=\"tribe-events-calendar-month__calendar-event-tooltip-title-link tribe-common-anchor-thin\"\n\t>\n\t\tCSN* | Arona-Playa de Las Am\u00e9ricas \u2013 Centro H\u00edpico del Sur\t<\/a>\n<\/h3>\n\t\t<div class=\"tribe-events-calendar-month__calendar-event-tooltip-description tribe-common-b3\">\n\t<p>\u00a1Le damos la bienvenidos a los amantes de la h\u00edpica! Les presentamos un evento imprescindible de esta emocionante disciplina. Se llevar\u00e1 a cabo en el Centro H\u00edpico Del Sur\u00a0y se [&hellip;]<\/p>\n<\/div>\n\t\t<div class=\"tribe-events-c-small-cta tribe-common-b3 tribe-events-calendar-month__calendar-event-tooltip-cost\">\n\t<span class=\"tribe-events-c-small-cta__price\">\n\t\tFree\t<\/span>\n<\/div>\n\t<\/div>\n<\/div>\n\t<\/article>\n<\/div>\n\n\n\t\t\t<\/div>\n\n\t\n<\/div>\n<\/div>\n\n\t\t\t\n\t\t\t\t\n<div\n\t class=\"tribe-events-calendar-month__day tribe-events-calendar-month__day--past\" \trole=\"gridcell\"\n\taria-labelledby=\"tribe-events-calendar-day-2026-04-03\"\n\tdata-js=\"tribe-events-month-grid-cell\"\n>\n\t\n<button\n\taria-expanded=\"false\"\n\taria-controls=\"tribe-events-calendar-mobile-day-2026-04-3\"\n\t class=\"tribe-events-calendar-month__day-cell tribe-events-calendar-month__day-cell--mobile\" \tdata-js=\"tribe-events-calendar-month-day-cell-mobile\"\n\ttabindex=\"-1\"\n>\n\t<h3 class=\"tribe-events-calendar-month__day-date tribe-common-h6 tribe-common-h--alt\">\n\t\t<span class=\"tribe-common-a11y-visual-hide\">\n\t\t\t1 evento,\n\t\t<\/span>\n\t\t<time\n\t\t\tclass=\"tribe-events-calendar-month__day-date-daynum\"\n\t\t\tdatetime=\"2026-04-03\"\n\t\t>\n\t\t\t3\t\t<\/time>\n\t<\/h3>\n\t\n\t\t<em\n\t\tclass=\"tribe-events-calendar-month__mobile-events-icon tribe-events-calendar-month__mobile-events-icon--event\"\n\t\taria-label=\"Has eventos\"\n\t\ttitle=\"Has eventos\"\n\t>\n\t<\/em>\n<\/button>\n\t\n<div\n\tid=\"tribe-events-calendar-day-2026-04-03\"\n\tclass=\"tribe-events-calendar-month__day-cell tribe-events-calendar-month__day-cell--desktop tribe-common-a11y-hidden\"\n>\n\t\n<h3 class=\"tribe-events-calendar-month__day-date tribe-common-h4\">\n\t<span class=\"tribe-common-a11y-visual-hide\">\n\t\t1 evento,\n\t<\/span>\n\t<time\n\t\tclass=\"tribe-events-calendar-month__day-date-daynum\"\n\t\tdatetime=\"2026-04-03\"\n\t>\n\t\t\t\t\t<a\n\t\t\t\thref=\"https:\/\/federacioncanariadehipica.es\/inicio\/events\/2026-04-03\/?shortcode=b5e78f03\"\n\t\t\t\tclass=\"tribe-events-calendar-month__day-date-link\"\n\t\t\t\tdata-js=\"tribe-events-view-link\"\n\t\t\t>\n\t\t\t\t3\t\t\t<\/a>\n\t\t\t<\/time>\n<\/h3>\n\t<div class=\"tribe-events-calendar-month__events\">\n\t\t\n\t<div class=\"tribe-events-calendar-month__multiday-event-wrapper\">\n\t<article  class=\"tribe-events-calendar-month__multiday-event post-10000489 tribe_events type-tribe_events status-publish has-post-thumbnail hentry tribe_events_cat-salto-de-obstaculos cat_salto-de-obstaculos\"  data-event-id=\"10000489\">\n\t\t<div class=\"tribe-events-calendar-month__multiday-event-hidden\">\n\t<time\n\tdatetime=\"2026-04-02\"\n\tclass=\"tribe-common-a11y-visual-hide\"\n>\n\t2026-04-02<\/time>\n\t<a\n\thref=\"https:\/\/federacioncanariadehipica.es\/inicio\/evento\/csn-arona-playa-de-las-americas-centro-hipico-del-sur-7\/\"\n\tclass=\"tribe-events-calendar-month__multiday-event-hidden-link\"\n\tdata-js=\"tribe-events-tooltip\"\n\tdata-tooltip-content=\"#tribe-events-tooltip-content-10000489\"\n\taria-describedby=\"tribe-events-tooltip-content-10000489\"\n>\n\t\t<h3 class=\"tribe-events-calendar-month__multiday-event-hidden-title tribe-common-h8\">\n\tCSN* | Arona-Playa de Las Am\u00e9ricas \u2013 Centro H\u00edpico del Sur<\/h3>\n<\/a>\n<\/div>\n\t\t\t<\/article>\n<\/div>\n\n\n\t\t\t<\/div>\n\n\t\n<\/div>\n<\/div>\n\n\t\t\t\n\t\t\t\t\n<div\n\t class=\"tribe-events-calendar-month__day tribe-events-calendar-month__day--past\" \trole=\"gridcell\"\n\taria-labelledby=\"tribe-events-calendar-day-2026-04-04\"\n\tdata-js=\"tribe-events-month-grid-cell\"\n>\n\t\n<button\n\taria-expanded=\"false\"\n\taria-controls=\"tribe-events-calendar-mobile-day-2026-04-4\"\n\t class=\"tribe-events-calendar-month__day-cell tribe-events-calendar-month__day-cell--mobile\" \tdata-js=\"tribe-events-calendar-month-day-cell-mobile\"\n\ttabindex=\"-1\"\n>\n\t<h3 class=\"tribe-events-calendar-month__day-date tribe-common-h6 tribe-common-h--alt\">\n\t\t<span class=\"tribe-common-a11y-visual-hide\">\n\t\t\t2 eventos,\n\t\t<\/span>\n\t\t<time\n\t\t\tclass=\"tribe-events-calendar-month__day-date-daynum\"\n\t\t\tdatetime=\"2026-04-04\"\n\t\t>\n\t\t\t4\t\t<\/time>\n\t<\/h3>\n\t\n\t\t<em\n\t\tclass=\"tribe-events-calendar-month__mobile-events-icon tribe-events-calendar-month__mobile-events-icon--event\"\n\t\taria-label=\"Has eventos\"\n\t\ttitle=\"Has eventos\"\n\t>\n\t<\/em>\n<\/button>\n\t\n<div\n\tid=\"tribe-events-calendar-day-2026-04-04\"\n\tclass=\"tribe-events-calendar-month__day-cell tribe-events-calendar-month__day-cell--desktop tribe-common-a11y-hidden\"\n>\n\t\n<h3 class=\"tribe-events-calendar-month__day-date tribe-common-h4\">\n\t<span class=\"tribe-common-a11y-visual-hide\">\n\t\t2 eventos,\n\t<\/span>\n\t<time\n\t\tclass=\"tribe-events-calendar-month__day-date-daynum\"\n\t\tdatetime=\"2026-04-04\"\n\t>\n\t\t\t\t\t<a\n\t\t\t\thref=\"https:\/\/federacioncanariadehipica.es\/inicio\/events\/2026-04-04\/?shortcode=b5e78f03\"\n\t\t\t\tclass=\"tribe-events-calendar-month__day-date-link\"\n\t\t\t\tdata-js=\"tribe-events-view-link\"\n\t\t\t>\n\t\t\t\t4\t\t\t<\/a>\n\t\t\t<\/time>\n<\/h3>\n\t<div class=\"tribe-events-calendar-month__events\">\n\t\t\n\t<div class=\"tribe-events-calendar-month__multiday-event-wrapper\">\n\t<article  class=\"tribe-events-calendar-month__multiday-event post-10000489 tribe_events type-tribe_events status-publish has-post-thumbnail hentry tribe_events_cat-salto-de-obstaculos cat_salto-de-obstaculos\"  data-event-id=\"10000489\">\n\t\t<div class=\"tribe-events-calendar-month__multiday-event-hidden\">\n\t<time\n\tdatetime=\"2026-04-02\"\n\tclass=\"tribe-common-a11y-visual-hide\"\n>\n\t2026-04-02<\/time>\n\t<a\n\thref=\"https:\/\/federacioncanariadehipica.es\/inicio\/evento\/csn-arona-playa-de-las-americas-centro-hipico-del-sur-7\/\"\n\tclass=\"tribe-events-calendar-month__multiday-event-hidden-link\"\n\tdata-js=\"tribe-events-tooltip\"\n\tdata-tooltip-content=\"#tribe-events-tooltip-content-10000489\"\n\taria-describedby=\"tribe-events-tooltip-content-10000489\"\n>\n\t\t<h3 class=\"tribe-events-calendar-month__multiday-event-hidden-title tribe-common-h8\">\n\tCSN* | Arona-Playa de Las Am\u00e9ricas \u2013 Centro H\u00edpico del Sur<\/h3>\n<\/a>\n<\/div>\n\t\t\t<\/article>\n<\/div>\n\n\t<div class=\"tribe-events-calendar-month__multiday-event-wrapper\">\n\t<article  class=\"tribe-events-calendar-month__multiday-event post-10000486 tribe_events type-tribe_events status-publish has-post-thumbnail hentry tribe_events_cat-raid cat_raid tribe-events-calendar-month__multiday-event--width-1 tribe-events-calendar-month__multiday-event--display tribe-events-calendar-month__multiday-event--start tribe-events-calendar-month__multiday-event--end tribe-events-calendar-month__multiday-event--past\"  data-event-id=\"10000486\">\n\t\t<div class=\"tribe-events-calendar-month__multiday-event-hidden\">\n\t<time\n\tdatetime=\"2026-04-04\"\n\tclass=\"tribe-common-a11y-visual-hide\"\n>\n\t2026-04-04<\/time>\n\t<a\n\thref=\"https:\/\/federacioncanariadehipica.es\/inicio\/evento\/vii-raid-chanajiga-los-realejos\/\"\n\tclass=\"tribe-events-calendar-month__multiday-event-hidden-link\"\n\tdata-js=\"tribe-events-tooltip\"\n\tdata-tooltip-content=\"#tribe-events-tooltip-content-10000486\"\n\taria-describedby=\"tribe-events-tooltip-content-10000486\"\n>\n\t\t<h3 class=\"tribe-events-calendar-month__multiday-event-hidden-title tribe-common-h8\">\n\tVII Raid Chanajiga Los Realejos<\/h3>\n<\/a>\n<\/div>\n\t\t<div class=\"tribe-events-calendar-month__multiday-event-bar\">\n\t<div class=\"tribe-events-calendar-month__multiday-event-bar-inner\">\n\t\t\t\t<h3 class=\"tribe-events-calendar-month__multiday-event-bar-title tribe-common-h8\">\n\tVII Raid Chanajiga Los Realejos<\/h3>\n\t<\/div>\n<\/div>\n<div class=\"tribe-events-calendar-month__calendar-event-tooltip-template tribe-common-a11y-hidden\">\n\t<div\n\t\tclass=\"tribe-events-calendar-month__calendar-event-tooltip\"\n\t\tid=\"tribe-events-tooltip-content-10000486\"\n\t\trole=\"tooltip\"\n\t>\n\t\t<div class=\"tribe-events-calendar-month__calendar-event-tooltip-featured-image-wrapper\">\n\t<a\n\t\thref=\"https:\/\/federacioncanariadehipica.es\/inicio\/evento\/vii-raid-chanajiga-los-realejos\/\"\n\t\ttitle=\"VII Raid Chanajiga Los Realejos\"\n\t\trel=\"bookmark\"\n\t\tclass=\"tribe-events-calendar-month__calendar-event-tooltip-featured-image-link\"\n\t>\n\t\t<img\n\t\t\tsrc=\"https:\/\/federacioncanariadehipica.es\/inicio\/wp-content\/uploads\/2025\/12\/WhatsApp-Image-2026-03-16-at-12.05.34.jpeg\"\n\t\t\t\t\t\t\t\t\t\talt=\"\"\n\t\t\t\t\t\t\t\t\t\ttitle=\"WhatsApp Image 2026-03-16 at 12.05.34\"\n\t\t\t\t\t\tclass=\"tribe-events-calendar-month__calendar-event-tooltip-featured-image\"\n\t\t\/>\n\t<\/a>\n<\/div>\n\t\t<div class=\"tribe-events-calendar-month__calendar-event-tooltip-datetime\">\n\t\t<time datetime=\"2026-04-04\">\n\t\t<span class=\"tribe-event-date-start\">4 abril<\/span>\t<\/time>\n\t<\/div>\n\t\t<h3 class=\"tribe-events-calendar-month__calendar-event-tooltip-title tribe-common-h7\">\n\t<a\n\t\thref=\"https:\/\/federacioncanariadehipica.es\/inicio\/evento\/vii-raid-chanajiga-los-realejos\/\"\n\t\ttitle=\"VII Raid Chanajiga Los Realejos\"\n\t\trel=\"bookmark\"\n\t\tclass=\"tribe-events-calendar-month__calendar-event-tooltip-title-link tribe-common-anchor-thin\"\n\t>\n\t\tVII Raid Chanajiga Los Realejos\t<\/a>\n<\/h3>\n\t\t<div class=\"tribe-events-calendar-month__calendar-event-tooltip-description tribe-common-b3\">\n\t<p>\u00a1Le damos la bienvenidos a los amantes de la h\u00edpica! Les presentamos un evento imprescindible de esta emocionante disciplina. Se llevar\u00e1 a cabo en Los Realejos, Tenerife y se tratar\u00e1 [&hellip;]<\/p>\n<\/div>\n\t\t<div class=\"tribe-events-c-small-cta tribe-common-b3 tribe-events-calendar-month__calendar-event-tooltip-cost\">\n\t<span class=\"tribe-events-c-small-cta__price\">\n\t\tFree\t<\/span>\n<\/div>\n\t<\/div>\n<\/div>\n\t<\/article>\n<\/div>\n\n\n\t\t\t<\/div>\n\n\t\n<\/div>\n<\/div>\n\n\t\t\t\n\t\t\t\t\n<div\n\t class=\"tribe-events-calendar-month__day tribe-events-calendar-month__day--past\" \trole=\"gridcell\"\n\taria-labelledby=\"tribe-events-calendar-day-2026-04-05\"\n\tdata-js=\"tribe-events-month-grid-cell\"\n>\n\t\n<button\n\taria-expanded=\"false\"\n\taria-controls=\"tribe-events-calendar-mobile-day-2026-04-5\"\n\t class=\"tribe-events-calendar-month__day-cell tribe-events-calendar-month__day-cell--mobile\" \tdata-js=\"tribe-events-calendar-month-day-cell-mobile\"\n\ttabindex=\"-1\"\n>\n\t<h3 class=\"tribe-events-calendar-month__day-date tribe-common-h6 tribe-common-h--alt\">\n\t\t<span class=\"tribe-common-a11y-visual-hide\">\n\t\t\t1 evento,\n\t\t<\/span>\n\t\t<time\n\t\t\tclass=\"tribe-events-calendar-month__day-date-daynum\"\n\t\t\tdatetime=\"2026-04-05\"\n\t\t>\n\t\t\t5\t\t<\/time>\n\t<\/h3>\n\t\n\t\t<em\n\t\tclass=\"tribe-events-calendar-month__mobile-events-icon tribe-events-calendar-month__mobile-events-icon--event\"\n\t\taria-label=\"Has eventos\"\n\t\ttitle=\"Has eventos\"\n\t>\n\t<\/em>\n<\/button>\n\t\n<div\n\tid=\"tribe-events-calendar-day-2026-04-05\"\n\tclass=\"tribe-events-calendar-month__day-cell tribe-events-calendar-month__day-cell--desktop tribe-common-a11y-hidden\"\n>\n\t\n<h3 class=\"tribe-events-calendar-month__day-date tribe-common-h4\">\n\t<span class=\"tribe-common-a11y-visual-hide\">\n\t\t1 evento,\n\t<\/span>\n\t<time\n\t\tclass=\"tribe-events-calendar-month__day-date-daynum\"\n\t\tdatetime=\"2026-04-05\"\n\t>\n\t\t\t\t\t<a\n\t\t\t\thref=\"https:\/\/federacioncanariadehipica.es\/inicio\/events\/2026-04-05\/?shortcode=b5e78f03\"\n\t\t\t\tclass=\"tribe-events-calendar-month__day-date-link\"\n\t\t\t\tdata-js=\"tribe-events-view-link\"\n\t\t\t>\n\t\t\t\t5\t\t\t<\/a>\n\t\t\t<\/time>\n<\/h3>\n\t<div class=\"tribe-events-calendar-month__events\">\n\t\t\n\t<div class=\"tribe-events-calendar-month__multiday-event-wrapper\">\n\t<article  class=\"tribe-events-calendar-month__multiday-event post-10000489 tribe_events type-tribe_events status-publish has-post-thumbnail hentry tribe_events_cat-salto-de-obstaculos cat_salto-de-obstaculos\"  data-event-id=\"10000489\">\n\t\t<div class=\"tribe-events-calendar-month__multiday-event-hidden\">\n\t<time\n\tdatetime=\"2026-04-02\"\n\tclass=\"tribe-common-a11y-visual-hide\"\n>\n\t2026-04-02<\/time>\n\t<a\n\thref=\"https:\/\/federacioncanariadehipica.es\/inicio\/evento\/csn-arona-playa-de-las-americas-centro-hipico-del-sur-7\/\"\n\tclass=\"tribe-events-calendar-month__multiday-event-hidden-link\"\n\tdata-js=\"tribe-events-tooltip\"\n\tdata-tooltip-content=\"#tribe-events-tooltip-content-10000489\"\n\taria-describedby=\"tribe-events-tooltip-content-10000489\"\n>\n\t\t<h3 class=\"tribe-events-calendar-month__multiday-event-hidden-title tribe-common-h8\">\n\tCSN* | Arona-Playa de Las Am\u00e9ricas \u2013 Centro H\u00edpico del Sur<\/h3>\n<\/a>\n<\/div>\n\t\t\t<\/article>\n<\/div>\n\n\n\t\t\t<\/div>\n\n\t\n<\/div>\n<\/div>\n\n\t\t\t\n\t\t<\/div>\n\n\t\n\t\t<div class=\"tribe-events-calendar-month__week\" role=\"row\" data-js=\"tribe-events-month-grid-row\">\n\n\t\t\t\n\t\t\t\t\n<div\n\t class=\"tribe-events-calendar-month__day tribe-events-calendar-month__day--past\" \trole=\"gridcell\"\n\taria-labelledby=\"tribe-events-calendar-day-2026-04-06\"\n\tdata-js=\"tribe-events-month-grid-cell\"\n>\n\t\n<button\n\taria-expanded=\"false\"\n\taria-controls=\"tribe-events-calendar-mobile-day-2026-04-6\"\n\t class=\"tribe-events-calendar-month__day-cell tribe-events-calendar-month__day-cell--mobile\" \tdata-js=\"tribe-events-calendar-month-day-cell-mobile\"\n\ttabindex=\"-1\"\n>\n\t<h3 class=\"tribe-events-calendar-month__day-date tribe-common-h6 tribe-common-h--alt\">\n\t\t<span class=\"tribe-common-a11y-visual-hide\">\n\t\t\t0 eventos,\n\t\t<\/span>\n\t\t<time\n\t\t\tclass=\"tribe-events-calendar-month__day-date-daynum\"\n\t\t\tdatetime=\"2026-04-06\"\n\t\t>\n\t\t\t6\t\t<\/time>\n\t<\/h3>\n\t\n<\/button>\n\t\n<div\n\tid=\"tribe-events-calendar-day-2026-04-06\"\n\tclass=\"tribe-events-calendar-month__day-cell tribe-events-calendar-month__day-cell--desktop tribe-common-a11y-hidden\"\n>\n\t\n<h3 class=\"tribe-events-calendar-month__day-date tribe-common-h4\">\n\t<span class=\"tribe-common-a11y-visual-hide\">\n\t\t0 eventos,\n\t<\/span>\n\t<time\n\t\tclass=\"tribe-events-calendar-month__day-date-daynum\"\n\t\tdatetime=\"2026-04-06\"\n\t>\n\t\t\t\t\t6\t\t\t<\/time>\n<\/h3>\n\t<div class=\"tribe-events-calendar-month__events\">\n\t\t\n\t\t\t<\/div>\n\n\t\n<\/div>\n<\/div>\n\n\t\t\t\n\t\t\t\t\n<div\n\t class=\"tribe-events-calendar-month__day tribe-events-calendar-month__day--past\" \trole=\"gridcell\"\n\taria-labelledby=\"tribe-events-calendar-day-2026-04-07\"\n\tdata-js=\"tribe-events-month-grid-cell\"\n>\n\t\n<button\n\taria-expanded=\"false\"\n\taria-controls=\"tribe-events-calendar-mobile-day-2026-04-7\"\n\t class=\"tribe-events-calendar-month__day-cell tribe-events-calendar-month__day-cell--mobile\" \tdata-js=\"tribe-events-calendar-month-day-cell-mobile\"\n\ttabindex=\"-1\"\n>\n\t<h3 class=\"tribe-events-calendar-month__day-date tribe-common-h6 tribe-common-h--alt\">\n\t\t<span class=\"tribe-common-a11y-visual-hide\">\n\t\t\t0 eventos,\n\t\t<\/span>\n\t\t<time\n\t\t\tclass=\"tribe-events-calendar-month__day-date-daynum\"\n\t\t\tdatetime=\"2026-04-07\"\n\t\t>\n\t\t\t7\t\t<\/time>\n\t<\/h3>\n\t\n<\/button>\n\t\n<div\n\tid=\"tribe-events-calendar-day-2026-04-07\"\n\tclass=\"tribe-events-calendar-month__day-cell tribe-events-calendar-month__day-cell--desktop tribe-common-a11y-hidden\"\n>\n\t\n<h3 class=\"tribe-events-calendar-month__day-date tribe-common-h4\">\n\t<span class=\"tribe-common-a11y-visual-hide\">\n\t\t0 eventos,\n\t<\/span>\n\t<time\n\t\tclass=\"tribe-events-calendar-month__day-date-daynum\"\n\t\tdatetime=\"2026-04-07\"\n\t>\n\t\t\t\t\t7\t\t\t<\/time>\n<\/h3>\n\t<div class=\"tribe-events-calendar-month__events\">\n\t\t\n\t\t\t<\/div>\n\n\t\n<\/div>\n<\/div>\n\n\t\t\t\n\t\t\t\t\n<div\n\t class=\"tribe-events-calendar-month__day tribe-events-calendar-month__day--past\" \trole=\"gridcell\"\n\taria-labelledby=\"tribe-events-calendar-day-2026-04-08\"\n\tdata-js=\"tribe-events-month-grid-cell\"\n>\n\t\n<button\n\taria-expanded=\"false\"\n\taria-controls=\"tribe-events-calendar-mobile-day-2026-04-8\"\n\t class=\"tribe-events-calendar-month__day-cell tribe-events-calendar-month__day-cell--mobile\" \tdata-js=\"tribe-events-calendar-month-day-cell-mobile\"\n\ttabindex=\"-1\"\n>\n\t<h3 class=\"tribe-events-calendar-month__day-date tribe-common-h6 tribe-common-h--alt\">\n\t\t<span class=\"tribe-common-a11y-visual-hide\">\n\t\t\t0 eventos,\n\t\t<\/span>\n\t\t<time\n\t\t\tclass=\"tribe-events-calendar-month__day-date-daynum\"\n\t\t\tdatetime=\"2026-04-08\"\n\t\t>\n\t\t\t8\t\t<\/time>\n\t<\/h3>\n\t\n<\/button>\n\t\n<div\n\tid=\"tribe-events-calendar-day-2026-04-08\"\n\tclass=\"tribe-events-calendar-month__day-cell tribe-events-calendar-month__day-cell--desktop tribe-common-a11y-hidden\"\n>\n\t\n<h3 class=\"tribe-events-calendar-month__day-date tribe-common-h4\">\n\t<span class=\"tribe-common-a11y-visual-hide\">\n\t\t0 eventos,\n\t<\/span>\n\t<time\n\t\tclass=\"tribe-events-calendar-month__day-date-daynum\"\n\t\tdatetime=\"2026-04-08\"\n\t>\n\t\t\t\t\t8\t\t\t<\/time>\n<\/h3>\n\t<div class=\"tribe-events-calendar-month__events\">\n\t\t\n\t\t\t<\/div>\n\n\t\n<\/div>\n<\/div>\n\n\t\t\t\n\t\t\t\t\n<div\n\t class=\"tribe-events-calendar-month__day tribe-events-calendar-month__day--past\" \trole=\"gridcell\"\n\taria-labelledby=\"tribe-events-calendar-day-2026-04-09\"\n\tdata-js=\"tribe-events-month-grid-cell\"\n>\n\t\n<button\n\taria-expanded=\"false\"\n\taria-controls=\"tribe-events-calendar-mobile-day-2026-04-9\"\n\t class=\"tribe-events-calendar-month__day-cell tribe-events-calendar-month__day-cell--mobile\" \tdata-js=\"tribe-events-calendar-month-day-cell-mobile\"\n\ttabindex=\"-1\"\n>\n\t<h3 class=\"tribe-events-calendar-month__day-date tribe-common-h6 tribe-common-h--alt\">\n\t\t<span class=\"tribe-common-a11y-visual-hide\">\n\t\t\t0 eventos,\n\t\t<\/span>\n\t\t<time\n\t\t\tclass=\"tribe-events-calendar-month__day-date-daynum\"\n\t\t\tdatetime=\"2026-04-09\"\n\t\t>\n\t\t\t9\t\t<\/time>\n\t<\/h3>\n\t\n<\/button>\n\t\n<div\n\tid=\"tribe-events-calendar-day-2026-04-09\"\n\tclass=\"tribe-events-calendar-month__day-cell tribe-events-calendar-month__day-cell--desktop tribe-common-a11y-hidden\"\n>\n\t\n<h3 class=\"tribe-events-calendar-month__day-date tribe-common-h4\">\n\t<span class=\"tribe-common-a11y-visual-hide\">\n\t\t0 eventos,\n\t<\/span>\n\t<time\n\t\tclass=\"tribe-events-calendar-month__day-date-daynum\"\n\t\tdatetime=\"2026-04-09\"\n\t>\n\t\t\t\t\t9\t\t\t<\/time>\n<\/h3>\n\t<div class=\"tribe-events-calendar-month__events\">\n\t\t\n\t\t\t<\/div>\n\n\t\n<\/div>\n<\/div>\n\n\t\t\t\n\t\t\t\t\n<div\n\t class=\"tribe-events-calendar-month__day tribe-events-calendar-month__day--past\" \trole=\"gridcell\"\n\taria-labelledby=\"tribe-events-calendar-day-2026-04-10\"\n\tdata-js=\"tribe-events-month-grid-cell\"\n>\n\t\n<button\n\taria-expanded=\"false\"\n\taria-controls=\"tribe-events-calendar-mobile-day-2026-04-10\"\n\t class=\"tribe-events-calendar-month__day-cell tribe-events-calendar-month__day-cell--mobile\" \tdata-js=\"tribe-events-calendar-month-day-cell-mobile\"\n\ttabindex=\"-1\"\n>\n\t<h3 class=\"tribe-events-calendar-month__day-date tribe-common-h6 tribe-common-h--alt\">\n\t\t<span class=\"tribe-common-a11y-visual-hide\">\n\t\t\t0 eventos,\n\t\t<\/span>\n\t\t<time\n\t\t\tclass=\"tribe-events-calendar-month__day-date-daynum\"\n\t\t\tdatetime=\"2026-04-10\"\n\t\t>\n\t\t\t10\t\t<\/time>\n\t<\/h3>\n\t\n<\/button>\n\t\n<div\n\tid=\"tribe-events-calendar-day-2026-04-10\"\n\tclass=\"tribe-events-calendar-month__day-cell tribe-events-calendar-month__day-cell--desktop tribe-common-a11y-hidden\"\n>\n\t\n<h3 class=\"tribe-events-calendar-month__day-date tribe-common-h4\">\n\t<span class=\"tribe-common-a11y-visual-hide\">\n\t\t0 eventos,\n\t<\/span>\n\t<time\n\t\tclass=\"tribe-events-calendar-month__day-date-daynum\"\n\t\tdatetime=\"2026-04-10\"\n\t>\n\t\t\t\t\t10\t\t\t<\/time>\n<\/h3>\n\t<div class=\"tribe-events-calendar-month__events\">\n\t\t\n\t\t\t<\/div>\n\n\t\n<\/div>\n<\/div>\n\n\t\t\t\n\t\t\t\t\n<div\n\t class=\"tribe-events-calendar-month__day tribe-events-calendar-month__day--past\" \trole=\"gridcell\"\n\taria-labelledby=\"tribe-events-calendar-day-2026-04-11\"\n\tdata-js=\"tribe-events-month-grid-cell\"\n>\n\t\n<button\n\taria-expanded=\"false\"\n\taria-controls=\"tribe-events-calendar-mobile-day-2026-04-11\"\n\t class=\"tribe-events-calendar-month__day-cell tribe-events-calendar-month__day-cell--mobile\" \tdata-js=\"tribe-events-calendar-month-day-cell-mobile\"\n\ttabindex=\"-1\"\n>\n\t<h3 class=\"tribe-events-calendar-month__day-date tribe-common-h6 tribe-common-h--alt\">\n\t\t<span class=\"tribe-common-a11y-visual-hide\">\n\t\t\t1 evento,\n\t\t<\/span>\n\t\t<time\n\t\t\tclass=\"tribe-events-calendar-month__day-date-daynum\"\n\t\t\tdatetime=\"2026-04-11\"\n\t\t>\n\t\t\t11\t\t<\/time>\n\t<\/h3>\n\t\n\t\t<em\n\t\tclass=\"tribe-events-calendar-month__mobile-events-icon tribe-events-calendar-month__mobile-events-icon--event\"\n\t\taria-label=\"Has eventos\"\n\t\ttitle=\"Has eventos\"\n\t>\n\t<\/em>\n<\/button>\n\t\n<div\n\tid=\"tribe-events-calendar-day-2026-04-11\"\n\tclass=\"tribe-events-calendar-month__day-cell tribe-events-calendar-month__day-cell--desktop tribe-common-a11y-hidden\"\n>\n\t\n<h3 class=\"tribe-events-calendar-month__day-date tribe-common-h4\">\n\t<span class=\"tribe-common-a11y-visual-hide\">\n\t\t1 evento,\n\t<\/span>\n\t<time\n\t\tclass=\"tribe-events-calendar-month__day-date-daynum\"\n\t\tdatetime=\"2026-04-11\"\n\t>\n\t\t\t\t\t<a\n\t\t\t\thref=\"https:\/\/federacioncanariadehipica.es\/inicio\/events\/2026-04-11\/?shortcode=b5e78f03\"\n\t\t\t\tclass=\"tribe-events-calendar-month__day-date-link\"\n\t\t\t\tdata-js=\"tribe-events-view-link\"\n\t\t\t>\n\t\t\t\t11\t\t\t<\/a>\n\t\t\t<\/time>\n<\/h3>\n\t<div class=\"tribe-events-calendar-month__events\">\n\t\t\n\t<div class=\"tribe-events-calendar-month__multiday-event-wrapper\">\n\t<article  class=\"tribe-events-calendar-month__multiday-event post-10000503 tribe_events type-tribe_events status-publish has-post-thumbnail hentry tribe_events_cat-carreras cat_carreras tribe-events-calendar-month__multiday-event--width-1 tribe-events-calendar-month__multiday-event--display tribe-events-calendar-month__multiday-event--start tribe-events-calendar-month__multiday-event--end tribe-events-calendar-month__multiday-event--past\"  data-event-id=\"10000503\">\n\t\t<div class=\"tribe-events-calendar-month__multiday-event-hidden\">\n\t<time\n\tdatetime=\"2026-04-11\"\n\tclass=\"tribe-common-a11y-visual-hide\"\n>\n\t2026-04-11<\/time>\n\t<a\n\thref=\"https:\/\/federacioncanariadehipica.es\/inicio\/evento\/carreras-tradicionales-en-guimar-aed-la-fuente-8\/\"\n\tclass=\"tribe-events-calendar-month__multiday-event-hidden-link\"\n\tdata-js=\"tribe-events-tooltip\"\n\tdata-tooltip-content=\"#tribe-events-tooltip-content-10000503\"\n\taria-describedby=\"tribe-events-tooltip-content-10000503\"\n>\n\t\t<h3 class=\"tribe-events-calendar-month__multiday-event-hidden-title tribe-common-h8\">\n\tCarreras Tradicionales en G\u00fcimar | AED La Fuente<\/h3>\n<\/a>\n<\/div>\n\t\t<div class=\"tribe-events-calendar-month__multiday-event-bar\">\n\t<div class=\"tribe-events-calendar-month__multiday-event-bar-inner\">\n\t\t\t\t<h3 class=\"tribe-events-calendar-month__multiday-event-bar-title tribe-common-h8\">\n\tCarreras Tradicionales en G\u00fcimar | AED La Fuente<\/h3>\n\t<\/div>\n<\/div>\n<div class=\"tribe-events-calendar-month__calendar-event-tooltip-template tribe-common-a11y-hidden\">\n\t<div\n\t\tclass=\"tribe-events-calendar-month__calendar-event-tooltip\"\n\t\tid=\"tribe-events-tooltip-content-10000503\"\n\t\trole=\"tooltip\"\n\t>\n\t\t<div class=\"tribe-events-calendar-month__calendar-event-tooltip-featured-image-wrapper\">\n\t<a\n\t\thref=\"https:\/\/federacioncanariadehipica.es\/inicio\/evento\/carreras-tradicionales-en-guimar-aed-la-fuente-8\/\"\n\t\ttitle=\"Carreras Tradicionales en G\u00fcimar | AED La Fuente\"\n\t\trel=\"bookmark\"\n\t\tclass=\"tribe-events-calendar-month__calendar-event-tooltip-featured-image-link\"\n\t>\n\t\t<img\n\t\t\tsrc=\"https:\/\/federacioncanariadehipica.es\/inicio\/wp-content\/uploads\/2023\/04\/cartelproximamente.jpg\"\n\t\t\t\t\t\t\t\t\t\talt=\"\"\n\t\t\t\t\t\t\t\t\t\ttitle=\"cartelproximamente\"\n\t\t\t\t\t\tclass=\"tribe-events-calendar-month__calendar-event-tooltip-featured-image\"\n\t\t\/>\n\t<\/a>\n<\/div>\n\t\t<div class=\"tribe-events-calendar-month__calendar-event-tooltip-datetime\">\n\t\t<time datetime=\"2026-04-11\">\n\t\t<span class=\"tribe-event-date-start\">11 abril<\/span>\t<\/time>\n\t<\/div>\n\t\t<h3 class=\"tribe-events-calendar-month__calendar-event-tooltip-title tribe-common-h7\">\n\t<a\n\t\thref=\"https:\/\/federacioncanariadehipica.es\/inicio\/evento\/carreras-tradicionales-en-guimar-aed-la-fuente-8\/\"\n\t\ttitle=\"Carreras Tradicionales en G\u00fcimar | AED La Fuente\"\n\t\trel=\"bookmark\"\n\t\tclass=\"tribe-events-calendar-month__calendar-event-tooltip-title-link tribe-common-anchor-thin\"\n\t>\n\t\tCarreras Tradicionales en G\u00fcimar | AED La Fuente\t<\/a>\n<\/h3>\n\t\t<div class=\"tribe-events-calendar-month__calendar-event-tooltip-description tribe-common-b3\">\n\t<p>\u00a1Le damos la bienvenidos a los amantes de la h\u00edpica! Les presentamos un evento imprescindible de esta emocionante disciplina. Se llevar\u00e1 a cabo en G\u00fcimar, Tenerife\u00a0y se tratar\u00e1 de una [&hellip;]<\/p>\n<\/div>\n\t\t<div class=\"tribe-events-c-small-cta tribe-common-b3 tribe-events-calendar-month__calendar-event-tooltip-cost\">\n\t<span class=\"tribe-events-c-small-cta__price\">\n\t\tFree\t<\/span>\n<\/div>\n\t<\/div>\n<\/div>\n\t<\/article>\n<\/div>\n\n\n\t\t\t<\/div>\n\n\t\n<\/div>\n<\/div>\n\n\t\t\t\n\t\t\t\t\n<div\n\t class=\"tribe-events-calendar-month__day tribe-events-calendar-month__day--past\" \trole=\"gridcell\"\n\taria-labelledby=\"tribe-events-calendar-day-2026-04-12\"\n\tdata-js=\"tribe-events-month-grid-cell\"\n>\n\t\n<button\n\taria-expanded=\"false\"\n\taria-controls=\"tribe-events-calendar-mobile-day-2026-04-12\"\n\t class=\"tribe-events-calendar-month__day-cell tribe-events-calendar-month__day-cell--mobile\" \tdata-js=\"tribe-events-calendar-month-day-cell-mobile\"\n\ttabindex=\"-1\"\n>\n\t<h3 class=\"tribe-events-calendar-month__day-date tribe-common-h6 tribe-common-h--alt\">\n\t\t<span class=\"tribe-common-a11y-visual-hide\">\n\t\t\t0 eventos,\n\t\t<\/span>\n\t\t<time\n\t\t\tclass=\"tribe-events-calendar-month__day-date-daynum\"\n\t\t\tdatetime=\"2026-04-12\"\n\t\t>\n\t\t\t12\t\t<\/time>\n\t<\/h3>\n\t\n<\/button>\n\t\n<div\n\tid=\"tribe-events-calendar-day-2026-04-12\"\n\tclass=\"tribe-events-calendar-month__day-cell tribe-events-calendar-month__day-cell--desktop tribe-common-a11y-hidden\"\n>\n\t\n<h3 class=\"tribe-events-calendar-month__day-date tribe-common-h4\">\n\t<span class=\"tribe-common-a11y-visual-hide\">\n\t\t0 eventos,\n\t<\/span>\n\t<time\n\t\tclass=\"tribe-events-calendar-month__day-date-daynum\"\n\t\tdatetime=\"2026-04-12\"\n\t>\n\t\t\t\t\t12\t\t\t<\/time>\n<\/h3>\n\t<div class=\"tribe-events-calendar-month__events\">\n\t\t\n\t\t\t<\/div>\n\n\t\n<\/div>\n<\/div>\n\n\t\t\t\n\t\t<\/div>\n\n\t\n\t\t<div class=\"tribe-events-calendar-month__week\" role=\"row\" data-js=\"tribe-events-month-grid-row\">\n\n\t\t\t\n\t\t\t\t\n<div\n\t class=\"tribe-events-calendar-month__day tribe-events-calendar-month__day--past\" \trole=\"gridcell\"\n\taria-labelledby=\"tribe-events-calendar-day-2026-04-13\"\n\tdata-js=\"tribe-events-month-grid-cell\"\n>\n\t\n<button\n\taria-expanded=\"false\"\n\taria-controls=\"tribe-events-calendar-mobile-day-2026-04-13\"\n\t class=\"tribe-events-calendar-month__day-cell tribe-events-calendar-month__day-cell--mobile\" \tdata-js=\"tribe-events-calendar-month-day-cell-mobile\"\n\ttabindex=\"-1\"\n>\n\t<h3 class=\"tribe-events-calendar-month__day-date tribe-common-h6 tribe-common-h--alt\">\n\t\t<span class=\"tribe-common-a11y-visual-hide\">\n\t\t\t0 eventos,\n\t\t<\/span>\n\t\t<time\n\t\t\tclass=\"tribe-events-calendar-month__day-date-daynum\"\n\t\t\tdatetime=\"2026-04-13\"\n\t\t>\n\t\t\t13\t\t<\/time>\n\t<\/h3>\n\t\n<\/button>\n\t\n<div\n\tid=\"tribe-events-calendar-day-2026-04-13\"\n\tclass=\"tribe-events-calendar-month__day-cell tribe-events-calendar-month__day-cell--desktop tribe-common-a11y-hidden\"\n>\n\t\n<h3 class=\"tribe-events-calendar-month__day-date tribe-common-h4\">\n\t<span class=\"tribe-common-a11y-visual-hide\">\n\t\t0 eventos,\n\t<\/span>\n\t<time\n\t\tclass=\"tribe-events-calendar-month__day-date-daynum\"\n\t\tdatetime=\"2026-04-13\"\n\t>\n\t\t\t\t\t13\t\t\t<\/time>\n<\/h3>\n\t<div class=\"tribe-events-calendar-month__events\">\n\t\t\n\t\t\t<\/div>\n\n\t\n<\/div>\n<\/div>\n\n\t\t\t\n\t\t\t\t\n<div\n\t class=\"tribe-events-calendar-month__day tribe-events-calendar-month__day--past\" \trole=\"gridcell\"\n\taria-labelledby=\"tribe-events-calendar-day-2026-04-14\"\n\tdata-js=\"tribe-events-month-grid-cell\"\n>\n\t\n<button\n\taria-expanded=\"false\"\n\taria-controls=\"tribe-events-calendar-mobile-day-2026-04-14\"\n\t class=\"tribe-events-calendar-month__day-cell tribe-events-calendar-month__day-cell--mobile\" \tdata-js=\"tribe-events-calendar-month-day-cell-mobile\"\n\ttabindex=\"-1\"\n>\n\t<h3 class=\"tribe-events-calendar-month__day-date tribe-common-h6 tribe-common-h--alt\">\n\t\t<span class=\"tribe-common-a11y-visual-hide\">\n\t\t\t0 eventos,\n\t\t<\/span>\n\t\t<time\n\t\t\tclass=\"tribe-events-calendar-month__day-date-daynum\"\n\t\t\tdatetime=\"2026-04-14\"\n\t\t>\n\t\t\t14\t\t<\/time>\n\t<\/h3>\n\t\n<\/button>\n\t\n<div\n\tid=\"tribe-events-calendar-day-2026-04-14\"\n\tclass=\"tribe-events-calendar-month__day-cell tribe-events-calendar-month__day-cell--desktop tribe-common-a11y-hidden\"\n>\n\t\n<h3 class=\"tribe-events-calendar-month__day-date tribe-common-h4\">\n\t<span class=\"tribe-common-a11y-visual-hide\">\n\t\t0 eventos,\n\t<\/span>\n\t<time\n\t\tclass=\"tribe-events-calendar-month__day-date-daynum\"\n\t\tdatetime=\"2026-04-14\"\n\t>\n\t\t\t\t\t14\t\t\t<\/time>\n<\/h3>\n\t<div class=\"tribe-events-calendar-month__events\">\n\t\t\n\t\t\t<\/div>\n\n\t\n<\/div>\n<\/div>\n\n\t\t\t\n\t\t\t\t\n<div\n\t class=\"tribe-events-calendar-month__day tribe-events-calendar-month__day--past\" \trole=\"gridcell\"\n\taria-labelledby=\"tribe-events-calendar-day-2026-04-15\"\n\tdata-js=\"tribe-events-month-grid-cell\"\n>\n\t\n<button\n\taria-expanded=\"false\"\n\taria-controls=\"tribe-events-calendar-mobile-day-2026-04-15\"\n\t class=\"tribe-events-calendar-month__day-cell tribe-events-calendar-month__day-cell--mobile\" \tdata-js=\"tribe-events-calendar-month-day-cell-mobile\"\n\ttabindex=\"-1\"\n>\n\t<h3 class=\"tribe-events-calendar-month__day-date tribe-common-h6 tribe-common-h--alt\">\n\t\t<span class=\"tribe-common-a11y-visual-hide\">\n\t\t\t0 eventos,\n\t\t<\/span>\n\t\t<time\n\t\t\tclass=\"tribe-events-calendar-month__day-date-daynum\"\n\t\t\tdatetime=\"2026-04-15\"\n\t\t>\n\t\t\t15\t\t<\/time>\n\t<\/h3>\n\t\n<\/button>\n\t\n<div\n\tid=\"tribe-events-calendar-day-2026-04-15\"\n\tclass=\"tribe-events-calendar-month__day-cell tribe-events-calendar-month__day-cell--desktop tribe-common-a11y-hidden\"\n>\n\t\n<h3 class=\"tribe-events-calendar-month__day-date tribe-common-h4\">\n\t<span class=\"tribe-common-a11y-visual-hide\">\n\t\t0 eventos,\n\t<\/span>\n\t<time\n\t\tclass=\"tribe-events-calendar-month__day-date-daynum\"\n\t\tdatetime=\"2026-04-15\"\n\t>\n\t\t\t\t\t15\t\t\t<\/time>\n<\/h3>\n\t<div class=\"tribe-events-calendar-month__events\">\n\t\t\n\t\t\t<\/div>\n\n\t\n<\/div>\n<\/div>\n\n\t\t\t\n\t\t\t\t\n<div\n\t class=\"tribe-events-calendar-month__day tribe-events-calendar-month__day--past\" \trole=\"gridcell\"\n\taria-labelledby=\"tribe-events-calendar-day-2026-04-16\"\n\tdata-js=\"tribe-events-month-grid-cell\"\n>\n\t\n<button\n\taria-expanded=\"false\"\n\taria-controls=\"tribe-events-calendar-mobile-day-2026-04-16\"\n\t class=\"tribe-events-calendar-month__day-cell tribe-events-calendar-month__day-cell--mobile\" \tdata-js=\"tribe-events-calendar-month-day-cell-mobile\"\n\ttabindex=\"-1\"\n>\n\t<h3 class=\"tribe-events-calendar-month__day-date tribe-common-h6 tribe-common-h--alt\">\n\t\t<span class=\"tribe-common-a11y-visual-hide\">\n\t\t\t0 eventos,\n\t\t<\/span>\n\t\t<time\n\t\t\tclass=\"tribe-events-calendar-month__day-date-daynum\"\n\t\t\tdatetime=\"2026-04-16\"\n\t\t>\n\t\t\t16\t\t<\/time>\n\t<\/h3>\n\t\n<\/button>\n\t\n<div\n\tid=\"tribe-events-calendar-day-2026-04-16\"\n\tclass=\"tribe-events-calendar-month__day-cell tribe-events-calendar-month__day-cell--desktop tribe-common-a11y-hidden\"\n>\n\t\n<h3 class=\"tribe-events-calendar-month__day-date tribe-common-h4\">\n\t<span class=\"tribe-common-a11y-visual-hide\">\n\t\t0 eventos,\n\t<\/span>\n\t<time\n\t\tclass=\"tribe-events-calendar-month__day-date-daynum\"\n\t\tdatetime=\"2026-04-16\"\n\t>\n\t\t\t\t\t16\t\t\t<\/time>\n<\/h3>\n\t<div class=\"tribe-events-calendar-month__events\">\n\t\t\n\t\t\t<\/div>\n\n\t\n<\/div>\n<\/div>\n\n\t\t\t\n\t\t\t\t\n<div\n\t class=\"tribe-events-calendar-month__day tribe-events-calendar-month__day--past\" \trole=\"gridcell\"\n\taria-labelledby=\"tribe-events-calendar-day-2026-04-17\"\n\tdata-js=\"tribe-events-month-grid-cell\"\n>\n\t\n<button\n\taria-expanded=\"false\"\n\taria-controls=\"tribe-events-calendar-mobile-day-2026-04-17\"\n\t class=\"tribe-events-calendar-month__day-cell tribe-events-calendar-month__day-cell--mobile\" \tdata-js=\"tribe-events-calendar-month-day-cell-mobile\"\n\ttabindex=\"-1\"\n>\n\t<h3 class=\"tribe-events-calendar-month__day-date tribe-common-h6 tribe-common-h--alt\">\n\t\t<span class=\"tribe-common-a11y-visual-hide\">\n\t\t\t0 eventos,\n\t\t<\/span>\n\t\t<time\n\t\t\tclass=\"tribe-events-calendar-month__day-date-daynum\"\n\t\t\tdatetime=\"2026-04-17\"\n\t\t>\n\t\t\t17\t\t<\/time>\n\t<\/h3>\n\t\n<\/button>\n\t\n<div\n\tid=\"tribe-events-calendar-day-2026-04-17\"\n\tclass=\"tribe-events-calendar-month__day-cell tribe-events-calendar-month__day-cell--desktop tribe-common-a11y-hidden\"\n>\n\t\n<h3 class=\"tribe-events-calendar-month__day-date tribe-common-h4\">\n\t<span class=\"tribe-common-a11y-visual-hide\">\n\t\t0 eventos,\n\t<\/span>\n\t<time\n\t\tclass=\"tribe-events-calendar-month__day-date-daynum\"\n\t\tdatetime=\"2026-04-17\"\n\t>\n\t\t\t\t\t17\t\t\t<\/time>\n<\/h3>\n\t<div class=\"tribe-events-calendar-month__events\">\n\t\t\n\t\t\t<\/div>\n\n\t\n<\/div>\n<\/div>\n\n\t\t\t\n\t\t\t\t\n<div\n\t class=\"tribe-events-calendar-month__day tribe-events-calendar-month__day--past\" \trole=\"gridcell\"\n\taria-labelledby=\"tribe-events-calendar-day-2026-04-18\"\n\tdata-js=\"tribe-events-month-grid-cell\"\n>\n\t\n<button\n\taria-expanded=\"false\"\n\taria-controls=\"tribe-events-calendar-mobile-day-2026-04-18\"\n\t class=\"tribe-events-calendar-month__day-cell tribe-events-calendar-month__day-cell--mobile\" \tdata-js=\"tribe-events-calendar-month-day-cell-mobile\"\n\ttabindex=\"-1\"\n>\n\t<h3 class=\"tribe-events-calendar-month__day-date tribe-common-h6 tribe-common-h--alt\">\n\t\t<span class=\"tribe-common-a11y-visual-hide\">\n\t\t\t4 eventos,\n\t\t<\/span>\n\t\t<time\n\t\t\tclass=\"tribe-events-calendar-month__day-date-daynum\"\n\t\t\tdatetime=\"2026-04-18\"\n\t\t>\n\t\t\t18\t\t<\/time>\n\t<\/h3>\n\t\n\t\t<em\n\t\tclass=\"tribe-events-calendar-month__mobile-events-icon tribe-events-calendar-month__mobile-events-icon--event\"\n\t\taria-label=\"Has eventos\"\n\t\ttitle=\"Has eventos\"\n\t>\n\t<\/em>\n<\/button>\n\t\n<div\n\tid=\"tribe-events-calendar-day-2026-04-18\"\n\tclass=\"tribe-events-calendar-month__day-cell tribe-events-calendar-month__day-cell--desktop tribe-common-a11y-hidden\"\n>\n\t\n<h3 class=\"tribe-events-calendar-month__day-date tribe-common-h4\">\n\t<span class=\"tribe-common-a11y-visual-hide\">\n\t\t4 eventos,\n\t<\/span>\n\t<time\n\t\tclass=\"tribe-events-calendar-month__day-date-daynum\"\n\t\tdatetime=\"2026-04-18\"\n\t>\n\t\t\t\t\t<a\n\t\t\t\thref=\"https:\/\/federacioncanariadehipica.es\/inicio\/events\/2026-04-18\/?shortcode=b5e78f03\"\n\t\t\t\tclass=\"tribe-events-calendar-month__day-date-link\"\n\t\t\t\tdata-js=\"tribe-events-view-link\"\n\t\t\t>\n\t\t\t\t18\t\t\t<\/a>\n\t\t\t<\/time>\n<\/h3>\n\t<div class=\"tribe-events-calendar-month__events\">\n\t\t\n\t<div class=\"tribe-events-calendar-month__multiday-event-wrapper\">\n\t<article  class=\"tribe-events-calendar-month__multiday-event post-10000492 tribe_events type-tribe_events status-publish has-post-thumbnail hentry tribe_events_cat-raid cat_raid tribe-events-calendar-month__multiday-event--width-1 tribe-events-calendar-month__multiday-event--display tribe-events-calendar-month__multiday-event--start tribe-events-calendar-month__multiday-event--end tribe-events-calendar-month__multiday-event--past\"  data-event-id=\"10000492\">\n\t\t<div class=\"tribe-events-calendar-month__multiday-event-hidden\">\n\t<time\n\tdatetime=\"2026-04-18\"\n\tclass=\"tribe-common-a11y-visual-hide\"\n>\n\t2026-04-18<\/time>\n\t<a\n\thref=\"https:\/\/federacioncanariadehipica.es\/inicio\/evento\/ii-raid-isla-de-fuerteventura-antigua\/\"\n\tclass=\"tribe-events-calendar-month__multiday-event-hidden-link\"\n\tdata-js=\"tribe-events-tooltip\"\n\tdata-tooltip-content=\"#tribe-events-tooltip-content-10000492\"\n\taria-describedby=\"tribe-events-tooltip-content-10000492\"\n>\n\t\t<h3 class=\"tribe-events-calendar-month__multiday-event-hidden-title tribe-common-h8\">\n\tII Raid Isla de Fuerteventura &#8211; Antigua<\/h3>\n<\/a>\n<\/div>\n\t\t<div class=\"tribe-events-calendar-month__multiday-event-bar\">\n\t<div class=\"tribe-events-calendar-month__multiday-event-bar-inner\">\n\t\t\t\t<h3 class=\"tribe-events-calendar-month__multiday-event-bar-title tribe-common-h8\">\n\tII Raid Isla de Fuerteventura &#8211; Antigua<\/h3>\n\t<\/div>\n<\/div>\n<div class=\"tribe-events-calendar-month__calendar-event-tooltip-template tribe-common-a11y-hidden\">\n\t<div\n\t\tclass=\"tribe-events-calendar-month__calendar-event-tooltip\"\n\t\tid=\"tribe-events-tooltip-content-10000492\"\n\t\trole=\"tooltip\"\n\t>\n\t\t<div class=\"tribe-events-calendar-month__calendar-event-tooltip-featured-image-wrapper\">\n\t<a\n\t\thref=\"https:\/\/federacioncanariadehipica.es\/inicio\/evento\/ii-raid-isla-de-fuerteventura-antigua\/\"\n\t\ttitle=\"II Raid Isla de Fuerteventura &#8211; Antigua\"\n\t\trel=\"bookmark\"\n\t\tclass=\"tribe-events-calendar-month__calendar-event-tooltip-featured-image-link\"\n\t>\n\t\t<img\n\t\t\tsrc=\"https:\/\/federacioncanariadehipica.es\/inicio\/wp-content\/uploads\/2023\/04\/cartelproximamente.jpg\"\n\t\t\t\t\t\t\t\t\t\talt=\"\"\n\t\t\t\t\t\t\t\t\t\ttitle=\"cartelproximamente\"\n\t\t\t\t\t\tclass=\"tribe-events-calendar-month__calendar-event-tooltip-featured-image\"\n\t\t\/>\n\t<\/a>\n<\/div>\n\t\t<div class=\"tribe-events-calendar-month__calendar-event-tooltip-datetime\">\n\t\t<time datetime=\"2026-04-18\">\n\t\t<span class=\"tribe-event-date-start\">18 abril<\/span>\t<\/time>\n\t<\/div>\n\t\t<h3 class=\"tribe-events-calendar-month__calendar-event-tooltip-title tribe-common-h7\">\n\t<a\n\t\thref=\"https:\/\/federacioncanariadehipica.es\/inicio\/evento\/ii-raid-isla-de-fuerteventura-antigua\/\"\n\t\ttitle=\"II Raid Isla de Fuerteventura &#8211; Antigua\"\n\t\trel=\"bookmark\"\n\t\tclass=\"tribe-events-calendar-month__calendar-event-tooltip-title-link tribe-common-anchor-thin\"\n\t>\n\t\tII Raid Isla de Fuerteventura &#8211; Antigua\t<\/a>\n<\/h3>\n\t\t<div class=\"tribe-events-calendar-month__calendar-event-tooltip-description tribe-common-b3\">\n\t<p>\u00a1Le damos la bienvenidos a los amantes de la h\u00edpica! Les presentamos un evento imprescindible de esta emocionante disciplina. Se llevar\u00e1 a cabo en Antigua, Fuerteventura y se tratar\u00e1 del [&hellip;]<\/p>\n<\/div>\n\t\t<div class=\"tribe-events-c-small-cta tribe-common-b3 tribe-events-calendar-month__calendar-event-tooltip-cost\">\n\t<span class=\"tribe-events-c-small-cta__price\">\n\t\tFree\t<\/span>\n<\/div>\n\t<\/div>\n<\/div>\n\t<\/article>\n<\/div>\n\n\t<div class=\"tribe-events-calendar-month__multiday-event-wrapper\">\n\t<article  class=\"tribe-events-calendar-month__multiday-event post-10000493 tribe_events type-tribe_events status-publish has-post-thumbnail hentry tribe_events_cat-carreras cat_carreras tribe-events-calendar-month__multiday-event--width-1 tribe-events-calendar-month__multiday-event--display tribe-events-calendar-month__multiday-event--start tribe-events-calendar-month__multiday-event--end tribe-events-calendar-month__multiday-event--past\"  data-event-id=\"10000493\">\n\t\t<div class=\"tribe-events-calendar-month__multiday-event-hidden\">\n\t<time\n\tdatetime=\"2026-04-18\"\n\tclass=\"tribe-common-a11y-visual-hide\"\n>\n\t2026-04-18<\/time>\n\t<a\n\thref=\"https:\/\/federacioncanariadehipica.es\/inicio\/evento\/la-palma-ecuestre-carreras-tradicionales-en-asfalto-13\/\"\n\tclass=\"tribe-events-calendar-month__multiday-event-hidden-link\"\n\tdata-js=\"tribe-events-tooltip\"\n\tdata-tooltip-content=\"#tribe-events-tooltip-content-10000493\"\n\taria-describedby=\"tribe-events-tooltip-content-10000493\"\n>\n\t\t<h3 class=\"tribe-events-calendar-month__multiday-event-hidden-title tribe-common-h8\">\n\tLa Palma Ecuestre | Carreras tradicionales en asfalto<\/h3>\n<\/a>\n<\/div>\n\t\t<div class=\"tribe-events-calendar-month__multiday-event-bar\">\n\t<div class=\"tribe-events-calendar-month__multiday-event-bar-inner\">\n\t\t\t\t<h3 class=\"tribe-events-calendar-month__multiday-event-bar-title tribe-common-h8\">\n\tLa Palma Ecuestre | Carreras tradicionales en asfalto<\/h3>\n\t<\/div>\n<\/div>\n<div class=\"tribe-events-calendar-month__calendar-event-tooltip-template tribe-common-a11y-hidden\">\n\t<div\n\t\tclass=\"tribe-events-calendar-month__calendar-event-tooltip\"\n\t\tid=\"tribe-events-tooltip-content-10000493\"\n\t\trole=\"tooltip\"\n\t>\n\t\t<div class=\"tribe-events-calendar-month__calendar-event-tooltip-featured-image-wrapper\">\n\t<a\n\t\thref=\"https:\/\/federacioncanariadehipica.es\/inicio\/evento\/la-palma-ecuestre-carreras-tradicionales-en-asfalto-13\/\"\n\t\ttitle=\"La Palma Ecuestre | Carreras tradicionales en asfalto\"\n\t\trel=\"bookmark\"\n\t\tclass=\"tribe-events-calendar-month__calendar-event-tooltip-featured-image-link\"\n\t>\n\t\t<img\n\t\t\tsrc=\"https:\/\/federacioncanariadehipica.es\/inicio\/wp-content\/uploads\/2023\/04\/cartelproximamente.jpg\"\n\t\t\t\t\t\t\t\t\t\talt=\"\"\n\t\t\t\t\t\t\t\t\t\ttitle=\"cartelproximamente\"\n\t\t\t\t\t\tclass=\"tribe-events-calendar-month__calendar-event-tooltip-featured-image\"\n\t\t\/>\n\t<\/a>\n<\/div>\n\t\t<div class=\"tribe-events-calendar-month__calendar-event-tooltip-datetime\">\n\t\t<time datetime=\"2026-04-18\">\n\t\t<span class=\"tribe-event-date-start\">18 abril<\/span>\t<\/time>\n\t<\/div>\n\t\t<h3 class=\"tribe-events-calendar-month__calendar-event-tooltip-title tribe-common-h7\">\n\t<a\n\t\thref=\"https:\/\/federacioncanariadehipica.es\/inicio\/evento\/la-palma-ecuestre-carreras-tradicionales-en-asfalto-13\/\"\n\t\ttitle=\"La Palma Ecuestre | Carreras tradicionales en asfalto\"\n\t\trel=\"bookmark\"\n\t\tclass=\"tribe-events-calendar-month__calendar-event-tooltip-title-link tribe-common-anchor-thin\"\n\t>\n\t\tLa Palma Ecuestre | Carreras tradicionales en asfalto\t<\/a>\n<\/h3>\n\t\t<div class=\"tribe-events-calendar-month__calendar-event-tooltip-description tribe-common-b3\">\n\t<p>\u00a1Le damos la bienvenidos a los amantes de la h\u00edpica! Les presentamos un evento imprescindible de esta emocionante disciplina. Se llevar\u00e1 a cabo en La Palma\u00a0 y se tratar\u00e1 de [&hellip;]<\/p>\n<\/div>\n\t\t<div class=\"tribe-events-c-small-cta tribe-common-b3 tribe-events-calendar-month__calendar-event-tooltip-cost\">\n\t<span class=\"tribe-events-c-small-cta__price\">\n\t\tFree\t<\/span>\n<\/div>\n\t<\/div>\n<\/div>\n\t<\/article>\n<\/div>\n\n\t<div class=\"tribe-events-calendar-month__multiday-event-wrapper\">\n\t<article  class=\"tribe-events-calendar-month__multiday-event post-10000507 tribe_events type-tribe_events status-publish has-post-thumbnail hentry tribe_events_cat-salto-de-obstaculos cat_salto-de-obstaculos tribe-events-calendar-month__multiday-event--width-2 tribe-events-calendar-month__multiday-event--display tribe-events-calendar-month__multiday-event--start tribe-events-calendar-month__multiday-event--end tribe-events-calendar-month__multiday-event--past\"  data-event-id=\"10000507\">\n\t\t<div class=\"tribe-events-calendar-month__multiday-event-hidden\">\n\t<time\n\tdatetime=\"2026-04-18\"\n\tclass=\"tribe-common-a11y-visual-hide\"\n>\n\t2026-04-18<\/time>\n\t<a\n\thref=\"https:\/\/federacioncanariadehipica.es\/inicio\/evento\/cst-memorial-javier-cortezo-real-club-de-golf-de-las-palmas\/\"\n\tclass=\"tribe-events-calendar-month__multiday-event-hidden-link\"\n\tdata-js=\"tribe-events-tooltip\"\n\tdata-tooltip-content=\"#tribe-events-tooltip-content-10000507\"\n\taria-describedby=\"tribe-events-tooltip-content-10000507\"\n>\n\t\t<h3 class=\"tribe-events-calendar-month__multiday-event-hidden-title tribe-common-h8\">\n\tCST Memorial Javier Cortezo | Real Club de Golf de Las Palmas<\/h3>\n<\/a>\n<\/div>\n\t\t<div class=\"tribe-events-calendar-month__multiday-event-bar\">\n\t<div class=\"tribe-events-calendar-month__multiday-event-bar-inner\">\n\t\t\t\t<h3 class=\"tribe-events-calendar-month__multiday-event-bar-title tribe-common-h8\">\n\tCST Memorial Javier Cortezo | Real Club de Golf de Las Palmas<\/h3>\n\t<\/div>\n<\/div>\n<div class=\"tribe-events-calendar-month__calendar-event-tooltip-template tribe-common-a11y-hidden\">\n\t<div\n\t\tclass=\"tribe-events-calendar-month__calendar-event-tooltip\"\n\t\tid=\"tribe-events-tooltip-content-10000507\"\n\t\trole=\"tooltip\"\n\t>\n\t\t<div class=\"tribe-events-calendar-month__calendar-event-tooltip-featured-image-wrapper\">\n\t<a\n\t\thref=\"https:\/\/federacioncanariadehipica.es\/inicio\/evento\/cst-memorial-javier-cortezo-real-club-de-golf-de-las-palmas\/\"\n\t\ttitle=\"CST Memorial Javier Cortezo | Real Club de Golf de Las Palmas\"\n\t\trel=\"bookmark\"\n\t\tclass=\"tribe-events-calendar-month__calendar-event-tooltip-featured-image-link\"\n\t>\n\t\t<img\n\t\t\tsrc=\"https:\/\/federacioncanariadehipica.es\/inicio\/wp-content\/uploads\/2025\/12\/IMG_3261.jpg\"\n\t\t\t\t\t\t\t\t\t\talt=\"\"\n\t\t\t\t\t\t\t\t\t\ttitle=\"IMG_3261\"\n\t\t\t\t\t\tclass=\"tribe-events-calendar-month__calendar-event-tooltip-featured-image\"\n\t\t\/>\n\t<\/a>\n<\/div>\n\t\t<div class=\"tribe-events-calendar-month__calendar-event-tooltip-datetime\">\n\t\t<time datetime=\"2026-04-18\">\n\t\t<span class=\"tribe-event-date-start\">18 abril<\/span> - <span class=\"tribe-event-date-end\">19 abril<\/span>\t<\/time>\n\t<\/div>\n\t\t<h3 class=\"tribe-events-calendar-month__calendar-event-tooltip-title tribe-common-h7\">\n\t<a\n\t\thref=\"https:\/\/federacioncanariadehipica.es\/inicio\/evento\/cst-memorial-javier-cortezo-real-club-de-golf-de-las-palmas\/\"\n\t\ttitle=\"CST Memorial Javier Cortezo | Real Club de Golf de Las Palmas\"\n\t\trel=\"bookmark\"\n\t\tclass=\"tribe-events-calendar-month__calendar-event-tooltip-title-link tribe-common-anchor-thin\"\n\t>\n\t\tCST Memorial Javier Cortezo | Real Club de Golf de Las Palmas\t<\/a>\n<\/h3>\n\t\t<div class=\"tribe-events-calendar-month__calendar-event-tooltip-description tribe-common-b3\">\n\t<p>\u00a1Le damos la bienvenidos a los amantes de la h\u00edpica! Les presentamos un evento imprescindible de esta emocionante disciplina. Se llevar\u00e1 a cabo en Real Club Golf de Las Palmas [&hellip;]<\/p>\n<\/div>\n\t\t<div class=\"tribe-events-c-small-cta tribe-common-b3 tribe-events-calendar-month__calendar-event-tooltip-cost\">\n\t<span class=\"tribe-events-c-small-cta__price\">\n\t\tFree\t<\/span>\n<\/div>\n\t<\/div>\n<\/div>\n\t<\/article>\n<\/div>\n\n\t<div class=\"tribe-events-calendar-month__multiday-event-wrapper\">\n\t<article  class=\"tribe-events-calendar-month__multiday-event post-10000598 tribe_events type-tribe_events status-publish has-post-thumbnail hentry tribe_events_cat-raid cat_raid tribe-events-calendar-month__multiday-event--width-1 tribe-events-calendar-month__multiday-event--display tribe-events-calendar-month__multiday-event--start tribe-events-calendar-month__multiday-event--end tribe-events-calendar-month__multiday-event--past\"  data-event-id=\"10000598\">\n\t\t<div class=\"tribe-events-calendar-month__multiday-event-hidden\">\n\t<time\n\tdatetime=\"2026-04-18\"\n\tclass=\"tribe-common-a11y-visual-hide\"\n>\n\t2026-04-18<\/time>\n\t<a\n\thref=\"https:\/\/federacioncanariadehipica.es\/inicio\/evento\/cen-iv-raid-centro-hipico-del-norte-y-aerac-2\/\"\n\tclass=\"tribe-events-calendar-month__multiday-event-hidden-link\"\n\tdata-js=\"tribe-events-tooltip\"\n\tdata-tooltip-content=\"#tribe-events-tooltip-content-10000598\"\n\taria-describedby=\"tribe-events-tooltip-content-10000598\"\n>\n\t\t<h3 class=\"tribe-events-calendar-month__multiday-event-hidden-title tribe-common-h8\">\n\tCEN* | IV Raid Centro H\u00edpico del Norte y AERAC<\/h3>\n<\/a>\n<\/div>\n\t\t<div class=\"tribe-events-calendar-month__multiday-event-bar\">\n\t<div class=\"tribe-events-calendar-month__multiday-event-bar-inner\">\n\t\t\t\t<h3 class=\"tribe-events-calendar-month__multiday-event-bar-title tribe-common-h8\">\n\tCEN* | IV Raid Centro H\u00edpico del Norte y AERAC<\/h3>\n\t<\/div>\n<\/div>\n<div class=\"tribe-events-calendar-month__calendar-event-tooltip-template tribe-common-a11y-hidden\">\n\t<div\n\t\tclass=\"tribe-events-calendar-month__calendar-event-tooltip\"\n\t\tid=\"tribe-events-tooltip-content-10000598\"\n\t\trole=\"tooltip\"\n\t>\n\t\t<div class=\"tribe-events-calendar-month__calendar-event-tooltip-featured-image-wrapper\">\n\t<a\n\t\thref=\"https:\/\/federacioncanariadehipica.es\/inicio\/evento\/cen-iv-raid-centro-hipico-del-norte-y-aerac-2\/\"\n\t\ttitle=\"CEN* | IV Raid Centro H\u00edpico del Norte y AERAC\"\n\t\trel=\"bookmark\"\n\t\tclass=\"tribe-events-calendar-month__calendar-event-tooltip-featured-image-link\"\n\t>\n\t\t<img\n\t\t\tsrc=\"https:\/\/federacioncanariadehipica.es\/inicio\/wp-content\/uploads\/2026\/04\/WhatsApp-Image-2026-04-06-at-13.45.01.jpeg\"\n\t\t\t\t\t\t\t\t\t\talt=\"\"\n\t\t\t\t\t\t\t\t\t\ttitle=\"WhatsApp Image 2026-04-06 at 13.45.01\"\n\t\t\t\t\t\tclass=\"tribe-events-calendar-month__calendar-event-tooltip-featured-image\"\n\t\t\/>\n\t<\/a>\n<\/div>\n\t\t<div class=\"tribe-events-calendar-month__calendar-event-tooltip-datetime\">\n\t\t<time datetime=\"2026-04-18\">\n\t\t<span class=\"tribe-event-date-start\">18 abril<\/span>\t<\/time>\n\t<\/div>\n\t\t<h3 class=\"tribe-events-calendar-month__calendar-event-tooltip-title tribe-common-h7\">\n\t<a\n\t\thref=\"https:\/\/federacioncanariadehipica.es\/inicio\/evento\/cen-iv-raid-centro-hipico-del-norte-y-aerac-2\/\"\n\t\ttitle=\"CEN* | IV Raid Centro H\u00edpico del Norte y AERAC\"\n\t\trel=\"bookmark\"\n\t\tclass=\"tribe-events-calendar-month__calendar-event-tooltip-title-link tribe-common-anchor-thin\"\n\t>\n\t\tCEN* | IV Raid Centro H\u00edpico del Norte y AERAC\t<\/a>\n<\/h3>\n\t\t<div class=\"tribe-events-calendar-month__calendar-event-tooltip-description tribe-common-b3\">\n\t<p>\u00a1Le damos la bienvenidos a los amantes de la h\u00edpica! Les presentamos un evento imprescindible de esta emocionante disciplina. Se llevar\u00e1 a cabo en Tenerife\u00a0y se tratar\u00e1 de una competici\u00f3n [&hellip;]<\/p>\n<\/div>\n\t\t<div class=\"tribe-events-c-small-cta tribe-common-b3 tribe-events-calendar-month__calendar-event-tooltip-cost\">\n\t<span class=\"tribe-events-c-small-cta__price\">\n\t\tFree\t<\/span>\n<\/div>\n\t<\/div>\n<\/div>\n\t<\/article>\n<\/div>\n\n\n\t\t\t<\/div>\n\n\t\n<\/div>\n<\/div>\n\n\t\t\t\n\t\t\t\t\n<div\n\t class=\"tribe-events-calendar-month__day tribe-events-calendar-month__day--past\" \trole=\"gridcell\"\n\taria-labelledby=\"tribe-events-calendar-day-2026-04-19\"\n\tdata-js=\"tribe-events-month-grid-cell\"\n>\n\t\n<button\n\taria-expanded=\"false\"\n\taria-controls=\"tribe-events-calendar-mobile-day-2026-04-19\"\n\t class=\"tribe-events-calendar-month__day-cell tribe-events-calendar-month__day-cell--mobile\" \tdata-js=\"tribe-events-calendar-month-day-cell-mobile\"\n\ttabindex=\"-1\"\n>\n\t<h3 class=\"tribe-events-calendar-month__day-date tribe-common-h6 tribe-common-h--alt\">\n\t\t<span class=\"tribe-common-a11y-visual-hide\">\n\t\t\t4 eventos,\n\t\t<\/span>\n\t\t<time\n\t\t\tclass=\"tribe-events-calendar-month__day-date-daynum\"\n\t\t\tdatetime=\"2026-04-19\"\n\t\t>\n\t\t\t19\t\t<\/time>\n\t<\/h3>\n\t\n\t\t<em\n\t\tclass=\"tribe-events-calendar-month__mobile-events-icon tribe-events-calendar-month__mobile-events-icon--event\"\n\t\taria-label=\"Has eventos\"\n\t\ttitle=\"Has eventos\"\n\t>\n\t<\/em>\n<\/button>\n\t\n<div\n\tid=\"tribe-events-calendar-day-2026-04-19\"\n\tclass=\"tribe-events-calendar-month__day-cell tribe-events-calendar-month__day-cell--desktop tribe-common-a11y-hidden\"\n>\n\t\n<h3 class=\"tribe-events-calendar-month__day-date tribe-common-h4\">\n\t<span class=\"tribe-common-a11y-visual-hide\">\n\t\t4 eventos,\n\t<\/span>\n\t<time\n\t\tclass=\"tribe-events-calendar-month__day-date-daynum\"\n\t\tdatetime=\"2026-04-19\"\n\t>\n\t\t\t\t\t<a\n\t\t\t\thref=\"https:\/\/federacioncanariadehipica.es\/inicio\/events\/2026-04-19\/?shortcode=b5e78f03\"\n\t\t\t\tclass=\"tribe-events-calendar-month__day-date-link\"\n\t\t\t\tdata-js=\"tribe-events-view-link\"\n\t\t\t>\n\t\t\t\t19\t\t\t<\/a>\n\t\t\t<\/time>\n<\/h3>\n\t<div class=\"tribe-events-calendar-month__events\">\n\t\t\n\t<div class=\"tribe-events-calendar-month__multiday-event-wrapper\">\n\t<article  class=\"tribe-events-calendar-month__multiday-event post-10000466 tribe_events type-tribe_events status-publish has-post-thumbnail hentry tribe_events_cat-carreras cat_carreras tribe-events-calendar-month__multiday-event--width-1 tribe-events-calendar-month__multiday-event--display tribe-events-calendar-month__multiday-event--start tribe-events-calendar-month__multiday-event--end tribe-events-calendar-month__multiday-event--past\"  data-event-id=\"10000466\">\n\t\t<div class=\"tribe-events-calendar-month__multiday-event-hidden\">\n\t<time\n\tdatetime=\"2026-04-19\"\n\tclass=\"tribe-common-a11y-visual-hide\"\n>\n\t2026-04-19<\/time>\n\t<a\n\thref=\"https:\/\/federacioncanariadehipica.es\/inicio\/evento\/hipodromo-de-la-laguna-de-valleseco-carreras-tradicionales-en-hipodromo-15\/\"\n\tclass=\"tribe-events-calendar-month__multiday-event-hidden-link\"\n\tdata-js=\"tribe-events-tooltip\"\n\tdata-tooltip-content=\"#tribe-events-tooltip-content-10000466\"\n\taria-describedby=\"tribe-events-tooltip-content-10000466\"\n>\n\t\t<h3 class=\"tribe-events-calendar-month__multiday-event-hidden-title tribe-common-h8\">\n\tHip\u00f3dromo de La Laguna de Valleseco | Carreras Tradicionales en Hip\u00f3dromo<\/h3>\n<\/a>\n<\/div>\n\t\t<div class=\"tribe-events-calendar-month__multiday-event-bar\">\n\t<div class=\"tribe-events-calendar-month__multiday-event-bar-inner\">\n\t\t\t\t<h3 class=\"tribe-events-calendar-month__multiday-event-bar-title tribe-common-h8\">\n\tHip\u00f3dromo de La Laguna de Valleseco | Carreras Tradicionales en Hip\u00f3dromo<\/h3>\n\t<\/div>\n<\/div>\n<div class=\"tribe-events-calendar-month__calendar-event-tooltip-template tribe-common-a11y-hidden\">\n\t<div\n\t\tclass=\"tribe-events-calendar-month__calendar-event-tooltip\"\n\t\tid=\"tribe-events-tooltip-content-10000466\"\n\t\trole=\"tooltip\"\n\t>\n\t\t<div class=\"tribe-events-calendar-month__calendar-event-tooltip-featured-image-wrapper\">\n\t<a\n\t\thref=\"https:\/\/federacioncanariadehipica.es\/inicio\/evento\/hipodromo-de-la-laguna-de-valleseco-carreras-tradicionales-en-hipodromo-15\/\"\n\t\ttitle=\"Hip\u00f3dromo de La Laguna de Valleseco | Carreras Tradicionales en Hip\u00f3dromo\"\n\t\trel=\"bookmark\"\n\t\tclass=\"tribe-events-calendar-month__calendar-event-tooltip-featured-image-link\"\n\t>\n\t\t<img\n\t\t\tsrc=\"https:\/\/federacioncanariadehipica.es\/inicio\/wp-content\/uploads\/2023\/04\/cartelproximamente.jpg\"\n\t\t\t\t\t\t\t\t\t\talt=\"\"\n\t\t\t\t\t\t\t\t\t\ttitle=\"cartelproximamente\"\n\t\t\t\t\t\tclass=\"tribe-events-calendar-month__calendar-event-tooltip-featured-image\"\n\t\t\/>\n\t<\/a>\n<\/div>\n\t\t<div class=\"tribe-events-calendar-month__calendar-event-tooltip-datetime\">\n\t\t<time datetime=\"2026-04-19\">\n\t\t<span class=\"tribe-event-date-start\">19 abril<\/span>\t<\/time>\n\t<\/div>\n\t\t<h3 class=\"tribe-events-calendar-month__calendar-event-tooltip-title tribe-common-h7\">\n\t<a\n\t\thref=\"https:\/\/federacioncanariadehipica.es\/inicio\/evento\/hipodromo-de-la-laguna-de-valleseco-carreras-tradicionales-en-hipodromo-15\/\"\n\t\ttitle=\"Hip\u00f3dromo de La Laguna de Valleseco | Carreras Tradicionales en Hip\u00f3dromo\"\n\t\trel=\"bookmark\"\n\t\tclass=\"tribe-events-calendar-month__calendar-event-tooltip-title-link tribe-common-anchor-thin\"\n\t>\n\t\tHip\u00f3dromo de La Laguna de Valleseco | Carreras Tradicionales en Hip\u00f3dromo\t<\/a>\n<\/h3>\n\t\t<div class=\"tribe-events-calendar-month__calendar-event-tooltip-description tribe-common-b3\">\n\t<p>\u00a1Le damos la bienvenidos a los amantes de la h\u00edpica! Les presentamos un evento imprescindible de esta emocionante disciplina. Se llevar\u00e1 a cabo en La Laguna de Valleseco, Gran Canaria [&hellip;]<\/p>\n<\/div>\n\t\t\t<\/div>\n<\/div>\n\t<\/article>\n<\/div>\n\n\t<div class=\"tribe-events-calendar-month__multiday-event-wrapper\">\n\t<article  class=\"tribe-events-calendar-month__multiday-event post-10000494 tribe_events type-tribe_events status-publish has-post-thumbnail hentry tribe_events_cat-carreras cat_carreras tribe-events-calendar-month__multiday-event--width-1 tribe-events-calendar-month__multiday-event--display tribe-events-calendar-month__multiday-event--start tribe-events-calendar-month__multiday-event--end tribe-events-calendar-month__multiday-event--past\"  data-event-id=\"10000494\">\n\t\t<div class=\"tribe-events-calendar-month__multiday-event-hidden\">\n\t<time\n\tdatetime=\"2026-04-19\"\n\tclass=\"tribe-common-a11y-visual-hide\"\n>\n\t2026-04-19<\/time>\n\t<a\n\thref=\"https:\/\/federacioncanariadehipica.es\/inicio\/evento\/la-palma-ecuestre-carreras-tradicionales-en-asfalto-14\/\"\n\tclass=\"tribe-events-calendar-month__multiday-event-hidden-link\"\n\tdata-js=\"tribe-events-tooltip\"\n\tdata-tooltip-content=\"#tribe-events-tooltip-content-10000494\"\n\taria-describedby=\"tribe-events-tooltip-content-10000494\"\n>\n\t\t<h3 class=\"tribe-events-calendar-month__multiday-event-hidden-title tribe-common-h8\">\n\tLa Palma Ecuestre | Carreras tradicionales en asfalto<\/h3>\n<\/a>\n<\/div>\n\t\t<div class=\"tribe-events-calendar-month__multiday-event-bar\">\n\t<div class=\"tribe-events-calendar-month__multiday-event-bar-inner\">\n\t\t\t\t<h3 class=\"tribe-events-calendar-month__multiday-event-bar-title tribe-common-h8\">\n\tLa Palma Ecuestre | Carreras tradicionales en asfalto<\/h3>\n\t<\/div>\n<\/div>\n<div class=\"tribe-events-calendar-month__calendar-event-tooltip-template tribe-common-a11y-hidden\">\n\t<div\n\t\tclass=\"tribe-events-calendar-month__calendar-event-tooltip\"\n\t\tid=\"tribe-events-tooltip-content-10000494\"\n\t\trole=\"tooltip\"\n\t>\n\t\t<div class=\"tribe-events-calendar-month__calendar-event-tooltip-featured-image-wrapper\">\n\t<a\n\t\thref=\"https:\/\/federacioncanariadehipica.es\/inicio\/evento\/la-palma-ecuestre-carreras-tradicionales-en-asfalto-14\/\"\n\t\ttitle=\"La Palma Ecuestre | Carreras tradicionales en asfalto\"\n\t\trel=\"bookmark\"\n\t\tclass=\"tribe-events-calendar-month__calendar-event-tooltip-featured-image-link\"\n\t>\n\t\t<img\n\t\t\tsrc=\"https:\/\/federacioncanariadehipica.es\/inicio\/wp-content\/uploads\/2023\/04\/cartelproximamente.jpg\"\n\t\t\t\t\t\t\t\t\t\talt=\"\"\n\t\t\t\t\t\t\t\t\t\ttitle=\"cartelproximamente\"\n\t\t\t\t\t\tclass=\"tribe-events-calendar-month__calendar-event-tooltip-featured-image\"\n\t\t\/>\n\t<\/a>\n<\/div>\n\t\t<div class=\"tribe-events-calendar-month__calendar-event-tooltip-datetime\">\n\t\t<time datetime=\"2026-04-19\">\n\t\t<span class=\"tribe-event-date-start\">19 abril<\/span>\t<\/time>\n\t<\/div>\n\t\t<h3 class=\"tribe-events-calendar-month__calendar-event-tooltip-title tribe-common-h7\">\n\t<a\n\t\thref=\"https:\/\/federacioncanariadehipica.es\/inicio\/evento\/la-palma-ecuestre-carreras-tradicionales-en-asfalto-14\/\"\n\t\ttitle=\"La Palma Ecuestre | Carreras tradicionales en asfalto\"\n\t\trel=\"bookmark\"\n\t\tclass=\"tribe-events-calendar-month__calendar-event-tooltip-title-link tribe-common-anchor-thin\"\n\t>\n\t\tLa Palma Ecuestre | Carreras tradicionales en asfalto\t<\/a>\n<\/h3>\n\t\t<div class=\"tribe-events-calendar-month__calendar-event-tooltip-description tribe-common-b3\">\n\t<p>\u00a1Le damos la bienvenidos a los amantes de la h\u00edpica! Les presentamos un evento imprescindible de esta emocionante disciplina. Se llevar\u00e1 a cabo en La Palma\u00a0 y se tratar\u00e1 de [&hellip;]<\/p>\n<\/div>\n\t\t<div class=\"tribe-events-c-small-cta tribe-common-b3 tribe-events-calendar-month__calendar-event-tooltip-cost\">\n\t<span class=\"tribe-events-c-small-cta__price\">\n\t\tFree\t<\/span>\n<\/div>\n\t<\/div>\n<\/div>\n\t<\/article>\n<\/div>\n\n\t<div class=\"tribe-events-calendar-month__multiday-event-wrapper\">\n\t<article  class=\"tribe-events-calendar-month__multiday-event post-10000507 tribe_events type-tribe_events status-publish has-post-thumbnail hentry tribe_events_cat-salto-de-obstaculos cat_salto-de-obstaculos\"  data-event-id=\"10000507\">\n\t\t<div class=\"tribe-events-calendar-month__multiday-event-hidden\">\n\t<time\n\tdatetime=\"2026-04-18\"\n\tclass=\"tribe-common-a11y-visual-hide\"\n>\n\t2026-04-18<\/time>\n\t<a\n\thref=\"https:\/\/federacioncanariadehipica.es\/inicio\/evento\/cst-memorial-javier-cortezo-real-club-de-golf-de-las-palmas\/\"\n\tclass=\"tribe-events-calendar-month__multiday-event-hidden-link\"\n\tdata-js=\"tribe-events-tooltip\"\n\tdata-tooltip-content=\"#tribe-events-tooltip-content-10000507\"\n\taria-describedby=\"tribe-events-tooltip-content-10000507\"\n>\n\t\t<h3 class=\"tribe-events-calendar-month__multiday-event-hidden-title tribe-common-h8\">\n\tCST Memorial Javier Cortezo | Real Club de Golf de Las Palmas<\/h3>\n<\/a>\n<\/div>\n\t\t\t<\/article>\n<\/div>\n\n\t<div class=\"tribe-events-calendar-month__multiday-event-wrapper\">\n\t<article  class=\"tribe-events-calendar-month__multiday-event post-10000594 tribe_events type-tribe_events status-publish has-post-thumbnail hentry tribe_events_cat-doma-clasica tribe_events_cat-doma-paralimpica cat_doma-clasica cat_doma-paralimpica tribe-events-calendar-month__multiday-event--width-1 tribe-events-calendar-month__multiday-event--display tribe-events-calendar-month__multiday-event--start tribe-events-calendar-month__multiday-event--end tribe-events-calendar-month__multiday-event--past\"  data-event-id=\"10000594\">\n\t\t<div class=\"tribe-events-calendar-month__multiday-event-hidden\">\n\t<time\n\tdatetime=\"2026-04-19\"\n\tclass=\"tribe-common-a11y-visual-hide\"\n>\n\t2026-04-19<\/time>\n\t<a\n\thref=\"https:\/\/federacioncanariadehipica.es\/inicio\/evento\/cdt-y-paralimpica-centro-hipico-manchon-de-las-flores-3\/\"\n\tclass=\"tribe-events-calendar-month__multiday-event-hidden-link\"\n\tdata-js=\"tribe-events-tooltip\"\n\tdata-tooltip-content=\"#tribe-events-tooltip-content-10000594\"\n\taria-describedby=\"tribe-events-tooltip-content-10000594\"\n>\n\t\t<h3 class=\"tribe-events-calendar-month__multiday-event-hidden-title tribe-common-h8\">\n\tCDT y Paral\u00edmpica | Centro H\u00edpico Manch\u00f3n de las Flores<\/h3>\n<\/a>\n<\/div>\n\t\t<div class=\"tribe-events-calendar-month__multiday-event-bar\">\n\t<div class=\"tribe-events-calendar-month__multiday-event-bar-inner\">\n\t\t\t\t<h3 class=\"tribe-events-calendar-month__multiday-event-bar-title tribe-common-h8\">\n\tCDT y Paral\u00edmpica | Centro H\u00edpico Manch\u00f3n de las Flores<\/h3>\n\t<\/div>\n<\/div>\n<div class=\"tribe-events-calendar-month__calendar-event-tooltip-template tribe-common-a11y-hidden\">\n\t<div\n\t\tclass=\"tribe-events-calendar-month__calendar-event-tooltip\"\n\t\tid=\"tribe-events-tooltip-content-10000594\"\n\t\trole=\"tooltip\"\n\t>\n\t\t<div class=\"tribe-events-calendar-month__calendar-event-tooltip-featured-image-wrapper\">\n\t<a\n\t\thref=\"https:\/\/federacioncanariadehipica.es\/inicio\/evento\/cdt-y-paralimpica-centro-hipico-manchon-de-las-flores-3\/\"\n\t\ttitle=\"CDT y Paral\u00edmpica | Centro H\u00edpico Manch\u00f3n de las Flores\"\n\t\trel=\"bookmark\"\n\t\tclass=\"tribe-events-calendar-month__calendar-event-tooltip-featured-image-link\"\n\t>\n\t\t<img\n\t\t\tsrc=\"https:\/\/federacioncanariadehipica.es\/inicio\/wp-content\/uploads\/2026\/03\/WhatsApp-Image-2026-04-07-at-15.02.29.jpeg\"\n\t\t\t\t\t\t\t\t\t\talt=\"\"\n\t\t\t\t\t\t\t\t\t\ttitle=\"WhatsApp-Image-2026-04-07-at-15.02.29\"\n\t\t\t\t\t\tclass=\"tribe-events-calendar-month__calendar-event-tooltip-featured-image\"\n\t\t\/>\n\t<\/a>\n<\/div>\n\t\t<div class=\"tribe-events-calendar-month__calendar-event-tooltip-datetime\">\n\t\t<time datetime=\"2026-04-19\">\n\t\t<span class=\"tribe-event-date-start\">19 abril<\/span>\t<\/time>\n\t<\/div>\n\t\t<h3 class=\"tribe-events-calendar-month__calendar-event-tooltip-title tribe-common-h7\">\n\t<a\n\t\thref=\"https:\/\/federacioncanariadehipica.es\/inicio\/evento\/cdt-y-paralimpica-centro-hipico-manchon-de-las-flores-3\/\"\n\t\ttitle=\"CDT y Paral\u00edmpica | Centro H\u00edpico Manch\u00f3n de las Flores\"\n\t\trel=\"bookmark\"\n\t\tclass=\"tribe-events-calendar-month__calendar-event-tooltip-title-link tribe-common-anchor-thin\"\n\t>\n\t\tCDT y Paral\u00edmpica | Centro H\u00edpico Manch\u00f3n de las Flores\t<\/a>\n<\/h3>\n\t\t<div class=\"tribe-events-calendar-month__calendar-event-tooltip-description tribe-common-b3\">\n\t<p>\u00a1Le damos la bienvenidos a los amantes de la h\u00edpica! Les presentamos un evento imprescindible de esta emocionante disciplina. Se llevar\u00e1 a cabo en el Centro H\u00edpico Manch\u00f3n de las [&hellip;]<\/p>\n<\/div>\n\t\t<div class=\"tribe-events-c-small-cta tribe-common-b3 tribe-events-calendar-month__calendar-event-tooltip-cost\">\n\t<span class=\"tribe-events-c-small-cta__price\">\n\t\tFree\t<\/span>\n<\/div>\n\t<\/div>\n<\/div>\n\t<\/article>\n<\/div>\n\n\n\t\t\t<\/div>\n\n\t\n<\/div>\n<\/div>\n\n\t\t\t\n\t\t<\/div>\n\n\t\n\t\t<div class=\"tribe-events-calendar-month__week\" role=\"row\" data-js=\"tribe-events-month-grid-row\">\n\n\t\t\t\n\t\t\t\t\n<div\n\t class=\"tribe-events-calendar-month__day tribe-events-calendar-month__day--past\" \trole=\"gridcell\"\n\taria-labelledby=\"tribe-events-calendar-day-2026-04-20\"\n\tdata-js=\"tribe-events-month-grid-cell\"\n>\n\t\n<button\n\taria-expanded=\"false\"\n\taria-controls=\"tribe-events-calendar-mobile-day-2026-04-20\"\n\t class=\"tribe-events-calendar-month__day-cell tribe-events-calendar-month__day-cell--mobile\" \tdata-js=\"tribe-events-calendar-month-day-cell-mobile\"\n\ttabindex=\"-1\"\n>\n\t<h3 class=\"tribe-events-calendar-month__day-date tribe-common-h6 tribe-common-h--alt\">\n\t\t<span class=\"tribe-common-a11y-visual-hide\">\n\t\t\t0 eventos,\n\t\t<\/span>\n\t\t<time\n\t\t\tclass=\"tribe-events-calendar-month__day-date-daynum\"\n\t\t\tdatetime=\"2026-04-20\"\n\t\t>\n\t\t\t20\t\t<\/time>\n\t<\/h3>\n\t\n<\/button>\n\t\n<div\n\tid=\"tribe-events-calendar-day-2026-04-20\"\n\tclass=\"tribe-events-calendar-month__day-cell tribe-events-calendar-month__day-cell--desktop tribe-common-a11y-hidden\"\n>\n\t\n<h3 class=\"tribe-events-calendar-month__day-date tribe-common-h4\">\n\t<span class=\"tribe-common-a11y-visual-hide\">\n\t\t0 eventos,\n\t<\/span>\n\t<time\n\t\tclass=\"tribe-events-calendar-month__day-date-daynum\"\n\t\tdatetime=\"2026-04-20\"\n\t>\n\t\t\t\t\t20\t\t\t<\/time>\n<\/h3>\n\t<div class=\"tribe-events-calendar-month__events\">\n\t\t\n\t\t\t<\/div>\n\n\t\n<\/div>\n<\/div>\n\n\t\t\t\n\t\t\t\t\n<div\n\t class=\"tribe-events-calendar-month__day tribe-events-calendar-month__day--past\" \trole=\"gridcell\"\n\taria-labelledby=\"tribe-events-calendar-day-2026-04-21\"\n\tdata-js=\"tribe-events-month-grid-cell\"\n>\n\t\n<button\n\taria-expanded=\"false\"\n\taria-controls=\"tribe-events-calendar-mobile-day-2026-04-21\"\n\t class=\"tribe-events-calendar-month__day-cell tribe-events-calendar-month__day-cell--mobile\" \tdata-js=\"tribe-events-calendar-month-day-cell-mobile\"\n\ttabindex=\"-1\"\n>\n\t<h3 class=\"tribe-events-calendar-month__day-date tribe-common-h6 tribe-common-h--alt\">\n\t\t<span class=\"tribe-common-a11y-visual-hide\">\n\t\t\t0 eventos,\n\t\t<\/span>\n\t\t<time\n\t\t\tclass=\"tribe-events-calendar-month__day-date-daynum\"\n\t\t\tdatetime=\"2026-04-21\"\n\t\t>\n\t\t\t21\t\t<\/time>\n\t<\/h3>\n\t\n<\/button>\n\t\n<div\n\tid=\"tribe-events-calendar-day-2026-04-21\"\n\tclass=\"tribe-events-calendar-month__day-cell tribe-events-calendar-month__day-cell--desktop tribe-common-a11y-hidden\"\n>\n\t\n<h3 class=\"tribe-events-calendar-month__day-date tribe-common-h4\">\n\t<span class=\"tribe-common-a11y-visual-hide\">\n\t\t0 eventos,\n\t<\/span>\n\t<time\n\t\tclass=\"tribe-events-calendar-month__day-date-daynum\"\n\t\tdatetime=\"2026-04-21\"\n\t>\n\t\t\t\t\t21\t\t\t<\/time>\n<\/h3>\n\t<div class=\"tribe-events-calendar-month__events\">\n\t\t\n\t\t\t<\/div>\n\n\t\n<\/div>\n<\/div>\n\n\t\t\t\n\t\t\t\t\n<div\n\t class=\"tribe-events-calendar-month__day tribe-events-calendar-month__day--past\" \trole=\"gridcell\"\n\taria-labelledby=\"tribe-events-calendar-day-2026-04-22\"\n\tdata-js=\"tribe-events-month-grid-cell\"\n>\n\t\n<button\n\taria-expanded=\"false\"\n\taria-controls=\"tribe-events-calendar-mobile-day-2026-04-22\"\n\t class=\"tribe-events-calendar-month__day-cell tribe-events-calendar-month__day-cell--mobile\" \tdata-js=\"tribe-events-calendar-month-day-cell-mobile\"\n\ttabindex=\"-1\"\n>\n\t<h3 class=\"tribe-events-calendar-month__day-date tribe-common-h6 tribe-common-h--alt\">\n\t\t<span class=\"tribe-common-a11y-visual-hide\">\n\t\t\t0 eventos,\n\t\t<\/span>\n\t\t<time\n\t\t\tclass=\"tribe-events-calendar-month__day-date-daynum\"\n\t\t\tdatetime=\"2026-04-22\"\n\t\t>\n\t\t\t22\t\t<\/time>\n\t<\/h3>\n\t\n<\/button>\n\t\n<div\n\tid=\"tribe-events-calendar-day-2026-04-22\"\n\tclass=\"tribe-events-calendar-month__day-cell tribe-events-calendar-month__day-cell--desktop tribe-common-a11y-hidden\"\n>\n\t\n<h3 class=\"tribe-events-calendar-month__day-date tribe-common-h4\">\n\t<span class=\"tribe-common-a11y-visual-hide\">\n\t\t0 eventos,\n\t<\/span>\n\t<time\n\t\tclass=\"tribe-events-calendar-month__day-date-daynum\"\n\t\tdatetime=\"2026-04-22\"\n\t>\n\t\t\t\t\t22\t\t\t<\/time>\n<\/h3>\n\t<div class=\"tribe-events-calendar-month__events\">\n\t\t\n\t\t\t<\/div>\n\n\t\n<\/div>\n<\/div>\n\n\t\t\t\n\t\t\t\t\n<div\n\t class=\"tribe-events-calendar-month__day tribe-events-calendar-month__day--past\" \trole=\"gridcell\"\n\taria-labelledby=\"tribe-events-calendar-day-2026-04-23\"\n\tdata-js=\"tribe-events-month-grid-cell\"\n>\n\t\n<button\n\taria-expanded=\"false\"\n\taria-controls=\"tribe-events-calendar-mobile-day-2026-04-23\"\n\t class=\"tribe-events-calendar-month__day-cell tribe-events-calendar-month__day-cell--mobile\" \tdata-js=\"tribe-events-calendar-month-day-cell-mobile\"\n\ttabindex=\"-1\"\n>\n\t<h3 class=\"tribe-events-calendar-month__day-date tribe-common-h6 tribe-common-h--alt\">\n\t\t<span class=\"tribe-common-a11y-visual-hide\">\n\t\t\t0 eventos,\n\t\t<\/span>\n\t\t<time\n\t\t\tclass=\"tribe-events-calendar-month__day-date-daynum\"\n\t\t\tdatetime=\"2026-04-23\"\n\t\t>\n\t\t\t23\t\t<\/time>\n\t<\/h3>\n\t\n<\/button>\n\t\n<div\n\tid=\"tribe-events-calendar-day-2026-04-23\"\n\tclass=\"tribe-events-calendar-month__day-cell tribe-events-calendar-month__day-cell--desktop tribe-common-a11y-hidden\"\n>\n\t\n<h3 class=\"tribe-events-calendar-month__day-date tribe-common-h4\">\n\t<span class=\"tribe-common-a11y-visual-hide\">\n\t\t0 eventos,\n\t<\/span>\n\t<time\n\t\tclass=\"tribe-events-calendar-month__day-date-daynum\"\n\t\tdatetime=\"2026-04-23\"\n\t>\n\t\t\t\t\t23\t\t\t<\/time>\n<\/h3>\n\t<div class=\"tribe-events-calendar-month__events\">\n\t\t\n\t\t\t<\/div>\n\n\t\n<\/div>\n<\/div>\n\n\t\t\t\n\t\t\t\t\n<div\n\t class=\"tribe-events-calendar-month__day tribe-events-calendar-month__day--past\" \trole=\"gridcell\"\n\taria-labelledby=\"tribe-events-calendar-day-2026-04-24\"\n\tdata-js=\"tribe-events-month-grid-cell\"\n>\n\t\n<button\n\taria-expanded=\"false\"\n\taria-controls=\"tribe-events-calendar-mobile-day-2026-04-24\"\n\t class=\"tribe-events-calendar-month__day-cell tribe-events-calendar-month__day-cell--mobile\" \tdata-js=\"tribe-events-calendar-month-day-cell-mobile\"\n\ttabindex=\"-1\"\n>\n\t<h3 class=\"tribe-events-calendar-month__day-date tribe-common-h6 tribe-common-h--alt\">\n\t\t<span class=\"tribe-common-a11y-visual-hide\">\n\t\t\t0 eventos,\n\t\t<\/span>\n\t\t<time\n\t\t\tclass=\"tribe-events-calendar-month__day-date-daynum\"\n\t\t\tdatetime=\"2026-04-24\"\n\t\t>\n\t\t\t24\t\t<\/time>\n\t<\/h3>\n\t\n<\/button>\n\t\n<div\n\tid=\"tribe-events-calendar-day-2026-04-24\"\n\tclass=\"tribe-events-calendar-month__day-cell tribe-events-calendar-month__day-cell--desktop tribe-common-a11y-hidden\"\n>\n\t\n<h3 class=\"tribe-events-calendar-month__day-date tribe-common-h4\">\n\t<span class=\"tribe-common-a11y-visual-hide\">\n\t\t0 eventos,\n\t<\/span>\n\t<time\n\t\tclass=\"tribe-events-calendar-month__day-date-daynum\"\n\t\tdatetime=\"2026-04-24\"\n\t>\n\t\t\t\t\t24\t\t\t<\/time>\n<\/h3>\n\t<div class=\"tribe-events-calendar-month__events\">\n\t\t\n\t\t\t<\/div>\n\n\t\n<\/div>\n<\/div>\n\n\t\t\t\n\t\t\t\t\n<div\n\t class=\"tribe-events-calendar-month__day tribe-events-calendar-month__day--past\" \trole=\"gridcell\"\n\taria-labelledby=\"tribe-events-calendar-day-2026-04-25\"\n\tdata-js=\"tribe-events-month-grid-cell\"\n>\n\t\n<button\n\taria-expanded=\"false\"\n\taria-controls=\"tribe-events-calendar-mobile-day-2026-04-25\"\n\t class=\"tribe-events-calendar-month__day-cell tribe-events-calendar-month__day-cell--mobile\" \tdata-js=\"tribe-events-calendar-month-day-cell-mobile\"\n\ttabindex=\"-1\"\n>\n\t<h3 class=\"tribe-events-calendar-month__day-date tribe-common-h6 tribe-common-h--alt\">\n\t\t<span class=\"tribe-common-a11y-visual-hide\">\n\t\t\t1 evento,\n\t\t<\/span>\n\t\t<time\n\t\t\tclass=\"tribe-events-calendar-month__day-date-daynum\"\n\t\t\tdatetime=\"2026-04-25\"\n\t\t>\n\t\t\t25\t\t<\/time>\n\t<\/h3>\n\t\n\t\t<em\n\t\tclass=\"tribe-events-calendar-month__mobile-events-icon tribe-events-calendar-month__mobile-events-icon--event\"\n\t\taria-label=\"Has eventos\"\n\t\ttitle=\"Has eventos\"\n\t>\n\t<\/em>\n<\/button>\n\t\n<div\n\tid=\"tribe-events-calendar-day-2026-04-25\"\n\tclass=\"tribe-events-calendar-month__day-cell tribe-events-calendar-month__day-cell--desktop tribe-common-a11y-hidden\"\n>\n\t\n<h3 class=\"tribe-events-calendar-month__day-date tribe-common-h4\">\n\t<span class=\"tribe-common-a11y-visual-hide\">\n\t\t1 evento,\n\t<\/span>\n\t<time\n\t\tclass=\"tribe-events-calendar-month__day-date-daynum\"\n\t\tdatetime=\"2026-04-25\"\n\t>\n\t\t\t\t\t<a\n\t\t\t\thref=\"https:\/\/federacioncanariadehipica.es\/inicio\/events\/2026-04-25\/?shortcode=b5e78f03\"\n\t\t\t\tclass=\"tribe-events-calendar-month__day-date-link\"\n\t\t\t\tdata-js=\"tribe-events-view-link\"\n\t\t\t>\n\t\t\t\t25\t\t\t<\/a>\n\t\t\t<\/time>\n<\/h3>\n\t<div class=\"tribe-events-calendar-month__events\">\n\t\t\n\t<div class=\"tribe-events-calendar-month__multiday-event-wrapper\">\n\t<article  class=\"tribe-events-calendar-month__multiday-event post-10000575 tribe_events type-tribe_events status-publish has-post-thumbnail hentry tribe_events_cat-doma-vaquera cat_doma-vaquera tribe-events-status__list-event-canceled tribe-events-calendar-month__multiday-event--width-2 tribe-events-calendar-month__multiday-event--display tribe-events-calendar-month__multiday-event--start tribe-events-calendar-month__multiday-event--end tribe-events-calendar-month__multiday-event--past\"  data-event-id=\"10000575\">\n\t\t<div class=\"tribe-events-calendar-month__multiday-event-hidden\">\n\t<time\n\tdatetime=\"2026-04-25\"\n\tclass=\"tribe-common-a11y-visual-hide\"\n>\n\t2026-04-25<\/time>\n\t<a\n\thref=\"https:\/\/federacioncanariadehipica.es\/inicio\/evento\/cvt-yeguada-artiles-lanzarote\/\"\n\tclass=\"tribe-events-calendar-month__multiday-event-hidden-link\"\n\tdata-js=\"tribe-events-tooltip\"\n\tdata-tooltip-content=\"#tribe-events-tooltip-content-10000575\"\n\taria-describedby=\"tribe-events-tooltip-content-10000575\"\n>\n\t\t<h3 class=\"tribe-events-calendar-month__multiday-event-hidden-title tribe-common-h8\"><span class=\"tribe-events-status-label\">\n\t<span class=\"tribe-events-status-label__text tribe-events-status-label__text--canceled\">\n\tCancelado<\/span>\n<\/span>\n\n\tCVT Yeg\u00fcada Artiles | Lanzarote<\/h3>\n<\/a>\n<\/div>\n\t\t<div class=\"tribe-events-calendar-month__multiday-event-bar\">\n\t<div class=\"tribe-events-calendar-month__multiday-event-bar-inner\">\n\t\t\t\t<h3 class=\"tribe-events-calendar-month__multiday-event-bar-title tribe-common-h8\"><span class=\"tribe-events-status-label\">\n\t<span class=\"tribe-events-status-label__text tribe-events-status-label__text--canceled\">\n\tCancelado<\/span>\n<\/span>\n\n\tCVT Yeg\u00fcada Artiles | Lanzarote<\/h3>\n\t<\/div>\n<\/div>\n<div class=\"tribe-events-calendar-month__calendar-event-tooltip-template tribe-common-a11y-hidden\">\n\t<div\n\t\tclass=\"tribe-events-calendar-month__calendar-event-tooltip\"\n\t\tid=\"tribe-events-tooltip-content-10000575\"\n\t\trole=\"tooltip\"\n\t>\n\t\t<div class=\"tribe-events-calendar-month__calendar-event-tooltip-featured-image-wrapper\">\n\t<a\n\t\thref=\"https:\/\/federacioncanariadehipica.es\/inicio\/evento\/cvt-yeguada-artiles-lanzarote\/\"\n\t\ttitle=\"CVT Yeg\u00fcada Artiles | Lanzarote\"\n\t\trel=\"bookmark\"\n\t\tclass=\"tribe-events-calendar-month__calendar-event-tooltip-featured-image-link\"\n\t>\n\t\t<img\n\t\t\tsrc=\"https:\/\/federacioncanariadehipica.es\/inicio\/wp-content\/uploads\/2023\/04\/cartelproximamente.jpg\"\n\t\t\t\t\t\t\t\t\t\talt=\"\"\n\t\t\t\t\t\t\t\t\t\ttitle=\"cartelproximamente\"\n\t\t\t\t\t\tclass=\"tribe-events-calendar-month__calendar-event-tooltip-featured-image\"\n\t\t\/>\n\t<\/a>\n<\/div>\n\t\t<div class=\"tribe-events-calendar-month__calendar-event-tooltip-datetime\">\n\t\t<time datetime=\"2026-04-25\">\n\t\t<span class=\"tribe-event-date-start\">25 abril<\/span> - <span class=\"tribe-event-date-end\">26 abril<\/span>\t<\/time>\n\t<\/div>\n\t\t<h3 class=\"tribe-events-calendar-month__calendar-event-tooltip-title tribe-common-h7\"><span class=\"tribe-events-status-label\">\n\t<span class=\"tribe-events-status-label__text tribe-events-status-label__text--canceled\">\n\tCancelado<\/span>\n<\/span>\n\n\t<a\n\t\thref=\"https:\/\/federacioncanariadehipica.es\/inicio\/evento\/cvt-yeguada-artiles-lanzarote\/\"\n\t\ttitle=\"CVT Yeg\u00fcada Artiles | Lanzarote\"\n\t\trel=\"bookmark\"\n\t\tclass=\"tribe-events-calendar-month__calendar-event-tooltip-title-link tribe-common-anchor-thin\"\n\t>\n\t\tCVT Yeg\u00fcada Artiles | Lanzarote\t<\/a>\n<\/h3>\n\t\t<div class=\"tribe-events-calendar-month__calendar-event-tooltip-description tribe-common-b3\">\n\t<p>\u00a1LE DAMOS LA BIENVENIDOS A LOS AMANTES DE LA H\u00cdPICA! Les presentamos un evento imprescindible de esta emocionante disciplina. Se llevar\u00e1 a cabo en el Lanzarote y se tratar\u00e1 de [&hellip;]<\/p>\n<\/div>\n\t\t<div class=\"tribe-events-c-small-cta tribe-common-b3 tribe-events-calendar-month__calendar-event-tooltip-cost\">\n\t<span class=\"tribe-events-c-small-cta__price\">\n\t\tFree\t<\/span>\n<\/div>\n\t<\/div>\n<\/div>\n\t<\/article>\n<\/div>\n\n\n\t\t\t<\/div>\n\n\t\n<\/div>\n<\/div>\n\n\t\t\t\n\t\t\t\t\n<div\n\t class=\"tribe-events-calendar-month__day tribe-events-calendar-month__day--past\" \trole=\"gridcell\"\n\taria-labelledby=\"tribe-events-calendar-day-2026-04-26\"\n\tdata-js=\"tribe-events-month-grid-cell\"\n>\n\t\n<button\n\taria-expanded=\"false\"\n\taria-controls=\"tribe-events-calendar-mobile-day-2026-04-26\"\n\t class=\"tribe-events-calendar-month__day-cell tribe-events-calendar-month__day-cell--mobile\" \tdata-js=\"tribe-events-calendar-month-day-cell-mobile\"\n\ttabindex=\"-1\"\n>\n\t<h3 class=\"tribe-events-calendar-month__day-date tribe-common-h6 tribe-common-h--alt\">\n\t\t<span class=\"tribe-common-a11y-visual-hide\">\n\t\t\t1 evento,\n\t\t<\/span>\n\t\t<time\n\t\t\tclass=\"tribe-events-calendar-month__day-date-daynum\"\n\t\t\tdatetime=\"2026-04-26\"\n\t\t>\n\t\t\t26\t\t<\/time>\n\t<\/h3>\n\t\n\t\t<em\n\t\tclass=\"tribe-events-calendar-month__mobile-events-icon tribe-events-calendar-month__mobile-events-icon--event\"\n\t\taria-label=\"Has eventos\"\n\t\ttitle=\"Has eventos\"\n\t>\n\t<\/em>\n<\/button>\n\t\n<div\n\tid=\"tribe-events-calendar-day-2026-04-26\"\n\tclass=\"tribe-events-calendar-month__day-cell tribe-events-calendar-month__day-cell--desktop tribe-common-a11y-hidden\"\n>\n\t\n<h3 class=\"tribe-events-calendar-month__day-date tribe-common-h4\">\n\t<span class=\"tribe-common-a11y-visual-hide\">\n\t\t1 evento,\n\t<\/span>\n\t<time\n\t\tclass=\"tribe-events-calendar-month__day-date-daynum\"\n\t\tdatetime=\"2026-04-26\"\n\t>\n\t\t\t\t\t<a\n\t\t\t\thref=\"https:\/\/federacioncanariadehipica.es\/inicio\/events\/2026-04-26\/?shortcode=b5e78f03\"\n\t\t\t\tclass=\"tribe-events-calendar-month__day-date-link\"\n\t\t\t\tdata-js=\"tribe-events-view-link\"\n\t\t\t>\n\t\t\t\t26\t\t\t<\/a>\n\t\t\t<\/time>\n<\/h3>\n\t<div class=\"tribe-events-calendar-month__events\">\n\t\t\n\t<div class=\"tribe-events-calendar-month__multiday-event-wrapper\">\n\t<article  class=\"tribe-events-calendar-month__multiday-event post-10000575 tribe_events type-tribe_events status-publish has-post-thumbnail hentry tribe_events_cat-doma-vaquera cat_doma-vaquera tribe-events-status__list-event-canceled\"  data-event-id=\"10000575\">\n\t\t<div class=\"tribe-events-calendar-month__multiday-event-hidden\">\n\t<time\n\tdatetime=\"2026-04-25\"\n\tclass=\"tribe-common-a11y-visual-hide\"\n>\n\t2026-04-25<\/time>\n\t<a\n\thref=\"https:\/\/federacioncanariadehipica.es\/inicio\/evento\/cvt-yeguada-artiles-lanzarote\/\"\n\tclass=\"tribe-events-calendar-month__multiday-event-hidden-link\"\n\tdata-js=\"tribe-events-tooltip\"\n\tdata-tooltip-content=\"#tribe-events-tooltip-content-10000575\"\n\taria-describedby=\"tribe-events-tooltip-content-10000575\"\n>\n\t\t<h3 class=\"tribe-events-calendar-month__multiday-event-hidden-title tribe-common-h8\"><span class=\"tribe-events-status-label\">\n\t<span class=\"tribe-events-status-label__text tribe-events-status-label__text--canceled\">\n\tCancelado<\/span>\n<\/span>\n\n\tCVT Yeg\u00fcada Artiles | Lanzarote<\/h3>\n<\/a>\n<\/div>\n\t\t\t<\/article>\n<\/div>\n\n\n\t\t\t<\/div>\n\n\t\n<\/div>\n<\/div>\n\n\t\t\t\n\t\t<\/div>\n\n\t\n\t\t<div class=\"tribe-events-calendar-month__week\" role=\"row\" data-js=\"tribe-events-month-grid-row\">\n\n\t\t\t\n\t\t\t\t\n<div\n\t class=\"tribe-events-calendar-month__day tribe-events-calendar-month__day--past\" \trole=\"gridcell\"\n\taria-labelledby=\"tribe-events-calendar-day-2026-04-27\"\n\tdata-js=\"tribe-events-month-grid-cell\"\n>\n\t\n<button\n\taria-expanded=\"false\"\n\taria-controls=\"tribe-events-calendar-mobile-day-2026-04-27\"\n\t class=\"tribe-events-calendar-month__day-cell tribe-events-calendar-month__day-cell--mobile\" \tdata-js=\"tribe-events-calendar-month-day-cell-mobile\"\n\ttabindex=\"-1\"\n>\n\t<h3 class=\"tribe-events-calendar-month__day-date tribe-common-h6 tribe-common-h--alt\">\n\t\t<span class=\"tribe-common-a11y-visual-hide\">\n\t\t\t0 eventos,\n\t\t<\/span>\n\t\t<time\n\t\t\tclass=\"tribe-events-calendar-month__day-date-daynum\"\n\t\t\tdatetime=\"2026-04-27\"\n\t\t>\n\t\t\t27\t\t<\/time>\n\t<\/h3>\n\t\n<\/button>\n\t\n<div\n\tid=\"tribe-events-calendar-day-2026-04-27\"\n\tclass=\"tribe-events-calendar-month__day-cell tribe-events-calendar-month__day-cell--desktop tribe-common-a11y-hidden\"\n>\n\t\n<h3 class=\"tribe-events-calendar-month__day-date tribe-common-h4\">\n\t<span class=\"tribe-common-a11y-visual-hide\">\n\t\t0 eventos,\n\t<\/span>\n\t<time\n\t\tclass=\"tribe-events-calendar-month__day-date-daynum\"\n\t\tdatetime=\"2026-04-27\"\n\t>\n\t\t\t\t\t27\t\t\t<\/time>\n<\/h3>\n\t<div class=\"tribe-events-calendar-month__events\">\n\t\t\n\t\t\t<\/div>\n\n\t\n<\/div>\n<\/div>\n\n\t\t\t\n\t\t\t\t\n<div\n\t class=\"tribe-events-calendar-month__day tribe-events-calendar-month__day--current\" \trole=\"gridcell\"\n\taria-labelledby=\"tribe-events-calendar-day-2026-04-28\"\n\tdata-js=\"tribe-events-month-grid-cell\"\n>\n\t\n<button\n\taria-expanded=\"true\"\n\taria-controls=\"tribe-events-calendar-mobile-day-2026-04-28\"\n\t class=\"tribe-events-calendar-month__day-cell tribe-events-calendar-month__day-cell--mobile tribe-events-calendar-month__day-cell--selected\" \tdata-js=\"tribe-events-calendar-month-day-cell-mobile\"\n\ttabindex=\"-1\"\n>\n\t<h3 class=\"tribe-events-calendar-month__day-date tribe-common-h6 tribe-common-h--alt\">\n\t\t<span class=\"tribe-common-a11y-visual-hide\">\n\t\t\t0 eventos,\n\t\t<\/span>\n\t\t<time\n\t\t\tclass=\"tribe-events-calendar-month__day-date-daynum\"\n\t\t\tdatetime=\"2026-04-28\"\n\t\t>\n\t\t\t28\t\t<\/time>\n\t<\/h3>\n\t\n<\/button>\n\t\n<div\n\tid=\"tribe-events-calendar-day-2026-04-28\"\n\tclass=\"tribe-events-calendar-month__day-cell tribe-events-calendar-month__day-cell--desktop tribe-common-a11y-hidden\"\n>\n\t\n<h3 class=\"tribe-events-calendar-month__day-date tribe-common-h4\">\n\t<span class=\"tribe-common-a11y-visual-hide\">\n\t\t0 eventos,\n\t<\/span>\n\t<time\n\t\tclass=\"tribe-events-calendar-month__day-date-daynum\"\n\t\tdatetime=\"2026-04-28\"\n\t>\n\t\t\t\t\t28\t\t\t<\/time>\n<\/h3>\n\t<div class=\"tribe-events-calendar-month__events\">\n\t\t\n\t\t\t<\/div>\n\n\t\n<\/div>\n<\/div>\n\n\t\t\t\n\t\t\t\t\n<div\n\t class=\"tribe-events-calendar-month__day\" \trole=\"gridcell\"\n\taria-labelledby=\"tribe-events-calendar-day-2026-04-29\"\n\tdata-js=\"tribe-events-month-grid-cell\"\n>\n\t\n<button\n\taria-expanded=\"false\"\n\taria-controls=\"tribe-events-calendar-mobile-day-2026-04-29\"\n\t class=\"tribe-events-calendar-month__day-cell tribe-events-calendar-month__day-cell--mobile\" \tdata-js=\"tribe-events-calendar-month-day-cell-mobile\"\n\ttabindex=\"-1\"\n>\n\t<h3 class=\"tribe-events-calendar-month__day-date tribe-common-h6 tribe-common-h--alt\">\n\t\t<span class=\"tribe-common-a11y-visual-hide\">\n\t\t\t0 eventos,\n\t\t<\/span>\n\t\t<time\n\t\t\tclass=\"tribe-events-calendar-month__day-date-daynum\"\n\t\t\tdatetime=\"2026-04-29\"\n\t\t>\n\t\t\t29\t\t<\/time>\n\t<\/h3>\n\t\n<\/button>\n\t\n<div\n\tid=\"tribe-events-calendar-day-2026-04-29\"\n\tclass=\"tribe-events-calendar-month__day-cell tribe-events-calendar-month__day-cell--desktop tribe-common-a11y-hidden\"\n>\n\t\n<h3 class=\"tribe-events-calendar-month__day-date tribe-common-h4\">\n\t<span class=\"tribe-common-a11y-visual-hide\">\n\t\t0 eventos,\n\t<\/span>\n\t<time\n\t\tclass=\"tribe-events-calendar-month__day-date-daynum\"\n\t\tdatetime=\"2026-04-29\"\n\t>\n\t\t\t\t\t29\t\t\t<\/time>\n<\/h3>\n\t<div class=\"tribe-events-calendar-month__events\">\n\t\t\n\t\t\t<\/div>\n\n\t\n<\/div>\n<\/div>\n\n\t\t\t\n\t\t\t\t\n<div\n\t class=\"tribe-events-calendar-month__day\" \trole=\"gridcell\"\n\taria-labelledby=\"tribe-events-calendar-day-2026-04-30\"\n\tdata-js=\"tribe-events-month-grid-cell\"\n>\n\t\n<button\n\taria-expanded=\"false\"\n\taria-controls=\"tribe-events-calendar-mobile-day-2026-04-30\"\n\t class=\"tribe-events-calendar-month__day-cell tribe-events-calendar-month__day-cell--mobile\" \tdata-js=\"tribe-events-calendar-month-day-cell-mobile\"\n\ttabindex=\"-1\"\n>\n\t<h3 class=\"tribe-events-calendar-month__day-date tribe-common-h6 tribe-common-h--alt\">\n\t\t<span class=\"tribe-common-a11y-visual-hide\">\n\t\t\t0 eventos,\n\t\t<\/span>\n\t\t<time\n\t\t\tclass=\"tribe-events-calendar-month__day-date-daynum\"\n\t\t\tdatetime=\"2026-04-30\"\n\t\t>\n\t\t\t30\t\t<\/time>\n\t<\/h3>\n\t\n<\/button>\n\t\n<div\n\tid=\"tribe-events-calendar-day-2026-04-30\"\n\tclass=\"tribe-events-calendar-month__day-cell tribe-events-calendar-month__day-cell--desktop tribe-common-a11y-hidden\"\n>\n\t\n<h3 class=\"tribe-events-calendar-month__day-date tribe-common-h4\">\n\t<span class=\"tribe-common-a11y-visual-hide\">\n\t\t0 eventos,\n\t<\/span>\n\t<time\n\t\tclass=\"tribe-events-calendar-month__day-date-daynum\"\n\t\tdatetime=\"2026-04-30\"\n\t>\n\t\t\t\t\t30\t\t\t<\/time>\n<\/h3>\n\t<div class=\"tribe-events-calendar-month__events\">\n\t\t\n\t\t\t<\/div>\n\n\t\n<\/div>\n<\/div>\n\n\t\t\t\n\t\t\t\t\n<div\n\t class=\"tribe-events-calendar-month__day tribe-events-calendar-month__day--other-month tribe-events-calendar-month__day--next-month\" \trole=\"gridcell\"\n\taria-labelledby=\"tribe-events-calendar-day-2026-05-01\"\n\tdata-js=\"tribe-events-month-grid-cell\"\n>\n\t\n<button\n\taria-expanded=\"false\"\n\taria-controls=\"tribe-events-calendar-mobile-day-2026-05-1\"\n\t class=\"tribe-events-calendar-month__day-cell tribe-events-calendar-month__day-cell--mobile\" \tdata-js=\"tribe-events-calendar-month-day-cell-mobile\"\n\ttabindex=\"-1\"\n>\n\t<h3 class=\"tribe-events-calendar-month__day-date tribe-common-h6 tribe-common-h--alt\">\n\t\t<span class=\"tribe-common-a11y-visual-hide\">\n\t\t\t1 evento,\n\t\t<\/span>\n\t\t<time\n\t\t\tclass=\"tribe-events-calendar-month__day-date-daynum\"\n\t\t\tdatetime=\"2026-05-01\"\n\t\t>\n\t\t\t1\t\t<\/time>\n\t<\/h3>\n\t\n\t\t<em\n\t\tclass=\"tribe-events-calendar-month__mobile-events-icon tribe-events-calendar-month__mobile-events-icon--event\"\n\t\taria-label=\"Has eventos\"\n\t\ttitle=\"Has eventos\"\n\t>\n\t<\/em>\n<\/button>\n\t\n<div\n\tid=\"tribe-events-calendar-day-2026-05-01\"\n\tclass=\"tribe-events-calendar-month__day-cell tribe-events-calendar-month__day-cell--desktop tribe-common-a11y-hidden\"\n>\n\t\n<h3 class=\"tribe-events-calendar-month__day-date tribe-common-h4\">\n\t<span class=\"tribe-common-a11y-visual-hide\">\n\t\t1 evento,\n\t<\/span>\n\t<time\n\t\tclass=\"tribe-events-calendar-month__day-date-daynum\"\n\t\tdatetime=\"2026-05-01\"\n\t>\n\t\t\t\t\t<a\n\t\t\t\thref=\"https:\/\/federacioncanariadehipica.es\/inicio\/events\/2026-05-01\/?shortcode=b5e78f03\"\n\t\t\t\tclass=\"tribe-events-calendar-month__day-date-link\"\n\t\t\t\tdata-js=\"tribe-events-view-link\"\n\t\t\t>\n\t\t\t\t1\t\t\t<\/a>\n\t\t\t<\/time>\n<\/h3>\n\t<div class=\"tribe-events-calendar-month__events\">\n\t\t\n\t<div class=\"tribe-events-calendar-month__multiday-event-wrapper\">\n\t<article  class=\"tribe-events-calendar-month__multiday-event post-10000508 tribe_events type-tribe_events status-publish has-post-thumbnail hentry tribe_events_cat-carreras cat_carreras tribe-events-calendar-month__multiday-event--width-1 tribe-events-calendar-month__multiday-event--display tribe-events-calendar-month__multiday-event--start tribe-events-calendar-month__multiday-event--end\"  data-event-id=\"10000508\">\n\t\t<div class=\"tribe-events-calendar-month__multiday-event-hidden\">\n\t<time\n\tdatetime=\"2026-05-01\"\n\tclass=\"tribe-common-a11y-visual-hide\"\n>\n\t2026-05-01<\/time>\n\t<a\n\thref=\"https:\/\/federacioncanariadehipica.es\/inicio\/evento\/luis-verde-valsequillo-carreras-tradicionales-en-asfalto-2\/\"\n\tclass=\"tribe-events-calendar-month__multiday-event-hidden-link\"\n\tdata-js=\"tribe-events-tooltip\"\n\tdata-tooltip-content=\"#tribe-events-tooltip-content-10000508\"\n\taria-describedby=\"tribe-events-tooltip-content-10000508\"\n>\n\t\t<h3 class=\"tribe-events-calendar-month__multiday-event-hidden-title tribe-common-h8\">\n\tLuis Verde &#8211; Valsequillo | Carreras Tradicionales en Asfalto<\/h3>\n<\/a>\n<\/div>\n\t\t<div class=\"tribe-events-calendar-month__multiday-event-bar\">\n\t<div class=\"tribe-events-calendar-month__multiday-event-bar-inner\">\n\t\t\t\t<h3 class=\"tribe-events-calendar-month__multiday-event-bar-title tribe-common-h8\">\n\tLuis Verde &#8211; Valsequillo | Carreras Tradicionales en Asfalto<\/h3>\n\t<\/div>\n<\/div>\n<div class=\"tribe-events-calendar-month__calendar-event-tooltip-template tribe-common-a11y-hidden\">\n\t<div\n\t\tclass=\"tribe-events-calendar-month__calendar-event-tooltip\"\n\t\tid=\"tribe-events-tooltip-content-10000508\"\n\t\trole=\"tooltip\"\n\t>\n\t\t<div class=\"tribe-events-calendar-month__calendar-event-tooltip-featured-image-wrapper\">\n\t<a\n\t\thref=\"https:\/\/federacioncanariadehipica.es\/inicio\/evento\/luis-verde-valsequillo-carreras-tradicionales-en-asfalto-2\/\"\n\t\ttitle=\"Luis Verde &#8211; Valsequillo | Carreras Tradicionales en Asfalto\"\n\t\trel=\"bookmark\"\n\t\tclass=\"tribe-events-calendar-month__calendar-event-tooltip-featured-image-link\"\n\t>\n\t\t<img\n\t\t\tsrc=\"https:\/\/federacioncanariadehipica.es\/inicio\/wp-content\/uploads\/2023\/04\/cartelproximamente.jpg\"\n\t\t\t\t\t\t\t\t\t\talt=\"\"\n\t\t\t\t\t\t\t\t\t\ttitle=\"cartelproximamente\"\n\t\t\t\t\t\tclass=\"tribe-events-calendar-month__calendar-event-tooltip-featured-image\"\n\t\t\/>\n\t<\/a>\n<\/div>\n\t\t<div class=\"tribe-events-calendar-month__calendar-event-tooltip-datetime\">\n\t\t<time datetime=\"2026-05-01\">\n\t\t<span class=\"tribe-event-date-start\">1 mayo<\/span>\t<\/time>\n\t<\/div>\n\t\t<h3 class=\"tribe-events-calendar-month__calendar-event-tooltip-title tribe-common-h7\">\n\t<a\n\t\thref=\"https:\/\/federacioncanariadehipica.es\/inicio\/evento\/luis-verde-valsequillo-carreras-tradicionales-en-asfalto-2\/\"\n\t\ttitle=\"Luis Verde &#8211; Valsequillo | Carreras Tradicionales en Asfalto\"\n\t\trel=\"bookmark\"\n\t\tclass=\"tribe-events-calendar-month__calendar-event-tooltip-title-link tribe-common-anchor-thin\"\n\t>\n\t\tLuis Verde &#8211; Valsequillo | Carreras Tradicionales en Asfalto\t<\/a>\n<\/h3>\n\t\t<div class=\"tribe-events-calendar-month__calendar-event-tooltip-description tribe-common-b3\">\n\t<p>\u00a1Le damos la bienvenidos a los amantes de la h\u00edpica! Les presentamos un evento imprescindible de esta emocionante disciplina. Se llevar\u00e1 a cabo en Valsequillo, Gran Canaria y se tratar\u00e1 [&hellip;]<\/p>\n<\/div>\n\t\t<div class=\"tribe-events-c-small-cta tribe-common-b3 tribe-events-calendar-month__calendar-event-tooltip-cost\">\n\t<span class=\"tribe-events-c-small-cta__price\">\n\t\tFree\t<\/span>\n<\/div>\n\t<\/div>\n<\/div>\n\t<\/article>\n<\/div>\n\n\n\t\t\t<\/div>\n\n\t\n<\/div>\n<\/div>\n\n\t\t\t\n\t\t\t\t\n<div\n\t class=\"tribe-events-calendar-month__day tribe-events-calendar-month__day--other-month tribe-events-calendar-month__day--next-month\" \trole=\"gridcell\"\n\taria-labelledby=\"tribe-events-calendar-day-2026-05-02\"\n\tdata-js=\"tribe-events-month-grid-cell\"\n>\n\t\n<button\n\taria-expanded=\"false\"\n\taria-controls=\"tribe-events-calendar-mobile-day-2026-05-2\"\n\t class=\"tribe-events-calendar-month__day-cell tribe-events-calendar-month__day-cell--mobile\" \tdata-js=\"tribe-events-calendar-month-day-cell-mobile\"\n\ttabindex=\"-1\"\n>\n\t<h3 class=\"tribe-events-calendar-month__day-date tribe-common-h6 tribe-common-h--alt\">\n\t\t<span class=\"tribe-common-a11y-visual-hide\">\n\t\t\t3 eventos,\n\t\t<\/span>\n\t\t<time\n\t\t\tclass=\"tribe-events-calendar-month__day-date-daynum\"\n\t\t\tdatetime=\"2026-05-02\"\n\t\t>\n\t\t\t2\t\t<\/time>\n\t<\/h3>\n\t\n\t\t<em\n\t\tclass=\"tribe-events-calendar-month__mobile-events-icon tribe-events-calendar-month__mobile-events-icon--event\"\n\t\taria-label=\"Has eventos\"\n\t\ttitle=\"Has eventos\"\n\t>\n\t<\/em>\n<\/button>\n\t\n<div\n\tid=\"tribe-events-calendar-day-2026-05-02\"\n\tclass=\"tribe-events-calendar-month__day-cell tribe-events-calendar-month__day-cell--desktop tribe-common-a11y-hidden\"\n>\n\t\n<h3 class=\"tribe-events-calendar-month__day-date tribe-common-h4\">\n\t<span class=\"tribe-common-a11y-visual-hide\">\n\t\t3 eventos,\n\t<\/span>\n\t<time\n\t\tclass=\"tribe-events-calendar-month__day-date-daynum\"\n\t\tdatetime=\"2026-05-02\"\n\t>\n\t\t\t\t\t<a\n\t\t\t\thref=\"https:\/\/federacioncanariadehipica.es\/inicio\/events\/2026-05-02\/?shortcode=b5e78f03\"\n\t\t\t\tclass=\"tribe-events-calendar-month__day-date-link\"\n\t\t\t\tdata-js=\"tribe-events-view-link\"\n\t\t\t>\n\t\t\t\t2\t\t\t<\/a>\n\t\t\t<\/time>\n<\/h3>\n\t<div class=\"tribe-events-calendar-month__events\">\n\t\t\n\t<div class=\"tribe-events-calendar-month__multiday-event-wrapper\">\n\t<article  class=\"tribe-events-calendar-month__multiday-event post-10000495 tribe_events type-tribe_events status-publish has-post-thumbnail hentry tribe_events_cat-carreras cat_carreras tribe-events-calendar-month__multiday-event--width-1 tribe-events-calendar-month__multiday-event--display tribe-events-calendar-month__multiday-event--start tribe-events-calendar-month__multiday-event--end\"  data-event-id=\"10000495\">\n\t\t<div class=\"tribe-events-calendar-month__multiday-event-hidden\">\n\t<time\n\tdatetime=\"2026-05-02\"\n\tclass=\"tribe-common-a11y-visual-hide\"\n>\n\t2026-05-02<\/time>\n\t<a\n\thref=\"https:\/\/federacioncanariadehipica.es\/inicio\/evento\/la-palma-ecuestre-carreras-tradicionales-en-asfalto-15\/\"\n\tclass=\"tribe-events-calendar-month__multiday-event-hidden-link\"\n\tdata-js=\"tribe-events-tooltip\"\n\tdata-tooltip-content=\"#tribe-events-tooltip-content-10000495\"\n\taria-describedby=\"tribe-events-tooltip-content-10000495\"\n>\n\t\t<h3 class=\"tribe-events-calendar-month__multiday-event-hidden-title tribe-common-h8\">\n\tLa Palma Ecuestre | Carreras tradicionales en asfalto<\/h3>\n<\/a>\n<\/div>\n\t\t<div class=\"tribe-events-calendar-month__multiday-event-bar\">\n\t<div class=\"tribe-events-calendar-month__multiday-event-bar-inner\">\n\t\t\t\t<h3 class=\"tribe-events-calendar-month__multiday-event-bar-title tribe-common-h8\">\n\tLa Palma Ecuestre | Carreras tradicionales en asfalto<\/h3>\n\t<\/div>\n<\/div>\n<div class=\"tribe-events-calendar-month__calendar-event-tooltip-template tribe-common-a11y-hidden\">\n\t<div\n\t\tclass=\"tribe-events-calendar-month__calendar-event-tooltip\"\n\t\tid=\"tribe-events-tooltip-content-10000495\"\n\t\trole=\"tooltip\"\n\t>\n\t\t<div class=\"tribe-events-calendar-month__calendar-event-tooltip-featured-image-wrapper\">\n\t<a\n\t\thref=\"https:\/\/federacioncanariadehipica.es\/inicio\/evento\/la-palma-ecuestre-carreras-tradicionales-en-asfalto-15\/\"\n\t\ttitle=\"La Palma Ecuestre | Carreras tradicionales en asfalto\"\n\t\trel=\"bookmark\"\n\t\tclass=\"tribe-events-calendar-month__calendar-event-tooltip-featured-image-link\"\n\t>\n\t\t<img\n\t\t\tsrc=\"https:\/\/federacioncanariadehipica.es\/inicio\/wp-content\/uploads\/2023\/04\/cartelproximamente.jpg\"\n\t\t\t\t\t\t\t\t\t\talt=\"\"\n\t\t\t\t\t\t\t\t\t\ttitle=\"cartelproximamente\"\n\t\t\t\t\t\tclass=\"tribe-events-calendar-month__calendar-event-tooltip-featured-image\"\n\t\t\/>\n\t<\/a>\n<\/div>\n\t\t<div class=\"tribe-events-calendar-month__calendar-event-tooltip-datetime\">\n\t\t<time datetime=\"2026-05-02\">\n\t\t<span class=\"tribe-event-date-start\">2 mayo<\/span>\t<\/time>\n\t<\/div>\n\t\t<h3 class=\"tribe-events-calendar-month__calendar-event-tooltip-title tribe-common-h7\">\n\t<a\n\t\thref=\"https:\/\/federacioncanariadehipica.es\/inicio\/evento\/la-palma-ecuestre-carreras-tradicionales-en-asfalto-15\/\"\n\t\ttitle=\"La Palma Ecuestre | Carreras tradicionales en asfalto\"\n\t\trel=\"bookmark\"\n\t\tclass=\"tribe-events-calendar-month__calendar-event-tooltip-title-link tribe-common-anchor-thin\"\n\t>\n\t\tLa Palma Ecuestre | Carreras tradicionales en asfalto\t<\/a>\n<\/h3>\n\t\t<div class=\"tribe-events-calendar-month__calendar-event-tooltip-description tribe-common-b3\">\n\t<p>\u00a1Le damos la bienvenidos a los amantes de la h\u00edpica! Les presentamos un evento imprescindible de esta emocionante disciplina. Se llevar\u00e1 a cabo en La Palma\u00a0 y se tratar\u00e1 de [&hellip;]<\/p>\n<\/div>\n\t\t<div class=\"tribe-events-c-small-cta tribe-common-b3 tribe-events-calendar-month__calendar-event-tooltip-cost\">\n\t<span class=\"tribe-events-c-small-cta__price\">\n\t\tFree\t<\/span>\n<\/div>\n\t<\/div>\n<\/div>\n\t<\/article>\n<\/div>\n\n\t<div class=\"tribe-events-calendar-month__multiday-event-wrapper\">\n\t<article  class=\"tribe-events-calendar-month__multiday-event post-10000511 tribe_events type-tribe_events status-publish has-post-thumbnail hentry tribe_events_cat-carreras cat_carreras tribe-events-calendar-month__multiday-event--width-1 tribe-events-calendar-month__multiday-event--display tribe-events-calendar-month__multiday-event--start tribe-events-calendar-month__multiday-event--end\"  data-event-id=\"10000511\">\n\t\t<div class=\"tribe-events-calendar-month__multiday-event-hidden\">\n\t<time\n\tdatetime=\"2026-05-02\"\n\tclass=\"tribe-common-a11y-visual-hide\"\n>\n\t2026-05-02<\/time>\n\t<a\n\thref=\"https:\/\/federacioncanariadehipica.es\/inicio\/evento\/icod-de-los-vinos-el-amparo-ade-la-fuente-carreras-tradicionales-en-asfalto-5\/\"\n\tclass=\"tribe-events-calendar-month__multiday-event-hidden-link\"\n\tdata-js=\"tribe-events-tooltip\"\n\tdata-tooltip-content=\"#tribe-events-tooltip-content-10000511\"\n\taria-describedby=\"tribe-events-tooltip-content-10000511\"\n>\n\t\t<h3 class=\"tribe-events-calendar-month__multiday-event-hidden-title tribe-common-h8\">\n\tIcod de Los Vinos, El Amparo (ADE La Fuente) | Carreras Tradicionales en Asfalto<\/h3>\n<\/a>\n<\/div>\n\t\t<div class=\"tribe-events-calendar-month__multiday-event-bar\">\n\t<div class=\"tribe-events-calendar-month__multiday-event-bar-inner\">\n\t\t\t\t<h3 class=\"tribe-events-calendar-month__multiday-event-bar-title tribe-common-h8\">\n\tIcod de Los Vinos, El Amparo (ADE La Fuente) | Carreras Tradicionales en Asfalto<\/h3>\n\t<\/div>\n<\/div>\n<div class=\"tribe-events-calendar-month__calendar-event-tooltip-template tribe-common-a11y-hidden\">\n\t<div\n\t\tclass=\"tribe-events-calendar-month__calendar-event-tooltip\"\n\t\tid=\"tribe-events-tooltip-content-10000511\"\n\t\trole=\"tooltip\"\n\t>\n\t\t<div class=\"tribe-events-calendar-month__calendar-event-tooltip-featured-image-wrapper\">\n\t<a\n\t\thref=\"https:\/\/federacioncanariadehipica.es\/inicio\/evento\/icod-de-los-vinos-el-amparo-ade-la-fuente-carreras-tradicionales-en-asfalto-5\/\"\n\t\ttitle=\"Icod de Los Vinos, El Amparo (ADE La Fuente) | Carreras Tradicionales en Asfalto\"\n\t\trel=\"bookmark\"\n\t\tclass=\"tribe-events-calendar-month__calendar-event-tooltip-featured-image-link\"\n\t>\n\t\t<img\n\t\t\tsrc=\"https:\/\/federacioncanariadehipica.es\/inicio\/wp-content\/uploads\/2023\/04\/cartelproximamente.jpg\"\n\t\t\t\t\t\t\t\t\t\talt=\"\"\n\t\t\t\t\t\t\t\t\t\ttitle=\"cartelproximamente\"\n\t\t\t\t\t\tclass=\"tribe-events-calendar-month__calendar-event-tooltip-featured-image\"\n\t\t\/>\n\t<\/a>\n<\/div>\n\t\t<div class=\"tribe-events-calendar-month__calendar-event-tooltip-datetime\">\n\t\t<time datetime=\"2026-05-02\">\n\t\t<span class=\"tribe-event-date-start\">2 mayo<\/span>\t<\/time>\n\t<\/div>\n\t\t<h3 class=\"tribe-events-calendar-month__calendar-event-tooltip-title tribe-common-h7\">\n\t<a\n\t\thref=\"https:\/\/federacioncanariadehipica.es\/inicio\/evento\/icod-de-los-vinos-el-amparo-ade-la-fuente-carreras-tradicionales-en-asfalto-5\/\"\n\t\ttitle=\"Icod de Los Vinos, El Amparo (ADE La Fuente) | Carreras Tradicionales en Asfalto\"\n\t\trel=\"bookmark\"\n\t\tclass=\"tribe-events-calendar-month__calendar-event-tooltip-title-link tribe-common-anchor-thin\"\n\t>\n\t\tIcod de Los Vinos, El Amparo (ADE La Fuente) | Carreras Tradicionales en Asfalto\t<\/a>\n<\/h3>\n\t\t<div class=\"tribe-events-calendar-month__calendar-event-tooltip-description tribe-common-b3\">\n\t<p>\u00a1Le damos la bienvenidos a los amantes de la h\u00edpica! Les presentamos un evento imprescindible de esta emocionante disciplina. Se llevar\u00e1 a cabo en Icod de Los Vinos, El Amparo, [&hellip;]<\/p>\n<\/div>\n\t\t<div class=\"tribe-events-c-small-cta tribe-common-b3 tribe-events-calendar-month__calendar-event-tooltip-cost\">\n\t<span class=\"tribe-events-c-small-cta__price\">\n\t\tFree\t<\/span>\n<\/div>\n\t<\/div>\n<\/div>\n\t<\/article>\n<\/div>\n\n\t<div class=\"tribe-events-calendar-month__multiday-event-wrapper\">\n\t<article  class=\"tribe-events-calendar-month__multiday-event post-10000557 tribe_events type-tribe_events status-publish has-post-thumbnail hentry tribe_events_cat-doma-clasica cat_doma-clasica tribe-events-calendar-month__multiday-event--width-2 tribe-events-calendar-month__multiday-event--display tribe-events-calendar-month__multiday-event--start tribe-events-calendar-month__multiday-event--end\"  data-event-id=\"10000557\">\n\t\t<div class=\"tribe-events-calendar-month__multiday-event-hidden\">\n\t<time\n\tdatetime=\"2026-05-02\"\n\tclass=\"tribe-common-a11y-visual-hide\"\n>\n\t2026-05-02<\/time>\n\t<a\n\thref=\"https:\/\/federacioncanariadehipica.es\/inicio\/evento\/cdt-real-club-golf-de-las-palmas-bandama\/\"\n\tclass=\"tribe-events-calendar-month__multiday-event-hidden-link\"\n\tdata-js=\"tribe-events-tooltip\"\n\tdata-tooltip-content=\"#tribe-events-tooltip-content-10000557\"\n\taria-describedby=\"tribe-events-tooltip-content-10000557\"\n>\n\t\t<h3 class=\"tribe-events-calendar-month__multiday-event-hidden-title tribe-common-h8\">\n\tCDT | Real Club Golf de Las Palmas &#8211; Bandama<\/h3>\n<\/a>\n<\/div>\n\t\t<div class=\"tribe-events-calendar-month__multiday-event-bar\">\n\t<div class=\"tribe-events-calendar-month__multiday-event-bar-inner\">\n\t\t\t\t<h3 class=\"tribe-events-calendar-month__multiday-event-bar-title tribe-common-h8\">\n\tCDT | Real Club Golf de Las Palmas &#8211; Bandama<\/h3>\n\t<\/div>\n<\/div>\n<div class=\"tribe-events-calendar-month__calendar-event-tooltip-template tribe-common-a11y-hidden\">\n\t<div\n\t\tclass=\"tribe-events-calendar-month__calendar-event-tooltip\"\n\t\tid=\"tribe-events-tooltip-content-10000557\"\n\t\trole=\"tooltip\"\n\t>\n\t\t<div class=\"tribe-events-calendar-month__calendar-event-tooltip-featured-image-wrapper\">\n\t<a\n\t\thref=\"https:\/\/federacioncanariadehipica.es\/inicio\/evento\/cdt-real-club-golf-de-las-palmas-bandama\/\"\n\t\ttitle=\"CDT | Real Club Golf de Las Palmas &#8211; Bandama\"\n\t\trel=\"bookmark\"\n\t\tclass=\"tribe-events-calendar-month__calendar-event-tooltip-featured-image-link\"\n\t>\n\t\t<img\n\t\t\tsrc=\"https:\/\/federacioncanariadehipica.es\/inicio\/wp-content\/uploads\/2025\/12\/2f3db986-5a05-4c63-a22f-1480281998c0.jpeg\"\n\t\t\t\t\t\t\t\t\t\talt=\"\"\n\t\t\t\t\t\t\t\t\t\ttitle=\"2f3db986-5a05-4c63-a22f-1480281998c0\"\n\t\t\t\t\t\tclass=\"tribe-events-calendar-month__calendar-event-tooltip-featured-image\"\n\t\t\/>\n\t<\/a>\n<\/div>\n\t\t<div class=\"tribe-events-calendar-month__calendar-event-tooltip-datetime\">\n\t\t<time datetime=\"2026-05-02\">\n\t\t<span class=\"tribe-event-date-start\">2 mayo<\/span> - <span class=\"tribe-event-date-end\">3 mayo<\/span>\t<\/time>\n\t<\/div>\n\t\t<h3 class=\"tribe-events-calendar-month__calendar-event-tooltip-title tribe-common-h7\">\n\t<a\n\t\thref=\"https:\/\/federacioncanariadehipica.es\/inicio\/evento\/cdt-real-club-golf-de-las-palmas-bandama\/\"\n\t\ttitle=\"CDT | Real Club Golf de Las Palmas &#8211; Bandama\"\n\t\trel=\"bookmark\"\n\t\tclass=\"tribe-events-calendar-month__calendar-event-tooltip-title-link tribe-common-anchor-thin\"\n\t>\n\t\tCDT | Real Club Golf de Las Palmas &#8211; Bandama\t<\/a>\n<\/h3>\n\t\t<div class=\"tribe-events-calendar-month__calendar-event-tooltip-description tribe-common-b3\">\n\t<p>\u00a1Le damos la bienvenidos a los amantes de la h\u00edpica! Les presentamos un evento imprescindible de esta emocionante disciplina. Se llevar\u00e1 a cabo en el Real Club Golf de Las [&hellip;]<\/p>\n<\/div>\n\t\t<div class=\"tribe-events-c-small-cta tribe-common-b3 tribe-events-calendar-month__calendar-event-tooltip-cost\">\n\t<span class=\"tribe-events-c-small-cta__price\">\n\t\tFree\t<\/span>\n<\/div>\n\t<\/div>\n<\/div>\n\t<\/article>\n<\/div>\n\n\n\t\t\t<\/div>\n\n\t\n<\/div>\n<\/div>\n\n\t\t\t\n\t\t\t\t\n<div\n\t class=\"tribe-events-calendar-month__day tribe-events-calendar-month__day--other-month tribe-events-calendar-month__day--next-month\" \trole=\"gridcell\"\n\taria-labelledby=\"tribe-events-calendar-day-2026-05-03\"\n\tdata-js=\"tribe-events-month-grid-cell\"\n>\n\t\n<button\n\taria-expanded=\"false\"\n\taria-controls=\"tribe-events-calendar-mobile-day-2026-05-3\"\n\t class=\"tribe-events-calendar-month__day-cell tribe-events-calendar-month__day-cell--mobile\" \tdata-js=\"tribe-events-calendar-month-day-cell-mobile\"\n\ttabindex=\"-1\"\n>\n\t<h3 class=\"tribe-events-calendar-month__day-date tribe-common-h6 tribe-common-h--alt\">\n\t\t<span class=\"tribe-common-a11y-visual-hide\">\n\t\t\t2 eventos,\n\t\t<\/span>\n\t\t<time\n\t\t\tclass=\"tribe-events-calendar-month__day-date-daynum\"\n\t\t\tdatetime=\"2026-05-03\"\n\t\t>\n\t\t\t3\t\t<\/time>\n\t<\/h3>\n\t\n\t\t<em\n\t\tclass=\"tribe-events-calendar-month__mobile-events-icon tribe-events-calendar-month__mobile-events-icon--event\"\n\t\taria-label=\"Has eventos\"\n\t\ttitle=\"Has eventos\"\n\t>\n\t<\/em>\n<\/button>\n\t\n<div\n\tid=\"tribe-events-calendar-day-2026-05-03\"\n\tclass=\"tribe-events-calendar-month__day-cell tribe-events-calendar-month__day-cell--desktop tribe-common-a11y-hidden\"\n>\n\t\n<h3 class=\"tribe-events-calendar-month__day-date tribe-common-h4\">\n\t<span class=\"tribe-common-a11y-visual-hide\">\n\t\t2 eventos,\n\t<\/span>\n\t<time\n\t\tclass=\"tribe-events-calendar-month__day-date-daynum\"\n\t\tdatetime=\"2026-05-03\"\n\t>\n\t\t\t\t\t<a\n\t\t\t\thref=\"https:\/\/federacioncanariadehipica.es\/inicio\/events\/2026-05-03\/?shortcode=b5e78f03\"\n\t\t\t\tclass=\"tribe-events-calendar-month__day-date-link\"\n\t\t\t\tdata-js=\"tribe-events-view-link\"\n\t\t\t>\n\t\t\t\t3\t\t\t<\/a>\n\t\t\t<\/time>\n<\/h3>\n\t<div class=\"tribe-events-calendar-month__events\">\n\t\t\n\t<div class=\"tribe-events-calendar-month__multiday-event-wrapper\">\n\t<article  class=\"tribe-events-calendar-month__multiday-event post-10000496 tribe_events type-tribe_events status-publish has-post-thumbnail hentry tribe_events_cat-carreras cat_carreras tribe-events-calendar-month__multiday-event--width-1 tribe-events-calendar-month__multiday-event--display tribe-events-calendar-month__multiday-event--start tribe-events-calendar-month__multiday-event--end\"  data-event-id=\"10000496\">\n\t\t<div class=\"tribe-events-calendar-month__multiday-event-hidden\">\n\t<time\n\tdatetime=\"2026-05-03\"\n\tclass=\"tribe-common-a11y-visual-hide\"\n>\n\t2026-05-03<\/time>\n\t<a\n\thref=\"https:\/\/federacioncanariadehipica.es\/inicio\/evento\/la-palma-ecuestre-carreras-tradicionales-en-asfalto-16\/\"\n\tclass=\"tribe-events-calendar-month__multiday-event-hidden-link\"\n\tdata-js=\"tribe-events-tooltip\"\n\tdata-tooltip-content=\"#tribe-events-tooltip-content-10000496\"\n\taria-describedby=\"tribe-events-tooltip-content-10000496\"\n>\n\t\t<h3 class=\"tribe-events-calendar-month__multiday-event-hidden-title tribe-common-h8\">\n\tLa Palma Ecuestre | Carreras tradicionales en asfalto<\/h3>\n<\/a>\n<\/div>\n\t\t<div class=\"tribe-events-calendar-month__multiday-event-bar\">\n\t<div class=\"tribe-events-calendar-month__multiday-event-bar-inner\">\n\t\t\t\t<h3 class=\"tribe-events-calendar-month__multiday-event-bar-title tribe-common-h8\">\n\tLa Palma Ecuestre | Carreras tradicionales en asfalto<\/h3>\n\t<\/div>\n<\/div>\n<div class=\"tribe-events-calendar-month__calendar-event-tooltip-template tribe-common-a11y-hidden\">\n\t<div\n\t\tclass=\"tribe-events-calendar-month__calendar-event-tooltip\"\n\t\tid=\"tribe-events-tooltip-content-10000496\"\n\t\trole=\"tooltip\"\n\t>\n\t\t<div class=\"tribe-events-calendar-month__calendar-event-tooltip-featured-image-wrapper\">\n\t<a\n\t\thref=\"https:\/\/federacioncanariadehipica.es\/inicio\/evento\/la-palma-ecuestre-carreras-tradicionales-en-asfalto-16\/\"\n\t\ttitle=\"La Palma Ecuestre | Carreras tradicionales en asfalto\"\n\t\trel=\"bookmark\"\n\t\tclass=\"tribe-events-calendar-month__calendar-event-tooltip-featured-image-link\"\n\t>\n\t\t<img\n\t\t\tsrc=\"https:\/\/federacioncanariadehipica.es\/inicio\/wp-content\/uploads\/2023\/04\/cartelproximamente.jpg\"\n\t\t\t\t\t\t\t\t\t\talt=\"\"\n\t\t\t\t\t\t\t\t\t\ttitle=\"cartelproximamente\"\n\t\t\t\t\t\tclass=\"tribe-events-calendar-month__calendar-event-tooltip-featured-image\"\n\t\t\/>\n\t<\/a>\n<\/div>\n\t\t<div class=\"tribe-events-calendar-month__calendar-event-tooltip-datetime\">\n\t\t<time datetime=\"2026-05-03\">\n\t\t<span class=\"tribe-event-date-start\">3 mayo<\/span>\t<\/time>\n\t<\/div>\n\t\t<h3 class=\"tribe-events-calendar-month__calendar-event-tooltip-title tribe-common-h7\">\n\t<a\n\t\thref=\"https:\/\/federacioncanariadehipica.es\/inicio\/evento\/la-palma-ecuestre-carreras-tradicionales-en-asfalto-16\/\"\n\t\ttitle=\"La Palma Ecuestre | Carreras tradicionales en asfalto\"\n\t\trel=\"bookmark\"\n\t\tclass=\"tribe-events-calendar-month__calendar-event-tooltip-title-link tribe-common-anchor-thin\"\n\t>\n\t\tLa Palma Ecuestre | Carreras tradicionales en asfalto\t<\/a>\n<\/h3>\n\t\t<div class=\"tribe-events-calendar-month__calendar-event-tooltip-description tribe-common-b3\">\n\t<p>\u00a1Le damos la bienvenidos a los amantes de la h\u00edpica! Les presentamos un evento imprescindible de esta emocionante disciplina. Se llevar\u00e1 a cabo en La Palma\u00a0 y se tratar\u00e1 de [&hellip;]<\/p>\n<\/div>\n\t\t<div class=\"tribe-events-c-small-cta tribe-common-b3 tribe-events-calendar-month__calendar-event-tooltip-cost\">\n\t<span class=\"tribe-events-c-small-cta__price\">\n\t\tFree\t<\/span>\n<\/div>\n\t<\/div>\n<\/div>\n\t<\/article>\n<\/div>\n\n\t<div class=\"tribe-events-calendar-month__multiday-event-wrapper tribe-events-calendar-month__multiday-event--empty\"><\/div>\n\t<div class=\"tribe-events-calendar-month__multiday-event-wrapper\">\n\t<article  class=\"tribe-events-calendar-month__multiday-event post-10000557 tribe_events type-tribe_events status-publish has-post-thumbnail hentry tribe_events_cat-doma-clasica cat_doma-clasica\"  data-event-id=\"10000557\">\n\t\t<div class=\"tribe-events-calendar-month__multiday-event-hidden\">\n\t<time\n\tdatetime=\"2026-05-02\"\n\tclass=\"tribe-common-a11y-visual-hide\"\n>\n\t2026-05-02<\/time>\n\t<a\n\thref=\"https:\/\/federacioncanariadehipica.es\/inicio\/evento\/cdt-real-club-golf-de-las-palmas-bandama\/\"\n\tclass=\"tribe-events-calendar-month__multiday-event-hidden-link\"\n\tdata-js=\"tribe-events-tooltip\"\n\tdata-tooltip-content=\"#tribe-events-tooltip-content-10000557\"\n\taria-describedby=\"tribe-events-tooltip-content-10000557\"\n>\n\t\t<h3 class=\"tribe-events-calendar-month__multiday-event-hidden-title tribe-common-h8\">\n\tCDT | Real Club Golf de Las Palmas &#8211; Bandama<\/h3>\n<\/a>\n<\/div>\n\t\t\t<\/article>\n<\/div>\n\n\n\t\t\t<\/div>\n\n\t\n<\/div>\n<\/div>\n\n\t\t\t\n\t\t<\/div>\n\n\t\n<\/div>\n\n\t\t<\/div>\n\n\t\t\n\t\t<section class=\"tribe-events-calendar-month-mobile-events\" data-js=\"tribe-events-calendar-month-mobile-events\">\n\n\t\n\t\t\n<div  class=\"tribe-events-calendar-month-mobile-events__mobile-day\"  id=\"tribe-events-calendar-mobile-day-2026-03-30\">\n\n\t\n\t\t<div  class=\"tribe-events-header__messages tribe-events-c-messages tribe-common-b2 tribe-events-header__messages--mobile tribe-events-header__messages--day\"  >\n\t\t\t<div class=\"tribe-events-c-messages__message tribe-events-c-messages__message--notice\" role=\"alert\">\n\t\t\t<svg  class=\"tribe-common-c-svgicon tribe-common-c-svgicon--messages-not-found tribe-events-c-messages__message-icon-svg\"  viewBox=\"0 0 21 23\" xmlns=\"http:\/\/www.w3.org\/2000\/svg\" aria-hidden=\"true\" role=\"presentation\" tabindex=\"-1\">\n\t<g fill-rule=\"evenodd\">\n\t\t<path d=\"M.5 2.5h20v20H.5z\"\/>\n\t\t<path stroke-linecap=\"round\" d=\"M7.583 11.583l5.834 5.834m0-5.834l-5.834 5.834\" class=\"tribe-common-c-svgicon__svg-stroke\"\/>\n\t\t<path stroke-linecap=\"round\" d=\"M4.5.5v4m12-4v4\"\/>\n\t\t<path stroke-linecap=\"square\" d=\"M.5 7.5h20\"\/>\n\t<\/g>\n<\/svg>\n\t\t\t<div class=\"tribe-events-c-messages__message-list\" tabindex=\"0\" role=\"alert\" aria-live=\"polite\">\n\t\t\t\t\t\t\t\t\t<div\n\t\t\t\t\t\tclass=\"tribe-events-c-messages__message-list-item\"\n\t\t\t\t\t\t data-key=\"no-events-in-day\" \t\t\t\t\t>\n\t\t\t\t\t\tNo hay ning\u00fan evento este d\u00eda.\t\t\t\t\t<\/div>\n\t\t\t\t\t\t\t<\/div>\n\t\t<\/div>\n\t<\/div>\n\n\t<\/div>\n\n\t\n\t\t\n<div  class=\"tribe-events-calendar-month-mobile-events__mobile-day\"  id=\"tribe-events-calendar-mobile-day-2026-03-31\">\n\n\t\n\t\t<div  class=\"tribe-events-header__messages tribe-events-c-messages tribe-common-b2 tribe-events-header__messages--mobile tribe-events-header__messages--day\"  >\n\t\t\t<div class=\"tribe-events-c-messages__message tribe-events-c-messages__message--notice\" role=\"alert\">\n\t\t\t<svg  class=\"tribe-common-c-svgicon tribe-common-c-svgicon--messages-not-found tribe-events-c-messages__message-icon-svg\"  viewBox=\"0 0 21 23\" xmlns=\"http:\/\/www.w3.org\/2000\/svg\" aria-hidden=\"true\" role=\"presentation\" tabindex=\"-1\">\n\t<g fill-rule=\"evenodd\">\n\t\t<path d=\"M.5 2.5h20v20H.5z\"\/>\n\t\t<path stroke-linecap=\"round\" d=\"M7.583 11.583l5.834 5.834m0-5.834l-5.834 5.834\" class=\"tribe-common-c-svgicon__svg-stroke\"\/>\n\t\t<path stroke-linecap=\"round\" d=\"M4.5.5v4m12-4v4\"\/>\n\t\t<path stroke-linecap=\"square\" d=\"M.5 7.5h20\"\/>\n\t<\/g>\n<\/svg>\n\t\t\t<div class=\"tribe-events-c-messages__message-list\" tabindex=\"0\" role=\"alert\" aria-live=\"polite\">\n\t\t\t\t\t\t\t\t\t<div\n\t\t\t\t\t\tclass=\"tribe-events-c-messages__message-list-item\"\n\t\t\t\t\t\t data-key=\"no-events-in-day\" \t\t\t\t\t>\n\t\t\t\t\t\tNo hay ning\u00fan evento este d\u00eda.\t\t\t\t\t<\/div>\n\t\t\t\t\t\t\t<\/div>\n\t\t<\/div>\n\t<\/div>\n\n\t<\/div>\n\n\t\n\t\t\n<div  class=\"tribe-events-calendar-month-mobile-events__mobile-day\"  id=\"tribe-events-calendar-mobile-day-2026-04-1\">\n\n\t\n\t\t<div  class=\"tribe-events-header__messages tribe-events-c-messages tribe-common-b2 tribe-events-header__messages--mobile tribe-events-header__messages--day\"  >\n\t\t\t<div class=\"tribe-events-c-messages__message tribe-events-c-messages__message--notice\" role=\"alert\">\n\t\t\t<svg  class=\"tribe-common-c-svgicon tribe-common-c-svgicon--messages-not-found tribe-events-c-messages__message-icon-svg\"  viewBox=\"0 0 21 23\" xmlns=\"http:\/\/www.w3.org\/2000\/svg\" aria-hidden=\"true\" role=\"presentation\" tabindex=\"-1\">\n\t<g fill-rule=\"evenodd\">\n\t\t<path d=\"M.5 2.5h20v20H.5z\"\/>\n\t\t<path stroke-linecap=\"round\" d=\"M7.583 11.583l5.834 5.834m0-5.834l-5.834 5.834\" class=\"tribe-common-c-svgicon__svg-stroke\"\/>\n\t\t<path stroke-linecap=\"round\" d=\"M4.5.5v4m12-4v4\"\/>\n\t\t<path stroke-linecap=\"square\" d=\"M.5 7.5h20\"\/>\n\t<\/g>\n<\/svg>\n\t\t\t<div class=\"tribe-events-c-messages__message-list\" tabindex=\"0\" role=\"alert\" aria-live=\"polite\">\n\t\t\t\t\t\t\t\t\t<div\n\t\t\t\t\t\tclass=\"tribe-events-c-messages__message-list-item\"\n\t\t\t\t\t\t data-key=\"no-events-in-day\" \t\t\t\t\t>\n\t\t\t\t\t\tNo hay ning\u00fan evento este d\u00eda.\t\t\t\t\t<\/div>\n\t\t\t\t\t\t\t<\/div>\n\t\t<\/div>\n\t<\/div>\n\n\t<\/div>\n\n\t\n\t\t\n<div  class=\"tribe-events-calendar-month-mobile-events__mobile-day\"  id=\"tribe-events-calendar-mobile-day-2026-04-2\">\n\n\t\n\t\t\t\t\t\n\t\t\t<div class=\"tribe-events-c-day-marker tribe-events-calendar-month-mobile-events__day-marker\">\n\t<time\n\t\tclass=\"tribe-events-c-day-marker__date tribe-common-h7 tribe-common-h--alt\"\n\t\tdatetime=\"2026-04-02\"\n\t>\n\t\t2 abril\t<\/time>\n<\/div>\n\n\t\t\t\n\t\t\t\n<article  class=\"tribe-events-calendar-month-mobile-events__mobile-event post-10000489 tribe_events type-tribe_events status-publish has-post-thumbnail hentry tribe_events_cat-salto-de-obstaculos cat_salto-de-obstaculos\" >\n\n\t\n\t<div class=\"tribe-events-calendar-month-mobile-events__mobile-event-details\">\n\n\t\t<div class=\"tribe-events-calendar-month-mobile-events__mobile-event-datetime tribe-common-b2\">\n\t\t\t\t<time datetime=\"2026-04-02\">\n\t\t\tTodo el d\u00eda\t\t<\/time>\n\t\t<\/div>\n\t\t<h3  class=\"tribe-events-calendar-month-mobile-events__mobile-event-title tribe-common-h7\" >\n\t<a\n\t\thref=\"https:\/\/federacioncanariadehipica.es\/inicio\/evento\/csn-arona-playa-de-las-americas-centro-hipico-del-sur-7\/\"\n\t\ttitle=\"CSN* | Arona-Playa de Las Am\u00e9ricas \u2013 Centro H\u00edpico del Sur\"\n\t\trel=\"bookmark\"\n\t\tclass=\"tribe-events-calendar-month-mobile-events__mobile-event-title-link tribe-common-anchor\"\n\t>\n\t\tCSN* | Arona-Playa de Las Am\u00e9ricas \u2013 Centro H\u00edpico del Sur\t<\/a>\n<\/h3>\n\t\t\n\t<\/div>\n<\/article>\n\n\t\t\n\t\t\n\t<\/div>\n\n\t\n\t\t\n<div  class=\"tribe-events-calendar-month-mobile-events__mobile-day\"  id=\"tribe-events-calendar-mobile-day-2026-04-3\">\n\n\t\n\t\t\t\t\t\n\t\t\t<div class=\"tribe-events-c-day-marker tribe-events-calendar-month-mobile-events__day-marker\">\n\t<time\n\t\tclass=\"tribe-events-c-day-marker__date tribe-common-h7 tribe-common-h--alt\"\n\t\tdatetime=\"2026-04-02\"\n\t>\n\t\t2 abril\t<\/time>\n<\/div>\n\n\t\t\t\n\t\t\t\n<article  class=\"tribe-events-calendar-month-mobile-events__mobile-event post-10000489 tribe_events type-tribe_events status-publish has-post-thumbnail hentry tribe_events_cat-salto-de-obstaculos cat_salto-de-obstaculos\" >\n\n\t\n\t<div class=\"tribe-events-calendar-month-mobile-events__mobile-event-details\">\n\n\t\t<div class=\"tribe-events-calendar-month-mobile-events__mobile-event-datetime tribe-common-b2\">\n\t\t\t\t<time datetime=\"2026-04-02\">\n\t\t\tTodo el d\u00eda\t\t<\/time>\n\t\t<\/div>\n\t\t<h3  class=\"tribe-events-calendar-month-mobile-events__mobile-event-title tribe-common-h7\" >\n\t<a\n\t\thref=\"https:\/\/federacioncanariadehipica.es\/inicio\/evento\/csn-arona-playa-de-las-americas-centro-hipico-del-sur-7\/\"\n\t\ttitle=\"CSN* | Arona-Playa de Las Am\u00e9ricas \u2013 Centro H\u00edpico del Sur\"\n\t\trel=\"bookmark\"\n\t\tclass=\"tribe-events-calendar-month-mobile-events__mobile-event-title-link tribe-common-anchor\"\n\t>\n\t\tCSN* | Arona-Playa de Las Am\u00e9ricas \u2013 Centro H\u00edpico del Sur\t<\/a>\n<\/h3>\n\t\t\n\t<\/div>\n<\/article>\n\n\t\t\n\t\t\n\t<\/div>\n\n\t\n\t\t\n<div  class=\"tribe-events-calendar-month-mobile-events__mobile-day\"  id=\"tribe-events-calendar-mobile-day-2026-04-4\">\n\n\t\n\t\t\t\t\t\n\t\t\t<div class=\"tribe-events-c-day-marker tribe-events-calendar-month-mobile-events__day-marker\">\n\t<time\n\t\tclass=\"tribe-events-c-day-marker__date tribe-common-h7 tribe-common-h--alt\"\n\t\tdatetime=\"2026-04-02\"\n\t>\n\t\t2 abril\t<\/time>\n<\/div>\n\n\t\t\t\n\t\t\t\n<article  class=\"tribe-events-calendar-month-mobile-events__mobile-event post-10000489 tribe_events type-tribe_events status-publish has-post-thumbnail hentry tribe_events_cat-salto-de-obstaculos cat_salto-de-obstaculos\" >\n\n\t\n\t<div class=\"tribe-events-calendar-month-mobile-events__mobile-event-details\">\n\n\t\t<div class=\"tribe-events-calendar-month-mobile-events__mobile-event-datetime tribe-common-b2\">\n\t\t\t\t<time datetime=\"2026-04-02\">\n\t\t\tTodo el d\u00eda\t\t<\/time>\n\t\t<\/div>\n\t\t<h3  class=\"tribe-events-calendar-month-mobile-events__mobile-event-title tribe-common-h7\" >\n\t<a\n\t\thref=\"https:\/\/federacioncanariadehipica.es\/inicio\/evento\/csn-arona-playa-de-las-americas-centro-hipico-del-sur-7\/\"\n\t\ttitle=\"CSN* | Arona-Playa de Las Am\u00e9ricas \u2013 Centro H\u00edpico del Sur\"\n\t\trel=\"bookmark\"\n\t\tclass=\"tribe-events-calendar-month-mobile-events__mobile-event-title-link tribe-common-anchor\"\n\t>\n\t\tCSN* | Arona-Playa de Las Am\u00e9ricas \u2013 Centro H\u00edpico del Sur\t<\/a>\n<\/h3>\n\t\t\n\t<\/div>\n<\/article>\n\n\t\t\t\t\t\n\t\t\t\n\t\t\t\n\t\t\t\n<article  class=\"tribe-events-calendar-month-mobile-events__mobile-event post-10000486 tribe_events type-tribe_events status-publish has-post-thumbnail hentry tribe_events_cat-raid cat_raid\" >\n\n\t\n\t<div class=\"tribe-events-calendar-month-mobile-events__mobile-event-details\">\n\n\t\t<div class=\"tribe-events-calendar-month-mobile-events__mobile-event-datetime tribe-common-b2\">\n\t\t\t\t<time datetime=\"2026-04-04\">\n\t\t\tTodo el d\u00eda\t\t<\/time>\n\t\t<\/div>\n\t\t<h3  class=\"tribe-events-calendar-month-mobile-events__mobile-event-title tribe-common-h7\" >\n\t<a\n\t\thref=\"https:\/\/federacioncanariadehipica.es\/inicio\/evento\/vii-raid-chanajiga-los-realejos\/\"\n\t\ttitle=\"VII Raid Chanajiga Los Realejos\"\n\t\trel=\"bookmark\"\n\t\tclass=\"tribe-events-calendar-month-mobile-events__mobile-event-title-link tribe-common-anchor\"\n\t>\n\t\tVII Raid Chanajiga Los Realejos\t<\/a>\n<\/h3>\n\t\t\n\t<\/div>\n<\/article>\n\n\t\t\n\t\t\n\t<\/div>\n\n\t\n\t\t\n<div  class=\"tribe-events-calendar-month-mobile-events__mobile-day\"  id=\"tribe-events-calendar-mobile-day-2026-04-5\">\n\n\t\n\t\t\t\t\t\n\t\t\t<div class=\"tribe-events-c-day-marker tribe-events-calendar-month-mobile-events__day-marker\">\n\t<time\n\t\tclass=\"tribe-events-c-day-marker__date tribe-common-h7 tribe-common-h--alt\"\n\t\tdatetime=\"2026-04-02\"\n\t>\n\t\t2 abril\t<\/time>\n<\/div>\n\n\t\t\t\n\t\t\t\n<article  class=\"tribe-events-calendar-month-mobile-events__mobile-event post-10000489 tribe_events type-tribe_events status-publish has-post-thumbnail hentry tribe_events_cat-salto-de-obstaculos cat_salto-de-obstaculos\" >\n\n\t\n\t<div class=\"tribe-events-calendar-month-mobile-events__mobile-event-details\">\n\n\t\t<div class=\"tribe-events-calendar-month-mobile-events__mobile-event-datetime tribe-common-b2\">\n\t\t\t\t<time datetime=\"2026-04-02\">\n\t\t\tTodo el d\u00eda\t\t<\/time>\n\t\t<\/div>\n\t\t<h3  class=\"tribe-events-calendar-month-mobile-events__mobile-event-title tribe-common-h7\" >\n\t<a\n\t\thref=\"https:\/\/federacioncanariadehipica.es\/inicio\/evento\/csn-arona-playa-de-las-americas-centro-hipico-del-sur-7\/\"\n\t\ttitle=\"CSN* | Arona-Playa de Las Am\u00e9ricas \u2013 Centro H\u00edpico del Sur\"\n\t\trel=\"bookmark\"\n\t\tclass=\"tribe-events-calendar-month-mobile-events__mobile-event-title-link tribe-common-anchor\"\n\t>\n\t\tCSN* | Arona-Playa de Las Am\u00e9ricas \u2013 Centro H\u00edpico del Sur\t<\/a>\n<\/h3>\n\t\t\n\t<\/div>\n<\/article>\n\n\t\t\n\t\t\n\t<\/div>\n\n\t\n\t\t\n<div  class=\"tribe-events-calendar-month-mobile-events__mobile-day\"  id=\"tribe-events-calendar-mobile-day-2026-04-6\">\n\n\t\n\t\t<div  class=\"tribe-events-header__messages tribe-events-c-messages tribe-common-b2 tribe-events-header__messages--mobile tribe-events-header__messages--day\"  >\n\t\t\t<div class=\"tribe-events-c-messages__message tribe-events-c-messages__message--notice\" role=\"alert\">\n\t\t\t<svg  class=\"tribe-common-c-svgicon tribe-common-c-svgicon--messages-not-found tribe-events-c-messages__message-icon-svg\"  viewBox=\"0 0 21 23\" xmlns=\"http:\/\/www.w3.org\/2000\/svg\" aria-hidden=\"true\" role=\"presentation\" tabindex=\"-1\">\n\t<g fill-rule=\"evenodd\">\n\t\t<path d=\"M.5 2.5h20v20H.5z\"\/>\n\t\t<path stroke-linecap=\"round\" d=\"M7.583 11.583l5.834 5.834m0-5.834l-5.834 5.834\" class=\"tribe-common-c-svgicon__svg-stroke\"\/>\n\t\t<path stroke-linecap=\"round\" d=\"M4.5.5v4m12-4v4\"\/>\n\t\t<path stroke-linecap=\"square\" d=\"M.5 7.5h20\"\/>\n\t<\/g>\n<\/svg>\n\t\t\t<div class=\"tribe-events-c-messages__message-list\" tabindex=\"0\" role=\"alert\" aria-live=\"polite\">\n\t\t\t\t\t\t\t\t\t<div\n\t\t\t\t\t\tclass=\"tribe-events-c-messages__message-list-item\"\n\t\t\t\t\t\t data-key=\"no-events-in-day\" \t\t\t\t\t>\n\t\t\t\t\t\tNo hay ning\u00fan evento este d\u00eda.\t\t\t\t\t<\/div>\n\t\t\t\t\t\t\t<\/div>\n\t\t<\/div>\n\t<\/div>\n\n\t<\/div>\n\n\t\n\t\t\n<div  class=\"tribe-events-calendar-month-mobile-events__mobile-day\"  id=\"tribe-events-calendar-mobile-day-2026-04-7\">\n\n\t\n\t\t<div  class=\"tribe-events-header__messages tribe-events-c-messages tribe-common-b2 tribe-events-header__messages--mobile tribe-events-header__messages--day\"  >\n\t\t\t<div class=\"tribe-events-c-messages__message tribe-events-c-messages__message--notice\" role=\"alert\">\n\t\t\t<svg  class=\"tribe-common-c-svgicon tribe-common-c-svgicon--messages-not-found tribe-events-c-messages__message-icon-svg\"  viewBox=\"0 0 21 23\" xmlns=\"http:\/\/www.w3.org\/2000\/svg\" aria-hidden=\"true\" role=\"presentation\" tabindex=\"-1\">\n\t<g fill-rule=\"evenodd\">\n\t\t<path d=\"M.5 2.5h20v20H.5z\"\/>\n\t\t<path stroke-linecap=\"round\" d=\"M7.583 11.583l5.834 5.834m0-5.834l-5.834 5.834\" class=\"tribe-common-c-svgicon__svg-stroke\"\/>\n\t\t<path stroke-linecap=\"round\" d=\"M4.5.5v4m12-4v4\"\/>\n\t\t<path stroke-linecap=\"square\" d=\"M.5 7.5h20\"\/>\n\t<\/g>\n<\/svg>\n\t\t\t<div class=\"tribe-events-c-messages__message-list\" tabindex=\"0\" role=\"alert\" aria-live=\"polite\">\n\t\t\t\t\t\t\t\t\t<div\n\t\t\t\t\t\tclass=\"tribe-events-c-messages__message-list-item\"\n\t\t\t\t\t\t data-key=\"no-events-in-day\" \t\t\t\t\t>\n\t\t\t\t\t\tNo hay ning\u00fan evento este d\u00eda.\t\t\t\t\t<\/div>\n\t\t\t\t\t\t\t<\/div>\n\t\t<\/div>\n\t<\/div>\n\n\t<\/div>\n\n\t\n\t\t\n<div  class=\"tribe-events-calendar-month-mobile-events__mobile-day\"  id=\"tribe-events-calendar-mobile-day-2026-04-8\">\n\n\t\n\t\t<div  class=\"tribe-events-header__messages tribe-events-c-messages tribe-common-b2 tribe-events-header__messages--mobile tribe-events-header__messages--day\"  >\n\t\t\t<div class=\"tribe-events-c-messages__message tribe-events-c-messages__message--notice\" role=\"alert\">\n\t\t\t<svg  class=\"tribe-common-c-svgicon tribe-common-c-svgicon--messages-not-found tribe-events-c-messages__message-icon-svg\"  viewBox=\"0 0 21 23\" xmlns=\"http:\/\/www.w3.org\/2000\/svg\" aria-hidden=\"true\" role=\"presentation\" tabindex=\"-1\">\n\t<g fill-rule=\"evenodd\">\n\t\t<path d=\"M.5 2.5h20v20H.5z\"\/>\n\t\t<path stroke-linecap=\"round\" d=\"M7.583 11.583l5.834 5.834m0-5.834l-5.834 5.834\" class=\"tribe-common-c-svgicon__svg-stroke\"\/>\n\t\t<path stroke-linecap=\"round\" d=\"M4.5.5v4m12-4v4\"\/>\n\t\t<path stroke-linecap=\"square\" d=\"M.5 7.5h20\"\/>\n\t<\/g>\n<\/svg>\n\t\t\t<div class=\"tribe-events-c-messages__message-list\" tabindex=\"0\" role=\"alert\" aria-live=\"polite\">\n\t\t\t\t\t\t\t\t\t<div\n\t\t\t\t\t\tclass=\"tribe-events-c-messages__message-list-item\"\n\t\t\t\t\t\t data-key=\"no-events-in-day\" \t\t\t\t\t>\n\t\t\t\t\t\tNo hay ning\u00fan evento este d\u00eda.\t\t\t\t\t<\/div>\n\t\t\t\t\t\t\t<\/div>\n\t\t<\/div>\n\t<\/div>\n\n\t<\/div>\n\n\t\n\t\t\n<div  class=\"tribe-events-calendar-month-mobile-events__mobile-day\"  id=\"tribe-events-calendar-mobile-day-2026-04-9\">\n\n\t\n\t\t<div  class=\"tribe-events-header__messages tribe-events-c-messages tribe-common-b2 tribe-events-header__messages--mobile tribe-events-header__messages--day\"  >\n\t\t\t<div class=\"tribe-events-c-messages__message tribe-events-c-messages__message--notice\" role=\"alert\">\n\t\t\t<svg  class=\"tribe-common-c-svgicon tribe-common-c-svgicon--messages-not-found tribe-events-c-messages__message-icon-svg\"  viewBox=\"0 0 21 23\" xmlns=\"http:\/\/www.w3.org\/2000\/svg\" aria-hidden=\"true\" role=\"presentation\" tabindex=\"-1\">\n\t<g fill-rule=\"evenodd\">\n\t\t<path d=\"M.5 2.5h20v20H.5z\"\/>\n\t\t<path stroke-linecap=\"round\" d=\"M7.583 11.583l5.834 5.834m0-5.834l-5.834 5.834\" class=\"tribe-common-c-svgicon__svg-stroke\"\/>\n\t\t<path stroke-linecap=\"round\" d=\"M4.5.5v4m12-4v4\"\/>\n\t\t<path stroke-linecap=\"square\" d=\"M.5 7.5h20\"\/>\n\t<\/g>\n<\/svg>\n\t\t\t<div class=\"tribe-events-c-messages__message-list\" tabindex=\"0\" role=\"alert\" aria-live=\"polite\">\n\t\t\t\t\t\t\t\t\t<div\n\t\t\t\t\t\tclass=\"tribe-events-c-messages__message-list-item\"\n\t\t\t\t\t\t data-key=\"no-events-in-day\" \t\t\t\t\t>\n\t\t\t\t\t\tNo hay ning\u00fan evento este d\u00eda.\t\t\t\t\t<\/div>\n\t\t\t\t\t\t\t<\/div>\n\t\t<\/div>\n\t<\/div>\n\n\t<\/div>\n\n\t\n\t\t\n<div  class=\"tribe-events-calendar-month-mobile-events__mobile-day\"  id=\"tribe-events-calendar-mobile-day-2026-04-10\">\n\n\t\n\t\t<div  class=\"tribe-events-header__messages tribe-events-c-messages tribe-common-b2 tribe-events-header__messages--mobile tribe-events-header__messages--day\"  >\n\t\t\t<div class=\"tribe-events-c-messages__message tribe-events-c-messages__message--notice\" role=\"alert\">\n\t\t\t<svg  class=\"tribe-common-c-svgicon tribe-common-c-svgicon--messages-not-found tribe-events-c-messages__message-icon-svg\"  viewBox=\"0 0 21 23\" xmlns=\"http:\/\/www.w3.org\/2000\/svg\" aria-hidden=\"true\" role=\"presentation\" tabindex=\"-1\">\n\t<g fill-rule=\"evenodd\">\n\t\t<path d=\"M.5 2.5h20v20H.5z\"\/>\n\t\t<path stroke-linecap=\"round\" d=\"M7.583 11.583l5.834 5.834m0-5.834l-5.834 5.834\" class=\"tribe-common-c-svgicon__svg-stroke\"\/>\n\t\t<path stroke-linecap=\"round\" d=\"M4.5.5v4m12-4v4\"\/>\n\t\t<path stroke-linecap=\"square\" d=\"M.5 7.5h20\"\/>\n\t<\/g>\n<\/svg>\n\t\t\t<div class=\"tribe-events-c-messages__message-list\" tabindex=\"0\" role=\"alert\" aria-live=\"polite\">\n\t\t\t\t\t\t\t\t\t<div\n\t\t\t\t\t\tclass=\"tribe-events-c-messages__message-list-item\"\n\t\t\t\t\t\t data-key=\"no-events-in-day\" \t\t\t\t\t>\n\t\t\t\t\t\tNo hay ning\u00fan evento este d\u00eda.\t\t\t\t\t<\/div>\n\t\t\t\t\t\t\t<\/div>\n\t\t<\/div>\n\t<\/div>\n\n\t<\/div>\n\n\t\n\t\t\n<div  class=\"tribe-events-calendar-month-mobile-events__mobile-day\"  id=\"tribe-events-calendar-mobile-day-2026-04-11\">\n\n\t\n\t\t\t\t\t\n\t\t\t<div class=\"tribe-events-c-day-marker tribe-events-calendar-month-mobile-events__day-marker\">\n\t<time\n\t\tclass=\"tribe-events-c-day-marker__date tribe-common-h7 tribe-common-h--alt\"\n\t\tdatetime=\"2026-04-11\"\n\t>\n\t\t11 abril\t<\/time>\n<\/div>\n\n\t\t\t\n\t\t\t\n<article  class=\"tribe-events-calendar-month-mobile-events__mobile-event post-10000503 tribe_events type-tribe_events status-publish has-post-thumbnail hentry tribe_events_cat-carreras cat_carreras\" >\n\n\t\n\t<div class=\"tribe-events-calendar-month-mobile-events__mobile-event-details\">\n\n\t\t<div class=\"tribe-events-calendar-month-mobile-events__mobile-event-datetime tribe-common-b2\">\n\t\t\t\t<time datetime=\"2026-04-11\">\n\t\t\tTodo el d\u00eda\t\t<\/time>\n\t\t<\/div>\n\t\t<h3  class=\"tribe-events-calendar-month-mobile-events__mobile-event-title tribe-common-h7\" >\n\t<a\n\t\thref=\"https:\/\/federacioncanariadehipica.es\/inicio\/evento\/carreras-tradicionales-en-guimar-aed-la-fuente-8\/\"\n\t\ttitle=\"Carreras Tradicionales en G\u00fcimar | AED La Fuente\"\n\t\trel=\"bookmark\"\n\t\tclass=\"tribe-events-calendar-month-mobile-events__mobile-event-title-link tribe-common-anchor\"\n\t>\n\t\tCarreras Tradicionales en G\u00fcimar | AED La Fuente\t<\/a>\n<\/h3>\n\t\t\n\t<\/div>\n<\/article>\n\n\t\t\n\t\t\n\t<\/div>\n\n\t\n\t\t\n<div  class=\"tribe-events-calendar-month-mobile-events__mobile-day\"  id=\"tribe-events-calendar-mobile-day-2026-04-12\">\n\n\t\n\t\t<div  class=\"tribe-events-header__messages tribe-events-c-messages tribe-common-b2 tribe-events-header__messages--mobile tribe-events-header__messages--day\"  >\n\t\t\t<div class=\"tribe-events-c-messages__message tribe-events-c-messages__message--notice\" role=\"alert\">\n\t\t\t<svg  class=\"tribe-common-c-svgicon tribe-common-c-svgicon--messages-not-found tribe-events-c-messages__message-icon-svg\"  viewBox=\"0 0 21 23\" xmlns=\"http:\/\/www.w3.org\/2000\/svg\" aria-hidden=\"true\" role=\"presentation\" tabindex=\"-1\">\n\t<g fill-rule=\"evenodd\">\n\t\t<path d=\"M.5 2.5h20v20H.5z\"\/>\n\t\t<path stroke-linecap=\"round\" d=\"M7.583 11.583l5.834 5.834m0-5.834l-5.834 5.834\" class=\"tribe-common-c-svgicon__svg-stroke\"\/>\n\t\t<path stroke-linecap=\"round\" d=\"M4.5.5v4m12-4v4\"\/>\n\t\t<path stroke-linecap=\"square\" d=\"M.5 7.5h20\"\/>\n\t<\/g>\n<\/svg>\n\t\t\t<div class=\"tribe-events-c-messages__message-list\" tabindex=\"0\" role=\"alert\" aria-live=\"polite\">\n\t\t\t\t\t\t\t\t\t<div\n\t\t\t\t\t\tclass=\"tribe-events-c-messages__message-list-item\"\n\t\t\t\t\t\t data-key=\"no-events-in-day\" \t\t\t\t\t>\n\t\t\t\t\t\tNo hay ning\u00fan evento este d\u00eda.\t\t\t\t\t<\/div>\n\t\t\t\t\t\t\t<\/div>\n\t\t<\/div>\n\t<\/div>\n\n\t<\/div>\n\n\t\n\t\t\n<div  class=\"tribe-events-calendar-month-mobile-events__mobile-day\"  id=\"tribe-events-calendar-mobile-day-2026-04-13\">\n\n\t\n\t\t<div  class=\"tribe-events-header__messages tribe-events-c-messages tribe-common-b2 tribe-events-header__messages--mobile tribe-events-header__messages--day\"  >\n\t\t\t<div class=\"tribe-events-c-messages__message tribe-events-c-messages__message--notice\" role=\"alert\">\n\t\t\t<svg  class=\"tribe-common-c-svgicon tribe-common-c-svgicon--messages-not-found tribe-events-c-messages__message-icon-svg\"  viewBox=\"0 0 21 23\" xmlns=\"http:\/\/www.w3.org\/2000\/svg\" aria-hidden=\"true\" role=\"presentation\" tabindex=\"-1\">\n\t<g fill-rule=\"evenodd\">\n\t\t<path d=\"M.5 2.5h20v20H.5z\"\/>\n\t\t<path stroke-linecap=\"round\" d=\"M7.583 11.583l5.834 5.834m0-5.834l-5.834 5.834\" class=\"tribe-common-c-svgicon__svg-stroke\"\/>\n\t\t<path stroke-linecap=\"round\" d=\"M4.5.5v4m12-4v4\"\/>\n\t\t<path stroke-linecap=\"square\" d=\"M.5 7.5h20\"\/>\n\t<\/g>\n<\/svg>\n\t\t\t<div class=\"tribe-events-c-messages__message-list\" tabindex=\"0\" role=\"alert\" aria-live=\"polite\">\n\t\t\t\t\t\t\t\t\t<div\n\t\t\t\t\t\tclass=\"tribe-events-c-messages__message-list-item\"\n\t\t\t\t\t\t data-key=\"no-events-in-day\" \t\t\t\t\t>\n\t\t\t\t\t\tNo hay ning\u00fan evento este d\u00eda.\t\t\t\t\t<\/div>\n\t\t\t\t\t\t\t<\/div>\n\t\t<\/div>\n\t<\/div>\n\n\t<\/div>\n\n\t\n\t\t\n<div  class=\"tribe-events-calendar-month-mobile-events__mobile-day\"  id=\"tribe-events-calendar-mobile-day-2026-04-14\">\n\n\t\n\t\t<div  class=\"tribe-events-header__messages tribe-events-c-messages tribe-common-b2 tribe-events-header__messages--mobile tribe-events-header__messages--day\"  >\n\t\t\t<div class=\"tribe-events-c-messages__message tribe-events-c-messages__message--notice\" role=\"alert\">\n\t\t\t<svg  class=\"tribe-common-c-svgicon tribe-common-c-svgicon--messages-not-found tribe-events-c-messages__message-icon-svg\"  viewBox=\"0 0 21 23\" xmlns=\"http:\/\/www.w3.org\/2000\/svg\" aria-hidden=\"true\" role=\"presentation\" tabindex=\"-1\">\n\t<g fill-rule=\"evenodd\">\n\t\t<path d=\"M.5 2.5h20v20H.5z\"\/>\n\t\t<path stroke-linecap=\"round\" d=\"M7.583 11.583l5.834 5.834m0-5.834l-5.834 5.834\" class=\"tribe-common-c-svgicon__svg-stroke\"\/>\n\t\t<path stroke-linecap=\"round\" d=\"M4.5.5v4m12-4v4\"\/>\n\t\t<path stroke-linecap=\"square\" d=\"M.5 7.5h20\"\/>\n\t<\/g>\n<\/svg>\n\t\t\t<div class=\"tribe-events-c-messages__message-list\" tabindex=\"0\" role=\"alert\" aria-live=\"polite\">\n\t\t\t\t\t\t\t\t\t<div\n\t\t\t\t\t\tclass=\"tribe-events-c-messages__message-list-item\"\n\t\t\t\t\t\t data-key=\"no-events-in-day\" \t\t\t\t\t>\n\t\t\t\t\t\tNo hay ning\u00fan evento este d\u00eda.\t\t\t\t\t<\/div>\n\t\t\t\t\t\t\t<\/div>\n\t\t<\/div>\n\t<\/div>\n\n\t<\/div>\n\n\t\n\t\t\n<div  class=\"tribe-events-calendar-month-mobile-events__mobile-day\"  id=\"tribe-events-calendar-mobile-day-2026-04-15\">\n\n\t\n\t\t<div  class=\"tribe-events-header__messages tribe-events-c-messages tribe-common-b2 tribe-events-header__messages--mobile tribe-events-header__messages--day\"  >\n\t\t\t<div class=\"tribe-events-c-messages__message tribe-events-c-messages__message--notice\" role=\"alert\">\n\t\t\t<svg  class=\"tribe-common-c-svgicon tribe-common-c-svgicon--messages-not-found tribe-events-c-messages__message-icon-svg\"  viewBox=\"0 0 21 23\" xmlns=\"http:\/\/www.w3.org\/2000\/svg\" aria-hidden=\"true\" role=\"presentation\" tabindex=\"-1\">\n\t<g fill-rule=\"evenodd\">\n\t\t<path d=\"M.5 2.5h20v20H.5z\"\/>\n\t\t<path stroke-linecap=\"round\" d=\"M7.583 11.583l5.834 5.834m0-5.834l-5.834 5.834\" class=\"tribe-common-c-svgicon__svg-stroke\"\/>\n\t\t<path stroke-linecap=\"round\" d=\"M4.5.5v4m12-4v4\"\/>\n\t\t<path stroke-linecap=\"square\" d=\"M.5 7.5h20\"\/>\n\t<\/g>\n<\/svg>\n\t\t\t<div class=\"tribe-events-c-messages__message-list\" tabindex=\"0\" role=\"alert\" aria-live=\"polite\">\n\t\t\t\t\t\t\t\t\t<div\n\t\t\t\t\t\tclass=\"tribe-events-c-messages__message-list-item\"\n\t\t\t\t\t\t data-key=\"no-events-in-day\" \t\t\t\t\t>\n\t\t\t\t\t\tNo hay ning\u00fan evento este d\u00eda.\t\t\t\t\t<\/div>\n\t\t\t\t\t\t\t<\/div>\n\t\t<\/div>\n\t<\/div>\n\n\t<\/div>\n\n\t\n\t\t\n<div  class=\"tribe-events-calendar-month-mobile-events__mobile-day\"  id=\"tribe-events-calendar-mobile-day-2026-04-16\">\n\n\t\n\t\t<div  class=\"tribe-events-header__messages tribe-events-c-messages tribe-common-b2 tribe-events-header__messages--mobile tribe-events-header__messages--day\"  >\n\t\t\t<div class=\"tribe-events-c-messages__message tribe-events-c-messages__message--notice\" role=\"alert\">\n\t\t\t<svg  class=\"tribe-common-c-svgicon tribe-common-c-svgicon--messages-not-found tribe-events-c-messages__message-icon-svg\"  viewBox=\"0 0 21 23\" xmlns=\"http:\/\/www.w3.org\/2000\/svg\" aria-hidden=\"true\" role=\"presentation\" tabindex=\"-1\">\n\t<g fill-rule=\"evenodd\">\n\t\t<path d=\"M.5 2.5h20v20H.5z\"\/>\n\t\t<path stroke-linecap=\"round\" d=\"M7.583 11.583l5.834 5.834m0-5.834l-5.834 5.834\" class=\"tribe-common-c-svgicon__svg-stroke\"\/>\n\t\t<path stroke-linecap=\"round\" d=\"M4.5.5v4m12-4v4\"\/>\n\t\t<path stroke-linecap=\"square\" d=\"M.5 7.5h20\"\/>\n\t<\/g>\n<\/svg>\n\t\t\t<div class=\"tribe-events-c-messages__message-list\" tabindex=\"0\" role=\"alert\" aria-live=\"polite\">\n\t\t\t\t\t\t\t\t\t<div\n\t\t\t\t\t\tclass=\"tribe-events-c-messages__message-list-item\"\n\t\t\t\t\t\t data-key=\"no-events-in-day\" \t\t\t\t\t>\n\t\t\t\t\t\tNo hay ning\u00fan evento este d\u00eda.\t\t\t\t\t<\/div>\n\t\t\t\t\t\t\t<\/div>\n\t\t<\/div>\n\t<\/div>\n\n\t<\/div>\n\n\t\n\t\t\n<div  class=\"tribe-events-calendar-month-mobile-events__mobile-day\"  id=\"tribe-events-calendar-mobile-day-2026-04-17\">\n\n\t\n\t\t<div  class=\"tribe-events-header__messages tribe-events-c-messages tribe-common-b2 tribe-events-header__messages--mobile tribe-events-header__messages--day\"  >\n\t\t\t<div class=\"tribe-events-c-messages__message tribe-events-c-messages__message--notice\" role=\"alert\">\n\t\t\t<svg  class=\"tribe-common-c-svgicon tribe-common-c-svgicon--messages-not-found tribe-events-c-messages__message-icon-svg\"  viewBox=\"0 0 21 23\" xmlns=\"http:\/\/www.w3.org\/2000\/svg\" aria-hidden=\"true\" role=\"presentation\" tabindex=\"-1\">\n\t<g fill-rule=\"evenodd\">\n\t\t<path d=\"M.5 2.5h20v20H.5z\"\/>\n\t\t<path stroke-linecap=\"round\" d=\"M7.583 11.583l5.834 5.834m0-5.834l-5.834 5.834\" class=\"tribe-common-c-svgicon__svg-stroke\"\/>\n\t\t<path stroke-linecap=\"round\" d=\"M4.5.5v4m12-4v4\"\/>\n\t\t<path stroke-linecap=\"square\" d=\"M.5 7.5h20\"\/>\n\t<\/g>\n<\/svg>\n\t\t\t<div class=\"tribe-events-c-messages__message-list\" tabindex=\"0\" role=\"alert\" aria-live=\"polite\">\n\t\t\t\t\t\t\t\t\t<div\n\t\t\t\t\t\tclass=\"tribe-events-c-messages__message-list-item\"\n\t\t\t\t\t\t data-key=\"no-events-in-day\" \t\t\t\t\t>\n\t\t\t\t\t\tNo hay ning\u00fan evento este d\u00eda.\t\t\t\t\t<\/div>\n\t\t\t\t\t\t\t<\/div>\n\t\t<\/div>\n\t<\/div>\n\n\t<\/div>\n\n\t\n\t\t\n<div  class=\"tribe-events-calendar-month-mobile-events__mobile-day\"  id=\"tribe-events-calendar-mobile-day-2026-04-18\">\n\n\t\n\t\t\t\t\t\n\t\t\t<div class=\"tribe-events-c-day-marker tribe-events-calendar-month-mobile-events__day-marker\">\n\t<time\n\t\tclass=\"tribe-events-c-day-marker__date tribe-common-h7 tribe-common-h--alt\"\n\t\tdatetime=\"2026-04-18\"\n\t>\n\t\t18 abril\t<\/time>\n<\/div>\n\n\t\t\t\n\t\t\t\n<article  class=\"tribe-events-calendar-month-mobile-events__mobile-event post-10000492 tribe_events type-tribe_events status-publish has-post-thumbnail hentry tribe_events_cat-raid cat_raid\" >\n\n\t\n\t<div class=\"tribe-events-calendar-month-mobile-events__mobile-event-details\">\n\n\t\t<div class=\"tribe-events-calendar-month-mobile-events__mobile-event-datetime tribe-common-b2\">\n\t\t\t\t<time datetime=\"2026-04-18\">\n\t\t\tTodo el d\u00eda\t\t<\/time>\n\t\t<\/div>\n\t\t<h3  class=\"tribe-events-calendar-month-mobile-events__mobile-event-title tribe-common-h7\" >\n\t<a\n\t\thref=\"https:\/\/federacioncanariadehipica.es\/inicio\/evento\/ii-raid-isla-de-fuerteventura-antigua\/\"\n\t\ttitle=\"II Raid Isla de Fuerteventura &#8211; Antigua\"\n\t\trel=\"bookmark\"\n\t\tclass=\"tribe-events-calendar-month-mobile-events__mobile-event-title-link tribe-common-anchor\"\n\t>\n\t\tII Raid Isla de Fuerteventura &#8211; Antigua\t<\/a>\n<\/h3>\n\t\t\n\t<\/div>\n<\/article>\n\n\t\t\t\t\t\n\t\t\t\n\t\t\t\n\t\t\t\n<article  class=\"tribe-events-calendar-month-mobile-events__mobile-event post-10000493 tribe_events type-tribe_events status-publish has-post-thumbnail hentry tribe_events_cat-carreras cat_carreras\" >\n\n\t\n\t<div class=\"tribe-events-calendar-month-mobile-events__mobile-event-details\">\n\n\t\t<div class=\"tribe-events-calendar-month-mobile-events__mobile-event-datetime tribe-common-b2\">\n\t\t\t\t<time datetime=\"2026-04-18\">\n\t\t\tTodo el d\u00eda\t\t<\/time>\n\t\t<\/div>\n\t\t<h3  class=\"tribe-events-calendar-month-mobile-events__mobile-event-title tribe-common-h7\" >\n\t<a\n\t\thref=\"https:\/\/federacioncanariadehipica.es\/inicio\/evento\/la-palma-ecuestre-carreras-tradicionales-en-asfalto-13\/\"\n\t\ttitle=\"La Palma Ecuestre | Carreras tradicionales en asfalto\"\n\t\trel=\"bookmark\"\n\t\tclass=\"tribe-events-calendar-month-mobile-events__mobile-event-title-link tribe-common-anchor\"\n\t>\n\t\tLa Palma Ecuestre | Carreras tradicionales en asfalto\t<\/a>\n<\/h3>\n\t\t\n\t<\/div>\n<\/article>\n\n\t\t\t\t\t\n\t\t\t\n\t\t\t\n\t\t\t\n<article  class=\"tribe-events-calendar-month-mobile-events__mobile-event post-10000507 tribe_events type-tribe_events status-publish has-post-thumbnail hentry tribe_events_cat-salto-de-obstaculos cat_salto-de-obstaculos\" >\n\n\t\n\t<div class=\"tribe-events-calendar-month-mobile-events__mobile-event-details\">\n\n\t\t<div class=\"tribe-events-calendar-month-mobile-events__mobile-event-datetime tribe-common-b2\">\n\t\t\t\t<time datetime=\"2026-04-18\">\n\t\t\tTodo el d\u00eda\t\t<\/time>\n\t\t<\/div>\n\t\t<h3  class=\"tribe-events-calendar-month-mobile-events__mobile-event-title tribe-common-h7\" >\n\t<a\n\t\thref=\"https:\/\/federacioncanariadehipica.es\/inicio\/evento\/cst-memorial-javier-cortezo-real-club-de-golf-de-las-palmas\/\"\n\t\ttitle=\"CST Memorial Javier Cortezo | Real Club de Golf de Las Palmas\"\n\t\trel=\"bookmark\"\n\t\tclass=\"tribe-events-calendar-month-mobile-events__mobile-event-title-link tribe-common-anchor\"\n\t>\n\t\tCST Memorial Javier Cortezo | Real Club de Golf de Las Palmas\t<\/a>\n<\/h3>\n\t\t\n\t<\/div>\n<\/article>\n\n\t\t\t\t\t\n\t\t\t\n\t\t\t\n\t\t\t\n<article  class=\"tribe-events-calendar-month-mobile-events__mobile-event post-10000598 tribe_events type-tribe_events status-publish has-post-thumbnail hentry tribe_events_cat-raid cat_raid\" >\n\n\t\n\t<div class=\"tribe-events-calendar-month-mobile-events__mobile-event-details\">\n\n\t\t<div class=\"tribe-events-calendar-month-mobile-events__mobile-event-datetime tribe-common-b2\">\n\t\t\t\t<time datetime=\"2026-04-18\">\n\t\t\tTodo el d\u00eda\t\t<\/time>\n\t\t<\/div>\n\t\t<h3  class=\"tribe-events-calendar-month-mobile-events__mobile-event-title tribe-common-h7\" >\n\t<a\n\t\thref=\"https:\/\/federacioncanariadehipica.es\/inicio\/evento\/cen-iv-raid-centro-hipico-del-norte-y-aerac-2\/\"\n\t\ttitle=\"CEN* | IV Raid Centro H\u00edpico del Norte y AERAC\"\n\t\trel=\"bookmark\"\n\t\tclass=\"tribe-events-calendar-month-mobile-events__mobile-event-title-link tribe-common-anchor\"\n\t>\n\t\tCEN* | IV Raid Centro H\u00edpico del Norte y AERAC\t<\/a>\n<\/h3>\n\t\t\n\t<\/div>\n<\/article>\n\n\t\t\n\t\t\n\t<\/div>\n\n\t\n\t\t\n<div  class=\"tribe-events-calendar-month-mobile-events__mobile-day\"  id=\"tribe-events-calendar-mobile-day-2026-04-19\">\n\n\t\n\t\t\t\t\t\n\t\t\t<div class=\"tribe-events-c-day-marker tribe-events-calendar-month-mobile-events__day-marker\">\n\t<time\n\t\tclass=\"tribe-events-c-day-marker__date tribe-common-h7 tribe-common-h--alt\"\n\t\tdatetime=\"2026-04-19\"\n\t>\n\t\t19 abril\t<\/time>\n<\/div>\n\n\t\t\t\n\t\t\t\n<article  class=\"tribe-events-calendar-month-mobile-events__mobile-event post-10000466 tribe_events type-tribe_events status-publish has-post-thumbnail hentry tribe_events_cat-carreras cat_carreras\" >\n\n\t\n\t<div class=\"tribe-events-calendar-month-mobile-events__mobile-event-details\">\n\n\t\t<div class=\"tribe-events-calendar-month-mobile-events__mobile-event-datetime tribe-common-b2\">\n\t\t\t\t<time datetime=\"2026-04-19\">\n\t\t\tTodo el d\u00eda\t\t<\/time>\n\t\t<\/div>\n\t\t<h3  class=\"tribe-events-calendar-month-mobile-events__mobile-event-title tribe-common-h7\" >\n\t<a\n\t\thref=\"https:\/\/federacioncanariadehipica.es\/inicio\/evento\/hipodromo-de-la-laguna-de-valleseco-carreras-tradicionales-en-hipodromo-15\/\"\n\t\ttitle=\"Hip\u00f3dromo de La Laguna de Valleseco | Carreras Tradicionales en Hip\u00f3dromo\"\n\t\trel=\"bookmark\"\n\t\tclass=\"tribe-events-calendar-month-mobile-events__mobile-event-title-link tribe-common-anchor\"\n\t>\n\t\tHip\u00f3dromo de La Laguna de Valleseco | Carreras Tradicionales en Hip\u00f3dromo\t<\/a>\n<\/h3>\n\t\t\n\t<\/div>\n<\/article>\n\n\t\t\t\t\t\n\t\t\t\n\t\t\t\n\t\t\t\n<article  class=\"tribe-events-calendar-month-mobile-events__mobile-event post-10000494 tribe_events type-tribe_events status-publish has-post-thumbnail hentry tribe_events_cat-carreras cat_carreras\" >\n\n\t\n\t<div class=\"tribe-events-calendar-month-mobile-events__mobile-event-details\">\n\n\t\t<div class=\"tribe-events-calendar-month-mobile-events__mobile-event-datetime tribe-common-b2\">\n\t\t\t\t<time datetime=\"2026-04-19\">\n\t\t\tTodo el d\u00eda\t\t<\/time>\n\t\t<\/div>\n\t\t<h3  class=\"tribe-events-calendar-month-mobile-events__mobile-event-title tribe-common-h7\" >\n\t<a\n\t\thref=\"https:\/\/federacioncanariadehipica.es\/inicio\/evento\/la-palma-ecuestre-carreras-tradicionales-en-asfalto-14\/\"\n\t\ttitle=\"La Palma Ecuestre | Carreras tradicionales en asfalto\"\n\t\trel=\"bookmark\"\n\t\tclass=\"tribe-events-calendar-month-mobile-events__mobile-event-title-link tribe-common-anchor\"\n\t>\n\t\tLa Palma Ecuestre | Carreras tradicionales en asfalto\t<\/a>\n<\/h3>\n\t\t\n\t<\/div>\n<\/article>\n\n\t\t\t\t\t\n\t\t\t\n\t\t\t\n\t\t\t\n<article  class=\"tribe-events-calendar-month-mobile-events__mobile-event post-10000507 tribe_events type-tribe_events status-publish has-post-thumbnail hentry tribe_events_cat-salto-de-obstaculos cat_salto-de-obstaculos\" >\n\n\t\n\t<div class=\"tribe-events-calendar-month-mobile-events__mobile-event-details\">\n\n\t\t<div class=\"tribe-events-calendar-month-mobile-events__mobile-event-datetime tribe-common-b2\">\n\t\t\t\t<time datetime=\"2026-04-18\">\n\t\t\tTodo el d\u00eda\t\t<\/time>\n\t\t<\/div>\n\t\t<h3  class=\"tribe-events-calendar-month-mobile-events__mobile-event-title tribe-common-h7\" >\n\t<a\n\t\thref=\"https:\/\/federacioncanariadehipica.es\/inicio\/evento\/cst-memorial-javier-cortezo-real-club-de-golf-de-las-palmas\/\"\n\t\ttitle=\"CST Memorial Javier Cortezo | Real Club de Golf de Las Palmas\"\n\t\trel=\"bookmark\"\n\t\tclass=\"tribe-events-calendar-month-mobile-events__mobile-event-title-link tribe-common-anchor\"\n\t>\n\t\tCST Memorial Javier Cortezo | Real Club de Golf de Las Palmas\t<\/a>\n<\/h3>\n\t\t\n\t<\/div>\n<\/article>\n\n\t\t\t\t\t\n\t\t\t\n\t\t\t\n\t\t\t\n<article  class=\"tribe-events-calendar-month-mobile-events__mobile-event post-10000594 tribe_events type-tribe_events status-publish has-post-thumbnail hentry tribe_events_cat-doma-clasica tribe_events_cat-doma-paralimpica cat_doma-clasica cat_doma-paralimpica\" >\n\n\t\n\t<div class=\"tribe-events-calendar-month-mobile-events__mobile-event-details\">\n\n\t\t<div class=\"tribe-events-calendar-month-mobile-events__mobile-event-datetime tribe-common-b2\">\n\t\t\t\t<time datetime=\"2026-04-19\">\n\t\t\tTodo el d\u00eda\t\t<\/time>\n\t\t<\/div>\n\t\t<h3  class=\"tribe-events-calendar-month-mobile-events__mobile-event-title tribe-common-h7\" >\n\t<a\n\t\thref=\"https:\/\/federacioncanariadehipica.es\/inicio\/evento\/cdt-y-paralimpica-centro-hipico-manchon-de-las-flores-3\/\"\n\t\ttitle=\"CDT y Paral\u00edmpica | Centro H\u00edpico Manch\u00f3n de las Flores\"\n\t\trel=\"bookmark\"\n\t\tclass=\"tribe-events-calendar-month-mobile-events__mobile-event-title-link tribe-common-anchor\"\n\t>\n\t\tCDT y Paral\u00edmpica | Centro H\u00edpico Manch\u00f3n de las Flores\t<\/a>\n<\/h3>\n\t\t\n\t<\/div>\n<\/article>\n\n\t\t\n\t\t\n\t<\/div>\n\n\t\n\t\t\n<div  class=\"tribe-events-calendar-month-mobile-events__mobile-day\"  id=\"tribe-events-calendar-mobile-day-2026-04-20\">\n\n\t\n\t\t<div  class=\"tribe-events-header__messages tribe-events-c-messages tribe-common-b2 tribe-events-header__messages--mobile tribe-events-header__messages--day\"  >\n\t\t\t<div class=\"tribe-events-c-messages__message tribe-events-c-messages__message--notice\" role=\"alert\">\n\t\t\t<svg  class=\"tribe-common-c-svgicon tribe-common-c-svgicon--messages-not-found tribe-events-c-messages__message-icon-svg\"  viewBox=\"0 0 21 23\" xmlns=\"http:\/\/www.w3.org\/2000\/svg\" aria-hidden=\"true\" role=\"presentation\" tabindex=\"-1\">\n\t<g fill-rule=\"evenodd\">\n\t\t<path d=\"M.5 2.5h20v20H.5z\"\/>\n\t\t<path stroke-linecap=\"round\" d=\"M7.583 11.583l5.834 5.834m0-5.834l-5.834 5.834\" class=\"tribe-common-c-svgicon__svg-stroke\"\/>\n\t\t<path stroke-linecap=\"round\" d=\"M4.5.5v4m12-4v4\"\/>\n\t\t<path stroke-linecap=\"square\" d=\"M.5 7.5h20\"\/>\n\t<\/g>\n<\/svg>\n\t\t\t<div class=\"tribe-events-c-messages__message-list\" tabindex=\"0\" role=\"alert\" aria-live=\"polite\">\n\t\t\t\t\t\t\t\t\t<div\n\t\t\t\t\t\tclass=\"tribe-events-c-messages__message-list-item\"\n\t\t\t\t\t\t data-key=\"no-events-in-day\" \t\t\t\t\t>\n\t\t\t\t\t\tNo hay ning\u00fan evento este d\u00eda.\t\t\t\t\t<\/div>\n\t\t\t\t\t\t\t<\/div>\n\t\t<\/div>\n\t<\/div>\n\n\t<\/div>\n\n\t\n\t\t\n<div  class=\"tribe-events-calendar-month-mobile-events__mobile-day\"  id=\"tribe-events-calendar-mobile-day-2026-04-21\">\n\n\t\n\t\t<div  class=\"tribe-events-header__messages tribe-events-c-messages tribe-common-b2 tribe-events-header__messages--mobile tribe-events-header__messages--day\"  >\n\t\t\t<div class=\"tribe-events-c-messages__message tribe-events-c-messages__message--notice\" role=\"alert\">\n\t\t\t<svg  class=\"tribe-common-c-svgicon tribe-common-c-svgicon--messages-not-found tribe-events-c-messages__message-icon-svg\"  viewBox=\"0 0 21 23\" xmlns=\"http:\/\/www.w3.org\/2000\/svg\" aria-hidden=\"true\" role=\"presentation\" tabindex=\"-1\">\n\t<g fill-rule=\"evenodd\">\n\t\t<path d=\"M.5 2.5h20v20H.5z\"\/>\n\t\t<path stroke-linecap=\"round\" d=\"M7.583 11.583l5.834 5.834m0-5.834l-5.834 5.834\" class=\"tribe-common-c-svgicon__svg-stroke\"\/>\n\t\t<path stroke-linecap=\"round\" d=\"M4.5.5v4m12-4v4\"\/>\n\t\t<path stroke-linecap=\"square\" d=\"M.5 7.5h20\"\/>\n\t<\/g>\n<\/svg>\n\t\t\t<div class=\"tribe-events-c-messages__message-list\" tabindex=\"0\" role=\"alert\" aria-live=\"polite\">\n\t\t\t\t\t\t\t\t\t<div\n\t\t\t\t\t\tclass=\"tribe-events-c-messages__message-list-item\"\n\t\t\t\t\t\t data-key=\"no-events-in-day\" \t\t\t\t\t>\n\t\t\t\t\t\tNo hay ning\u00fan evento este d\u00eda.\t\t\t\t\t<\/div>\n\t\t\t\t\t\t\t<\/div>\n\t\t<\/div>\n\t<\/div>\n\n\t<\/div>\n\n\t\n\t\t\n<div  class=\"tribe-events-calendar-month-mobile-events__mobile-day\"  id=\"tribe-events-calendar-mobile-day-2026-04-22\">\n\n\t\n\t\t<div  class=\"tribe-events-header__messages tribe-events-c-messages tribe-common-b2 tribe-events-header__messages--mobile tribe-events-header__messages--day\"  >\n\t\t\t<div class=\"tribe-events-c-messages__message tribe-events-c-messages__message--notice\" role=\"alert\">\n\t\t\t<svg  class=\"tribe-common-c-svgicon tribe-common-c-svgicon--messages-not-found tribe-events-c-messages__message-icon-svg\"  viewBox=\"0 0 21 23\" xmlns=\"http:\/\/www.w3.org\/2000\/svg\" aria-hidden=\"true\" role=\"presentation\" tabindex=\"-1\">\n\t<g fill-rule=\"evenodd\">\n\t\t<path d=\"M.5 2.5h20v20H.5z\"\/>\n\t\t<path stroke-linecap=\"round\" d=\"M7.583 11.583l5.834 5.834m0-5.834l-5.834 5.834\" class=\"tribe-common-c-svgicon__svg-stroke\"\/>\n\t\t<path stroke-linecap=\"round\" d=\"M4.5.5v4m12-4v4\"\/>\n\t\t<path stroke-linecap=\"square\" d=\"M.5 7.5h20\"\/>\n\t<\/g>\n<\/svg>\n\t\t\t<div class=\"tribe-events-c-messages__message-list\" tabindex=\"0\" role=\"alert\" aria-live=\"polite\">\n\t\t\t\t\t\t\t\t\t<div\n\t\t\t\t\t\tclass=\"tribe-events-c-messages__message-list-item\"\n\t\t\t\t\t\t data-key=\"no-events-in-day\" \t\t\t\t\t>\n\t\t\t\t\t\tNo hay ning\u00fan evento este d\u00eda.\t\t\t\t\t<\/div>\n\t\t\t\t\t\t\t<\/div>\n\t\t<\/div>\n\t<\/div>\n\n\t<\/div>\n\n\t\n\t\t\n<div  class=\"tribe-events-calendar-month-mobile-events__mobile-day\"  id=\"tribe-events-calendar-mobile-day-2026-04-23\">\n\n\t\n\t\t<div  class=\"tribe-events-header__messages tribe-events-c-messages tribe-common-b2 tribe-events-header__messages--mobile tribe-events-header__messages--day\"  >\n\t\t\t<div class=\"tribe-events-c-messages__message tribe-events-c-messages__message--notice\" role=\"alert\">\n\t\t\t<svg  class=\"tribe-common-c-svgicon tribe-common-c-svgicon--messages-not-found tribe-events-c-messages__message-icon-svg\"  viewBox=\"0 0 21 23\" xmlns=\"http:\/\/www.w3.org\/2000\/svg\" aria-hidden=\"true\" role=\"presentation\" tabindex=\"-1\">\n\t<g fill-rule=\"evenodd\">\n\t\t<path d=\"M.5 2.5h20v20H.5z\"\/>\n\t\t<path stroke-linecap=\"round\" d=\"M7.583 11.583l5.834 5.834m0-5.834l-5.834 5.834\" class=\"tribe-common-c-svgicon__svg-stroke\"\/>\n\t\t<path stroke-linecap=\"round\" d=\"M4.5.5v4m12-4v4\"\/>\n\t\t<path stroke-linecap=\"square\" d=\"M.5 7.5h20\"\/>\n\t<\/g>\n<\/svg>\n\t\t\t<div class=\"tribe-events-c-messages__message-list\" tabindex=\"0\" role=\"alert\" aria-live=\"polite\">\n\t\t\t\t\t\t\t\t\t<div\n\t\t\t\t\t\tclass=\"tribe-events-c-messages__message-list-item\"\n\t\t\t\t\t\t data-key=\"no-events-in-day\" \t\t\t\t\t>\n\t\t\t\t\t\tNo hay ning\u00fan evento este d\u00eda.\t\t\t\t\t<\/div>\n\t\t\t\t\t\t\t<\/div>\n\t\t<\/div>\n\t<\/div>\n\n\t<\/div>\n\n\t\n\t\t\n<div  class=\"tribe-events-calendar-month-mobile-events__mobile-day\"  id=\"tribe-events-calendar-mobile-day-2026-04-24\">\n\n\t\n\t\t<div  class=\"tribe-events-header__messages tribe-events-c-messages tribe-common-b2 tribe-events-header__messages--mobile tribe-events-header__messages--day\"  >\n\t\t\t<div class=\"tribe-events-c-messages__message tribe-events-c-messages__message--notice\" role=\"alert\">\n\t\t\t<svg  class=\"tribe-common-c-svgicon tribe-common-c-svgicon--messages-not-found tribe-events-c-messages__message-icon-svg\"  viewBox=\"0 0 21 23\" xmlns=\"http:\/\/www.w3.org\/2000\/svg\" aria-hidden=\"true\" role=\"presentation\" tabindex=\"-1\">\n\t<g fill-rule=\"evenodd\">\n\t\t<path d=\"M.5 2.5h20v20H.5z\"\/>\n\t\t<path stroke-linecap=\"round\" d=\"M7.583 11.583l5.834 5.834m0-5.834l-5.834 5.834\" class=\"tribe-common-c-svgicon__svg-stroke\"\/>\n\t\t<path stroke-linecap=\"round\" d=\"M4.5.5v4m12-4v4\"\/>\n\t\t<path stroke-linecap=\"square\" d=\"M.5 7.5h20\"\/>\n\t<\/g>\n<\/svg>\n\t\t\t<div class=\"tribe-events-c-messages__message-list\" tabindex=\"0\" role=\"alert\" aria-live=\"polite\">\n\t\t\t\t\t\t\t\t\t<div\n\t\t\t\t\t\tclass=\"tribe-events-c-messages__message-list-item\"\n\t\t\t\t\t\t data-key=\"no-events-in-day\" \t\t\t\t\t>\n\t\t\t\t\t\tNo hay ning\u00fan evento este d\u00eda.\t\t\t\t\t<\/div>\n\t\t\t\t\t\t\t<\/div>\n\t\t<\/div>\n\t<\/div>\n\n\t<\/div>\n\n\t\n\t\t\n<div  class=\"tribe-events-calendar-month-mobile-events__mobile-day\"  id=\"tribe-events-calendar-mobile-day-2026-04-25\">\n\n\t\n\t\t\t\t\t\n\t\t\t<div class=\"tribe-events-c-day-marker tribe-events-calendar-month-mobile-events__day-marker\">\n\t<time\n\t\tclass=\"tribe-events-c-day-marker__date tribe-common-h7 tribe-common-h--alt\"\n\t\tdatetime=\"2026-04-25\"\n\t>\n\t\t25 abril\t<\/time>\n<\/div>\n\n\t\t\t\n\t\t\t\n<article  class=\"tribe-events-calendar-month-mobile-events__mobile-event post-10000575 tribe_events type-tribe_events status-publish has-post-thumbnail hentry tribe_events_cat-doma-vaquera cat_doma-vaquera tribe-events-status__list-event-canceled\" >\n\n\t\n\t<div class=\"tribe-events-calendar-month-mobile-events__mobile-event-details\">\n\n\t\t<div class=\"tribe-events-calendar-month-mobile-events__mobile-event-datetime tribe-common-b2\">\n\t\t\t\t<time datetime=\"2026-04-25\">\n\t\t\tTodo el d\u00eda\t\t<\/time>\n\t\t<\/div>\n\t\t<h3  class=\"tribe-events-calendar-month-mobile-events__mobile-event-title tribe-common-h7\" ><span class=\"tribe-events-status-label\">\n\t<span class=\"tribe-events-status-label__text tribe-events-status-label__text--canceled\">\n\tCancelado<\/span>\n<\/span>\n\n\t<a\n\t\thref=\"https:\/\/federacioncanariadehipica.es\/inicio\/evento\/cvt-yeguada-artiles-lanzarote\/\"\n\t\ttitle=\"CVT Yeg\u00fcada Artiles | Lanzarote\"\n\t\trel=\"bookmark\"\n\t\tclass=\"tribe-events-calendar-month-mobile-events__mobile-event-title-link tribe-common-anchor\"\n\t>\n\t\tCVT Yeg\u00fcada Artiles | Lanzarote\t<\/a>\n<\/h3>\n\t\t\n\t<\/div>\n<\/article>\n\n\t\t\n\t\t\n\t<\/div>\n\n\t\n\t\t\n<div  class=\"tribe-events-calendar-month-mobile-events__mobile-day\"  id=\"tribe-events-calendar-mobile-day-2026-04-26\">\n\n\t\n\t\t\t\t\t\n\t\t\t<div class=\"tribe-events-c-day-marker tribe-events-calendar-month-mobile-events__day-marker\">\n\t<time\n\t\tclass=\"tribe-events-c-day-marker__date tribe-common-h7 tribe-common-h--alt\"\n\t\tdatetime=\"2026-04-25\"\n\t>\n\t\t25 abril\t<\/time>\n<\/div>\n\n\t\t\t\n\t\t\t\n<article  class=\"tribe-events-calendar-month-mobile-events__mobile-event post-10000575 tribe_events type-tribe_events status-publish has-post-thumbnail hentry tribe_events_cat-doma-vaquera cat_doma-vaquera tribe-events-status__list-event-canceled\" >\n\n\t\n\t<div class=\"tribe-events-calendar-month-mobile-events__mobile-event-details\">\n\n\t\t<div class=\"tribe-events-calendar-month-mobile-events__mobile-event-datetime tribe-common-b2\">\n\t\t\t\t<time datetime=\"2026-04-25\">\n\t\t\tTodo el d\u00eda\t\t<\/time>\n\t\t<\/div>\n\t\t<h3  class=\"tribe-events-calendar-month-mobile-events__mobile-event-title tribe-common-h7\" ><span class=\"tribe-events-status-label\">\n\t<span class=\"tribe-events-status-label__text tribe-events-status-label__text--canceled\">\n\tCancelado<\/span>\n<\/span>\n\n\t<a\n\t\thref=\"https:\/\/federacioncanariadehipica.es\/inicio\/evento\/cvt-yeguada-artiles-lanzarote\/\"\n\t\ttitle=\"CVT Yeg\u00fcada Artiles | Lanzarote\"\n\t\trel=\"bookmark\"\n\t\tclass=\"tribe-events-calendar-month-mobile-events__mobile-event-title-link tribe-common-anchor\"\n\t>\n\t\tCVT Yeg\u00fcada Artiles | Lanzarote\t<\/a>\n<\/h3>\n\t\t\n\t<\/div>\n<\/article>\n\n\t\t\n\t\t\n\t<\/div>\n\n\t\n\t\t\n<div  class=\"tribe-events-calendar-month-mobile-events__mobile-day\"  id=\"tribe-events-calendar-mobile-day-2026-04-27\">\n\n\t\n\t\t<div  class=\"tribe-events-header__messages tribe-events-c-messages tribe-common-b2 tribe-events-header__messages--mobile tribe-events-header__messages--day\"  >\n\t\t\t<div class=\"tribe-events-c-messages__message tribe-events-c-messages__message--notice\" role=\"alert\">\n\t\t\t<svg  class=\"tribe-common-c-svgicon tribe-common-c-svgicon--messages-not-found tribe-events-c-messages__message-icon-svg\"  viewBox=\"0 0 21 23\" xmlns=\"http:\/\/www.w3.org\/2000\/svg\" aria-hidden=\"true\" role=\"presentation\" tabindex=\"-1\">\n\t<g fill-rule=\"evenodd\">\n\t\t<path d=\"M.5 2.5h20v20H.5z\"\/>\n\t\t<path stroke-linecap=\"round\" d=\"M7.583 11.583l5.834 5.834m0-5.834l-5.834 5.834\" class=\"tribe-common-c-svgicon__svg-stroke\"\/>\n\t\t<path stroke-linecap=\"round\" d=\"M4.5.5v4m12-4v4\"\/>\n\t\t<path stroke-linecap=\"square\" d=\"M.5 7.5h20\"\/>\n\t<\/g>\n<\/svg>\n\t\t\t<div class=\"tribe-events-c-messages__message-list\" tabindex=\"0\" role=\"alert\" aria-live=\"polite\">\n\t\t\t\t\t\t\t\t\t<div\n\t\t\t\t\t\tclass=\"tribe-events-c-messages__message-list-item\"\n\t\t\t\t\t\t data-key=\"no-events-in-day\" \t\t\t\t\t>\n\t\t\t\t\t\tNo hay ning\u00fan evento este d\u00eda.\t\t\t\t\t<\/div>\n\t\t\t\t\t\t\t<\/div>\n\t\t<\/div>\n\t<\/div>\n\n\t<\/div>\n\n\t\n\t\t\n<div  class=\"tribe-events-calendar-month-mobile-events__mobile-day tribe-events-calendar-month-mobile-events__mobile-day--show\"  id=\"tribe-events-calendar-mobile-day-2026-04-28\">\n\n\t\n\t\t<div  class=\"tribe-events-header__messages tribe-events-c-messages tribe-common-b2 tribe-events-header__messages--mobile tribe-events-header__messages--day\"  >\n\t\t\t<div class=\"tribe-events-c-messages__message tribe-events-c-messages__message--notice\" role=\"alert\">\n\t\t\t<svg  class=\"tribe-common-c-svgicon tribe-common-c-svgicon--messages-not-found tribe-events-c-messages__message-icon-svg\"  viewBox=\"0 0 21 23\" xmlns=\"http:\/\/www.w3.org\/2000\/svg\" aria-hidden=\"true\" role=\"presentation\" tabindex=\"-1\">\n\t<g fill-rule=\"evenodd\">\n\t\t<path d=\"M.5 2.5h20v20H.5z\"\/>\n\t\t<path stroke-linecap=\"round\" d=\"M7.583 11.583l5.834 5.834m0-5.834l-5.834 5.834\" class=\"tribe-common-c-svgicon__svg-stroke\"\/>\n\t\t<path stroke-linecap=\"round\" d=\"M4.5.5v4m12-4v4\"\/>\n\t\t<path stroke-linecap=\"square\" d=\"M.5 7.5h20\"\/>\n\t<\/g>\n<\/svg>\n\t\t\t<div class=\"tribe-events-c-messages__message-list\" tabindex=\"0\" role=\"alert\" aria-live=\"polite\">\n\t\t\t\t\t\t\t\t\t<div\n\t\t\t\t\t\tclass=\"tribe-events-c-messages__message-list-item\"\n\t\t\t\t\t\t data-key=\"no-events-in-day\" \t\t\t\t\t>\n\t\t\t\t\t\tNo hay ning\u00fan evento este d\u00eda.\t\t\t\t\t<\/div>\n\t\t\t\t\t\t\t<\/div>\n\t\t<\/div>\n\t<\/div>\n\n\t<\/div>\n\n\t\n\t\t\n<div  class=\"tribe-events-calendar-month-mobile-events__mobile-day\"  id=\"tribe-events-calendar-mobile-day-2026-04-29\">\n\n\t\n\t\t<div  class=\"tribe-events-header__messages tribe-events-c-messages tribe-common-b2 tribe-events-header__messages--mobile tribe-events-header__messages--day\"  >\n\t\t\t<div class=\"tribe-events-c-messages__message tribe-events-c-messages__message--notice\" role=\"alert\">\n\t\t\t<svg  class=\"tribe-common-c-svgicon tribe-common-c-svgicon--messages-not-found tribe-events-c-messages__message-icon-svg\"  viewBox=\"0 0 21 23\" xmlns=\"http:\/\/www.w3.org\/2000\/svg\" aria-hidden=\"true\" role=\"presentation\" tabindex=\"-1\">\n\t<g fill-rule=\"evenodd\">\n\t\t<path d=\"M.5 2.5h20v20H.5z\"\/>\n\t\t<path stroke-linecap=\"round\" d=\"M7.583 11.583l5.834 5.834m0-5.834l-5.834 5.834\" class=\"tribe-common-c-svgicon__svg-stroke\"\/>\n\t\t<path stroke-linecap=\"round\" d=\"M4.5.5v4m12-4v4\"\/>\n\t\t<path stroke-linecap=\"square\" d=\"M.5 7.5h20\"\/>\n\t<\/g>\n<\/svg>\n\t\t\t<div class=\"tribe-events-c-messages__message-list\" tabindex=\"0\" role=\"alert\" aria-live=\"polite\">\n\t\t\t\t\t\t\t\t\t<div\n\t\t\t\t\t\tclass=\"tribe-events-c-messages__message-list-item\"\n\t\t\t\t\t\t data-key=\"no-events-in-day\" \t\t\t\t\t>\n\t\t\t\t\t\tNo hay ning\u00fan evento este d\u00eda.\t\t\t\t\t<\/div>\n\t\t\t\t\t\t\t<\/div>\n\t\t<\/div>\n\t<\/div>\n\n\t<\/div>\n\n\t\n\t\t\n<div  class=\"tribe-events-calendar-month-mobile-events__mobile-day\"  id=\"tribe-events-calendar-mobile-day-2026-04-30\">\n\n\t\n\t\t<div  class=\"tribe-events-header__messages tribe-events-c-messages tribe-common-b2 tribe-events-header__messages--mobile tribe-events-header__messages--day\"  >\n\t\t\t<div class=\"tribe-events-c-messages__message tribe-events-c-messages__message--notice\" role=\"alert\">\n\t\t\t<svg  class=\"tribe-common-c-svgicon tribe-common-c-svgicon--messages-not-found tribe-events-c-messages__message-icon-svg\"  viewBox=\"0 0 21 23\" xmlns=\"http:\/\/www.w3.org\/2000\/svg\" aria-hidden=\"true\" role=\"presentation\" tabindex=\"-1\">\n\t<g fill-rule=\"evenodd\">\n\t\t<path d=\"M.5 2.5h20v20H.5z\"\/>\n\t\t<path stroke-linecap=\"round\" d=\"M7.583 11.583l5.834 5.834m0-5.834l-5.834 5.834\" class=\"tribe-common-c-svgicon__svg-stroke\"\/>\n\t\t<path stroke-linecap=\"round\" d=\"M4.5.5v4m12-4v4\"\/>\n\t\t<path stroke-linecap=\"square\" d=\"M.5 7.5h20\"\/>\n\t<\/g>\n<\/svg>\n\t\t\t<div class=\"tribe-events-c-messages__message-list\" tabindex=\"0\" role=\"alert\" aria-live=\"polite\">\n\t\t\t\t\t\t\t\t\t<div\n\t\t\t\t\t\tclass=\"tribe-events-c-messages__message-list-item\"\n\t\t\t\t\t\t data-key=\"no-events-in-day\" \t\t\t\t\t>\n\t\t\t\t\t\tNo hay ning\u00fan evento este d\u00eda.\t\t\t\t\t<\/div>\n\t\t\t\t\t\t\t<\/div>\n\t\t<\/div>\n\t<\/div>\n\n\t<\/div>\n\n\t\n\t\t\n<div  class=\"tribe-events-calendar-month-mobile-events__mobile-day\"  id=\"tribe-events-calendar-mobile-day-2026-05-1\">\n\n\t\n\t\t\t\t\t\n\t\t\t<div class=\"tribe-events-c-day-marker tribe-events-calendar-month-mobile-events__day-marker\">\n\t<time\n\t\tclass=\"tribe-events-c-day-marker__date tribe-common-h7 tribe-common-h--alt\"\n\t\tdatetime=\"2026-05-01\"\n\t>\n\t\t1 mayo\t<\/time>\n<\/div>\n\n\t\t\t\n\t\t\t\n<article  class=\"tribe-events-calendar-month-mobile-events__mobile-event post-10000508 tribe_events type-tribe_events status-publish has-post-thumbnail hentry tribe_events_cat-carreras cat_carreras\" >\n\n\t\n\t<div class=\"tribe-events-calendar-month-mobile-events__mobile-event-details\">\n\n\t\t<div class=\"tribe-events-calendar-month-mobile-events__mobile-event-datetime tribe-common-b2\">\n\t\t\t\t<time datetime=\"2026-05-01\">\n\t\t\tTodo el d\u00eda\t\t<\/time>\n\t\t<\/div>\n\t\t<h3  class=\"tribe-events-calendar-month-mobile-events__mobile-event-title tribe-common-h7\" >\n\t<a\n\t\thref=\"https:\/\/federacioncanariadehipica.es\/inicio\/evento\/luis-verde-valsequillo-carreras-tradicionales-en-asfalto-2\/\"\n\t\ttitle=\"Luis Verde &#8211; Valsequillo | Carreras Tradicionales en Asfalto\"\n\t\trel=\"bookmark\"\n\t\tclass=\"tribe-events-calendar-month-mobile-events__mobile-event-title-link tribe-common-anchor\"\n\t>\n\t\tLuis Verde &#8211; Valsequillo | Carreras Tradicionales en Asfalto\t<\/a>\n<\/h3>\n\t\t\n\t<\/div>\n<\/article>\n\n\t\t\n\t\t\n\t<\/div>\n\n\t\n\t\t\n<div  class=\"tribe-events-calendar-month-mobile-events__mobile-day\"  id=\"tribe-events-calendar-mobile-day-2026-05-2\">\n\n\t\n\t\t\t\t\t\n\t\t\t<div class=\"tribe-events-c-day-marker tribe-events-calendar-month-mobile-events__day-marker\">\n\t<time\n\t\tclass=\"tribe-events-c-day-marker__date tribe-common-h7 tribe-common-h--alt\"\n\t\tdatetime=\"2026-05-02\"\n\t>\n\t\t2 mayo\t<\/time>\n<\/div>\n\n\t\t\t\n\t\t\t\n<article  class=\"tribe-events-calendar-month-mobile-events__mobile-event post-10000495 tribe_events type-tribe_events status-publish has-post-thumbnail hentry tribe_events_cat-carreras cat_carreras\" >\n\n\t\n\t<div class=\"tribe-events-calendar-month-mobile-events__mobile-event-details\">\n\n\t\t<div class=\"tribe-events-calendar-month-mobile-events__mobile-event-datetime tribe-common-b2\">\n\t\t\t\t<time datetime=\"2026-05-02\">\n\t\t\tTodo el d\u00eda\t\t<\/time>\n\t\t<\/div>\n\t\t<h3  class=\"tribe-events-calendar-month-mobile-events__mobile-event-title tribe-common-h7\" >\n\t<a\n\t\thref=\"https:\/\/federacioncanariadehipica.es\/inicio\/evento\/la-palma-ecuestre-carreras-tradicionales-en-asfalto-15\/\"\n\t\ttitle=\"La Palma Ecuestre | Carreras tradicionales en asfalto\"\n\t\trel=\"bookmark\"\n\t\tclass=\"tribe-events-calendar-month-mobile-events__mobile-event-title-link tribe-common-anchor\"\n\t>\n\t\tLa Palma Ecuestre | Carreras tradicionales en asfalto\t<\/a>\n<\/h3>\n\t\t\n\t<\/div>\n<\/article>\n\n\t\t\t\t\t\n\t\t\t\n\t\t\t\n\t\t\t\n<article  class=\"tribe-events-calendar-month-mobile-events__mobile-event post-10000511 tribe_events type-tribe_events status-publish has-post-thumbnail hentry tribe_events_cat-carreras cat_carreras\" >\n\n\t\n\t<div class=\"tribe-events-calendar-month-mobile-events__mobile-event-details\">\n\n\t\t<div class=\"tribe-events-calendar-month-mobile-events__mobile-event-datetime tribe-common-b2\">\n\t\t\t\t<time datetime=\"2026-05-02\">\n\t\t\tTodo el d\u00eda\t\t<\/time>\n\t\t<\/div>\n\t\t<h3  class=\"tribe-events-calendar-month-mobile-events__mobile-event-title tribe-common-h7\" >\n\t<a\n\t\thref=\"https:\/\/federacioncanariadehipica.es\/inicio\/evento\/icod-de-los-vinos-el-amparo-ade-la-fuente-carreras-tradicionales-en-asfalto-5\/\"\n\t\ttitle=\"Icod de Los Vinos, El Amparo (ADE La Fuente) | Carreras Tradicionales en Asfalto\"\n\t\trel=\"bookmark\"\n\t\tclass=\"tribe-events-calendar-month-mobile-events__mobile-event-title-link tribe-common-anchor\"\n\t>\n\t\tIcod de Los Vinos, El Amparo (ADE La Fuente) | Carreras Tradicionales en Asfalto\t<\/a>\n<\/h3>\n\t\t\n\t<\/div>\n<\/article>\n\n\t\t\t\t\t\n\t\t\t\n\t\t\t\n\t\t\t\n<article  class=\"tribe-events-calendar-month-mobile-events__mobile-event post-10000557 tribe_events type-tribe_events status-publish has-post-thumbnail hentry tribe_events_cat-doma-clasica cat_doma-clasica\" >\n\n\t\n\t<div class=\"tribe-events-calendar-month-mobile-events__mobile-event-details\">\n\n\t\t<div class=\"tribe-events-calendar-month-mobile-events__mobile-event-datetime tribe-common-b2\">\n\t\t\t\t<time datetime=\"2026-05-02\">\n\t\t\tTodo el d\u00eda\t\t<\/time>\n\t\t<\/div>\n\t\t<h3  class=\"tribe-events-calendar-month-mobile-events__mobile-event-title tribe-common-h7\" >\n\t<a\n\t\thref=\"https:\/\/federacioncanariadehipica.es\/inicio\/evento\/cdt-real-club-golf-de-las-palmas-bandama\/\"\n\t\ttitle=\"CDT | Real Club Golf de Las Palmas &#8211; Bandama\"\n\t\trel=\"bookmark\"\n\t\tclass=\"tribe-events-calendar-month-mobile-events__mobile-event-title-link tribe-common-anchor\"\n\t>\n\t\tCDT | Real Club Golf de Las Palmas &#8211; Bandama\t<\/a>\n<\/h3>\n\t\t\n\t<\/div>\n<\/article>\n\n\t\t\n\t\t\n\t<\/div>\n\n\t\n\t\t\n<div  class=\"tribe-events-calendar-month-mobile-events__mobile-day\"  id=\"tribe-events-calendar-mobile-day-2026-05-3\">\n\n\t\n\t\t\t\t\t\n\t\t\t<div class=\"tribe-events-c-day-marker tribe-events-calendar-month-mobile-events__day-marker\">\n\t<time\n\t\tclass=\"tribe-events-c-day-marker__date tribe-common-h7 tribe-common-h--alt\"\n\t\tdatetime=\"2026-05-03\"\n\t>\n\t\t3 mayo\t<\/time>\n<\/div>\n\n\t\t\t\n\t\t\t\n<article  class=\"tribe-events-calendar-month-mobile-events__mobile-event post-10000496 tribe_events type-tribe_events status-publish has-post-thumbnail hentry tribe_events_cat-carreras cat_carreras\" >\n\n\t\n\t<div class=\"tribe-events-calendar-month-mobile-events__mobile-event-details\">\n\n\t\t<div class=\"tribe-events-calendar-month-mobile-events__mobile-event-datetime tribe-common-b2\">\n\t\t\t\t<time datetime=\"2026-05-03\">\n\t\t\tTodo el d\u00eda\t\t<\/time>\n\t\t<\/div>\n\t\t<h3  class=\"tribe-events-calendar-month-mobile-events__mobile-event-title tribe-common-h7\" >\n\t<a\n\t\thref=\"https:\/\/federacioncanariadehipica.es\/inicio\/evento\/la-palma-ecuestre-carreras-tradicionales-en-asfalto-16\/\"\n\t\ttitle=\"La Palma Ecuestre | Carreras tradicionales en asfalto\"\n\t\trel=\"bookmark\"\n\t\tclass=\"tribe-events-calendar-month-mobile-events__mobile-event-title-link tribe-common-anchor\"\n\t>\n\t\tLa Palma Ecuestre | Carreras tradicionales en asfalto\t<\/a>\n<\/h3>\n\t\t\n\t<\/div>\n<\/article>\n\n\t\t\t\t\t\n\t\t\t\n\t\t\t\n\t\t\t\n<article  class=\"tribe-events-calendar-month-mobile-events__mobile-event post-10000557 tribe_events type-tribe_events status-publish has-post-thumbnail hentry tribe_events_cat-doma-clasica cat_doma-clasica\" >\n\n\t\n\t<div class=\"tribe-events-calendar-month-mobile-events__mobile-event-details\">\n\n\t\t<div class=\"tribe-events-calendar-month-mobile-events__mobile-event-datetime tribe-common-b2\">\n\t\t\t\t<time datetime=\"2026-05-02\">\n\t\t\tTodo el d\u00eda\t\t<\/time>\n\t\t<\/div>\n\t\t<h3  class=\"tribe-events-calendar-month-mobile-events__mobile-event-title tribe-common-h7\" >\n\t<a\n\t\thref=\"https:\/\/federacioncanariadehipica.es\/inicio\/evento\/cdt-real-club-golf-de-las-palmas-bandama\/\"\n\t\ttitle=\"CDT | Real Club Golf de Las Palmas &#8211; Bandama\"\n\t\trel=\"bookmark\"\n\t\tclass=\"tribe-events-calendar-month-mobile-events__mobile-event-title-link tribe-common-anchor\"\n\t>\n\t\tCDT | Real Club Golf de Las Palmas &#8211; Bandama\t<\/a>\n<\/h3>\n\t\t\n\t<\/div>\n<\/article>\n\n\t\t\n\t\t\n\t<\/div>\n\n\t\n\t<nav class=\"tribe-events-calendar-month-nav tribe-events-c-nav\">\n\t<ul class=\"tribe-events-c-nav__list\">\n\t\t<li class=\"tribe-events-c-nav__list-item tribe-events-c-nav__list-item--prev\">\n\t<a\n\t\thref=\"https:\/\/federacioncanariadehipica.es\/inicio\/events\/mes\/2026-03\/?shortcode=b5e78f03\"\n\t\trel=\"prev\"\n\t\tclass=\"tribe-events-c-nav__prev tribe-common-b2\"\n\t\tdata-js=\"tribe-events-view-link\"\n\t\taria-label=\"Mes anterior, Mar\"\n\t\ttitle=\"Mes anterior, Mar\"\n\t\trel=\"prev\"\n\t>\n\t\t<svg  class=\"tribe-common-c-svgicon tribe-common-c-svgicon--caret-left tribe-events-c-nav__prev-icon-svg\"  xmlns=\"http:\/\/www.w3.org\/2000\/svg\" viewBox=\"0 0 10 16\" aria-hidden=\"true\"><path d=\"M9.7 14.4l-1.5 1.5L.3 8 8.2.1l1.5 1.5L3.3 8l6.4 6.4z\"\/><\/svg>\n\t\tMar\t<\/a>\n<\/li>\n\n\t\t<li class=\"tribe-events-c-nav__list-item tribe-events-c-nav__list-item--today\">\n\t<a\n\t\thref=\"https:\/\/federacioncanariadehipica.es\/inicio\/events\/mes\/?rest_route=%2Fwp%2Fv2%2Fpages%2F353&#038;shortcode=b5e78f03\"\n\t\tclass=\"tribe-events-c-nav__today tribe-common-b2\"\n\t\tdata-js=\"tribe-events-view-link\"\n\t\taria-label=\"Haz clic para seleccionar el mes actual\"\n\t\ttitle=\"Haz clic para seleccionar el mes actual\"\n\t>\n\t\tEste mes\t<\/a>\n<\/li>\n\n\t\t<li class=\"tribe-events-c-nav__list-item tribe-events-c-nav__list-item--next\">\n\t<a\n\t\thref=\"https:\/\/federacioncanariadehipica.es\/inicio\/events\/mes\/2026-05\/?shortcode=b5e78f03\"\n\t\trel=\"next\"\n\t\tclass=\"tribe-events-c-nav__next tribe-common-b2\"\n\t\tdata-js=\"tribe-events-view-link\"\n\t\taria-label=\"Mes siguiente, May\"\n\t\ttitle=\"Mes siguiente, May\"\n\t\trel=\"next\"\n\t>\n\t\tMay\t\t<svg  class=\"tribe-common-c-svgicon tribe-common-c-svgicon--caret-right tribe-events-c-nav__next-icon-svg\"  xmlns=\"http:\/\/www.w3.org\/2000\/svg\" viewBox=\"0 0 10 16\" aria-hidden=\"true\"><path d=\"M.3 1.6L1.8.1 9.7 8l-7.9 7.9-1.5-1.5L6.7 8 .3 1.6z\"\/><\/svg>\n\t<\/a>\n<\/li>\n\t<\/ul>\n<\/nav>\n\n<\/section>\n\n\t\t<div class=\"tribe-events-c-subscribe-dropdown__container\">\n\t<div class=\"tribe-events-c-subscribe-dropdown\">\n\t\t<div class=\"tribe-common-c-btn-border tribe-events-c-subscribe-dropdown__button\">\n\t\t\t<button\n\t\t\t\tclass=\"tribe-events-c-subscribe-dropdown__button-text tribe-common-c-btn--clear\"\n\t\t\t\taria-expanded=\"false\"\n\t\t\t\taria-controls=\"tribe-events-subscribe-dropdown-content\"\n\t\t\t\taria-label=\"\"\n\t\t\t>\n\t\t\t\tSuscribirse al calendario\t\t\t<\/button>\n\t\t\t<svg  class=\"tribe-common-c-svgicon tribe-common-c-svgicon--caret-down tribe-events-c-subscribe-dropdown__button-icon\"  viewBox=\"0 0 10 7\" xmlns=\"http:\/\/www.w3.org\/2000\/svg\" aria-hidden=\"true\"><path fill-rule=\"evenodd\" clip-rule=\"evenodd\" d=\"M1.008.609L5 4.6 8.992.61l.958.958L5 6.517.05 1.566l.958-.958z\" class=\"tribe-common-c-svgicon__svg-fill\"\/><\/svg>\n\t\t<\/div>\n\t\t<div id=\"tribe-events-c-subscribe-dropdown-content\" class=\"tribe-events-c-subscribe-dropdown__content\">\n\t\t\t<ul class=\"tribe-events-c-subscribe-dropdown__list\">\n\t\t\t\t\t\t\t\t\t\n<li class=\"tribe-events-c-subscribe-dropdown__list-item\">\n\t<a\n\t\thref=\"https:\/\/www.google.com\/calendar\/render?cid=webcal%3A%2F%2Ffederacioncanariadehipica.es%2Finicio%2F%3Fpost_type%3Dtribe_events%26ical%3D1%26eventDisplay%3Dlist\"\n\t\tclass=\"tribe-events-c-subscribe-dropdown__list-item-link\"\n\t\ttarget=\"_blank\"\n\t\trel=\"noopener noreferrer nofollow noindex\"\n\t>\n\t\tGoogle Calendar\t<\/a>\n<\/li>\n\t\t\t\t\t\t\t\t\t\n<li class=\"tribe-events-c-subscribe-dropdown__list-item\">\n\t<a\n\t\thref=\"webcal:\/\/federacioncanariadehipica.es\/inicio\/?post_type=tribe_events&#038;ical=1&#038;eventDisplay=list\"\n\t\tclass=\"tribe-events-c-subscribe-dropdown__list-item-link\"\n\t\ttarget=\"_blank\"\n\t\trel=\"noopener noreferrer nofollow noindex\"\n\t>\n\t\tiCalendar\t<\/a>\n<\/li>\n\t\t\t\t\t\t\t\t\t\n<li class=\"tribe-events-c-subscribe-dropdown__list-item\">\n\t<a\n\t\thref=\"https:\/\/outlook.office.com\/owa?path=\/calendar\/action\/compose&#038;rru=addsubscription&#038;url=webcal%3A%2F%2Ffederacioncanariadehipica.es%2Finicio%2F%3Fpost_type%3Dtribe_events%26ical%3D1%26eventDisplay%3Dlist&#038;name=Federaci\u00f3n+Canaria+de+H\u00edpica+Eventos+en+abril+2026+\u2013+Federaci\u00f3n+Canaria+de+H\u00edpica\"\n\t\tclass=\"tribe-events-c-subscribe-dropdown__list-item-link\"\n\t\ttarget=\"_blank\"\n\t\trel=\"noopener noreferrer nofollow noindex\"\n\t>\n\t\tOutlook 365\t<\/a>\n<\/li>\n\t\t\t\t\t\t\t\t\t\n<li class=\"tribe-events-c-subscribe-dropdown__list-item\">\n\t<a\n\t\thref=\"https:\/\/outlook.live.com\/owa?path=\/calendar\/action\/compose&#038;rru=addsubscription&#038;url=webcal%3A%2F%2Ffederacioncanariadehipica.es%2Finicio%2F%3Fpost_type%3Dtribe_events%26ical%3D1%26eventDisplay%3Dlist&#038;name=Federaci\u00f3n+Canaria+de+H\u00edpica+Eventos+en+abril+2026+\u2013+Federaci\u00f3n+Canaria+de+H\u00edpica\"\n\t\tclass=\"tribe-events-c-subscribe-dropdown__list-item-link\"\n\t\ttarget=\"_blank\"\n\t\trel=\"noopener noreferrer nofollow noindex\"\n\t>\n\t\tOutlook Live\t<\/a>\n<\/li>\n\t\t\t\t\t\t\t\t\t\n<li class=\"tribe-events-c-subscribe-dropdown__list-item\">\n\t<a\n\t\thref=\"https:\/\/federacioncanariadehipica.es\/inicio\/events\/mes\/?shortcode=b5e78f03&#038;ical=1\"\n\t\tclass=\"tribe-events-c-subscribe-dropdown__list-item-link\"\n\t\ttarget=\"_blank\"\n\t\trel=\"noopener noreferrer nofollow noindex\"\n\t>\n\t\tExportar archivo .ics\t<\/a>\n<\/li>\n\t\t\t\t\t\t\t\t\t\n<li class=\"tribe-events-c-subscribe-dropdown__list-item\">\n\t<a\n\t\thref=\"https:\/\/federacioncanariadehipica.es\/inicio\/events\/mes\/?shortcode=b5e78f03&#038;outlook-ical=1#038;ical=1\"\n\t\tclass=\"tribe-events-c-subscribe-dropdown__list-item-link\"\n\t\ttarget=\"_blank\"\n\t\trel=\"noopener noreferrer nofollow noindex\"\n\t>\n\t\tExportar archivo .ics de Outlook\t<\/a>\n<\/li>\n\t\t\t\t\t\t\t<\/ul>\n\t\t<\/div>\n\t<\/div>\n<\/div>\n\n\t\t\n\t<\/section>\n\n<\/div>\n\n<script data-js='tribe-events-view-nonce-data' type='application\/json'>{\"tvn1\":\"53e3283427\",\"tvn2\":\"\"}<\/script><\/span><\/p>\n<p>[\/et_pb_text][et_pb_blurb title=\u00bbCarreras Tradicionales\u00bb use_icon=\u00bbon\u00bb font_icon=\u00bb&#xf45c;||fa||900&#8243; icon_color=\u00bb#b50001&#8243; icon_placement=\u00bbleft\u00bb image_icon_width=\u00bb16px\u00bb content_max_width=\u00bb100%\u00bb image_icon_width_tablet=\u00bb16px\u00bb image_icon_width_phone=\u00bb14px\u00bb image_icon_width_last_edited=\u00bbon|phone\u00bb _builder_version=\u00bb4.21.0&#8243; _module_preset=\u00bbdefault\u00bb header_font=\u00bbMontserrat||||||||\u00bb header_font_size=\u00bb16px\u00bb custom_margin=\u00bb||10px||false|false\u00bb animation=\u00bboff\u00bb header_font_size_tablet=\u00bb16px\u00bb header_font_size_phone=\u00bb14px\u00bb header_font_size_last_edited=\u00bbon|phone\u00bb global_colors_info=\u00bb{}\u00bb][\/et_pb_blurb][et_pb_blurb title=\u00bbDoma Cl\u00e1sica\u00bb use_icon=\u00bbon\u00bb font_icon=\u00bb&#xf45c;||fa||900&#8243; icon_color=\u00bb#0014aa\u00bb icon_placement=\u00bbleft\u00bb image_icon_width=\u00bb16px\u00bb content_max_width=\u00bb100%\u00bb image_icon_width_tablet=\u00bb16px\u00bb image_icon_width_phone=\u00bb14px\u00bb image_icon_width_last_edited=\u00bbon|phone\u00bb _builder_version=\u00bb4.21.0&#8243; _module_preset=\u00bbdefault\u00bb header_font=\u00bbMontserrat||||||||\u00bb header_font_size=\u00bb16px\u00bb custom_margin=\u00bb||10px||false|false\u00bb animation=\u00bboff\u00bb header_font_size_tablet=\u00bb16px\u00bb header_font_size_phone=\u00bb14px\u00bb header_font_size_last_edited=\u00bbon|phone\u00bb global_colors_info=\u00bb{}\u00bb][\/et_pb_blurb][et_pb_blurb title=\u00bbDoma Paral\u00edmpica\u00bb use_icon=\u00bbon\u00bb font_icon=\u00bb&#xf45c;||fa||900&#8243; icon_color=\u00bb#ffa000&#8243; icon_placement=\u00bbleft\u00bb image_icon_width=\u00bb16px\u00bb content_max_width=\u00bb100%\u00bb image_icon_width_tablet=\u00bb16px\u00bb image_icon_width_phone=\u00bb14px\u00bb image_icon_width_last_edited=\u00bbon|phone\u00bb _builder_version=\u00bb4.21.0&#8243; _module_preset=\u00bbdefault\u00bb header_font=\u00bbMontserrat||||||||\u00bb header_font_size=\u00bb16px\u00bb custom_margin=\u00bb||10px||false|false\u00bb animation=\u00bboff\u00bb header_font_size_tablet=\u00bb16px\u00bb header_font_size_phone=\u00bb14px\u00bb header_font_size_last_edited=\u00bbon|phone\u00bb global_colors_info=\u00bb{}\u00bb][\/et_pb_blurb][et_pb_blurb title=\u00bbDoma Vaquera\u00bb use_icon=\u00bbon\u00bb font_icon=\u00bb&#xf45c;||fa||900&#8243; icon_color=\u00bb#4b0a00&#8243; icon_placement=\u00bbleft\u00bb image_icon_width=\u00bb16px\u00bb content_max_width=\u00bb100%\u00bb image_icon_width_tablet=\u00bb16px\u00bb image_icon_width_phone=\u00bb14px\u00bb image_icon_width_last_edited=\u00bbon|phone\u00bb _builder_version=\u00bb4.21.0&#8243; _module_preset=\u00bbdefault\u00bb header_font=\u00bbMontserrat||||||||\u00bb header_font_size=\u00bb16px\u00bb custom_margin=\u00bb||10px||false|false\u00bb animation=\u00bboff\u00bb header_font_size_tablet=\u00bb16px\u00bb header_font_size_phone=\u00bb14px\u00bb header_font_size_last_edited=\u00bbon|phone\u00bb global_colors_info=\u00bb{}\u00bb][\/et_pb_blurb][et_pb_blurb title=\u00bbResistencia Ecuestre (Raid)\u00bb use_icon=\u00bbon\u00bb font_icon=\u00bb&#xf45c;||fa||900&#8243; icon_color=\u00bb#005130&#8243; icon_placement=\u00bbleft\u00bb image_icon_width=\u00bb16px\u00bb content_max_width=\u00bb100%\u00bb image_icon_width_tablet=\u00bb16px\u00bb image_icon_width_phone=\u00bb14px\u00bb image_icon_width_last_edited=\u00bbon|phone\u00bb _builder_version=\u00bb4.21.0&#8243; _module_preset=\u00bbdefault\u00bb header_font=\u00bbMontserrat||||||||\u00bb header_font_size=\u00bb16px\u00bb custom_margin=\u00bb||10px||false|false\u00bb animation=\u00bboff\u00bb header_font_size_tablet=\u00bb16px\u00bb header_font_size_phone=\u00bb14px\u00bb header_font_size_last_edited=\u00bbon|phone\u00bb global_colors_info=\u00bb{}\u00bb][\/et_pb_blurb][et_pb_blurb title=\u00bbSalto de Obst\u00e1culos\u00bb use_icon=\u00bbon\u00bb font_icon=\u00bb&#xf45c;||fa||900&#8243; icon_color=\u00bb#72012f\u00bb icon_placement=\u00bbleft\u00bb image_icon_width=\u00bb16px\u00bb content_max_width=\u00bb100%\u00bb image_icon_width_tablet=\u00bb16px\u00bb image_icon_width_phone=\u00bb14px\u00bb image_icon_width_last_edited=\u00bbon|phone\u00bb _builder_version=\u00bb4.21.0&#8243; _module_preset=\u00bbdefault\u00bb header_font=\u00bbMontserrat||||||||\u00bb header_font_size=\u00bb16px\u00bb custom_margin=\u00bb||10px||false|false\u00bb animation=\u00bboff\u00bb header_font_size_tablet=\u00bb16px\u00bb header_font_size_phone=\u00bb14px\u00bb header_font_size_last_edited=\u00bbon|phone\u00bb global_colors_info=\u00bb{}\u00bb][\/et_pb_blurb][et_pb_blurb title=\u00bbOtras actividades\u00bb use_icon=\u00bbon\u00bb font_icon=\u00bb&#xf45c;||fa||900&#8243; icon_color=\u00bb#afb0b5&#8243; icon_placement=\u00bbleft\u00bb image_icon_width=\u00bb16px\u00bb content_max_width=\u00bb100%\u00bb image_icon_width_tablet=\u00bb16px\u00bb image_icon_width_phone=\u00bb14px\u00bb image_icon_width_last_edited=\u00bbon|phone\u00bb _builder_version=\u00bb4.21.0&#8243; _module_preset=\u00bbdefault\u00bb header_font=\u00bbMontserrat||||||||\u00bb header_font_size=\u00bb16px\u00bb custom_margin=\u00bb||10px||false|false\u00bb animation=\u00bboff\u00bb header_font_size_tablet=\u00bb16px\u00bb header_font_size_phone=\u00bb14px\u00bb header_font_size_last_edited=\u00bbon|phone\u00bb global_colors_info=\u00bb{}\u00bb][\/et_pb_blurb][\/et_pb_column][\/et_pb_row][\/et_pb_section]<\/p>\n","protected":false},"excerpt":{"rendered":"<p>[et_pb_section fb_built=\u00bb1&#8243; _builder_version=\u00bb4.21.0&#8243; _module_preset=\u00bbdefault\u00bb background_color=\u00bbrgba(0,0,0,0.75)\u00bb background_image=\u00bbhttps:\/\/federacioncanariadehipica.es\/inicio\/wp-content\/uploads\/2023\/04\/fondocalendario1-scaled.jpg\u00bb background_blend=\u00bbmultiply\u00bb custom_margin=\u00bb120px||||false|false\u00bb custom_margin_tablet=\u00bb0px||||false|false\u00bb custom_margin_phone=\u00bb0px||||false|false\u00bb custom_margin_last_edited=\u00bbon|phone\u00bb custom_padding=\u00bb60px||40px||false|\u00bb locked=\u00bboff\u00bb global_colors_info=\u00bb{}\u00bb][et_pb_row _builder_version=\u00bb4.20.4&#8243; _module_preset=\u00bbdefault\u00bb max_width=\u00bb1080px\u00bb custom_padding=\u00bb||0px|||\u00bb global_colors_info=\u00bb{}\u00bb][et_pb_column type=\u00bb4_4&#8243; _builder_version=\u00bb4.20.4&#8243; _module_preset=\u00bbdefault\u00bb global_colors_info=\u00bb{}\u00bb][et_pb_text _builder_version=\u00bb4.20.4&#8243; _module_preset=\u00bbdefault\u00bb text_text_color=\u00bb#F1F0F0&#8243; header_font=\u00bb|700||on|||||\u00bb header_text_align=\u00bbcenter\u00bb header_text_color=\u00bb#F1F0F0&#8243; header_font_size=\u00bb36px\u00bb [&hellip;]<\/p>\n","protected":false},"author":1,"featured_media":0,"parent":0,"menu_order":0,"comment_status":"closed","ping_status":"closed","template":"","meta":{"_acf_changed":false,"_et_pb_use_builder":"on","_et_pb_old_content":"","_et_gb_content_width":"","footnotes":""},"class_list":["post-353","page","type-page","status-publish","hentry","cat_doma-clasica"],"acf":[],"_links":{"self":[{"href":"https:\/\/federacioncanariadehipica.es\/inicio\/wp-json\/wp\/v2\/pages\/353","targetHints":{"allow":["GET"]}}],"collection":[{"href":"https:\/\/federacioncanariadehipica.es\/inicio\/wp-json\/wp\/v2\/pages"}],"about":[{"href":"https:\/\/federacioncanariadehipica.es\/inicio\/wp-json\/wp\/v2\/types\/page"}],"author":[{"embeddable":true,"href":"https:\/\/federacioncanariadehipica.es\/inicio\/wp-json\/wp\/v2\/users\/1"}],"replies":[{"embeddable":true,"href":"https:\/\/federacioncanariadehipica.es\/inicio\/wp-json\/wp\/v2\/comments?post=353"}],"version-history":[{"count":62,"href":"https:\/\/federacioncanariadehipica.es\/inicio\/wp-json\/wp\/v2\/pages\/353\/revisions"}],"predecessor-version":[{"id":19896,"href":"https:\/\/federacioncanariadehipica.es\/inicio\/wp-json\/wp\/v2\/pages\/353\/revisions\/19896"}],"wp:attachment":[{"href":"https:\/\/federacioncanariadehipica.es\/inicio\/wp-json\/wp\/v2\/media?parent=353"}],"curies":[{"name":"wp","href":"https:\/\/api.w.org\/{rel}","templated":true}]}}