{"id":19913,"date":"2026-02-05T13:28:04","date_gmt":"2026-02-05T13:28:04","guid":{"rendered":"https:\/\/federacioncanariadehipica.es\/inicio\/?page_id=19913"},"modified":"2026-04-22T12:43:30","modified_gmt":"2026-04-22T11:43:30","slug":"elecciones-2026","status":"publish","type":"page","link":"https:\/\/federacioncanariadehipica.es\/inicio\/elecciones-2026\/","title":{"rendered":"Elecciones 2026"},"content":{"rendered":"<p>[et_pb_section fb_built=\u00bb1&#8243; _builder_version=\u00bb4.21.0&#8243; _module_preset=\u00bbdefault\u00bb background_color=\u00bbrgba(0,0,0,0.75)\u00bb background_image=\u00bbhttps:\/\/federacioncanariadehipica.es\/inicio\/wp-content\/uploads\/2023\/04\/fondoclubes-scaled.jpg\u00bb background_blend=\u00bbmultiply\u00bb custom_margin=\u00bb120px||||false|false\u00bb custom_margin_tablet=\u00bb0px||||false|false\u00bb custom_margin_phone=\u00bb0px||||false|false\u00bb custom_margin_last_edited=\u00bbon|phone\u00bb custom_padding=\u00bb||40px||false|false\u00bb locked=\u00bboff\u00bb global_colors_info=\u00bb{}\u00bb][et_pb_row _builder_version=\u00bb4.20.4&#8243; _module_preset=\u00bbdefault\u00bb max_width=\u00bb1080px\u00bb custom_padding=\u00bb||0px|||\u00bb global_colors_info=\u00bb{}\u00bb][et_pb_column type=\u00bb4_4&#8243; _builder_version=\u00bb4.20.4&#8243; _module_preset=\u00bbdefault\u00bb global_colors_info=\u00bb{}\u00bb][et_pb_text _builder_version=\u00bb4.27.4&#8243; _module_preset=\u00bbdefault\u00bb text_text_color=\u00bb#F1F0F0&#8243; header_font=\u00bb|700||on|||||\u00bb header_text_align=\u00bbcenter\u00bb header_text_color=\u00bb#F1F0F0&#8243; header_font_size=\u00bb36px\u00bb header_line_height=\u00bb1.2em\u00bb text_orientation=\u00bbcenter\u00bb custom_margin=\u00bb||||false|false\u00bb text_font_size_tablet=\u00bb\u00bb text_font_size_phone=\u00bb14px\u00bb text_font_size_last_edited=\u00bbon|phone\u00bb header_font_size_tablet=\u00bb26px\u00bb header_font_size_phone=\u00bb22px\u00bb header_font_size_last_edited=\u00bbon|tablet\u00bb global_colors_info=\u00bb{}\u00bb]<\/p>\n<h1>Elecciones 2026<\/h1>\n<p>[\/et_pb_text][\/et_pb_column][\/et_pb_row][et_pb_row column_structure=\u00bb1_2,1_2&#8243; _builder_version=\u00bb4.27.4&#8243; _module_preset=\u00bbdefault\u00bb custom_padding=\u00bb||0px|||\u00bb global_colors_info=\u00bb{}\u00bb][et_pb_column type=\u00bb1_2&#8243; _builder_version=\u00bb4.27.4&#8243; _module_preset=\u00bbdefault\u00bb global_colors_info=\u00bb{}\u00bb][et_pb_blurb title=\u00bbModelos de documentaci\u00f3n para los procesos electorales de las Federaciones Deportivas Canarias.\u00bb use_icon=\u00bbon\u00bb font_icon=\u00bb&#xf05a;||fa||900&#8243; icon_color=\u00bb#000000&#8243; icon_placement=\u00bbleft\u00bb image_icon_width=\u00bb25px\u00bb content_max_width=\u00bb100%\u00bb _builder_version=\u00bb4.27.4&#8243; _module_preset=\u00bbdefault\u00bb header_font=\u00bb&#8211;et_global_body_font|600|||||||\u00bb header_font_size=\u00bb14px\u00bb body_font=\u00bb|700|||||||\u00bb body_text_color=\u00bb#ffffff\u00bb body_font_size=\u00bb12px\u00bb body_link_text_color=\u00bb#ffffff\u00bb background_color=\u00bb#F1F0F0&#8243; custom_margin=\u00bb||10px||false|false\u00bb custom_padding=\u00bb10px|10px|10px|10px|true|true\u00bb header_font_size_tablet=\u00bb14px\u00bb header_font_size_phone=\u00bb12px\u00bb header_font_size_last_edited=\u00bbon|phone\u00bb border_radii=\u00bbon|8px|8px|8px|8px\u00bb border_width_top=\u00bb1px\u00bb border_color_top=\u00bbrgba(61,61,61,0.3)\u00bb border_color_bottom=\u00bbrgba(61,61,61,0.3)\u00bb global_colors_info=\u00bb{}\u00bb]<\/p>\n<p style=\"background: #3074e8; width: fit-content; padding: 2px 10px; border-radius: 50px;\"><a href=\"https:\/\/www.gobiernodecanarias.org\/deportes\/materias\/federaciones-deportivas-canarias\/procesos-electorales\/modelos\/index.html\" target=\"_blank\" rel=\"noopener\">Seguir enlace<\/a><\/p>\n<p>[\/et_pb_blurb][\/et_pb_column][et_pb_column type=\u00bb1_2&#8243; _builder_version=\u00bb4.27.4&#8243; _module_preset=\u00bbdefault\u00bb global_colors_info=\u00bb{}\u00bb][et_pb_blurb title=\u00bbOrden 4 de octubre de 2001, sobre procesos electorales de las Federaciones Deportivas Canarias\u00bb use_icon=\u00bbon\u00bb font_icon=\u00bb&#xf05a;||fa||900&#8243; icon_color=\u00bb#000000&#8243; icon_placement=\u00bbleft\u00bb image_icon_width=\u00bb25px\u00bb content_max_width=\u00bb100%\u00bb _builder_version=\u00bb4.27.4&#8243; _module_preset=\u00bbdefault\u00bb header_font=\u00bb&#8211;et_global_body_font|600|||||||\u00bb header_font_size=\u00bb14px\u00bb body_font=\u00bb|700|||||||\u00bb body_text_color=\u00bb#ffffff\u00bb body_font_size=\u00bb12px\u00bb body_link_text_color=\u00bb#ffffff\u00bb background_color=\u00bb#F1F0F0&#8243; custom_margin=\u00bb||10px||false|false\u00bb custom_padding=\u00bb10px|10px|10px|10px|true|true\u00bb header_font_size_tablet=\u00bb14px\u00bb header_font_size_phone=\u00bb12px\u00bb header_font_size_last_edited=\u00bbon|phone\u00bb border_radii=\u00bbon|8px|8px|8px|8px\u00bb border_width_top=\u00bb1px\u00bb border_color_top=\u00bbrgba(61,61,61,0.3)\u00bb border_color_bottom=\u00bbrgba(61,61,61,0.3)\u00bb global_colors_info=\u00bb{}\u00bb]<\/p>\n<p style=\"background: #3074e8; width: fit-content; padding: 2px 10px; border-radius: 50px;\"><a href=\"https:\/\/federacioncanariadehipica.es\/inicio\/wp-content\/uploads\/2026\/03\/ORDEN-4-OCTUBRE-2001-1.pdf\" target=\"_blank\" rel=\"noopener\">Descargar<\/a><\/p>\n<p>[\/et_pb_blurb][\/et_pb_column][\/et_pb_row][\/et_pb_section][et_pb_section fb_built=\u00bb1&#8243; _builder_version=\u00bb4.27.4&#8243; _module_preset=\u00bbdefault\u00bb background_color=\u00bb#F1F0F0&#8243; width_tablet=\u00bb\u00bb width_phone=\u00bb\u00bb width_last_edited=\u00bbon|tablet\u00bb global_colors_info=\u00bb{}\u00bb][et_pb_row _builder_version=\u00bb4.27.4&#8243; _module_preset=\u00bbdefault\u00bb width_tablet=\u00bb90%\u00bb width_phone=\u00bb95%\u00bb width_last_edited=\u00bbon|phone\u00bb max_width=\u00bb720px\u00bb max_width_tablet=\u00bb90%\u00bb max_width_phone=\u00bb95%\u00bb max_width_last_edited=\u00bbon|tablet\u00bb custom_padding=\u00bb0px|||||\u00bb global_colors_info=\u00bb{}\u00bb][et_pb_column type=\u00bb4_4&#8243; _builder_version=\u00bb4.27.4&#8243; _module_preset=\u00bbdefault\u00bb global_colors_info=\u00bb{}\u00bb][et_pb_text _builder_version=\u00bb4.27.4&#8243; _module_preset=\u00bbdefault\u00bb text_line_height=\u00bb1.4em\u00bb custom_margin=\u00bb||16px|||\u00bb text_font_size_tablet=\u00bb14px\u00bb text_font_size_phone=\u00bb12px\u00bb text_font_size_last_edited=\u00bbon|phone\u00bb global_colors_info=\u00bb{}\u00bb]<\/p>\n<p>En esta secci\u00f3n de la web se a\u00f1adir\u00e1n los distintos documentos de inter\u00e9s para que deportistas y clubes se vayan informando respecto al proceso electivo de este a\u00f1o 2026.<\/p>\n<p>[\/et_pb_text][et_pb_blurb title=\u00bb22\/04\/2026 | Instrucci\u00f3n N\u00ba2 sobre Votaciones del d\u00eda 30\/04\/2026&#8243; use_icon=\u00bbon\u00bb font_icon=\u00bb&#xf56d;||fa||900&#8243; icon_color=\u00bb#000000&#8243; icon_placement=\u00bbleft\u00bb image_icon_width=\u00bb25px\u00bb content_max_width=\u00bb100%\u00bb disabled_on=\u00bboff|off|off\u00bb _builder_version=\u00bb4.27.4&#8243; _module_preset=\u00bbdefault\u00bb header_font=\u00bb&#8211;et_global_body_font|600|||||||\u00bb header_font_size=\u00bb14px\u00bb body_font=\u00bb|700|||||||\u00bb body_text_color=\u00bb#ffffff\u00bb body_font_size=\u00bb12px\u00bb body_link_text_color=\u00bb#ffffff\u00bb custom_margin=\u00bb||10px||false|false\u00bb custom_padding=\u00bb10px||0px||false|false\u00bb hover_enabled=\u00bb0&#8243; header_font_size_tablet=\u00bb14px\u00bb header_font_size_phone=\u00bb12px\u00bb header_font_size_last_edited=\u00bbon|phone\u00bb border_width_top=\u00bb1px\u00bb border_color_top=\u00bbrgba(61,61,61,0.3)\u00bb border_color_bottom=\u00bbrgba(61,61,61,0.3)\u00bb locked=\u00bboff\u00bb global_colors_info=\u00bb{}\u00bb sticky_enabled=\u00bb0&#8243;]<\/p>\n<p style=\"background: #3074e8; width: fit-content; padding: 2px 10px; border-radius: 50px;\"><a href=\"https:\/\/federacioncanariadehipica.es\/inicio\/wp-content\/uploads\/2026\/04\/VOTACIONES-2026-INSTRUCCION-NUMERO-2-JUNTA-ELECTORAL-FEDERACION-CANARIA-HIPICA.pdf\" target=\"_blank\" rel=\"noopener\">Descargar<\/a><\/p>\n<p>[\/et_pb_blurb][et_pb_blurb title=\u00bb22\/04\/2026 | Resoluci\u00f3n N\u00ba11 sobre acuerdo de votaciones con papeletas\u00bb use_icon=\u00bbon\u00bb font_icon=\u00bb&#xf56d;||fa||900&#8243; icon_color=\u00bb#000000&#8243; icon_placement=\u00bbleft\u00bb image_icon_width=\u00bb25px\u00bb content_max_width=\u00bb100%\u00bb disabled_on=\u00bboff|off|off\u00bb _builder_version=\u00bb4.27.4&#8243; _module_preset=\u00bbdefault\u00bb header_font=\u00bb&#8211;et_global_body_font|600|||||||\u00bb header_font_size=\u00bb14px\u00bb body_font=\u00bb|700|||||||\u00bb body_text_color=\u00bb#ffffff\u00bb body_font_size=\u00bb12px\u00bb body_link_text_color=\u00bb#ffffff\u00bb custom_margin=\u00bb||10px||false|false\u00bb custom_padding=\u00bb10px||0px||false|false\u00bb hover_enabled=\u00bb0&#8243; header_font_size_tablet=\u00bb14px\u00bb header_font_size_phone=\u00bb12px\u00bb header_font_size_last_edited=\u00bbon|phone\u00bb border_width_top=\u00bb1px\u00bb border_color_top=\u00bbrgba(61,61,61,0.3)\u00bb border_color_bottom=\u00bbrgba(61,61,61,0.3)\u00bb locked=\u00bboff\u00bb global_colors_info=\u00bb{}\u00bb sticky_enabled=\u00bb0&#8243;]<\/p>\n<p style=\"background: #3074e8; width: fit-content; padding: 2px 10px; border-radius: 50px;\"><a href=\"https:\/\/federacioncanariadehipica.es\/inicio\/wp-content\/uploads\/2026\/04\/Resolucion-No-11-Acuerdo-sobre-votaciones-con-papeletas.pdf\" target=\"_blank\" rel=\"noopener\">Descargar<\/a><\/p>\n<p>[\/et_pb_blurb][et_pb_blurb title=\u00bb22\/04\/2026 | Resoluci\u00f3n N\u00ba10 sobre otras reclamaciones y solicitudes\u00bb use_icon=\u00bbon\u00bb font_icon=\u00bb&#xf56d;||fa||900&#8243; icon_color=\u00bb#000000&#8243; icon_placement=\u00bbleft\u00bb image_icon_width=\u00bb25px\u00bb content_max_width=\u00bb100%\u00bb disabled_on=\u00bboff|off|off\u00bb _builder_version=\u00bb4.27.4&#8243; _module_preset=\u00bbdefault\u00bb header_font=\u00bb&#8211;et_global_body_font|600|||||||\u00bb header_font_size=\u00bb14px\u00bb body_font=\u00bb|700|||||||\u00bb body_text_color=\u00bb#ffffff\u00bb body_font_size=\u00bb12px\u00bb body_link_text_color=\u00bb#ffffff\u00bb custom_margin=\u00bb||10px||false|false\u00bb custom_padding=\u00bb10px||0px||false|false\u00bb hover_enabled=\u00bb0&#8243; header_font_size_tablet=\u00bb14px\u00bb header_font_size_phone=\u00bb12px\u00bb header_font_size_last_edited=\u00bbon|phone\u00bb border_width_top=\u00bb1px\u00bb border_color_top=\u00bbrgba(61,61,61,0.3)\u00bb border_color_bottom=\u00bbrgba(61,61,61,0.3)\u00bb locked=\u00bboff\u00bb global_colors_info=\u00bb{}\u00bb sticky_enabled=\u00bb0&#8243;]<\/p>\n<p style=\"background: #3074e8; width: fit-content; padding: 2px 10px; border-radius: 50px;\"><a href=\"https:\/\/federacioncanariadehipica.es\/inicio\/wp-content\/uploads\/2026\/04\/Resolucion-No-10-Otras-reclamaciones-y-solicitudes.pdf\" target=\"_blank\" rel=\"noopener\">Descargar<\/a><\/p>\n<p>[\/et_pb_blurb][et_pb_blurb title=\u00bb22\/04\/2026 | Resoluci\u00f3n N\u00ba9 sobre Subsanaci\u00f3n de oficial al Censo Electoral\u00bb use_icon=\u00bbon\u00bb font_icon=\u00bb&#xf56d;||fa||900&#8243; icon_color=\u00bb#000000&#8243; icon_placement=\u00bbleft\u00bb image_icon_width=\u00bb25px\u00bb content_max_width=\u00bb100%\u00bb disabled_on=\u00bboff|off|off\u00bb _builder_version=\u00bb4.27.4&#8243; _module_preset=\u00bbdefault\u00bb header_font=\u00bb&#8211;et_global_body_font|600|||||||\u00bb header_font_size=\u00bb14px\u00bb body_font=\u00bb|700|||||||\u00bb body_text_color=\u00bb#ffffff\u00bb body_font_size=\u00bb12px\u00bb body_link_text_color=\u00bb#ffffff\u00bb custom_margin=\u00bb||10px||false|false\u00bb custom_padding=\u00bb10px||0px||false|false\u00bb hover_enabled=\u00bb0&#8243; header_font_size_tablet=\u00bb14px\u00bb header_font_size_phone=\u00bb12px\u00bb header_font_size_last_edited=\u00bbon|phone\u00bb border_width_top=\u00bb1px\u00bb border_color_top=\u00bbrgba(61,61,61,0.3)\u00bb border_color_bottom=\u00bbrgba(61,61,61,0.3)\u00bb locked=\u00bboff\u00bb global_colors_info=\u00bb{}\u00bb sticky_enabled=\u00bb0&#8243;]<\/p>\n<p style=\"background: #3074e8; width: fit-content; padding: 2px 10px; border-radius: 50px;\"><a href=\"https:\/\/federacioncanariadehipica.es\/inicio\/wp-content\/uploads\/2026\/04\/Resolucion-No-9-subsanacion-de-oficio.pdf\" target=\"_blank\" rel=\"noopener\">Descargar<\/a><\/p>\n<p>[\/et_pb_blurb][et_pb_blurb title=\u00bb22\/04\/2026 | Resoluci\u00f3n N\u00ba8 sobre Admisi\u00f3n definitiva de candidaturas a la Asamblea\u00bb use_icon=\u00bbon\u00bb font_icon=\u00bb&#xf56d;||fa||900&#8243; icon_color=\u00bb#000000&#8243; icon_placement=\u00bbleft\u00bb image_icon_width=\u00bb25px\u00bb content_max_width=\u00bb100%\u00bb disabled_on=\u00bboff|off|off\u00bb _builder_version=\u00bb4.27.4&#8243; _module_preset=\u00bbdefault\u00bb header_font=\u00bb&#8211;et_global_body_font|600|||||||\u00bb header_font_size=\u00bb14px\u00bb body_font=\u00bb|700|||||||\u00bb body_text_color=\u00bb#ffffff\u00bb body_font_size=\u00bb12px\u00bb body_link_text_color=\u00bb#ffffff\u00bb custom_margin=\u00bb||10px||false|false\u00bb custom_padding=\u00bb10px||0px||false|false\u00bb hover_enabled=\u00bb0&#8243; header_font_size_tablet=\u00bb14px\u00bb header_font_size_phone=\u00bb12px\u00bb header_font_size_last_edited=\u00bbon|phone\u00bb border_width_top=\u00bb1px\u00bb border_color_top=\u00bbrgba(61,61,61,0.3)\u00bb border_color_bottom=\u00bbrgba(61,61,61,0.3)\u00bb locked=\u00bboff\u00bb global_colors_info=\u00bb{}\u00bb sticky_enabled=\u00bb0&#8243;]<\/p>\n<p style=\"background: #3074e8; width: fit-content; padding: 2px 10px; border-radius: 50px;\"><a href=\"https:\/\/federacioncanariadehipica.es\/inicio\/wp-content\/uploads\/2026\/04\/Resolucion-No-8-Admision-definitiva-de-candidaturas-a-las-asambleas.pdf\" target=\"_blank\" rel=\"noopener\">Descargar<\/a><\/p>\n<p>[\/et_pb_blurb][et_pb_blurb title=\u00bb16\/04\/2026 | Resoluci\u00f3n N\u00ba5 BIS sobre Admisi\u00f3n provisional de candidaturas de la Asamblea\u00bb use_icon=\u00bbon\u00bb font_icon=\u00bb&#xf56d;||fa||900&#8243; icon_color=\u00bb#000000&#8243; icon_placement=\u00bbleft\u00bb image_icon_width=\u00bb25px\u00bb content_max_width=\u00bb100%\u00bb disabled_on=\u00bboff|off|off\u00bb _builder_version=\u00bb4.27.4&#8243; _module_preset=\u00bbdefault\u00bb header_font=\u00bb&#8211;et_global_body_font|600|||||||\u00bb header_font_size=\u00bb14px\u00bb body_font=\u00bb|700|||||||\u00bb body_text_color=\u00bb#ffffff\u00bb body_font_size=\u00bb12px\u00bb body_link_text_color=\u00bb#ffffff\u00bb custom_margin=\u00bb||10px||false|false\u00bb custom_padding=\u00bb10px||0px||false|false\u00bb header_font_size_tablet=\u00bb14px\u00bb header_font_size_phone=\u00bb12px\u00bb header_font_size_last_edited=\u00bbon|phone\u00bb border_width_top=\u00bb1px\u00bb border_color_top=\u00bbrgba(61,61,61,0.3)\u00bb border_color_bottom=\u00bbrgba(61,61,61,0.3)\u00bb locked=\u00bboff\u00bb global_colors_info=\u00bb{}\u00bb]<\/p>\n<p style=\"background: #3074e8; width: fit-content; padding: 2px 10px; border-radius: 50px;\"><a href=\"https:\/\/federacioncanariadehipica.es\/inicio\/wp-content\/uploads\/2026\/04\/Resolucion-No-5-BIS-Provision.pdf\" target=\"_blank\" rel=\"noopener\">Descargar<\/a><\/p>\n<p>[\/et_pb_blurb][et_pb_blurb title=\u00bb16\/04\/2026 | Censo definitivo Clubes por isla\u00bb use_icon=\u00bbon\u00bb font_icon=\u00bb&#xf56d;||fa||900&#8243; icon_color=\u00bb#000000&#8243; icon_placement=\u00bbleft\u00bb image_icon_width=\u00bb25px\u00bb content_max_width=\u00bb100%\u00bb disabled_on=\u00bboff|off|off\u00bb _builder_version=\u00bb4.27.4&#8243; _module_preset=\u00bbdefault\u00bb header_font=\u00bb&#8211;et_global_body_font|600|||||||\u00bb header_font_size=\u00bb14px\u00bb body_font=\u00bb|700|||||||\u00bb body_text_color=\u00bb#ffffff\u00bb body_font_size=\u00bb12px\u00bb body_link_text_color=\u00bb#ffffff\u00bb custom_margin=\u00bb||10px||false|false\u00bb custom_padding=\u00bb10px||0px||false|false\u00bb header_font_size_tablet=\u00bb14px\u00bb header_font_size_phone=\u00bb12px\u00bb header_font_size_last_edited=\u00bbon|phone\u00bb border_width_top=\u00bb1px\u00bb border_color_top=\u00bbrgba(61,61,61,0.3)\u00bb border_color_bottom=\u00bbrgba(61,61,61,0.3)\u00bb locked=\u00bboff\u00bb global_colors_info=\u00bb{}\u00bb]<\/p>\n<p style=\"background: #3074e8; width: fit-content; padding: 2px 10px; border-radius: 50px;\"><a href=\"https:\/\/federacioncanariadehipica.es\/inicio\/wp-content\/uploads\/2026\/04\/CENSO-DEFINITIVO-CLUBES-POR-ISLA.pdf\" target=\"_blank\" rel=\"noopener\">Descargar<\/a><\/p>\n<p>[\/et_pb_blurb][et_pb_blurb title=\u00bb16\/04\/2026 | Censo definitivo  Deportistas Fuerteventura y Lanzarote\u00bb use_icon=\u00bbon\u00bb font_icon=\u00bb&#xf56d;||fa||900&#8243; icon_color=\u00bb#000000&#8243; icon_placement=\u00bbleft\u00bb image_icon_width=\u00bb25px\u00bb content_max_width=\u00bb100%\u00bb disabled_on=\u00bboff|off|off\u00bb _builder_version=\u00bb4.27.4&#8243; _module_preset=\u00bbdefault\u00bb header_font=\u00bb&#8211;et_global_body_font|600|||||||\u00bb header_font_size=\u00bb14px\u00bb body_font=\u00bb|700|||||||\u00bb body_text_color=\u00bb#ffffff\u00bb body_font_size=\u00bb12px\u00bb body_link_text_color=\u00bb#ffffff\u00bb custom_margin=\u00bb||10px||false|false\u00bb custom_padding=\u00bb10px||0px||false|false\u00bb header_font_size_tablet=\u00bb14px\u00bb header_font_size_phone=\u00bb12px\u00bb header_font_size_last_edited=\u00bbon|phone\u00bb border_width_top=\u00bb1px\u00bb border_color_top=\u00bbrgba(61,61,61,0.3)\u00bb border_color_bottom=\u00bbrgba(61,61,61,0.3)\u00bb locked=\u00bboff\u00bb global_colors_info=\u00bb{}\u00bb]<\/p>\n<p style=\"background: #3074e8; width: fit-content; padding: 2px 10px; border-radius: 50px;\"><a href=\"https:\/\/federacioncanariadehipica.es\/inicio\/wp-content\/uploads\/2026\/04\/CENSO-DEFINITIVO-DEPORTISTAS-FUERTEVENTURA-Y-LANZAROTE.pdf\" target=\"_blank\" rel=\"noopener\">Descargar<\/a><\/p>\n<p>[\/et_pb_blurb][et_pb_blurb title=\u00bb16\/04\/2026 | Censo definitivo  Deportistas Gran Canaria\u00bb use_icon=\u00bbon\u00bb font_icon=\u00bb&#xf56d;||fa||900&#8243; icon_color=\u00bb#000000&#8243; icon_placement=\u00bbleft\u00bb image_icon_width=\u00bb25px\u00bb content_max_width=\u00bb100%\u00bb disabled_on=\u00bboff|off|off\u00bb _builder_version=\u00bb4.27.4&#8243; _module_preset=\u00bbdefault\u00bb header_font=\u00bb&#8211;et_global_body_font|600|||||||\u00bb header_font_size=\u00bb14px\u00bb body_font=\u00bb|700|||||||\u00bb body_text_color=\u00bb#ffffff\u00bb body_font_size=\u00bb12px\u00bb body_link_text_color=\u00bb#ffffff\u00bb custom_margin=\u00bb||10px||false|false\u00bb custom_padding=\u00bb10px||0px||false|false\u00bb header_font_size_tablet=\u00bb14px\u00bb header_font_size_phone=\u00bb12px\u00bb header_font_size_last_edited=\u00bbon|phone\u00bb border_width_top=\u00bb1px\u00bb border_color_top=\u00bbrgba(61,61,61,0.3)\u00bb border_color_bottom=\u00bbrgba(61,61,61,0.3)\u00bb locked=\u00bboff\u00bb global_colors_info=\u00bb{}\u00bb]<\/p>\n<p style=\"background: #3074e8; width: fit-content; padding: 2px 10px; border-radius: 50px;\"><a href=\"https:\/\/federacioncanariadehipica.es\/inicio\/wp-content\/uploads\/2026\/04\/CENSO-DEFINITIVO-DEPORTISTAS-GRAN-CANARIA.pdf\" target=\"_blank\" rel=\"noopener\">Descargar<\/a><\/p>\n<p>[\/et_pb_blurb][et_pb_blurb title=\u00bb16\/04\/2026 | Censo definitivo  Deportistas La Palma y El Hierro\u00bb use_icon=\u00bbon\u00bb font_icon=\u00bb&#xf56d;||fa||900&#8243; icon_color=\u00bb#000000&#8243; icon_placement=\u00bbleft\u00bb image_icon_width=\u00bb25px\u00bb content_max_width=\u00bb100%\u00bb disabled_on=\u00bboff|off|off\u00bb _builder_version=\u00bb4.27.4&#8243; _module_preset=\u00bbdefault\u00bb header_font=\u00bb&#8211;et_global_body_font|600|||||||\u00bb header_font_size=\u00bb14px\u00bb body_font=\u00bb|700|||||||\u00bb body_text_color=\u00bb#ffffff\u00bb body_font_size=\u00bb12px\u00bb body_link_text_color=\u00bb#ffffff\u00bb custom_margin=\u00bb||10px||false|false\u00bb custom_padding=\u00bb10px||0px||false|false\u00bb header_font_size_tablet=\u00bb14px\u00bb header_font_size_phone=\u00bb12px\u00bb header_font_size_last_edited=\u00bbon|phone\u00bb border_width_top=\u00bb1px\u00bb border_color_top=\u00bbrgba(61,61,61,0.3)\u00bb border_color_bottom=\u00bbrgba(61,61,61,0.3)\u00bb locked=\u00bboff\u00bb global_colors_info=\u00bb{}\u00bb]<\/p>\n<p style=\"background: #3074e8; width: fit-content; padding: 2px 10px; border-radius: 50px;\"><a href=\"https:\/\/federacioncanariadehipica.es\/inicio\/wp-content\/uploads\/2026\/04\/CENSO-DEFINITIVO-DEPORTISTAS-LA-PALMA-Y-HIERRO.pdf\" target=\"_blank\" rel=\"noopener\">Descargar<\/a><\/p>\n<p>[\/et_pb_blurb][et_pb_blurb title=\u00bb16\/04\/2026 | Censo definitivo  Deportistas Tenerife\u00bb use_icon=\u00bbon\u00bb font_icon=\u00bb&#xf56d;||fa||900&#8243; icon_color=\u00bb#000000&#8243; icon_placement=\u00bbleft\u00bb image_icon_width=\u00bb25px\u00bb content_max_width=\u00bb100%\u00bb disabled_on=\u00bboff|off|off\u00bb _builder_version=\u00bb4.27.4&#8243; _module_preset=\u00bbdefault\u00bb header_font=\u00bb&#8211;et_global_body_font|600|||||||\u00bb header_font_size=\u00bb14px\u00bb body_font=\u00bb|700|||||||\u00bb body_text_color=\u00bb#ffffff\u00bb body_font_size=\u00bb12px\u00bb body_link_text_color=\u00bb#ffffff\u00bb custom_margin=\u00bb||10px||false|false\u00bb custom_padding=\u00bb10px||0px||false|false\u00bb header_font_size_tablet=\u00bb14px\u00bb header_font_size_phone=\u00bb12px\u00bb header_font_size_last_edited=\u00bbon|phone\u00bb border_width_top=\u00bb1px\u00bb border_color_top=\u00bbrgba(61,61,61,0.3)\u00bb border_color_bottom=\u00bbrgba(61,61,61,0.3)\u00bb locked=\u00bboff\u00bb global_colors_info=\u00bb{}\u00bb]<\/p>\n<p style=\"background: #3074e8; width: fit-content; padding: 2px 10px; border-radius: 50px;\"><a href=\"https:\/\/federacioncanariadehipica.es\/inicio\/wp-content\/uploads\/2026\/04\/CENSO-DEFINITIVO-DEPORTISTAS-TENERIFE.pdf\" target=\"_blank\" rel=\"noopener\">Descargar<\/a><\/p>\n<p>[\/et_pb_blurb][et_pb_blurb title=\u00bb16\/04\/2026 | Censo definitivo  Jueces\u00bb use_icon=\u00bbon\u00bb font_icon=\u00bb&#xf56d;||fa||900&#8243; icon_color=\u00bb#000000&#8243; icon_placement=\u00bbleft\u00bb image_icon_width=\u00bb25px\u00bb content_max_width=\u00bb100%\u00bb disabled_on=\u00bboff|off|off\u00bb _builder_version=\u00bb4.27.4&#8243; _module_preset=\u00bbdefault\u00bb header_font=\u00bb&#8211;et_global_body_font|600|||||||\u00bb header_font_size=\u00bb14px\u00bb body_font=\u00bb|700|||||||\u00bb body_text_color=\u00bb#ffffff\u00bb body_font_size=\u00bb12px\u00bb body_link_text_color=\u00bb#ffffff\u00bb custom_margin=\u00bb||10px||false|false\u00bb custom_padding=\u00bb10px||0px||false|false\u00bb header_font_size_tablet=\u00bb14px\u00bb header_font_size_phone=\u00bb12px\u00bb header_font_size_last_edited=\u00bbon|phone\u00bb border_width_top=\u00bb1px\u00bb border_color_top=\u00bbrgba(61,61,61,0.3)\u00bb border_color_bottom=\u00bbrgba(61,61,61,0.3)\u00bb locked=\u00bboff\u00bb global_colors_info=\u00bb{}\u00bb]<\/p>\n<p style=\"background: #3074e8; width: fit-content; padding: 2px 10px; border-radius: 50px;\"><a href=\"https:\/\/federacioncanariadehipica.es\/inicio\/wp-content\/uploads\/2026\/04\/CENSO-DEFINITIVO-JUECES.pdf\" target=\"_blank\" rel=\"noopener\">Descargar<\/a><\/p>\n<p>[\/et_pb_blurb][et_pb_blurb title=\u00bb16\/04\/2026 | Censo definitivo  T\u00e9cnicos\u00bb use_icon=\u00bbon\u00bb font_icon=\u00bb&#xf56d;||fa||900&#8243; icon_color=\u00bb#000000&#8243; icon_placement=\u00bbleft\u00bb image_icon_width=\u00bb25px\u00bb content_max_width=\u00bb100%\u00bb disabled_on=\u00bboff|off|off\u00bb _builder_version=\u00bb4.27.4&#8243; _module_preset=\u00bbdefault\u00bb header_font=\u00bb&#8211;et_global_body_font|600|||||||\u00bb header_font_size=\u00bb14px\u00bb body_font=\u00bb|700|||||||\u00bb body_text_color=\u00bb#ffffff\u00bb body_font_size=\u00bb12px\u00bb body_link_text_color=\u00bb#ffffff\u00bb custom_margin=\u00bb||10px||false|false\u00bb custom_padding=\u00bb10px||0px||false|false\u00bb header_font_size_tablet=\u00bb14px\u00bb header_font_size_phone=\u00bb12px\u00bb header_font_size_last_edited=\u00bbon|phone\u00bb border_width_top=\u00bb1px\u00bb border_color_top=\u00bbrgba(61,61,61,0.3)\u00bb border_color_bottom=\u00bbrgba(61,61,61,0.3)\u00bb locked=\u00bboff\u00bb global_colors_info=\u00bb{}\u00bb]<\/p>\n<p style=\"background: #3074e8; width: fit-content; padding: 2px 10px; border-radius: 50px;\"><a href=\"https:\/\/federacioncanariadehipica.es\/inicio\/wp-content\/uploads\/2026\/04\/CENSO-DEFINITIVO-TECNICOS.pdf\" target=\"_blank\" rel=\"noopener\">Descargar<\/a><\/p>\n<p>[\/et_pb_blurb][et_pb_blurb title=\u00bb16\/04\/2026 | Resoluci\u00f3n N\u00ba7. Resoluci\u00f3n contra convocatoria de elecciones\u00bb use_icon=\u00bbon\u00bb font_icon=\u00bb&#xf56d;||fa||900&#8243; icon_color=\u00bb#000000&#8243; icon_placement=\u00bbleft\u00bb image_icon_width=\u00bb25px\u00bb content_max_width=\u00bb100%\u00bb disabled_on=\u00bboff|off|off\u00bb _builder_version=\u00bb4.27.4&#8243; _module_preset=\u00bbdefault\u00bb header_font=\u00bb&#8211;et_global_body_font|600|||||||\u00bb header_font_size=\u00bb14px\u00bb body_font=\u00bb|700|||||||\u00bb body_text_color=\u00bb#ffffff\u00bb body_font_size=\u00bb12px\u00bb body_link_text_color=\u00bb#ffffff\u00bb custom_margin=\u00bb||10px||false|false\u00bb custom_padding=\u00bb10px||0px||false|false\u00bb header_font_size_tablet=\u00bb14px\u00bb header_font_size_phone=\u00bb12px\u00bb header_font_size_last_edited=\u00bbon|phone\u00bb border_width_top=\u00bb1px\u00bb border_color_top=\u00bbrgba(61,61,61,0.3)\u00bb border_color_bottom=\u00bbrgba(61,61,61,0.3)\u00bb locked=\u00bboff\u00bb global_colors_info=\u00bb{}\u00bb]<\/p>\n<p style=\"background: #3074e8; width: fit-content; padding: 2px 10px; border-radius: 50px;\"><a href=\"https:\/\/federacioncanariadehipica.es\/inicio\/wp-content\/uploads\/2026\/04\/Resolucion-No-7-Recurso-contra-la-convocatoria-de-elecciones.pdf\" target=\"_blank\" rel=\"noopener\">Descargar<\/a><\/p>\n<p>[\/et_pb_blurb][et_pb_blurb title=\u00bb16\/04\/2026 | Resoluci\u00f3n N\u00ba6. Voto por correo\u00bb use_icon=\u00bbon\u00bb font_icon=\u00bb&#xf56d;||fa||900&#8243; icon_color=\u00bb#000000&#8243; icon_placement=\u00bbleft\u00bb image_icon_width=\u00bb25px\u00bb content_max_width=\u00bb100%\u00bb disabled_on=\u00bboff|off|off\u00bb _builder_version=\u00bb4.27.4&#8243; _module_preset=\u00bbdefault\u00bb header_font=\u00bb&#8211;et_global_body_font|600|||||||\u00bb header_font_size=\u00bb14px\u00bb body_font=\u00bb|700|||||||\u00bb body_text_color=\u00bb#ffffff\u00bb body_font_size=\u00bb12px\u00bb body_link_text_color=\u00bb#ffffff\u00bb custom_margin=\u00bb||10px||false|false\u00bb custom_padding=\u00bb10px||0px||false|false\u00bb header_font_size_tablet=\u00bb14px\u00bb header_font_size_phone=\u00bb12px\u00bb header_font_size_last_edited=\u00bbon|phone\u00bb border_width_top=\u00bb1px\u00bb border_color_top=\u00bbrgba(61,61,61,0.3)\u00bb border_color_bottom=\u00bbrgba(61,61,61,0.3)\u00bb locked=\u00bboff\u00bb global_colors_info=\u00bb{}\u00bb]<\/p>\n<p style=\"background: #3074e8; width: fit-content; padding: 2px 10px; border-radius: 50px;\"><a href=\"https:\/\/federacioncanariadehipica.es\/inicio\/wp-content\/uploads\/2026\/04\/Resolucion-No-6-Voto-por-correo.pdf\" target=\"_blank\" rel=\"noopener\">Descargar<\/a><\/p>\n<p>[\/et_pb_blurb][et_pb_blurb title=\u00bb16\/04\/2026 | Resoluci\u00f3n N\u00ba5. Candidaturas a Miembros de la Asamblea (Provisional)\u00bb use_icon=\u00bbon\u00bb font_icon=\u00bb&#xf56d;||fa||900&#8243; icon_color=\u00bb#000000&#8243; icon_placement=\u00bbleft\u00bb image_icon_width=\u00bb25px\u00bb content_max_width=\u00bb100%\u00bb disabled_on=\u00bboff|off|off\u00bb _builder_version=\u00bb4.27.4&#8243; _module_preset=\u00bbdefault\u00bb header_font=\u00bb&#8211;et_global_body_font|600|||||||\u00bb header_font_size=\u00bb14px\u00bb body_font=\u00bb|700|||||||\u00bb body_text_color=\u00bb#ffffff\u00bb body_font_size=\u00bb12px\u00bb body_link_text_color=\u00bb#ffffff\u00bb custom_margin=\u00bb||10px||false|false\u00bb custom_padding=\u00bb10px||0px||false|false\u00bb header_font_size_tablet=\u00bb14px\u00bb header_font_size_phone=\u00bb12px\u00bb header_font_size_last_edited=\u00bbon|phone\u00bb border_width_top=\u00bb1px\u00bb border_color_top=\u00bbrgba(61,61,61,0.3)\u00bb border_color_bottom=\u00bbrgba(61,61,61,0.3)\u00bb locked=\u00bboff\u00bb global_colors_info=\u00bb{}\u00bb]<\/p>\n<p style=\"background: #3074e8; width: fit-content; padding: 2px 10px; border-radius: 50px;\"><a href=\"https:\/\/federacioncanariadehipica.es\/inicio\/wp-content\/uploads\/2026\/04\/Resolucion-No-5-Provisional-Candidaturas-a-miembros-de-las-Asambleas.pdf\" target=\"_blank\" rel=\"noopener\">Descargar<\/a><\/p>\n<p>[\/et_pb_blurb][et_pb_blurb title=\u00bb16\/04\/2026 | Resoluci\u00f3n N\u00ba4. Aprobaci\u00f3n Tabla de Distribuci\u00f3n Definitiva\u00bb use_icon=\u00bbon\u00bb font_icon=\u00bb&#xf56d;||fa||900&#8243; icon_color=\u00bb#000000&#8243; icon_placement=\u00bbleft\u00bb image_icon_width=\u00bb25px\u00bb content_max_width=\u00bb100%\u00bb disabled_on=\u00bboff|off|off\u00bb _builder_version=\u00bb4.27.4&#8243; _module_preset=\u00bbdefault\u00bb header_font=\u00bb&#8211;et_global_body_font|600|||||||\u00bb header_font_size=\u00bb14px\u00bb body_font=\u00bb|700|||||||\u00bb body_text_color=\u00bb#ffffff\u00bb body_font_size=\u00bb12px\u00bb body_link_text_color=\u00bb#ffffff\u00bb custom_margin=\u00bb||10px||false|false\u00bb custom_padding=\u00bb10px||0px||false|false\u00bb header_font_size_tablet=\u00bb14px\u00bb header_font_size_phone=\u00bb12px\u00bb header_font_size_last_edited=\u00bbon|phone\u00bb border_width_top=\u00bb1px\u00bb border_color_top=\u00bbrgba(61,61,61,0.3)\u00bb border_color_bottom=\u00bbrgba(61,61,61,0.3)\u00bb locked=\u00bboff\u00bb global_colors_info=\u00bb{}\u00bb]<\/p>\n<p style=\"background: #3074e8; width: fit-content; padding: 2px 10px; border-radius: 50px;\"><a href=\"https:\/\/federacioncanariadehipica.es\/inicio\/wp-content\/uploads\/2026\/04\/Resolucion-No-4-aprobacion-Tabla-Distribucion-Definitiva.pdf\" target=\"_blank\" rel=\"noopener\">Descargar<\/a><\/p>\n<p>[\/et_pb_blurb][et_pb_blurb title=\u00bb16\/04\/2026 | Resoluci\u00f3n N\u00ba3. Censos definitivos\u00bb use_icon=\u00bbon\u00bb font_icon=\u00bb&#xf56d;||fa||900&#8243; icon_color=\u00bb#000000&#8243; icon_placement=\u00bbleft\u00bb image_icon_width=\u00bb25px\u00bb content_max_width=\u00bb100%\u00bb disabled_on=\u00bboff|off|off\u00bb _builder_version=\u00bb4.27.4&#8243; _module_preset=\u00bbdefault\u00bb header_font=\u00bb&#8211;et_global_body_font|600|||||||\u00bb header_font_size=\u00bb14px\u00bb body_font=\u00bb|700|||||||\u00bb body_text_color=\u00bb#ffffff\u00bb body_font_size=\u00bb12px\u00bb body_link_text_color=\u00bb#ffffff\u00bb custom_margin=\u00bb||10px||false|false\u00bb custom_padding=\u00bb10px||0px||false|false\u00bb header_font_size_tablet=\u00bb14px\u00bb header_font_size_phone=\u00bb12px\u00bb header_font_size_last_edited=\u00bbon|phone\u00bb border_width_top=\u00bb1px\u00bb border_color_top=\u00bbrgba(61,61,61,0.3)\u00bb border_color_bottom=\u00bbrgba(61,61,61,0.3)\u00bb locked=\u00bboff\u00bb global_colors_info=\u00bb{}\u00bb]<\/p>\n<p style=\"background: #3074e8; width: fit-content; padding: 2px 10px; border-radius: 50px;\"><a href=\"https:\/\/federacioncanariadehipica.es\/inicio\/wp-content\/uploads\/2026\/04\/Resolucion-No-3-Censos-Definitivos.pdf\" target=\"_blank\" rel=\"noopener\">Descargar<\/a><\/p>\n<p>[\/et_pb_blurb][et_pb_blurb title=\u00bb07\/04\/2026 | Censo provisional Clubes\u00bb use_icon=\u00bbon\u00bb font_icon=\u00bb&#xf56d;||fa||900&#8243; icon_color=\u00bb#000000&#8243; icon_placement=\u00bbleft\u00bb image_icon_width=\u00bb25px\u00bb content_max_width=\u00bb100%\u00bb disabled_on=\u00bboff|off|off\u00bb _builder_version=\u00bb4.27.4&#8243; _module_preset=\u00bbdefault\u00bb header_font=\u00bb&#8211;et_global_body_font|600|||||||\u00bb header_font_size=\u00bb14px\u00bb body_font=\u00bb|700|||||||\u00bb body_text_color=\u00bb#ffffff\u00bb body_font_size=\u00bb12px\u00bb body_link_text_color=\u00bb#ffffff\u00bb custom_margin=\u00bb||10px||false|false\u00bb custom_padding=\u00bb10px||0px||false|false\u00bb header_font_size_tablet=\u00bb14px\u00bb header_font_size_phone=\u00bb12px\u00bb header_font_size_last_edited=\u00bbon|phone\u00bb border_width_top=\u00bb1px\u00bb border_color_top=\u00bbrgba(61,61,61,0.3)\u00bb border_color_bottom=\u00bbrgba(61,61,61,0.3)\u00bb global_colors_info=\u00bb{}\u00bb]<\/p>\n<p style=\"background: #3074e8; width: fit-content; padding: 2px 10px; border-radius: 50px;\"><a href=\"https:\/\/federacioncanariadehipica.es\/inicio\/wp-content\/uploads\/2026\/03\/CENSO-PROVISIONAL-CLUBES-PARA-PUBLICAR-2.pdf\" target=\"_blank\" rel=\"noopener\">Descargar<\/a><\/p>\n<p>[\/et_pb_blurb][et_pb_blurb title=\u00bb07\/04\/2026 | Censo provisional Deportistas Fuerteventura y Lanzarote\u00bb use_icon=\u00bbon\u00bb font_icon=\u00bb&#xf56d;||fa||900&#8243; icon_color=\u00bb#000000&#8243; icon_placement=\u00bbleft\u00bb image_icon_width=\u00bb25px\u00bb content_max_width=\u00bb100%\u00bb _builder_version=\u00bb4.27.4&#8243; _module_preset=\u00bbdefault\u00bb header_font=\u00bb&#8211;et_global_body_font|600|||||||\u00bb header_font_size=\u00bb14px\u00bb body_font=\u00bb|700|||||||\u00bb body_text_color=\u00bb#ffffff\u00bb body_font_size=\u00bb12px\u00bb body_link_text_color=\u00bb#ffffff\u00bb custom_margin=\u00bb||10px||false|false\u00bb custom_padding=\u00bb10px||0px||false|false\u00bb header_font_size_tablet=\u00bb14px\u00bb header_font_size_phone=\u00bb12px\u00bb header_font_size_last_edited=\u00bbon|phone\u00bb border_width_top=\u00bb1px\u00bb border_color_top=\u00bbrgba(61,61,61,0.3)\u00bb border_color_bottom=\u00bbrgba(61,61,61,0.3)\u00bb global_colors_info=\u00bb{}\u00bb]<\/p>\n<p style=\"background: #3074e8; width: fit-content; padding: 2px 10px; border-radius: 50px;\"><a href=\"https:\/\/federacioncanariadehipica.es\/inicio\/wp-content\/uploads\/2026\/03\/CENSO-PROVISIONAL-DEPORTISTAS-FV-Y-LZ-PARA-PUBLICAR-1.pdf\" target=\"_blank\" rel=\"noopener\">Descargar<\/a><\/p>\n<p>[\/et_pb_blurb][et_pb_blurb title=\u00bb07\/04\/2026 | Censo provisional Deportistas Gran Canaria\u00bb use_icon=\u00bbon\u00bb font_icon=\u00bb&#xf56d;||fa||900&#8243; icon_color=\u00bb#000000&#8243; icon_placement=\u00bbleft\u00bb image_icon_width=\u00bb25px\u00bb content_max_width=\u00bb100%\u00bb _builder_version=\u00bb4.27.4&#8243; _module_preset=\u00bbdefault\u00bb header_font=\u00bb&#8211;et_global_body_font|600|||||||\u00bb header_font_size=\u00bb14px\u00bb body_font=\u00bb|700|||||||\u00bb body_text_color=\u00bb#ffffff\u00bb body_font_size=\u00bb12px\u00bb body_link_text_color=\u00bb#ffffff\u00bb custom_margin=\u00bb||10px||false|false\u00bb custom_padding=\u00bb10px||0px||false|false\u00bb header_font_size_tablet=\u00bb14px\u00bb header_font_size_phone=\u00bb12px\u00bb header_font_size_last_edited=\u00bbon|phone\u00bb border_width_top=\u00bb1px\u00bb border_color_top=\u00bbrgba(61,61,61,0.3)\u00bb border_color_bottom=\u00bbrgba(61,61,61,0.3)\u00bb global_colors_info=\u00bb{}\u00bb]<\/p>\n<p style=\"background: #3074e8; width: fit-content; padding: 2px 10px; border-radius: 50px;\"><a href=\"https:\/\/federacioncanariadehipica.es\/inicio\/wp-content\/uploads\/2026\/03\/CENSO-PROVISIONAL-DEPORTISTAS-GRAN-CANARIA-PARA-PUBLICAR-1.pdf\" target=\"_blank\" rel=\"noopener\">Descargar<\/a><\/p>\n<p>[\/et_pb_blurb][et_pb_blurb title=\u00bb07\/04\/2026 | Censo provisional Deportistas La Palma\u00bb use_icon=\u00bbon\u00bb font_icon=\u00bb&#xf56d;||fa||900&#8243; icon_color=\u00bb#000000&#8243; icon_placement=\u00bbleft\u00bb image_icon_width=\u00bb25px\u00bb content_max_width=\u00bb100%\u00bb _builder_version=\u00bb4.27.4&#8243; _module_preset=\u00bbdefault\u00bb header_font=\u00bb&#8211;et_global_body_font|600|||||||\u00bb header_font_size=\u00bb14px\u00bb body_font=\u00bb|700|||||||\u00bb body_text_color=\u00bb#ffffff\u00bb body_font_size=\u00bb12px\u00bb body_link_text_color=\u00bb#ffffff\u00bb custom_margin=\u00bb||10px||false|false\u00bb custom_padding=\u00bb10px||0px||false|false\u00bb header_font_size_tablet=\u00bb14px\u00bb header_font_size_phone=\u00bb12px\u00bb header_font_size_last_edited=\u00bbon|phone\u00bb border_width_top=\u00bb1px\u00bb border_color_top=\u00bbrgba(61,61,61,0.3)\u00bb border_color_bottom=\u00bbrgba(61,61,61,0.3)\u00bb global_colors_info=\u00bb{}\u00bb]<\/p>\n<p style=\"background: #3074e8; width: fit-content; padding: 2px 10px; border-radius: 50px;\"><a href=\"https:\/\/federacioncanariadehipica.es\/inicio\/wp-content\/uploads\/2026\/03\/CENSO-PROVISIONAL-DEPORTISTAS-LA-PALMA-Y-EL-HIERRO-PARA-PUBLICAR.pdf\" target=\"_blank\" rel=\"noopener\">Descargar<\/a><\/p>\n<p>[\/et_pb_blurb][et_pb_blurb title=\u00bb07\/04\/2026 | Censo provisional Deportistas Tenerife\u00bb use_icon=\u00bbon\u00bb font_icon=\u00bb&#xf56d;||fa||900&#8243; icon_color=\u00bb#000000&#8243; icon_placement=\u00bbleft\u00bb image_icon_width=\u00bb25px\u00bb content_max_width=\u00bb100%\u00bb _builder_version=\u00bb4.27.4&#8243; _module_preset=\u00bbdefault\u00bb header_font=\u00bb&#8211;et_global_body_font|600|||||||\u00bb header_font_size=\u00bb14px\u00bb body_font=\u00bb|700|||||||\u00bb body_text_color=\u00bb#ffffff\u00bb body_font_size=\u00bb12px\u00bb body_link_text_color=\u00bb#ffffff\u00bb custom_margin=\u00bb||10px||false|false\u00bb custom_padding=\u00bb10px||0px||false|false\u00bb header_font_size_tablet=\u00bb14px\u00bb header_font_size_phone=\u00bb12px\u00bb header_font_size_last_edited=\u00bbon|phone\u00bb border_width_top=\u00bb1px\u00bb border_color_top=\u00bbrgba(61,61,61,0.3)\u00bb border_color_bottom=\u00bbrgba(61,61,61,0.3)\u00bb global_colors_info=\u00bb{}\u00bb]<\/p>\n<p style=\"background: #3074e8; width: fit-content; padding: 2px 10px; border-radius: 50px;\"><a href=\"https:\/\/federacioncanariadehipica.es\/inicio\/wp-content\/uploads\/2026\/03\/CENSO-PROVISIONAL-DEPORTISTAS-TENERIFE-PARA-PUBLICAR-1-1.pdf\" target=\"_blank\" rel=\"noopener\">Descargar<\/a><\/p>\n<p>[\/et_pb_blurb][et_pb_blurb title=\u00bb07\/04\/2026 | Censo provisional Jueces\u00bb use_icon=\u00bbon\u00bb font_icon=\u00bb&#xf56d;||fa||900&#8243; icon_color=\u00bb#000000&#8243; icon_placement=\u00bbleft\u00bb image_icon_width=\u00bb25px\u00bb content_max_width=\u00bb100%\u00bb disabled_on=\u00bboff|off|off\u00bb _builder_version=\u00bb4.27.4&#8243; _module_preset=\u00bbdefault\u00bb header_font=\u00bb&#8211;et_global_body_font|600|||||||\u00bb header_font_size=\u00bb14px\u00bb body_font=\u00bb|700|||||||\u00bb body_text_color=\u00bb#ffffff\u00bb body_font_size=\u00bb12px\u00bb body_link_text_color=\u00bb#ffffff\u00bb custom_margin=\u00bb||10px||false|false\u00bb custom_padding=\u00bb10px||0px||false|false\u00bb header_font_size_tablet=\u00bb14px\u00bb header_font_size_phone=\u00bb12px\u00bb header_font_size_last_edited=\u00bbon|phone\u00bb border_width_top=\u00bb1px\u00bb border_color_top=\u00bbrgba(61,61,61,0.3)\u00bb border_color_bottom=\u00bbrgba(61,61,61,0.3)\u00bb global_colors_info=\u00bb{}\u00bb]<\/p>\n<p style=\"background: #3074e8; width: fit-content; padding: 2px 10px; border-radius: 50px;\"><a href=\"https:\/\/federacioncanariadehipica.es\/inicio\/wp-content\/uploads\/2026\/03\/CENSO-PROVISIONAL-JUECES-PARA-PUBLICAR-2.pdf\" target=\"_blank\" rel=\"noopener\">Descargar<\/a><\/p>\n<p>[\/et_pb_blurb][et_pb_blurb title=\u00bb07\/04\/2026 | Censo provisional T\u00e9cnicos\u00bb use_icon=\u00bbon\u00bb font_icon=\u00bb&#xf56d;||fa||900&#8243; icon_color=\u00bb#000000&#8243; icon_placement=\u00bbleft\u00bb image_icon_width=\u00bb25px\u00bb content_max_width=\u00bb100%\u00bb disabled_on=\u00bboff|off|off\u00bb _builder_version=\u00bb4.27.4&#8243; _module_preset=\u00bbdefault\u00bb header_font=\u00bb&#8211;et_global_body_font|600|||||||\u00bb header_font_size=\u00bb14px\u00bb body_font=\u00bb|700|||||||\u00bb body_text_color=\u00bb#ffffff\u00bb body_font_size=\u00bb12px\u00bb body_link_text_color=\u00bb#ffffff\u00bb custom_margin=\u00bb||10px||false|false\u00bb custom_padding=\u00bb10px||0px||false|false\u00bb header_font_size_tablet=\u00bb14px\u00bb header_font_size_phone=\u00bb12px\u00bb header_font_size_last_edited=\u00bbon|phone\u00bb border_width_top=\u00bb1px\u00bb border_color_top=\u00bbrgba(61,61,61,0.3)\u00bb border_color_bottom=\u00bbrgba(61,61,61,0.3)\u00bb global_colors_info=\u00bb{}\u00bb]<\/p>\n<p style=\"background: #3074e8; width: fit-content; padding: 2px 10px; border-radius: 50px;\"><a href=\"https:\/\/federacioncanariadehipica.es\/inicio\/wp-content\/uploads\/2026\/03\/CENSO-PROVISIONAL-TECNICOS-PARA-PUBLICAR-1-1.pdf\" target=\"_blank\" rel=\"noopener\">Descargar<\/a><\/p>\n<p>[\/et_pb_blurb][et_pb_blurb title=\u00bb07\/04\/2026 | Tabla de Distribuci\u00f3n provisional FCH\u00bb use_icon=\u00bbon\u00bb font_icon=\u00bb&#xf56d;||fa||900&#8243; icon_color=\u00bb#000000&#8243; icon_placement=\u00bbleft\u00bb image_icon_width=\u00bb25px\u00bb content_max_width=\u00bb100%\u00bb _builder_version=\u00bb4.27.4&#8243; _module_preset=\u00bbdefault\u00bb header_font=\u00bb&#8211;et_global_body_font|600|||||||\u00bb header_font_size=\u00bb14px\u00bb body_font=\u00bb|700|||||||\u00bb body_text_color=\u00bb#ffffff\u00bb body_font_size=\u00bb12px\u00bb body_link_text_color=\u00bb#ffffff\u00bb custom_margin=\u00bb||10px||false|false\u00bb custom_padding=\u00bb10px||0px||false|false\u00bb header_font_size_tablet=\u00bb14px\u00bb header_font_size_phone=\u00bb12px\u00bb header_font_size_last_edited=\u00bbon|phone\u00bb border_width_top=\u00bb1px\u00bb border_color_top=\u00bbrgba(61,61,61,0.3)\u00bb border_color_bottom=\u00bbrgba(61,61,61,0.3)\u00bb global_colors_info=\u00bb{}\u00bb]<\/p>\n<p style=\"background: #3074e8; width: fit-content; padding: 2px 10px; border-radius: 50px;\"><a href=\"https:\/\/federacioncanariadehipica.es\/inicio\/wp-content\/uploads\/2026\/03\/TABLA-DE-DISTRIBUCION-PROVISIONAL-FCH-1-1.pdf\" target=\"_blank\" rel=\"noopener\">Descargar<\/a><\/p>\n<p>[\/et_pb_blurb][et_pb_blurb title=\u00bb07\/04\/2026 | Tabla de Distribuci\u00f3n provisional Asambleas Insulares\u00bb use_icon=\u00bbon\u00bb font_icon=\u00bb&#xf56d;||fa||900&#8243; icon_color=\u00bb#000000&#8243; icon_placement=\u00bbleft\u00bb image_icon_width=\u00bb25px\u00bb content_max_width=\u00bb100%\u00bb _builder_version=\u00bb4.27.4&#8243; _module_preset=\u00bbdefault\u00bb header_font=\u00bb&#8211;et_global_body_font|600|||||||\u00bb header_font_size=\u00bb14px\u00bb body_font=\u00bb|700|||||||\u00bb body_text_color=\u00bb#ffffff\u00bb body_font_size=\u00bb12px\u00bb body_link_text_color=\u00bb#ffffff\u00bb custom_margin=\u00bb||10px||false|false\u00bb custom_padding=\u00bb10px||0px||false|false\u00bb header_font_size_tablet=\u00bb14px\u00bb header_font_size_phone=\u00bb12px\u00bb header_font_size_last_edited=\u00bbon|phone\u00bb border_width_top=\u00bb1px\u00bb border_color_top=\u00bbrgba(61,61,61,0.3)\u00bb border_color_bottom=\u00bbrgba(61,61,61,0.3)\u00bb global_colors_info=\u00bb{}\u00bb]<\/p>\n<p style=\"background: #3074e8; width: fit-content; padding: 2px 10px; border-radius: 50px;\"><a href=\"https:\/\/federacioncanariadehipica.es\/inicio\/wp-content\/uploads\/2026\/03\/TABLAS-DE-DISTRIBUCION-PRV-DE-ASAMBLEAS-INSULARES-1.pdf\" target=\"_blank\" rel=\"noopener\">Descargar<\/a><\/p>\n<p>[\/et_pb_blurb][et_pb_blurb title=\u00bb07\/04\/2026 | Informe de la Junta Electoral 2026&#8243; use_icon=\u00bbon\u00bb font_icon=\u00bb&#xf56d;||fa||900&#8243; icon_color=\u00bb#000000&#8243; icon_placement=\u00bbleft\u00bb image_icon_width=\u00bb25px\u00bb content_max_width=\u00bb100%\u00bb _builder_version=\u00bb4.27.4&#8243; _module_preset=\u00bbdefault\u00bb header_font=\u00bb&#8211;et_global_body_font|600|||||||\u00bb header_font_size=\u00bb14px\u00bb body_font=\u00bb|700|||||||\u00bb body_text_color=\u00bb#ffffff\u00bb body_font_size=\u00bb12px\u00bb body_link_text_color=\u00bb#ffffff\u00bb custom_margin=\u00bb||10px||false|false\u00bb custom_padding=\u00bb10px||0px||false|false\u00bb header_font_size_tablet=\u00bb14px\u00bb header_font_size_phone=\u00bb12px\u00bb header_font_size_last_edited=\u00bbon|phone\u00bb border_width_top=\u00bb1px\u00bb border_color_top=\u00bbrgba(61,61,61,0.3)\u00bb border_color_bottom=\u00bbrgba(61,61,61,0.3)\u00bb global_colors_info=\u00bb{}\u00bb]<\/p>\n<p style=\"background: #3074e8; width: fit-content; padding: 2px 10px; border-radius: 50px;\"><a href=\"https:\/\/federacioncanariadehipica.es\/inicio\/wp-content\/uploads\/2026\/03\/Informe-de-la-junta-electoral-FH-2026-1.pdf\" target=\"_blank\" rel=\"noopener\">Descargar<\/a><\/p>\n<p>[\/et_pb_blurb][et_pb_blurb title=\u00bb06\/04\/2026 | Calendario electoral FCH 2026&#8243; use_icon=\u00bbon\u00bb font_icon=\u00bb&#xf56d;||fa||900&#8243; icon_color=\u00bb#000000&#8243; icon_placement=\u00bbleft\u00bb image_icon_width=\u00bb25px\u00bb content_max_width=\u00bb100%\u00bb _builder_version=\u00bb4.27.4&#8243; _module_preset=\u00bbdefault\u00bb header_font=\u00bb&#8211;et_global_body_font|600|||||||\u00bb header_font_size=\u00bb14px\u00bb body_font=\u00bb|700|||||||\u00bb body_text_color=\u00bb#ffffff\u00bb body_font_size=\u00bb12px\u00bb body_link_text_color=\u00bb#ffffff\u00bb display_conditions=\u00bbW10=\u00bb custom_margin=\u00bb||10px||false|false\u00bb custom_padding=\u00bb10px||0px||false|false\u00bb header_font_size_tablet=\u00bb14px\u00bb header_font_size_phone=\u00bb12px\u00bb header_font_size_last_edited=\u00bbon|phone\u00bb border_width_top=\u00bb1px\u00bb border_color_top=\u00bbrgba(61,61,61,0.3)\u00bb border_color_bottom=\u00bbrgba(61,61,61,0.3)\u00bb global_colors_info=\u00bb{}\u00bb]<\/p>\n<p style=\"background: #3074e8; width: fit-content; padding: 2px 10px; border-radius: 50px;\"><a href=\"https:\/\/federacioncanariadehipica.es\/inicio\/wp-content\/uploads\/2026\/04\/CALENDARIO-FCH-2026.pdf\" target=\"_blank\" rel=\"noopener\">Descargar<\/a><\/p>\n<p>[\/et_pb_blurb][et_pb_blurb title=\u00bb06\/04\/2026 | Convocatoria de Elecciones 2026&#8243; use_icon=\u00bbon\u00bb font_icon=\u00bb&#xf56d;||fa||900&#8243; icon_color=\u00bb#000000&#8243; icon_placement=\u00bbleft\u00bb image_icon_width=\u00bb25px\u00bb content_max_width=\u00bb100%\u00bb _builder_version=\u00bb4.27.4&#8243; _module_preset=\u00bbdefault\u00bb header_font=\u00bb&#8211;et_global_body_font|600|||||||\u00bb header_font_size=\u00bb14px\u00bb body_font=\u00bb|700|||||||\u00bb body_text_color=\u00bb#ffffff\u00bb body_font_size=\u00bb12px\u00bb body_link_text_color=\u00bb#ffffff\u00bb display_conditions=\u00bbW10=\u00bb custom_margin=\u00bb||10px||false|false\u00bb custom_padding=\u00bb10px||0px||false|false\u00bb header_font_size_tablet=\u00bb14px\u00bb header_font_size_phone=\u00bb12px\u00bb header_font_size_last_edited=\u00bbon|phone\u00bb border_width_top=\u00bb1px\u00bb border_color_top=\u00bbrgba(61,61,61,0.3)\u00bb border_color_bottom=\u00bbrgba(61,61,61,0.3)\u00bb global_colors_info=\u00bb{}\u00bb]<\/p>\n<p style=\"background: #3074e8; width: fit-content; padding: 2px 10px; border-radius: 50px;\"><a href=\"https:\/\/federacioncanariadehipica.es\/inicio\/wp-content\/uploads\/2026\/04\/CONVOCATORIA-ELECCIONES-2026-1.pdf\" target=\"_blank\" rel=\"noopener\">Descargar<\/a><\/p>\n<p>[\/et_pb_blurb][et_pb_blurb title=\u00bb01\/04\/2026 | Acuerdo de la Junta Electoral Resolviendo Recurso 01 04&#8243; use_icon=\u00bbon\u00bb font_icon=\u00bb&#xf56d;||fa||900&#8243; icon_color=\u00bb#000000&#8243; icon_placement=\u00bbleft\u00bb image_icon_width=\u00bb25px\u00bb content_max_width=\u00bb100%\u00bb _builder_version=\u00bb4.27.4&#8243; _module_preset=\u00bbdefault\u00bb header_font=\u00bb&#8211;et_global_body_font|600|||||||\u00bb header_font_size=\u00bb14px\u00bb body_font=\u00bb|700|||||||\u00bb body_text_color=\u00bb#ffffff\u00bb body_font_size=\u00bb12px\u00bb body_link_text_color=\u00bb#ffffff\u00bb custom_margin=\u00bb||10px||false|false\u00bb custom_padding=\u00bb10px||0px||false|false\u00bb header_font_size_tablet=\u00bb14px\u00bb header_font_size_phone=\u00bb12px\u00bb header_font_size_last_edited=\u00bbon|phone\u00bb border_width_top=\u00bb1px\u00bb border_color_top=\u00bbrgba(61,61,61,0.3)\u00bb border_color_bottom=\u00bbrgba(61,61,61,0.3)\u00bb global_colors_info=\u00bb{}\u00bb]<\/p>\n<p style=\"background: #3074e8; width: fit-content; padding: 2px 10px; border-radius: 50px;\"><a href=\"https:\/\/federacioncanariadehipica.es\/inicio\/wp-content\/uploads\/2026\/04\/01.04.2026-ACUERDO-DE-LA-JUNTA-ELECTORAL-RESOLVIENDO-RECURSO.pdf\" target=\"_blank\" rel=\"noopener\">Descargar<\/a><\/p>\n<p>[\/et_pb_blurb][et_pb_blurb title=\u00bb23\/02\/2026 | Nota informativa Elecciones 2026&#8243; use_icon=\u00bbon\u00bb font_icon=\u00bb&#xf56d;||fa||900&#8243; icon_color=\u00bb#000000&#8243; icon_placement=\u00bbleft\u00bb image_icon_width=\u00bb25px\u00bb content_max_width=\u00bb100%\u00bb _builder_version=\u00bb4.27.4&#8243; _module_preset=\u00bbdefault\u00bb header_font=\u00bb&#8211;et_global_body_font|600|||||||\u00bb header_font_size=\u00bb14px\u00bb body_font=\u00bb|700|||||||\u00bb body_text_color=\u00bb#ffffff\u00bb body_font_size=\u00bb12px\u00bb body_link_text_color=\u00bb#ffffff\u00bb custom_margin=\u00bb||10px||false|false\u00bb custom_padding=\u00bb10px||0px||false|false\u00bb header_font_size_tablet=\u00bb14px\u00bb header_font_size_phone=\u00bb12px\u00bb header_font_size_last_edited=\u00bbon|phone\u00bb border_width_top=\u00bb1px\u00bb border_color_top=\u00bbrgba(61,61,61,0.3)\u00bb border_color_bottom=\u00bbrgba(61,61,61,0.3)\u00bb global_colors_info=\u00bb{}\u00bb]<\/p>\n<p style=\"background: #3074e8; width: fit-content; padding: 2px 10px; border-radius: 50px;\"><a href=\"https:\/\/federacioncanariadehipica.es\/inicio\/wp-content\/uploads\/2026\/02\/2.NOTA-INFORMATIVA.pdf\" target=\"_blank\" rel=\"noopener\">Descargar<\/a><\/p>\n<p>[\/et_pb_blurb][et_pb_blurb title=\u00bb05\/02\/2026 | Certificado de Miembros de la Junta Electoral\u00bb use_icon=\u00bbon\u00bb font_icon=\u00bb&#xf56d;||fa||900&#8243; icon_color=\u00bb#000000&#8243; icon_placement=\u00bbleft\u00bb image_icon_width=\u00bb25px\u00bb content_max_width=\u00bb100%\u00bb _builder_version=\u00bb4.27.4&#8243; _module_preset=\u00bbdefault\u00bb header_font=\u00bb&#8211;et_global_body_font|600|||||||\u00bb header_font_size=\u00bb14px\u00bb body_font=\u00bb|700|||||||\u00bb body_text_color=\u00bb#ffffff\u00bb body_font_size=\u00bb12px\u00bb body_link_text_color=\u00bb#ffffff\u00bb custom_margin=\u00bb||10px||false|false\u00bb custom_padding=\u00bb10px||0px||false|false\u00bb header_font_size_tablet=\u00bb14px\u00bb header_font_size_phone=\u00bb12px\u00bb header_font_size_last_edited=\u00bbon|phone\u00bb border_width_top=\u00bb1px\u00bb border_color_top=\u00bbrgba(61,61,61,0.3)\u00bb border_color_bottom=\u00bbrgba(61,61,61,0.3)\u00bb global_colors_info=\u00bb{}\u00bb]<\/p>\n<p style=\"background: #3074e8; width: fit-content; padding: 2px 10px; border-radius: 50px;\"><a href=\"https:\/\/federacioncanariadehipica.es\/inicio\/wp-content\/uploads\/2026\/02\/Cerificado-miembros-Juanta-Electoral-18-01-2026.pdf\" target=\"_blank\" rel=\"noopener\">Descargar<\/a><\/p>\n<p>[\/et_pb_blurb][\/et_pb_column][\/et_pb_row][\/et_pb_section]<\/p>\n","protected":false},"excerpt":{"rendered":"<p>Elecciones 2026Seguir enlaceDescargarEn esta secci\u00f3n de la web se a\u00f1adir\u00e1n los distintos documentos de inter\u00e9s para que deportistas y clubes se vayan informando respecto al proceso electivo de este a\u00f1o [&hellip;]<\/p>\n","protected":false},"author":1,"featured_media":0,"parent":0,"menu_order":0,"comment_status":"closed","ping_status":"closed","template":"","meta":{"_acf_changed":false,"_et_pb_use_builder":"on","_et_pb_old_content":"","_et_gb_content_width":"","footnotes":""},"class_list":["post-19913","page","type-page","status-publish","hentry"],"acf":[],"_links":{"self":[{"href":"https:\/\/federacioncanariadehipica.es\/inicio\/wp-json\/wp\/v2\/pages\/19913","targetHints":{"allow":["GET"]}}],"collection":[{"href":"https:\/\/federacioncanariadehipica.es\/inicio\/wp-json\/wp\/v2\/pages"}],"about":[{"href":"https:\/\/federacioncanariadehipica.es\/inicio\/wp-json\/wp\/v2\/types\/page"}],"author":[{"embeddable":true,"href":"https:\/\/federacioncanariadehipica.es\/inicio\/wp-json\/wp\/v2\/users\/1"}],"replies":[{"embeddable":true,"href":"https:\/\/federacioncanariadehipica.es\/inicio\/wp-json\/wp\/v2\/comments?post=19913"}],"version-history":[{"count":29,"href":"https:\/\/federacioncanariadehipica.es\/inicio\/wp-json\/wp\/v2\/pages\/19913\/revisions"}],"predecessor-version":[{"id":20667,"href":"https:\/\/federacioncanariadehipica.es\/inicio\/wp-json\/wp\/v2\/pages\/19913\/revisions\/20667"}],"wp:attachment":[{"href":"https:\/\/federacioncanariadehipica.es\/inicio\/wp-json\/wp\/v2\/media?parent=19913"}],"curies":[{"name":"wp","href":"https:\/\/api.w.org\/{rel}","templated":true}]}}